{"id":30340,"date":"2023-10-29T23:54:48","date_gmt":"2023-10-29T23:54:48","guid":{"rendered":"http:\/\/shushufindi.gob.ec\/sitio\/?page_id=30340"},"modified":"2023-11-15T14:47:28","modified_gmt":"2023-11-15T14:47:28","slug":"noticias","status":"publish","type":"page","link":"https:\/\/shushufindi.gob.ec\/sitio\/noticias\/","title":{"rendered":"ACTUALIDAD"},"content":{"rendered":"<div class=\"wpb-content-wrapper\">[vc_row css=\u00bb.vc_custom_1698644998644{margin-top: 30px !important;margin-bottom: 60px !important;}\u00bb woodmart_css_id=\u00bb653f43fc63a9d\u00bb responsive_spacing=\u00bbeyJwYXJhbV90eXBlIjoid29vZG1hcnRfcmVzcG9uc2l2ZV9zcGFjaW5nIiwic2VsZWN0b3JfaWQiOiI2NTNmNDNmYzYzYTlkIiwic2hvcnRjb2RlIjoidmNfcm93IiwiZGF0YSI6eyJ0YWJsZXQiOnsicGFkZGluZy1yaWdodCI6IjIwcHgiLCJwYWRkaW5nLWxlZnQiOiIyMHB4In0sIm1vYmlsZSI6eyJwYWRkaW5nLXJpZ2h0IjoiMTBweCIsInBhZGRpbmctbGVmdCI6IjEwcHgifX19&#8243; mobile_bg_img_hidden=\u00bbno\u00bb tablet_bg_img_hidden=\u00bbno\u00bb woodmart_parallax=\u00bb0&#8243; woodmart_gradient_switch=\u00bbno\u00bb woodmart_box_shadow=\u00bbno\u00bb wd_z_index=\u00bbno\u00bb woodmart_disable_overflow=\u00bb0&#8243; row_reverse_mobile=\u00bb0&#8243; row_reverse_tablet=\u00bb0&#8243;][vc_column]\t\t\t<link rel=\"stylesheet\" id=\"wd-blog-base-css\" href=\"https:\/\/shushufindi.gob.ec\/sitio\/wp-content\/themes\/woodmart\/css\/parts\/blog-base.min.css?ver=7.3.2\" type=\"text\/css\" media=\"all\" \/> \t\t\t\t\t\t<link rel=\"stylesheet\" id=\"wd-blog-loop-base-old-css\" href=\"https:\/\/shushufindi.gob.ec\/sitio\/wp-content\/themes\/woodmart\/css\/parts\/blog-loop-base-old.min.css?ver=7.3.2\" type=\"text\/css\" media=\"all\" \/> \t\t\t\t\t\t<link rel=\"stylesheet\" id=\"wd-blog-loop-design-masonry-css\" href=\"https:\/\/shushufindi.gob.ec\/sitio\/wp-content\/themes\/woodmart\/css\/parts\/blog-loop-design-masonry.min.css?ver=7.3.2\" type=\"text\/css\" media=\"all\" \/> \t\t\t<div class=\"wd-blog-holder blog-shortcode  masonry-container wd-spacing-30 row blog-pagination-pagination\" id=\"69f1e75dcecf4\" data-paged=\"1\" data-atts=\"{&quot;post_type&quot;:&quot;post&quot;,&quot;include&quot;:&quot;&quot;,&quot;custom_query&quot;:&quot;&quot;,&quot;taxonomies&quot;:&quot;3&quot;,&quot;pagination&quot;:&quot;pagination&quot;,&quot;parts_media&quot;:true,&quot;parts_title&quot;:&quot;1&quot;,&quot;parts_meta&quot;:&quot;0&quot;,&quot;parts_text&quot;:&quot;1&quot;,&quot;parts_btn&quot;:&quot;0&quot;,&quot;items_per_page&quot;:&quot;20&quot;,&quot;offset&quot;:&quot;&quot;,&quot;orderby&quot;:&quot;date&quot;,&quot;order&quot;:&quot;DESC&quot;,&quot;meta_key&quot;:&quot;&quot;,&quot;exclude&quot;:&quot;&quot;,&quot;class&quot;:&quot;&quot;,&quot;ajax_page&quot;:&quot;&quot;,&quot;img_size&quot;:&quot;medium&quot;,&quot;blog_design&quot;:&quot;masonry&quot;,&quot;blog_carousel_design&quot;:&quot;masonry&quot;,&quot;blog_columns&quot;:3,&quot;blog_columns_tablet&quot;:&quot;auto&quot;,&quot;blog_columns_mobile&quot;:&quot;auto&quot;,&quot;blog_spacing&quot;:&quot;30&quot;,&quot;speed&quot;:&quot;5000&quot;,&quot;slides_per_view&quot;:&quot;3&quot;,&quot;slides_per_view_tablet&quot;:&quot;auto&quot;,&quot;slides_per_view_mobile&quot;:&quot;auto&quot;,&quot;wrap&quot;:&quot;&quot;,&quot;autoplay&quot;:&quot;no&quot;,&quot;hide_pagination_control&quot;:&quot;&quot;,&quot;hide_prev_next_buttons&quot;:&quot;&quot;,&quot;lazy_loading&quot;:&quot;no&quot;,&quot;scroll_carousel_init&quot;:&quot;no&quot;,&quot;scroll_per_page&quot;:&quot;yes&quot;,&quot;search&quot;:&quot;&quot;}\" data-source=\"shortcode\">\n<article id=\"post-35128\" class=\"blog-design-masonry blog-post-loop blog-style-bg wd-add-shadow  col-lg-4 col-md-4 col-sm-6 col-12 post-35128 post type-post status-publish format-standard hentry category-noticias\">\n\t<div class=\"article-inner\">\n\t\t\t\t\t<header class=\"entry-header\">\n\t\t\t\t\n\t\t\t\t\t\t\t\t\t\t\t\t<div class=\"post-date wd-post-date wd-style-with-bg\" onclick=\"\">\n\t\t\t\t<span class=\"post-date-day\">\n\t\t\t\t\t18\t\t\t\t<\/span>\n\t\t\t\t<span class=\"post-date-month\">\n\t\t\t\t\tMar\t\t\t\t<\/span>\n\t\t\t<\/div>\n\t\t\t\t\t\t\n\t\t\t<\/header><!-- .entry-header -->\n\n\t\t<div class=\"article-body-container\">\n\t\t\t\n\t\t\t\t\n\t\t\t\t\t\t\t\t\t<h3 class=\"wd-entities-title title post-title\">\n\t\t\t\t\t\t<a href=\"https:\/\/shushufindi.gob.ec\/sitio\/2026\/03\/18\/avanza-la-construccion-del-colector-7\/\" rel=\"bookmark\">AVANZA LA CONSTRUCCI\u00d3N DEL COLECTOR 5<\/a>\n\t\t\t\t\t<\/h3>\n\t\t\t\t\n\t\t\t\t\t\t\t\n\t\t\t\t\t\t\t\n\t\t\t\t                    <div class=\"entry-content wd-entry-content\">\n\t\t\t\t\t\t\r\n\r\n\r\n\r\n\r\n\r\n\r\nLa Alcald\u00eda Ciudadana de Shushufindi ejecuta la II etapa del Plan Maestro de Alcantarillado Pluvial y Sanitario \u2013 Colecto...\n\t\t\t\t\t\t\t\t\t\t\t<\/div><!-- .entry-content -->\n\t\t\t\t\n\t\t\t\t\t\t\t\n\t\t\t\n\t\t\t\t\t<\/div>\n\t<\/div>\n<\/article><!-- #post -->\n\n\n\n<article id=\"post-35126\" class=\"blog-design-masonry blog-post-loop blog-style-bg wd-add-shadow  col-lg-4 col-md-4 col-sm-6 col-12 first  post-35126 post type-post status-publish format-standard hentry category-noticias\">\n\t<div class=\"article-inner\">\n\t\t\t\t\t<header class=\"entry-header\">\n\t\t\t\t\n\t\t\t\t\t\t\t\t\t\t\t\t<div class=\"post-date wd-post-date wd-style-with-bg\" onclick=\"\">\n\t\t\t\t<span class=\"post-date-day\">\n\t\t\t\t\t11\t\t\t\t<\/span>\n\t\t\t\t<span class=\"post-date-month\">\n\t\t\t\t\tMar\t\t\t\t<\/span>\n\t\t\t<\/div>\n\t\t\t\t\t\t\n\t\t\t<\/header><!-- .entry-header -->\n\n\t\t<div class=\"article-body-container\">\n\t\t\t\n\t\t\t\t\n\t\t\t\t\t\t\t\t\t<h3 class=\"wd-entities-title title post-title\">\n\t\t\t\t\t\t<a href=\"https:\/\/shushufindi.gob.ec\/sitio\/2026\/03\/11\/calles-renovadas-en-orellana-y-miraflores\/\" rel=\"bookmark\">CALLES RENOVADAS EN ORELLANA Y MIRAFLORES<\/a>\n\t\t\t\t\t<\/h3>\n\t\t\t\t\n\t\t\t\t\t\t\t\n\t\t\t\t\t\t\t\n\t\t\t\t                    <div class=\"entry-content wd-entry-content\">\n\t\t\t\t\t\tLos barrios Orellana y Miraflores ya cuentan con nuevos tramos de calles asfaltadas, como parte del convenio entre la Alcald\u00eda Ciudadan...\n\t\t\t\t\t\t\t\t\t\t\t<\/div><!-- .entry-content -->\n\t\t\t\t\n\t\t\t\t\t\t\t\n\t\t\t\n\t\t\t\t\t<\/div>\n\t<\/div>\n<\/article><!-- #post -->\n\n\n\n<article id=\"post-35141\" class=\"blog-design-masonry blog-post-loop blog-style-bg wd-add-shadow  col-lg-4 col-md-4 col-sm-6 col-12 post-35141 post type-post status-publish format-standard hentry category-noticias\">\n\t<div class=\"article-inner\">\n\t\t\t\t\t<header class=\"entry-header\">\n\t\t\t\t\n\t\t\t\t\t\t\t\t\t\t\t\t<div class=\"post-date wd-post-date wd-style-with-bg\" onclick=\"\">\n\t\t\t\t<span class=\"post-date-day\">\n\t\t\t\t\t27\t\t\t\t<\/span>\n\t\t\t\t<span class=\"post-date-month\">\n\t\t\t\t\tFeb\t\t\t\t<\/span>\n\t\t\t<\/div>\n\t\t\t\t\t\t\n\t\t\t<\/header><!-- .entry-header -->\n\n\t\t<div class=\"article-body-container\">\n\t\t\t\n\t\t\t\t\n\t\t\t\t\t\t\t\t\t<h3 class=\"wd-entities-title title post-title\">\n\t\t\t\t\t\t<a href=\"https:\/\/shushufindi.gob.ec\/sitio\/2026\/02\/27\/apertura-vial-en-limoncocha\/\" rel=\"bookmark\">APERTURA VIAL EN LIMONCOCHA<\/a>\n\t\t\t\t\t<\/h3>\n\t\t\t\t\n\t\t\t\t\t\t\t\n\t\t\t\t\t\t\t\n\t\t\t\t                    <div class=\"entry-content wd-entry-content\">\n\t\t\t\t\t\tLa Alcald\u00eda Ciudadana de Shushufindi, a trav\u00e9s de su equipo caminero, realiz\u00f3 la apertura vial de aproximadamente 4 kil\u00f3metros en la ca...\n\t\t\t\t\t\t\t\t\t\t\t<\/div><!-- .entry-content -->\n\t\t\t\t\n\t\t\t\t\t\t\t\n\t\t\t\n\t\t\t\t\t<\/div>\n\t<\/div>\n<\/article><!-- #post -->\n\n\n\n<article id=\"post-35139\" class=\"blog-design-masonry blog-post-loop blog-style-bg wd-add-shadow  col-lg-4 col-md-4 col-sm-6 col-12 last  post-35139 post type-post status-publish format-standard hentry category-noticias\">\n\t<div class=\"article-inner\">\n\t\t\t\t\t<header class=\"entry-header\">\n\t\t\t\t\n\t\t\t\t\t\t\t\t\t\t\t\t<div class=\"post-date wd-post-date wd-style-with-bg\" onclick=\"\">\n\t\t\t\t<span class=\"post-date-day\">\n\t\t\t\t\t26\t\t\t\t<\/span>\n\t\t\t\t<span class=\"post-date-month\">\n\t\t\t\t\tFeb\t\t\t\t<\/span>\n\t\t\t<\/div>\n\t\t\t\t\t\t\n\t\t\t<\/header><!-- .entry-header -->\n\n\t\t<div class=\"article-body-container\">\n\t\t\t\n\t\t\t\t\n\t\t\t\t\t\t\t\t\t<h3 class=\"wd-entities-title title post-title\">\n\t\t\t\t\t\t<a href=\"https:\/\/shushufindi.gob.ec\/sitio\/2026\/02\/26\/avanza-cosntruccion-de-corrales\/\" rel=\"bookmark\">AVANZA COSNTRUCCI\u00d3N DE CORRALES<\/a>\n\t\t\t\t\t<\/h3>\n\t\t\t\t\n\t\t\t\t\t\t\t\n\t\t\t\t\t\t\t\n\t\t\t\t                    <div class=\"entry-content wd-entry-content\">\n\t\t\t\t\t\t\r\n\r\n\r\n\r\n\r\n\r\nLa Alcald\u00eda Ciudadana de Shushufindi, a trav\u00e9s de la Direcci\u00f3n de Desarrollo Econ\u00f3mico Local y Fomento Productivo, realiz\u00f3 ...\n\t\t\t\t\t\t\t\t\t\t\t<\/div><!-- .entry-content -->\n\t\t\t\t\n\t\t\t\t\t\t\t\n\t\t\t\n\t\t\t\t\t<\/div>\n\t<\/div>\n<\/article><!-- #post -->\n\n\n\n<article id=\"post-35136\" class=\"blog-design-masonry blog-post-loop blog-style-bg wd-add-shadow  col-lg-4 col-md-4 col-sm-6 col-12 first  post-35136 post type-post status-publish format-standard hentry category-noticias category-uncategorized\">\n\t<div class=\"article-inner\">\n\t\t\t\t\t<header class=\"entry-header\">\n\t\t\t\t\n\t\t\t\t\t\t\t\t\t\t\t\t<div class=\"post-date wd-post-date wd-style-with-bg\" onclick=\"\">\n\t\t\t\t<span class=\"post-date-day\">\n\t\t\t\t\t25\t\t\t\t<\/span>\n\t\t\t\t<span class=\"post-date-month\">\n\t\t\t\t\tFeb\t\t\t\t<\/span>\n\t\t\t<\/div>\n\t\t\t\t\t\t\n\t\t\t<\/header><!-- .entry-header -->\n\n\t\t<div class=\"article-body-container\">\n\t\t\t\n\t\t\t\t\n\t\t\t\t\t\t\t\t\t<h3 class=\"wd-entities-title title post-title\">\n\t\t\t\t\t\t<a href=\"https:\/\/shushufindi.gob.ec\/sitio\/2026\/02\/25\/colector-7-en-marcha\/\" rel=\"bookmark\">COLECTOR 7 EN MARCHA<\/a>\n\t\t\t\t\t<\/h3>\n\t\t\t\t\n\t\t\t\t\t\t\t\n\t\t\t\t\t\t\t\n\t\t\t\t                    <div class=\"entry-content wd-entry-content\">\n\t\t\t\t\t\tLa Alcald\u00eda Ciudadana de Shushufindi,liderada por la alcaldesa Lorena Cajas retoma oficialmente los trabajos del Colector 7, tras la ll...\n\t\t\t\t\t\t\t\t\t\t\t<\/div><!-- .entry-content -->\n\t\t\t\t\n\t\t\t\t\t\t\t\n\t\t\t\n\t\t\t\t\t<\/div>\n\t<\/div>\n<\/article><!-- #post -->\n\n\n\n<article id=\"post-35007\" class=\"blog-design-masonry blog-post-loop blog-style-bg wd-add-shadow  col-lg-4 col-md-4 col-sm-6 col-12 post-35007 post type-post status-publish format-standard has-post-thumbnail hentry category-noticias\">\n\t<div class=\"article-inner\">\n\t\t\t\t\t<header class=\"entry-header\">\n\t\t\t\t\t\t\t\t\t\n\t\t\t\t\t<figure id=\"carousel-264\" class=\"entry-thumbnail\" data-owl-carousel data-hide_pagination_control=\"yes\" data-desktop=\"1\" data-tablet=\"1\" data-tablet_landscape=\"1\" data-mobile=\"1\">\n\t\t\t\t\t\t\n\t\t\t\t\t\t\t<div class=\"post-img-wrapp\">\n\t\t\t\t\t\t\t\t<a href=\"https:\/\/shushufindi.gob.ec\/sitio\/2026\/02\/11\/feria-amazonica-registra-un-80-de-avance\/\">\n\t\t\t\t\t\t\t\t\t<img loading=\"lazy\" decoding=\"async\" width=\"300\" height=\"300\" src=\"https:\/\/shushufindi.gob.ec\/sitio\/wp-content\/uploads\/2026\/02\/FERIA-AMAZONICA-300x300.jpg\" class=\"attachment-medium size-medium\" alt=\"\" srcset=\"https:\/\/shushufindi.gob.ec\/sitio\/wp-content\/uploads\/2026\/02\/FERIA-AMAZONICA-300x300.jpg 300w, https:\/\/shushufindi.gob.ec\/sitio\/wp-content\/uploads\/2026\/02\/FERIA-AMAZONICA-800x800.jpg 800w, https:\/\/shushufindi.gob.ec\/sitio\/wp-content\/uploads\/2026\/02\/FERIA-AMAZONICA-150x150.jpg 150w, https:\/\/shushufindi.gob.ec\/sitio\/wp-content\/uploads\/2026\/02\/FERIA-AMAZONICA-768x768.jpg 768w, https:\/\/shushufindi.gob.ec\/sitio\/wp-content\/uploads\/2026\/02\/FERIA-AMAZONICA-200x200.jpg 200w, https:\/\/shushufindi.gob.ec\/sitio\/wp-content\/uploads\/2026\/02\/FERIA-AMAZONICA.jpg 1365w\" sizes=\"auto, (max-width: 300px) 100vw, 300px\" \/>\t\t\t\t\t\t\t\t<\/a>\n\t\t\t\t\t\t\t<\/div>\n\t\t\t\t\t\t\t<div class=\"post-image-mask\">\n\t\t\t\t\t\t\t\t<span><\/span>\n\t\t\t\t\t\t\t<\/div>\n\n\t\t\t\t\t\t\n\t\t\t\t\t<\/figure>\n\t\t\t\t\n\t\t\t\t\t\t\t\t\t\t\t\t<div class=\"post-date wd-post-date wd-style-with-bg\" onclick=\"\">\n\t\t\t\t<span class=\"post-date-day\">\n\t\t\t\t\t11\t\t\t\t<\/span>\n\t\t\t\t<span class=\"post-date-month\">\n\t\t\t\t\tFeb\t\t\t\t<\/span>\n\t\t\t<\/div>\n\t\t\t\t\t\t\n\t\t\t<\/header><!-- .entry-header -->\n\n\t\t<div class=\"article-body-container\">\n\t\t\t\n\t\t\t\t\n\t\t\t\t\t\t\t\t\t<h3 class=\"wd-entities-title title post-title\">\n\t\t\t\t\t\t<a href=\"https:\/\/shushufindi.gob.ec\/sitio\/2026\/02\/11\/feria-amazonica-registra-un-80-de-avance\/\" rel=\"bookmark\">FERIA AMAZ\u00d3NICA REGISTRA UN 80% DE AVANCE<\/a>\n\t\t\t\t\t<\/h3>\n\t\t\t\t\n\t\t\t\t\t\t\t\n\t\t\t\t\t\t\t\n\t\t\t\t                    <div class=\"entry-content wd-entry-content\">\n\t\t\t\t\t\tLa Alcald\u00eda Ciudadana de Shushufindi contin\u00faa con los trabajos de mejoramiento en la Feria de Productos Amaz\u00f3nicos, un espacio fundamen...\n\t\t\t\t\t\t\t\t\t\t\t<\/div><!-- .entry-content -->\n\t\t\t\t\n\t\t\t\t\t\t\t\n\t\t\t\n\t\t\t\t\t<\/div>\n\t<\/div>\n<\/article><!-- #post -->\n\n\n\n<article id=\"post-35003\" class=\"blog-design-masonry blog-post-loop blog-style-bg wd-add-shadow  col-lg-4 col-md-4 col-sm-6 col-12 last  post-35003 post type-post status-publish format-standard has-post-thumbnail hentry category-noticias\">\n\t<div class=\"article-inner\">\n\t\t\t\t\t<header class=\"entry-header\">\n\t\t\t\t\t\t\t\t\t\n\t\t\t\t\t<figure id=\"carousel-800\" class=\"entry-thumbnail\" data-owl-carousel data-hide_pagination_control=\"yes\" data-desktop=\"1\" data-tablet=\"1\" data-tablet_landscape=\"1\" data-mobile=\"1\">\n\t\t\t\t\t\t\n\t\t\t\t\t\t\t<div class=\"post-img-wrapp\">\n\t\t\t\t\t\t\t\t<a href=\"https:\/\/shushufindi.gob.ec\/sitio\/2026\/02\/08\/mas-espacio-para-el-deporte-y-la-cultura\/\">\n\t\t\t\t\t\t\t\t\t<img loading=\"lazy\" decoding=\"async\" width=\"300\" height=\"300\" src=\"https:\/\/shushufindi.gob.ec\/sitio\/wp-content\/uploads\/2026\/02\/ESCENARIO-PARA-LA-CULTURA-Y-DEPORTE-300x300.jpg\" class=\"attachment-medium size-medium\" alt=\"\" srcset=\"https:\/\/shushufindi.gob.ec\/sitio\/wp-content\/uploads\/2026\/02\/ESCENARIO-PARA-LA-CULTURA-Y-DEPORTE-300x300.jpg 300w, https:\/\/shushufindi.gob.ec\/sitio\/wp-content\/uploads\/2026\/02\/ESCENARIO-PARA-LA-CULTURA-Y-DEPORTE-800x800.jpg 800w, https:\/\/shushufindi.gob.ec\/sitio\/wp-content\/uploads\/2026\/02\/ESCENARIO-PARA-LA-CULTURA-Y-DEPORTE-150x150.jpg 150w, https:\/\/shushufindi.gob.ec\/sitio\/wp-content\/uploads\/2026\/02\/ESCENARIO-PARA-LA-CULTURA-Y-DEPORTE-768x768.jpg 768w, https:\/\/shushufindi.gob.ec\/sitio\/wp-content\/uploads\/2026\/02\/ESCENARIO-PARA-LA-CULTURA-Y-DEPORTE-200x200.jpg 200w, https:\/\/shushufindi.gob.ec\/sitio\/wp-content\/uploads\/2026\/02\/ESCENARIO-PARA-LA-CULTURA-Y-DEPORTE.jpg 1152w\" sizes=\"auto, (max-width: 300px) 100vw, 300px\" \/>\t\t\t\t\t\t\t\t<\/a>\n\t\t\t\t\t\t\t<\/div>\n\t\t\t\t\t\t\t<div class=\"post-image-mask\">\n\t\t\t\t\t\t\t\t<span><\/span>\n\t\t\t\t\t\t\t<\/div>\n\n\t\t\t\t\t\t\n\t\t\t\t\t<\/figure>\n\t\t\t\t\n\t\t\t\t\t\t\t\t\t\t\t\t<div class=\"post-date wd-post-date wd-style-with-bg\" onclick=\"\">\n\t\t\t\t<span class=\"post-date-day\">\n\t\t\t\t\t08\t\t\t\t<\/span>\n\t\t\t\t<span class=\"post-date-month\">\n\t\t\t\t\tFeb\t\t\t\t<\/span>\n\t\t\t<\/div>\n\t\t\t\t\t\t\n\t\t\t<\/header><!-- .entry-header -->\n\n\t\t<div class=\"article-body-container\">\n\t\t\t\n\t\t\t\t\n\t\t\t\t\t\t\t\t\t<h3 class=\"wd-entities-title title post-title\">\n\t\t\t\t\t\t<a href=\"https:\/\/shushufindi.gob.ec\/sitio\/2026\/02\/08\/mas-espacio-para-el-deporte-y-la-cultura\/\" rel=\"bookmark\">MAS ESPACIO PARA EL DEPORTE Y LA CULTURA<\/a>\n\t\t\t\t\t<\/h3>\n\t\t\t\t\n\t\t\t\t\t\t\t\n\t\t\t\t\t\t\t\n\t\t\t\t                    <div class=\"entry-content wd-entry-content\">\n\t\t\t\t\t\tLa Alcald\u00eda Ciudadana de Shushufindi entreg\u00f3 un escenario deportivo en la cancha de la precooperativa Nueva Esmeralda, en la parroquia ...\n\t\t\t\t\t\t\t\t\t\t\t<\/div><!-- .entry-content -->\n\t\t\t\t\n\t\t\t\t\t\t\t\n\t\t\t\n\t\t\t\t\t<\/div>\n\t<\/div>\n<\/article><!-- #post -->\n\n\n\n<article id=\"post-35001\" class=\"blog-design-masonry blog-post-loop blog-style-bg wd-add-shadow  col-lg-4 col-md-4 col-sm-6 col-12 first  post-35001 post type-post status-publish format-standard has-post-thumbnail hentry category-noticias\">\n\t<div class=\"article-inner\">\n\t\t\t\t\t<header class=\"entry-header\">\n\t\t\t\t\t\t\t\t\t\n\t\t\t\t\t<figure id=\"carousel-667\" class=\"entry-thumbnail\" data-owl-carousel data-hide_pagination_control=\"yes\" data-desktop=\"1\" data-tablet=\"1\" data-tablet_landscape=\"1\" data-mobile=\"1\">\n\t\t\t\t\t\t\n\t\t\t\t\t\t\t<div class=\"post-img-wrapp\">\n\t\t\t\t\t\t\t\t<a href=\"https:\/\/shushufindi.gob.ec\/sitio\/2026\/02\/06\/dos-paradas-de-bus-en-los-angeles\/\">\n\t\t\t\t\t\t\t\t\t<img loading=\"lazy\" decoding=\"async\" width=\"300\" height=\"300\" src=\"https:\/\/shushufindi.gob.ec\/sitio\/wp-content\/uploads\/2026\/02\/PARADA-DE-BUSES-300x300.jpg\" class=\"attachment-medium size-medium\" alt=\"\" srcset=\"https:\/\/shushufindi.gob.ec\/sitio\/wp-content\/uploads\/2026\/02\/PARADA-DE-BUSES-300x300.jpg 300w, https:\/\/shushufindi.gob.ec\/sitio\/wp-content\/uploads\/2026\/02\/PARADA-DE-BUSES-800x800.jpg 800w, https:\/\/shushufindi.gob.ec\/sitio\/wp-content\/uploads\/2026\/02\/PARADA-DE-BUSES-150x150.jpg 150w, https:\/\/shushufindi.gob.ec\/sitio\/wp-content\/uploads\/2026\/02\/PARADA-DE-BUSES-768x768.jpg 768w, https:\/\/shushufindi.gob.ec\/sitio\/wp-content\/uploads\/2026\/02\/PARADA-DE-BUSES-200x200.jpg 200w, https:\/\/shushufindi.gob.ec\/sitio\/wp-content\/uploads\/2026\/02\/PARADA-DE-BUSES.jpg 1365w\" sizes=\"auto, (max-width: 300px) 100vw, 300px\" \/>\t\t\t\t\t\t\t\t<\/a>\n\t\t\t\t\t\t\t<\/div>\n\t\t\t\t\t\t\t<div class=\"post-image-mask\">\n\t\t\t\t\t\t\t\t<span><\/span>\n\t\t\t\t\t\t\t<\/div>\n\n\t\t\t\t\t\t\n\t\t\t\t\t<\/figure>\n\t\t\t\t\n\t\t\t\t\t\t\t\t\t\t\t\t<div class=\"post-date wd-post-date wd-style-with-bg\" onclick=\"\">\n\t\t\t\t<span class=\"post-date-day\">\n\t\t\t\t\t06\t\t\t\t<\/span>\n\t\t\t\t<span class=\"post-date-month\">\n\t\t\t\t\tFeb\t\t\t\t<\/span>\n\t\t\t<\/div>\n\t\t\t\t\t\t\n\t\t\t<\/header><!-- .entry-header -->\n\n\t\t<div class=\"article-body-container\">\n\t\t\t\n\t\t\t\t\n\t\t\t\t\t\t\t\t\t<h3 class=\"wd-entities-title title post-title\">\n\t\t\t\t\t\t<a href=\"https:\/\/shushufindi.gob.ec\/sitio\/2026\/02\/06\/dos-paradas-de-bus-en-los-angeles\/\" rel=\"bookmark\">DOS PARADAS DE BUS EN LOS  ANGELES<\/a>\n\t\t\t\t\t<\/h3>\n\t\t\t\t\n\t\t\t\t\t\t\t\n\t\t\t\t\t\t\t\n\t\t\t\t                    <div class=\"entry-content wd-entry-content\">\n\t\t\t\t\t\tLa Alcald\u00eda Ciudadana de Shushufindi avanza con acciones concretas para mejorar la movilidad y el bienestar de la ciudadan\u00eda. Con este ...\n\t\t\t\t\t\t\t\t\t\t\t<\/div><!-- .entry-content -->\n\t\t\t\t\n\t\t\t\t\t\t\t\n\t\t\t\n\t\t\t\t\t<\/div>\n\t<\/div>\n<\/article><!-- #post -->\n\n\n\n<article id=\"post-34963\" class=\"blog-design-masonry blog-post-loop blog-style-bg wd-add-shadow  col-lg-4 col-md-4 col-sm-6 col-12 post-34963 post type-post status-publish format-standard has-post-thumbnail hentry category-noticias\">\n\t<div class=\"article-inner\">\n\t\t\t\t\t<header class=\"entry-header\">\n\t\t\t\t\t\t\t\t\t\n\t\t\t\t\t<figure id=\"carousel-964\" class=\"entry-thumbnail\" data-owl-carousel data-hide_pagination_control=\"yes\" data-desktop=\"1\" data-tablet=\"1\" data-tablet_landscape=\"1\" data-mobile=\"1\">\n\t\t\t\t\t\t\n\t\t\t\t\t\t\t<div class=\"post-img-wrapp\">\n\t\t\t\t\t\t\t\t<a href=\"https:\/\/shushufindi.gob.ec\/sitio\/2026\/02\/05\/apoyo-al-sector-en-siete-de-julio\/\">\n\t\t\t\t\t\t\t\t\t<img loading=\"lazy\" decoding=\"async\" width=\"300\" height=\"300\" src=\"https:\/\/shushufindi.gob.ec\/sitio\/wp-content\/uploads\/2026\/02\/carga-liviana-1-300x300.jpg\" class=\"attachment-medium size-medium\" alt=\"\" srcset=\"https:\/\/shushufindi.gob.ec\/sitio\/wp-content\/uploads\/2026\/02\/carga-liviana-1-300x300.jpg 300w, https:\/\/shushufindi.gob.ec\/sitio\/wp-content\/uploads\/2026\/02\/carga-liviana-1-800x800.jpg 800w, https:\/\/shushufindi.gob.ec\/sitio\/wp-content\/uploads\/2026\/02\/carga-liviana-1-150x150.jpg 150w, https:\/\/shushufindi.gob.ec\/sitio\/wp-content\/uploads\/2026\/02\/carga-liviana-1-768x768.jpg 768w, https:\/\/shushufindi.gob.ec\/sitio\/wp-content\/uploads\/2026\/02\/carga-liviana-1-200x200.jpg 200w, https:\/\/shushufindi.gob.ec\/sitio\/wp-content\/uploads\/2026\/02\/carga-liviana-1.jpg 1152w\" sizes=\"auto, (max-width: 300px) 100vw, 300px\" \/>\t\t\t\t\t\t\t\t<\/a>\n\t\t\t\t\t\t\t<\/div>\n\t\t\t\t\t\t\t<div class=\"post-image-mask\">\n\t\t\t\t\t\t\t\t<span><\/span>\n\t\t\t\t\t\t\t<\/div>\n\n\t\t\t\t\t\t\n\t\t\t\t\t<\/figure>\n\t\t\t\t\n\t\t\t\t\t\t\t\t\t\t\t\t<div class=\"post-date wd-post-date wd-style-with-bg\" onclick=\"\">\n\t\t\t\t<span class=\"post-date-day\">\n\t\t\t\t\t05\t\t\t\t<\/span>\n\t\t\t\t<span class=\"post-date-month\">\n\t\t\t\t\tFeb\t\t\t\t<\/span>\n\t\t\t<\/div>\n\t\t\t\t\t\t\n\t\t\t<\/header><!-- .entry-header -->\n\n\t\t<div class=\"article-body-container\">\n\t\t\t\n\t\t\t\t\n\t\t\t\t\t\t\t\t\t<h3 class=\"wd-entities-title title post-title\">\n\t\t\t\t\t\t<a href=\"https:\/\/shushufindi.gob.ec\/sitio\/2026\/02\/05\/apoyo-al-sector-en-siete-de-julio\/\" rel=\"bookmark\">FORTALECIMIENTO AL TRANSPORTE DE CARGA LIVIANA<\/a>\n\t\t\t\t\t<\/h3>\n\t\t\t\t\n\t\t\t\t\t\t\t\n\t\t\t\t\t\t\t\n\t\t\t\t                    <div class=\"entry-content wd-entry-content\">\n\t\t\t\t\t\tLa Alcald\u00eda Ciudadana de Shushufindi acompa\u00f1\u00f3, junto a la Mancomunidad de Tr\u00e1nsito Sucumb\u00edos EP, la renovaci\u00f3n de permisos de operaci\u00f3n...\n\t\t\t\t\t\t\t\t\t\t\t<\/div><!-- .entry-content -->\n\t\t\t\t\n\t\t\t\t\t\t\t\n\t\t\t\n\t\t\t\t\t<\/div>\n\t<\/div>\n<\/article><!-- #post -->\n\n\n\n<article id=\"post-34957\" class=\"blog-design-masonry blog-post-loop blog-style-bg wd-add-shadow  col-lg-4 col-md-4 col-sm-6 col-12 last  post-34957 post type-post status-publish format-standard has-post-thumbnail hentry category-noticias\">\n\t<div class=\"article-inner\">\n\t\t\t\t\t<header class=\"entry-header\">\n\t\t\t\t\t\t\t\t\t\n\t\t\t\t\t<figure id=\"carousel-410\" class=\"entry-thumbnail\" data-owl-carousel data-hide_pagination_control=\"yes\" data-desktop=\"1\" data-tablet=\"1\" data-tablet_landscape=\"1\" data-mobile=\"1\">\n\t\t\t\t\t\t\n\t\t\t\t\t\t\t<div class=\"post-img-wrapp\">\n\t\t\t\t\t\t\t\t<a href=\"https:\/\/shushufindi.gob.ec\/sitio\/2026\/02\/05\/apoyo-al-sector-educativo-siete-de-julio\/\">\n\t\t\t\t\t\t\t\t\t<img loading=\"lazy\" decoding=\"async\" width=\"300\" height=\"300\" src=\"https:\/\/shushufindi.gob.ec\/sitio\/wp-content\/uploads\/2026\/02\/SOCIALIZACION-LA-VICTORIA-300x300.jpg\" class=\"attachment-medium size-medium\" alt=\"\" srcset=\"https:\/\/shushufindi.gob.ec\/sitio\/wp-content\/uploads\/2026\/02\/SOCIALIZACION-LA-VICTORIA-300x300.jpg 300w, https:\/\/shushufindi.gob.ec\/sitio\/wp-content\/uploads\/2026\/02\/SOCIALIZACION-LA-VICTORIA-800x800.jpg 800w, https:\/\/shushufindi.gob.ec\/sitio\/wp-content\/uploads\/2026\/02\/SOCIALIZACION-LA-VICTORIA-150x150.jpg 150w, https:\/\/shushufindi.gob.ec\/sitio\/wp-content\/uploads\/2026\/02\/SOCIALIZACION-LA-VICTORIA-768x768.jpg 768w, https:\/\/shushufindi.gob.ec\/sitio\/wp-content\/uploads\/2026\/02\/SOCIALIZACION-LA-VICTORIA-200x200.jpg 200w, https:\/\/shushufindi.gob.ec\/sitio\/wp-content\/uploads\/2026\/02\/SOCIALIZACION-LA-VICTORIA.jpg 1333w\" sizes=\"auto, (max-width: 300px) 100vw, 300px\" \/>\t\t\t\t\t\t\t\t<\/a>\n\t\t\t\t\t\t\t<\/div>\n\t\t\t\t\t\t\t<div class=\"post-image-mask\">\n\t\t\t\t\t\t\t\t<span><\/span>\n\t\t\t\t\t\t\t<\/div>\n\n\t\t\t\t\t\t\n\t\t\t\t\t<\/figure>\n\t\t\t\t\n\t\t\t\t\t\t\t\t\t\t\t\t<div class=\"post-date wd-post-date wd-style-with-bg\" onclick=\"\">\n\t\t\t\t<span class=\"post-date-day\">\n\t\t\t\t\t05\t\t\t\t<\/span>\n\t\t\t\t<span class=\"post-date-month\">\n\t\t\t\t\tFeb\t\t\t\t<\/span>\n\t\t\t<\/div>\n\t\t\t\t\t\t\n\t\t\t<\/header><!-- .entry-header -->\n\n\t\t<div class=\"article-body-container\">\n\t\t\t\n\t\t\t\t\n\t\t\t\t\t\t\t\t\t<h3 class=\"wd-entities-title title post-title\">\n\t\t\t\t\t\t<a href=\"https:\/\/shushufindi.gob.ec\/sitio\/2026\/02\/05\/apoyo-al-sector-educativo-siete-de-julio\/\" rel=\"bookmark\">SOCIALIZACI\u00d3N PROYECTO DE ORDENANZA EN LA VICTORIA<\/a>\n\t\t\t\t\t<\/h3>\n\t\t\t\t\n\t\t\t\t\t\t\t\n\t\t\t\t\t\t\t\n\t\t\t\t                    <div class=\"entry-content wd-entry-content\">\n\t\t\t\t\t\t\r\n\r\n\r\n\r\n\r\n\r\n\r\nLa Alcald\u00eda Ciudadana de Shushufindi realiz\u00f3 la socializaci\u00f3n del proyecto de ordenanza que actualiza y delimita el plano...\n\t\t\t\t\t\t\t\t\t\t\t<\/div><!-- .entry-content -->\n\t\t\t\t\n\t\t\t\t\t\t\t\n\t\t\t\n\t\t\t\t\t<\/div>\n\t<\/div>\n<\/article><!-- #post -->\n\n\n\n<article id=\"post-34999\" class=\"blog-design-masonry blog-post-loop blog-style-bg wd-add-shadow  col-lg-4 col-md-4 col-sm-6 col-12 first  post-34999 post type-post status-publish format-standard has-post-thumbnail hentry category-noticias\">\n\t<div class=\"article-inner\">\n\t\t\t\t\t<header class=\"entry-header\">\n\t\t\t\t\t\t\t\t\t\n\t\t\t\t\t<figure id=\"carousel-915\" class=\"entry-thumbnail\" data-owl-carousel data-hide_pagination_control=\"yes\" data-desktop=\"1\" data-tablet=\"1\" data-tablet_landscape=\"1\" data-mobile=\"1\">\n\t\t\t\t\t\t\n\t\t\t\t\t\t\t<div class=\"post-img-wrapp\">\n\t\t\t\t\t\t\t\t<a href=\"https:\/\/shushufindi.gob.ec\/sitio\/2026\/02\/05\/acciones-para-fortalecer-la-seguridad-2\/\">\n\t\t\t\t\t\t\t\t\t<img loading=\"lazy\" decoding=\"async\" width=\"300\" height=\"300\" src=\"https:\/\/shushufindi.gob.ec\/sitio\/wp-content\/uploads\/2026\/02\/SEGURIDAD-CIUDADANA-300x300.jpg\" class=\"attachment-medium size-medium\" alt=\"\" srcset=\"https:\/\/shushufindi.gob.ec\/sitio\/wp-content\/uploads\/2026\/02\/SEGURIDAD-CIUDADANA-300x300.jpg 300w, https:\/\/shushufindi.gob.ec\/sitio\/wp-content\/uploads\/2026\/02\/SEGURIDAD-CIUDADANA-150x150.jpg 150w, https:\/\/shushufindi.gob.ec\/sitio\/wp-content\/uploads\/2026\/02\/SEGURIDAD-CIUDADANA-200x200.jpg 200w, https:\/\/shushufindi.gob.ec\/sitio\/wp-content\/uploads\/2026\/02\/SEGURIDAD-CIUDADANA.jpg 765w\" sizes=\"auto, (max-width: 300px) 100vw, 300px\" \/>\t\t\t\t\t\t\t\t<\/a>\n\t\t\t\t\t\t\t<\/div>\n\t\t\t\t\t\t\t<div class=\"post-image-mask\">\n\t\t\t\t\t\t\t\t<span><\/span>\n\t\t\t\t\t\t\t<\/div>\n\n\t\t\t\t\t\t\n\t\t\t\t\t<\/figure>\n\t\t\t\t\n\t\t\t\t\t\t\t\t\t\t\t\t<div class=\"post-date wd-post-date wd-style-with-bg\" onclick=\"\">\n\t\t\t\t<span class=\"post-date-day\">\n\t\t\t\t\t05\t\t\t\t<\/span>\n\t\t\t\t<span class=\"post-date-month\">\n\t\t\t\t\tFeb\t\t\t\t<\/span>\n\t\t\t<\/div>\n\t\t\t\t\t\t\n\t\t\t<\/header><!-- .entry-header -->\n\n\t\t<div class=\"article-body-container\">\n\t\t\t\n\t\t\t\t\n\t\t\t\t\t\t\t\t\t<h3 class=\"wd-entities-title title post-title\">\n\t\t\t\t\t\t<a href=\"https:\/\/shushufindi.gob.ec\/sitio\/2026\/02\/05\/acciones-para-fortalecer-la-seguridad-2\/\" rel=\"bookmark\">ACCIONES PARA FORTALECER LA SEGURIDAD<\/a>\n\t\t\t\t\t<\/h3>\n\t\t\t\t\n\t\t\t\t\t\t\t\n\t\t\t\t\t\t\t\n\t\t\t\t                    <div class=\"entry-content wd-entry-content\">\n\t\t\t\t\t\tLa Alcald\u00eda Ciudadana de Shushufindi, a trav\u00e9s de la Direcci\u00f3n de Seguridad Ciudadana, realiz\u00f3 un recorrido t\u00e9cnico en varios puntos es...\n\t\t\t\t\t\t\t\t\t\t\t<\/div><!-- .entry-content -->\n\t\t\t\t\n\t\t\t\t\t\t\t\n\t\t\t\n\t\t\t\t\t<\/div>\n\t<\/div>\n<\/article><!-- #post -->\n\n\n\n<article id=\"post-34969\" class=\"blog-design-masonry blog-post-loop blog-style-bg wd-add-shadow  col-lg-4 col-md-4 col-sm-6 col-12 post-34969 post type-post status-publish format-standard has-post-thumbnail hentry category-noticias\">\n\t<div class=\"article-inner\">\n\t\t\t\t\t<header class=\"entry-header\">\n\t\t\t\t\t\t\t\t\t\n\t\t\t\t\t<figure id=\"carousel-379\" class=\"entry-thumbnail\" data-owl-carousel data-hide_pagination_control=\"yes\" data-desktop=\"1\" data-tablet=\"1\" data-tablet_landscape=\"1\" data-mobile=\"1\">\n\t\t\t\t\t\t\n\t\t\t\t\t\t\t<div class=\"post-img-wrapp\">\n\t\t\t\t\t\t\t\t<a href=\"https:\/\/shushufindi.gob.ec\/sitio\/2026\/02\/04\/apoyo-al-sector-educativo-en-siete-de-julio\/\">\n\t\t\t\t\t\t\t\t\t<img loading=\"lazy\" decoding=\"async\" width=\"300\" height=\"300\" src=\"https:\/\/shushufindi.gob.ec\/sitio\/wp-content\/uploads\/2026\/02\/sector-educativio-300x300.jpg\" class=\"attachment-medium size-medium\" alt=\"\" srcset=\"https:\/\/shushufindi.gob.ec\/sitio\/wp-content\/uploads\/2026\/02\/sector-educativio-300x300.jpg 300w, https:\/\/shushufindi.gob.ec\/sitio\/wp-content\/uploads\/2026\/02\/sector-educativio-800x800.jpg 800w, https:\/\/shushufindi.gob.ec\/sitio\/wp-content\/uploads\/2026\/02\/sector-educativio-150x150.jpg 150w, https:\/\/shushufindi.gob.ec\/sitio\/wp-content\/uploads\/2026\/02\/sector-educativio-768x768.jpg 768w, https:\/\/shushufindi.gob.ec\/sitio\/wp-content\/uploads\/2026\/02\/sector-educativio-200x200.jpg 200w, https:\/\/shushufindi.gob.ec\/sitio\/wp-content\/uploads\/2026\/02\/sector-educativio.jpg 1204w\" sizes=\"auto, (max-width: 300px) 100vw, 300px\" \/>\t\t\t\t\t\t\t\t<\/a>\n\t\t\t\t\t\t\t<\/div>\n\t\t\t\t\t\t\t<div class=\"post-image-mask\">\n\t\t\t\t\t\t\t\t<span><\/span>\n\t\t\t\t\t\t\t<\/div>\n\n\t\t\t\t\t\t\n\t\t\t\t\t<\/figure>\n\t\t\t\t\n\t\t\t\t\t\t\t\t\t\t\t\t<div class=\"post-date wd-post-date wd-style-with-bg\" onclick=\"\">\n\t\t\t\t<span class=\"post-date-day\">\n\t\t\t\t\t04\t\t\t\t<\/span>\n\t\t\t\t<span class=\"post-date-month\">\n\t\t\t\t\tFeb\t\t\t\t<\/span>\n\t\t\t<\/div>\n\t\t\t\t\t\t\n\t\t\t<\/header><!-- .entry-header -->\n\n\t\t<div class=\"article-body-container\">\n\t\t\t\n\t\t\t\t\n\t\t\t\t\t\t\t\t\t<h3 class=\"wd-entities-title title post-title\">\n\t\t\t\t\t\t<a href=\"https:\/\/shushufindi.gob.ec\/sitio\/2026\/02\/04\/apoyo-al-sector-educativo-en-siete-de-julio\/\" rel=\"bookmark\">APOYO AL SECTOR EDUCATIVO EN SIETE DE JULIO<\/a>\n\t\t\t\t\t<\/h3>\n\t\t\t\t\n\t\t\t\t\t\t\t\n\t\t\t\t\t\t\t\n\t\t\t\t                    <div class=\"entry-content wd-entry-content\">\n\t\t\t\t\t\tLa Alcald\u00eda Ciudadana de Shushufindi, con el liderasgo de la alcaldesa Lorena Cajas,\u00a0 entreg\u00f3 obras de adecentamiento en tres unidades ...\n\t\t\t\t\t\t\t\t\t\t\t<\/div><!-- .entry-content -->\n\t\t\t\t\n\t\t\t\t\t\t\t\n\t\t\t\n\t\t\t\t\t<\/div>\n\t<\/div>\n<\/article><!-- #post -->\n\n\n\n<article id=\"post-34928\" class=\"blog-design-masonry blog-post-loop blog-style-bg wd-add-shadow  col-lg-4 col-md-4 col-sm-6 col-12 last  post-34928 post type-post status-publish format-standard has-post-thumbnail hentry category-noticias\">\n\t<div class=\"article-inner\">\n\t\t\t\t\t<header class=\"entry-header\">\n\t\t\t\t\t\t\t\t\t\n\t\t\t\t\t<figure id=\"carousel-658\" class=\"entry-thumbnail\" data-owl-carousel data-hide_pagination_control=\"yes\" data-desktop=\"1\" data-tablet=\"1\" data-tablet_landscape=\"1\" data-mobile=\"1\">\n\t\t\t\t\t\t\n\t\t\t\t\t\t\t<div class=\"post-img-wrapp\">\n\t\t\t\t\t\t\t\t<a href=\"https:\/\/shushufindi.gob.ec\/sitio\/2026\/01\/28\/inicia-la-ii-etapa-del-colector-5-y-construccion-de-ubs\/\">\n\t\t\t\t\t\t\t\t\t<img loading=\"lazy\" decoding=\"async\" width=\"300\" height=\"300\" src=\"https:\/\/shushufindi.gob.ec\/sitio\/wp-content\/uploads\/2026\/02\/colector-5-300x300.jpg\" class=\"attachment-medium size-medium\" alt=\"\" srcset=\"https:\/\/shushufindi.gob.ec\/sitio\/wp-content\/uploads\/2026\/02\/colector-5-300x300.jpg 300w, https:\/\/shushufindi.gob.ec\/sitio\/wp-content\/uploads\/2026\/02\/colector-5-800x800.jpg 800w, https:\/\/shushufindi.gob.ec\/sitio\/wp-content\/uploads\/2026\/02\/colector-5-150x150.jpg 150w, https:\/\/shushufindi.gob.ec\/sitio\/wp-content\/uploads\/2026\/02\/colector-5-768x768.jpg 768w, https:\/\/shushufindi.gob.ec\/sitio\/wp-content\/uploads\/2026\/02\/colector-5-200x200.jpg 200w, https:\/\/shushufindi.gob.ec\/sitio\/wp-content\/uploads\/2026\/02\/colector-5.jpg 1152w\" sizes=\"auto, (max-width: 300px) 100vw, 300px\" \/>\t\t\t\t\t\t\t\t<\/a>\n\t\t\t\t\t\t\t<\/div>\n\t\t\t\t\t\t\t<div class=\"post-image-mask\">\n\t\t\t\t\t\t\t\t<span><\/span>\n\t\t\t\t\t\t\t<\/div>\n\n\t\t\t\t\t\t\n\t\t\t\t\t<\/figure>\n\t\t\t\t\n\t\t\t\t\t\t\t\t\t\t\t\t<div class=\"post-date wd-post-date wd-style-with-bg\" onclick=\"\">\n\t\t\t\t<span class=\"post-date-day\">\n\t\t\t\t\t28\t\t\t\t<\/span>\n\t\t\t\t<span class=\"post-date-month\">\n\t\t\t\t\tEne\t\t\t\t<\/span>\n\t\t\t<\/div>\n\t\t\t\t\t\t\n\t\t\t<\/header><!-- .entry-header -->\n\n\t\t<div class=\"article-body-container\">\n\t\t\t\n\t\t\t\t\n\t\t\t\t\t\t\t\t\t<h3 class=\"wd-entities-title title post-title\">\n\t\t\t\t\t\t<a href=\"https:\/\/shushufindi.gob.ec\/sitio\/2026\/01\/28\/inicia-la-ii-etapa-del-colector-5-y-construccion-de-ubs\/\" rel=\"bookmark\">INICIA LA II ETAPA DEL COLECTOR 5 Y CONSTRUCCI\u00d3N DE  UBS<\/a>\n\t\t\t\t\t<\/h3>\n\t\t\t\t\n\t\t\t\t\t\t\t\n\t\t\t\t\t\t\t\n\t\t\t\t                    <div class=\"entry-content wd-entry-content\">\n\t\t\t\t\t\t\r\n\r\nLa Alcald\u00eda Ciudadana\u00a0 dio inicio a la II etapa del Plan Maestro de Alcantarillado Sanitario \u2013 Colector N.\u00b0 5, un proyecto de sanea...\n\t\t\t\t\t\t\t\t\t\t\t<\/div><!-- .entry-content -->\n\t\t\t\t\n\t\t\t\t\t\t\t\n\t\t\t\n\t\t\t\t\t<\/div>\n\t<\/div>\n<\/article><!-- #post -->\n\n\n\n<article id=\"post-34935\" class=\"blog-design-masonry blog-post-loop blog-style-bg wd-add-shadow  col-lg-4 col-md-4 col-sm-6 col-12 first  post-34935 post type-post status-publish format-standard has-post-thumbnail hentry category-noticias\">\n\t<div class=\"article-inner\">\n\t\t\t\t\t<header class=\"entry-header\">\n\t\t\t\t\t\t\t\t\t\n\t\t\t\t\t<figure id=\"carousel-167\" class=\"entry-thumbnail\" data-owl-carousel data-hide_pagination_control=\"yes\" data-desktop=\"1\" data-tablet=\"1\" data-tablet_landscape=\"1\" data-mobile=\"1\">\n\t\t\t\t\t\t\n\t\t\t\t\t\t\t<div class=\"post-img-wrapp\">\n\t\t\t\t\t\t\t\t<a href=\"https:\/\/shushufindi.gob.ec\/sitio\/2026\/01\/28\/taller-de-jardineria-u-e-11-de-julio\/\">\n\t\t\t\t\t\t\t\t\t<img loading=\"lazy\" decoding=\"async\" width=\"300\" height=\"300\" src=\"https:\/\/shushufindi.gob.ec\/sitio\/wp-content\/uploads\/2026\/02\/TALLER-DE-JARDINERIA-300x300.jpg\" class=\"attachment-medium size-medium\" alt=\"\" srcset=\"https:\/\/shushufindi.gob.ec\/sitio\/wp-content\/uploads\/2026\/02\/TALLER-DE-JARDINERIA-300x300.jpg 300w, https:\/\/shushufindi.gob.ec\/sitio\/wp-content\/uploads\/2026\/02\/TALLER-DE-JARDINERIA-800x800.jpg 800w, https:\/\/shushufindi.gob.ec\/sitio\/wp-content\/uploads\/2026\/02\/TALLER-DE-JARDINERIA-150x150.jpg 150w, https:\/\/shushufindi.gob.ec\/sitio\/wp-content\/uploads\/2026\/02\/TALLER-DE-JARDINERIA-768x768.jpg 768w, https:\/\/shushufindi.gob.ec\/sitio\/wp-content\/uploads\/2026\/02\/TALLER-DE-JARDINERIA-200x200.jpg 200w, https:\/\/shushufindi.gob.ec\/sitio\/wp-content\/uploads\/2026\/02\/TALLER-DE-JARDINERIA.jpg 1365w\" sizes=\"auto, (max-width: 300px) 100vw, 300px\" \/>\t\t\t\t\t\t\t\t<\/a>\n\t\t\t\t\t\t\t<\/div>\n\t\t\t\t\t\t\t<div class=\"post-image-mask\">\n\t\t\t\t\t\t\t\t<span><\/span>\n\t\t\t\t\t\t\t<\/div>\n\n\t\t\t\t\t\t\n\t\t\t\t\t<\/figure>\n\t\t\t\t\n\t\t\t\t\t\t\t\t\t\t\t\t<div class=\"post-date wd-post-date wd-style-with-bg\" onclick=\"\">\n\t\t\t\t<span class=\"post-date-day\">\n\t\t\t\t\t28\t\t\t\t<\/span>\n\t\t\t\t<span class=\"post-date-month\">\n\t\t\t\t\tEne\t\t\t\t<\/span>\n\t\t\t<\/div>\n\t\t\t\t\t\t\n\t\t\t<\/header><!-- .entry-header -->\n\n\t\t<div class=\"article-body-container\">\n\t\t\t\n\t\t\t\t\n\t\t\t\t\t\t\t\t\t<h3 class=\"wd-entities-title title post-title\">\n\t\t\t\t\t\t<a href=\"https:\/\/shushufindi.gob.ec\/sitio\/2026\/01\/28\/taller-de-jardineria-u-e-11-de-julio\/\" rel=\"bookmark\">TALLER DE JARDINER\u00cdA. U.E 11 DE JULIO<\/a>\n\t\t\t\t\t<\/h3>\n\t\t\t\t\n\t\t\t\t\t\t\t\n\t\t\t\t\t\t\t\n\t\t\t\t                    <div class=\"entry-content wd-entry-content\">\n\t\t\t\t\t\t\r\nLa Alcald\u00eda Ciudadana de Shushufindi, a trav\u00e9s de la Unidad de Parques y Jardines, desarroll\u00f3 un taller pr\u00e1ctico de jardiner\u00eda en la ...\n\t\t\t\t\t\t\t\t\t\t\t<\/div><!-- .entry-content -->\n\t\t\t\t\n\t\t\t\t\t\t\t\n\t\t\t\n\t\t\t\t\t<\/div>\n\t<\/div>\n<\/article><!-- #post -->\n\n\n\n<article id=\"post-34925\" class=\"blog-design-masonry blog-post-loop blog-style-bg wd-add-shadow  col-lg-4 col-md-4 col-sm-6 col-12 post-34925 post type-post status-publish format-standard has-post-thumbnail hentry category-noticias\">\n\t<div class=\"article-inner\">\n\t\t\t\t\t<header class=\"entry-header\">\n\t\t\t\t\t\t\t\t\t\n\t\t\t\t\t<figure id=\"carousel-709\" class=\"entry-thumbnail\" data-owl-carousel data-hide_pagination_control=\"yes\" data-desktop=\"1\" data-tablet=\"1\" data-tablet_landscape=\"1\" data-mobile=\"1\">\n\t\t\t\t\t\t\n\t\t\t\t\t\t\t<div class=\"post-img-wrapp\">\n\t\t\t\t\t\t\t\t<a href=\"https:\/\/shushufindi.gob.ec\/sitio\/2026\/01\/27\/acuerdos-que-generan-oportunidades\/\">\n\t\t\t\t\t\t\t\t\t<img loading=\"lazy\" decoding=\"async\" width=\"300\" height=\"300\" src=\"https:\/\/shushufindi.gob.ec\/sitio\/wp-content\/uploads\/2026\/02\/ACUERDOS-QUE-GENERAN-OPORTUNIDADES-300x300.jpg\" class=\"attachment-medium size-medium\" alt=\"\" srcset=\"https:\/\/shushufindi.gob.ec\/sitio\/wp-content\/uploads\/2026\/02\/ACUERDOS-QUE-GENERAN-OPORTUNIDADES-300x300.jpg 300w, https:\/\/shushufindi.gob.ec\/sitio\/wp-content\/uploads\/2026\/02\/ACUERDOS-QUE-GENERAN-OPORTUNIDADES-800x800.jpg 800w, https:\/\/shushufindi.gob.ec\/sitio\/wp-content\/uploads\/2026\/02\/ACUERDOS-QUE-GENERAN-OPORTUNIDADES-150x150.jpg 150w, https:\/\/shushufindi.gob.ec\/sitio\/wp-content\/uploads\/2026\/02\/ACUERDOS-QUE-GENERAN-OPORTUNIDADES-768x768.jpg 768w, https:\/\/shushufindi.gob.ec\/sitio\/wp-content\/uploads\/2026\/02\/ACUERDOS-QUE-GENERAN-OPORTUNIDADES-200x200.jpg 200w, https:\/\/shushufindi.gob.ec\/sitio\/wp-content\/uploads\/2026\/02\/ACUERDOS-QUE-GENERAN-OPORTUNIDADES.jpg 1152w\" sizes=\"auto, (max-width: 300px) 100vw, 300px\" \/>\t\t\t\t\t\t\t\t<\/a>\n\t\t\t\t\t\t\t<\/div>\n\t\t\t\t\t\t\t<div class=\"post-image-mask\">\n\t\t\t\t\t\t\t\t<span><\/span>\n\t\t\t\t\t\t\t<\/div>\n\n\t\t\t\t\t\t\n\t\t\t\t\t<\/figure>\n\t\t\t\t\n\t\t\t\t\t\t\t\t\t\t\t\t<div class=\"post-date wd-post-date wd-style-with-bg\" onclick=\"\">\n\t\t\t\t<span class=\"post-date-day\">\n\t\t\t\t\t27\t\t\t\t<\/span>\n\t\t\t\t<span class=\"post-date-month\">\n\t\t\t\t\tEne\t\t\t\t<\/span>\n\t\t\t<\/div>\n\t\t\t\t\t\t\n\t\t\t<\/header><!-- .entry-header -->\n\n\t\t<div class=\"article-body-container\">\n\t\t\t\n\t\t\t\t\n\t\t\t\t\t\t\t\t\t<h3 class=\"wd-entities-title title post-title\">\n\t\t\t\t\t\t<a href=\"https:\/\/shushufindi.gob.ec\/sitio\/2026\/01\/27\/acuerdos-que-generan-oportunidades\/\" rel=\"bookmark\">ACUERDOS QUE GENERAN OPORTUNIDADES<\/a>\n\t\t\t\t\t<\/h3>\n\t\t\t\t\n\t\t\t\t\t\t\t\n\t\t\t\t\t\t\t\n\t\t\t\t                    <div class=\"entry-content wd-entry-content\">\n\t\t\t\t\t\t\r\n\r\n\r\n\r\n\r\n\r\n\r\nLa alcaldesa Lorena Cajas renov\u00f3 el comodato de un espacio municipal que, desde la administraci\u00f3n del Agr. Jorge Cajas, s...\n\t\t\t\t\t\t\t\t\t\t\t<\/div><!-- .entry-content -->\n\t\t\t\t\n\t\t\t\t\t\t\t\n\t\t\t\n\t\t\t\t\t<\/div>\n\t<\/div>\n<\/article><!-- #post -->\n\n\n\n<article id=\"post-34921\" class=\"blog-design-masonry blog-post-loop blog-style-bg wd-add-shadow  col-lg-4 col-md-4 col-sm-6 col-12 last  post-34921 post type-post status-publish format-standard has-post-thumbnail hentry category-noticias\">\n\t<div class=\"article-inner\">\n\t\t\t\t\t<header class=\"entry-header\">\n\t\t\t\t\t\t\t\t\t\n\t\t\t\t\t<figure id=\"carousel-138\" class=\"entry-thumbnail\" data-owl-carousel data-hide_pagination_control=\"yes\" data-desktop=\"1\" data-tablet=\"1\" data-tablet_landscape=\"1\" data-mobile=\"1\">\n\t\t\t\t\t\t\n\t\t\t\t\t\t\t<div class=\"post-img-wrapp\">\n\t\t\t\t\t\t\t\t<a href=\"https:\/\/shushufindi.gob.ec\/sitio\/2026\/01\/26\/agua-potable-para-16-de-abril-y-nueva-quevedo\/\">\n\t\t\t\t\t\t\t\t\t<img loading=\"lazy\" decoding=\"async\" width=\"300\" height=\"300\" src=\"https:\/\/shushufindi.gob.ec\/sitio\/wp-content\/uploads\/2026\/02\/AGUA-16A-300x300.jpg\" class=\"attachment-medium size-medium\" alt=\"\" srcset=\"https:\/\/shushufindi.gob.ec\/sitio\/wp-content\/uploads\/2026\/02\/AGUA-16A-300x300.jpg 300w, https:\/\/shushufindi.gob.ec\/sitio\/wp-content\/uploads\/2026\/02\/AGUA-16A-800x800.jpg 800w, https:\/\/shushufindi.gob.ec\/sitio\/wp-content\/uploads\/2026\/02\/AGUA-16A-150x150.jpg 150w, https:\/\/shushufindi.gob.ec\/sitio\/wp-content\/uploads\/2026\/02\/AGUA-16A-768x768.jpg 768w, https:\/\/shushufindi.gob.ec\/sitio\/wp-content\/uploads\/2026\/02\/AGUA-16A-200x200.jpg 200w, https:\/\/shushufindi.gob.ec\/sitio\/wp-content\/uploads\/2026\/02\/AGUA-16A.jpg 1365w\" sizes=\"auto, (max-width: 300px) 100vw, 300px\" \/>\t\t\t\t\t\t\t\t<\/a>\n\t\t\t\t\t\t\t<\/div>\n\t\t\t\t\t\t\t<div class=\"post-image-mask\">\n\t\t\t\t\t\t\t\t<span><\/span>\n\t\t\t\t\t\t\t<\/div>\n\n\t\t\t\t\t\t\n\t\t\t\t\t<\/figure>\n\t\t\t\t\n\t\t\t\t\t\t\t\t\t\t\t\t<div class=\"post-date wd-post-date wd-style-with-bg\" onclick=\"\">\n\t\t\t\t<span class=\"post-date-day\">\n\t\t\t\t\t26\t\t\t\t<\/span>\n\t\t\t\t<span class=\"post-date-month\">\n\t\t\t\t\tEne\t\t\t\t<\/span>\n\t\t\t<\/div>\n\t\t\t\t\t\t\n\t\t\t<\/header><!-- .entry-header -->\n\n\t\t<div class=\"article-body-container\">\n\t\t\t\n\t\t\t\t\n\t\t\t\t\t\t\t\t\t<h3 class=\"wd-entities-title title post-title\">\n\t\t\t\t\t\t<a href=\"https:\/\/shushufindi.gob.ec\/sitio\/2026\/01\/26\/agua-potable-para-16-de-abril-y-nueva-quevedo\/\" rel=\"bookmark\">AGUA POTABLE PARA 16 DE ABRIL Y NUEVA QUEVEDO<\/a>\n\t\t\t\t\t<\/h3>\n\t\t\t\t\n\t\t\t\t\t\t\t\n\t\t\t\t\t\t\t\n\t\t\t\t                    <div class=\"entry-content wd-entry-content\">\n\t\t\t\t\t\t\r\n\r\nLa Alcald\u00eda Ciudadana de Shushufindi ejecuta la ampliaci\u00f3n del sistema de agua potable y la repotenciaci\u00f3n del sistema de bombeo en...\n\t\t\t\t\t\t\t\t\t\t\t<\/div><!-- .entry-content -->\n\t\t\t\t\n\t\t\t\t\t\t\t\n\t\t\t\n\t\t\t\t\t<\/div>\n\t<\/div>\n<\/article><!-- #post -->\n\n\n\n<article id=\"post-34919\" class=\"blog-design-masonry blog-post-loop blog-style-bg wd-add-shadow  col-lg-4 col-md-4 col-sm-6 col-12 first  post-34919 post type-post status-publish format-standard has-post-thumbnail hentry category-noticias\">\n\t<div class=\"article-inner\">\n\t\t\t\t\t<header class=\"entry-header\">\n\t\t\t\t\t\t\t\t\t\n\t\t\t\t\t<figure id=\"carousel-891\" class=\"entry-thumbnail\" data-owl-carousel data-hide_pagination_control=\"yes\" data-desktop=\"1\" data-tablet=\"1\" data-tablet_landscape=\"1\" data-mobile=\"1\">\n\t\t\t\t\t\t\n\t\t\t\t\t\t\t<div class=\"post-img-wrapp\">\n\t\t\t\t\t\t\t\t<a href=\"https:\/\/shushufindi.gob.ec\/sitio\/2026\/01\/24\/alcaldia-fortalece-la-infraestructura-de-salud\/\">\n\t\t\t\t\t\t\t\t\t<img loading=\"lazy\" decoding=\"async\" width=\"300\" height=\"300\" src=\"https:\/\/shushufindi.gob.ec\/sitio\/wp-content\/uploads\/2026\/02\/SALUD-CUBIERTA-300x300.jpg\" class=\"attachment-medium size-medium\" alt=\"\" srcset=\"https:\/\/shushufindi.gob.ec\/sitio\/wp-content\/uploads\/2026\/02\/SALUD-CUBIERTA-300x300.jpg 300w, https:\/\/shushufindi.gob.ec\/sitio\/wp-content\/uploads\/2026\/02\/SALUD-CUBIERTA-800x800.jpg 800w, https:\/\/shushufindi.gob.ec\/sitio\/wp-content\/uploads\/2026\/02\/SALUD-CUBIERTA-150x150.jpg 150w, https:\/\/shushufindi.gob.ec\/sitio\/wp-content\/uploads\/2026\/02\/SALUD-CUBIERTA-768x768.jpg 768w, https:\/\/shushufindi.gob.ec\/sitio\/wp-content\/uploads\/2026\/02\/SALUD-CUBIERTA-200x200.jpg 200w, https:\/\/shushufindi.gob.ec\/sitio\/wp-content\/uploads\/2026\/02\/SALUD-CUBIERTA.jpg 822w\" sizes=\"auto, (max-width: 300px) 100vw, 300px\" \/>\t\t\t\t\t\t\t\t<\/a>\n\t\t\t\t\t\t\t<\/div>\n\t\t\t\t\t\t\t<div class=\"post-image-mask\">\n\t\t\t\t\t\t\t\t<span><\/span>\n\t\t\t\t\t\t\t<\/div>\n\n\t\t\t\t\t\t\n\t\t\t\t\t<\/figure>\n\t\t\t\t\n\t\t\t\t\t\t\t\t\t\t\t\t<div class=\"post-date wd-post-date wd-style-with-bg\" onclick=\"\">\n\t\t\t\t<span class=\"post-date-day\">\n\t\t\t\t\t24\t\t\t\t<\/span>\n\t\t\t\t<span class=\"post-date-month\">\n\t\t\t\t\tEne\t\t\t\t<\/span>\n\t\t\t<\/div>\n\t\t\t\t\t\t\n\t\t\t<\/header><!-- .entry-header -->\n\n\t\t<div class=\"article-body-container\">\n\t\t\t\n\t\t\t\t\n\t\t\t\t\t\t\t\t\t<h3 class=\"wd-entities-title title post-title\">\n\t\t\t\t\t\t<a href=\"https:\/\/shushufindi.gob.ec\/sitio\/2026\/01\/24\/alcaldia-fortalece-la-infraestructura-de-salud\/\" rel=\"bookmark\">ALCALD\u00cdA FORTALECE LA INFRAESTRUCTURA DE SALUD<\/a>\n\t\t\t\t\t<\/h3>\n\t\t\t\t\n\t\t\t\t\t\t\t\n\t\t\t\t\t\t\t\n\t\t\t\t                    <div class=\"entry-content wd-entry-content\">\n\t\t\t\t\t\t\r\n\r\n\r\n\r\n\r\n\r\n\r\n\r\nLa Alcald\u00eda\u00a0 de Shushufindi contribuye al fortalecimiento del sistema de salud local con la construcci\u00f3n de la cubierta...\n\t\t\t\t\t\t\t\t\t\t\t<\/div><!-- .entry-content -->\n\t\t\t\t\n\t\t\t\t\t\t\t\n\t\t\t\n\t\t\t\t\t<\/div>\n\t<\/div>\n<\/article><!-- #post -->\n\n\n\n<article id=\"post-34917\" class=\"blog-design-masonry blog-post-loop blog-style-bg wd-add-shadow  col-lg-4 col-md-4 col-sm-6 col-12 post-34917 post type-post status-publish format-standard has-post-thumbnail hentry category-noticias\">\n\t<div class=\"article-inner\">\n\t\t\t\t\t<header class=\"entry-header\">\n\t\t\t\t\t\t\t\t\t\n\t\t\t\t\t<figure id=\"carousel-716\" class=\"entry-thumbnail\" data-owl-carousel data-hide_pagination_control=\"yes\" data-desktop=\"1\" data-tablet=\"1\" data-tablet_landscape=\"1\" data-mobile=\"1\">\n\t\t\t\t\t\t\n\t\t\t\t\t\t\t<div class=\"post-img-wrapp\">\n\t\t\t\t\t\t\t\t<a href=\"https:\/\/shushufindi.gob.ec\/sitio\/2026\/01\/19\/lastrado-y-manteniemiento-de-puentes-en-la-16-de-abril\/\">\n\t\t\t\t\t\t\t\t\t<img loading=\"lazy\" decoding=\"async\" width=\"300\" height=\"300\" src=\"https:\/\/shushufindi.gob.ec\/sitio\/wp-content\/uploads\/2026\/01\/16-DE-ABRIL-300x300.jpg\" class=\"attachment-medium size-medium\" alt=\"\" srcset=\"https:\/\/shushufindi.gob.ec\/sitio\/wp-content\/uploads\/2026\/01\/16-DE-ABRIL-300x300.jpg 300w, https:\/\/shushufindi.gob.ec\/sitio\/wp-content\/uploads\/2026\/01\/16-DE-ABRIL-800x800.jpg 800w, https:\/\/shushufindi.gob.ec\/sitio\/wp-content\/uploads\/2026\/01\/16-DE-ABRIL-150x150.jpg 150w, https:\/\/shushufindi.gob.ec\/sitio\/wp-content\/uploads\/2026\/01\/16-DE-ABRIL-768x768.jpg 768w, https:\/\/shushufindi.gob.ec\/sitio\/wp-content\/uploads\/2026\/01\/16-DE-ABRIL-200x200.jpg 200w, https:\/\/shushufindi.gob.ec\/sitio\/wp-content\/uploads\/2026\/01\/16-DE-ABRIL.jpg 1536w\" sizes=\"auto, (max-width: 300px) 100vw, 300px\" \/>\t\t\t\t\t\t\t\t<\/a>\n\t\t\t\t\t\t\t<\/div>\n\t\t\t\t\t\t\t<div class=\"post-image-mask\">\n\t\t\t\t\t\t\t\t<span><\/span>\n\t\t\t\t\t\t\t<\/div>\n\n\t\t\t\t\t\t\n\t\t\t\t\t<\/figure>\n\t\t\t\t\n\t\t\t\t\t\t\t\t\t\t\t\t<div class=\"post-date wd-post-date wd-style-with-bg\" onclick=\"\">\n\t\t\t\t<span class=\"post-date-day\">\n\t\t\t\t\t19\t\t\t\t<\/span>\n\t\t\t\t<span class=\"post-date-month\">\n\t\t\t\t\tEne\t\t\t\t<\/span>\n\t\t\t<\/div>\n\t\t\t\t\t\t\n\t\t\t<\/header><!-- .entry-header -->\n\n\t\t<div class=\"article-body-container\">\n\t\t\t\n\t\t\t\t\n\t\t\t\t\t\t\t\t\t<h3 class=\"wd-entities-title title post-title\">\n\t\t\t\t\t\t<a href=\"https:\/\/shushufindi.gob.ec\/sitio\/2026\/01\/19\/lastrado-y-manteniemiento-de-puentes-en-la-16-de-abril\/\" rel=\"bookmark\">LASTRADO Y MANTENIEMIENTO DE PUENTES EN LA 16 DE ABRIL<\/a>\n\t\t\t\t\t<\/h3>\n\t\t\t\t\n\t\t\t\t\t\t\t\n\t\t\t\t\t\t\t\n\t\t\t\t                    <div class=\"entry-content wd-entry-content\">\n\t\t\t\t\t\tLa Alcald\u00eda Ciudadana de Shushufindi ejecut\u00f3 trabajos de lastrado en un tramo de 1 kil\u00f3metro, en el sector de respaldo que une a la pre...\n\t\t\t\t\t\t\t\t\t\t\t<\/div><!-- .entry-content -->\n\t\t\t\t\n\t\t\t\t\t\t\t\n\t\t\t\n\t\t\t\t\t<\/div>\n\t<\/div>\n<\/article><!-- #post -->\n\n\n\n<article id=\"post-34743\" class=\"blog-design-masonry blog-post-loop blog-style-bg wd-add-shadow  col-lg-4 col-md-4 col-sm-6 col-12 last  post-34743 post type-post status-publish format-standard has-post-thumbnail hentry category-noticias\">\n\t<div class=\"article-inner\">\n\t\t\t\t\t<header class=\"entry-header\">\n\t\t\t\t\t\t\t\t\t\n\t\t\t\t\t<figure id=\"carousel-592\" class=\"entry-thumbnail\" data-owl-carousel data-hide_pagination_control=\"yes\" data-desktop=\"1\" data-tablet=\"1\" data-tablet_landscape=\"1\" data-mobile=\"1\">\n\t\t\t\t\t\t\n\t\t\t\t\t\t\t<div class=\"post-img-wrapp\">\n\t\t\t\t\t\t\t\t<a href=\"https:\/\/shushufindi.gob.ec\/sitio\/2026\/01\/19\/entrega-del-nuevo-centro-de-salud-para-la-victoria\/\">\n\t\t\t\t\t\t\t\t\t<img loading=\"lazy\" decoding=\"async\" width=\"300\" height=\"300\" src=\"https:\/\/shushufindi.gob.ec\/sitio\/wp-content\/uploads\/2026\/01\/616807004_908431781697044_5280213644590040460_n-2-300x300.jpg\" class=\"attachment-medium size-medium\" alt=\"\" srcset=\"https:\/\/shushufindi.gob.ec\/sitio\/wp-content\/uploads\/2026\/01\/616807004_908431781697044_5280213644590040460_n-2-300x300.jpg 300w, https:\/\/shushufindi.gob.ec\/sitio\/wp-content\/uploads\/2026\/01\/616807004_908431781697044_5280213644590040460_n-2-800x800.jpg 800w, https:\/\/shushufindi.gob.ec\/sitio\/wp-content\/uploads\/2026\/01\/616807004_908431781697044_5280213644590040460_n-2-150x150.jpg 150w, https:\/\/shushufindi.gob.ec\/sitio\/wp-content\/uploads\/2026\/01\/616807004_908431781697044_5280213644590040460_n-2-768x768.jpg 768w, https:\/\/shushufindi.gob.ec\/sitio\/wp-content\/uploads\/2026\/01\/616807004_908431781697044_5280213644590040460_n-2.jpg 1365w\" sizes=\"auto, (max-width: 300px) 100vw, 300px\" \/>\t\t\t\t\t\t\t\t<\/a>\n\t\t\t\t\t\t\t<\/div>\n\t\t\t\t\t\t\t<div class=\"post-image-mask\">\n\t\t\t\t\t\t\t\t<span><\/span>\n\t\t\t\t\t\t\t<\/div>\n\n\t\t\t\t\t\t\n\t\t\t\t\t<\/figure>\n\t\t\t\t\n\t\t\t\t\t\t\t\t\t\t\t\t<div class=\"post-date wd-post-date wd-style-with-bg\" onclick=\"\">\n\t\t\t\t<span class=\"post-date-day\">\n\t\t\t\t\t19\t\t\t\t<\/span>\n\t\t\t\t<span class=\"post-date-month\">\n\t\t\t\t\tEne\t\t\t\t<\/span>\n\t\t\t<\/div>\n\t\t\t\t\t\t\n\t\t\t<\/header><!-- .entry-header -->\n\n\t\t<div class=\"article-body-container\">\n\t\t\t\n\t\t\t\t\n\t\t\t\t\t\t\t\t\t<h3 class=\"wd-entities-title title post-title\">\n\t\t\t\t\t\t<a href=\"https:\/\/shushufindi.gob.ec\/sitio\/2026\/01\/19\/entrega-del-nuevo-centro-de-salud-para-la-victoria\/\" rel=\"bookmark\">ENTREGA DEL NUEVO CENTRO DE SALUD PARA LA VICTORIA<\/a>\n\t\t\t\t\t<\/h3>\n\t\t\t\t\n\t\t\t\t\t\t\t\n\t\t\t\t\t\t\t\n\t\t\t\t                    <div class=\"entry-content wd-entry-content\">\n\t\t\t\t\t\tEl Centro de Salud Tipo A de la comunidad La Victoria, en el cant\u00f3n Shushufindi, fue entregado como resultado del trabajo articulado en...\n\t\t\t\t\t\t\t\t\t\t\t<\/div><!-- .entry-content -->\n\t\t\t\t\n\t\t\t\t\t\t\t\n\t\t\t\n\t\t\t\t\t<\/div>\n\t<\/div>\n<\/article><!-- #post -->\n\n\n\n<article id=\"post-34741\" class=\"blog-design-masonry blog-post-loop blog-style-bg wd-add-shadow  col-lg-4 col-md-4 col-sm-6 col-12 first  post-34741 post type-post status-publish format-standard has-post-thumbnail hentry category-noticias\">\n\t<div class=\"article-inner\">\n\t\t\t\t\t<header class=\"entry-header\">\n\t\t\t\t\t\t\t\t\t\n\t\t\t\t\t<figure id=\"carousel-710\" class=\"entry-thumbnail\" data-owl-carousel data-hide_pagination_control=\"yes\" data-desktop=\"1\" data-tablet=\"1\" data-tablet_landscape=\"1\" data-mobile=\"1\">\n\t\t\t\t\t\t\n\t\t\t\t\t\t\t<div class=\"post-img-wrapp\">\n\t\t\t\t\t\t\t\t<a href=\"https:\/\/shushufindi.gob.ec\/sitio\/2026\/01\/16\/socializacion-ii-etapa-del-plan-maestro-de-alcantarillado-colector-5\/\">\n\t\t\t\t\t\t\t\t\t<img loading=\"lazy\" decoding=\"async\" width=\"300\" height=\"300\" src=\"https:\/\/shushufindi.gob.ec\/sitio\/wp-content\/uploads\/2026\/01\/615344601_907694308437458_5858123101177298731_n-2-300x300.jpg\" class=\"attachment-medium size-medium\" alt=\"\" srcset=\"https:\/\/shushufindi.gob.ec\/sitio\/wp-content\/uploads\/2026\/01\/615344601_907694308437458_5858123101177298731_n-2-300x300.jpg 300w, https:\/\/shushufindi.gob.ec\/sitio\/wp-content\/uploads\/2026\/01\/615344601_907694308437458_5858123101177298731_n-2-800x800.jpg 800w, https:\/\/shushufindi.gob.ec\/sitio\/wp-content\/uploads\/2026\/01\/615344601_907694308437458_5858123101177298731_n-2-150x150.jpg 150w, https:\/\/shushufindi.gob.ec\/sitio\/wp-content\/uploads\/2026\/01\/615344601_907694308437458_5858123101177298731_n-2-768x768.jpg 768w, https:\/\/shushufindi.gob.ec\/sitio\/wp-content\/uploads\/2026\/01\/615344601_907694308437458_5858123101177298731_n-2.jpg 1366w\" sizes=\"auto, (max-width: 300px) 100vw, 300px\" \/>\t\t\t\t\t\t\t\t<\/a>\n\t\t\t\t\t\t\t<\/div>\n\t\t\t\t\t\t\t<div class=\"post-image-mask\">\n\t\t\t\t\t\t\t\t<span><\/span>\n\t\t\t\t\t\t\t<\/div>\n\n\t\t\t\t\t\t\n\t\t\t\t\t<\/figure>\n\t\t\t\t\n\t\t\t\t\t\t\t\t\t\t\t\t<div class=\"post-date wd-post-date wd-style-with-bg\" onclick=\"\">\n\t\t\t\t<span class=\"post-date-day\">\n\t\t\t\t\t16\t\t\t\t<\/span>\n\t\t\t\t<span class=\"post-date-month\">\n\t\t\t\t\tEne\t\t\t\t<\/span>\n\t\t\t<\/div>\n\t\t\t\t\t\t\n\t\t\t<\/header><!-- .entry-header -->\n\n\t\t<div class=\"article-body-container\">\n\t\t\t\n\t\t\t\t\n\t\t\t\t\t\t\t\t\t<h3 class=\"wd-entities-title title post-title\">\n\t\t\t\t\t\t<a href=\"https:\/\/shushufindi.gob.ec\/sitio\/2026\/01\/16\/socializacion-ii-etapa-del-plan-maestro-de-alcantarillado-colector-5\/\" rel=\"bookmark\">SOCIALIZACI\u00d3N II ETAPA DEL PLAN MAESTRO DE ALCANTARILLADO. COLECTOR 5<\/a>\n\t\t\t\t\t<\/h3>\n\t\t\t\t\n\t\t\t\t\t\t\t\n\t\t\t\t\t\t\t\n\t\t\t\t                    <div class=\"entry-content wd-entry-content\">\n\t\t\t\t\t\tLa Alcald\u00eda Ciudadana de Shushufindi socializ\u00f3 el inicio de la segunda etapa del Plan Maestro del Colector N.\u00b0 5, una intervenci\u00f3n estr...\n\t\t\t\t\t\t\t\t\t\t\t<\/div><!-- .entry-content -->\n\t\t\t\t\n\t\t\t\t\t\t\t\n\t\t\t\n\t\t\t\t\t<\/div>\n\t<\/div>\n<\/article><!-- #post -->\n\n\n<\/div>\t\t\t    \t<div class=\"wd-loop-footer blog-footer\">\n\t\t\t    \t\t\t\t\t    \t\t\t<nav class=\"wd-pagination\"><ul><li><span class=\"current page-numbers\">1<\/span><\/li><li><a href=\"https:\/\/shushufindi.gob.ec\/sitio\/wp-json\/wp\/v2\/pages\/30340\/page\/2\/\" class=\"page-numbers\" >2<\/a><\/li><li><a href=\"https:\/\/shushufindi.gob.ec\/sitio\/wp-json\/wp\/v2\/pages\/30340\/page\/3\/\" class=\"page-numbers\" >3<\/a><\/li><li><a href=\"https:\/\/shushufindi.gob.ec\/sitio\/wp-json\/wp\/v2\/pages\/30340\/page\/2\/\" class=\"page-numbers\">&rsaquo;<\/a><\/li><li><a href=\"https:\/\/shushufindi.gob.ec\/sitio\/wp-json\/wp\/v2\/pages\/30340\/page\/17\/\" class=\"page-numbers\">&raquo;<\/a><\/li><\/ul><\/nav>\t\t\t    \t\t\t\t\t    \t<\/div>\n\t\t\t    [\/vc_column][\/vc_row]\n<\/div>","protected":false},"excerpt":{"rendered":"<p>[vc_row css=\u00bb.vc_custom_1698644998644{margin-top: 30px !important;margin-bottom: 60px !important;}\u00bb woodmart_css_id=\u00bb653f43fc63a9d\u00bb responsive_spacing=\u00bbeyJwYXJhbV90eXBlIjoid29vZG1hcnRfcmVzcG9uc2l2ZV9zcGFjaW5nIiwic2VsZWN0b3JfaWQiOiI2NTNmNDNmYzYzYTlkIiwic2hvcnRjb2RlIjoidmNfcm93IiwiZGF0YSI6eyJ0YWJsZXQiOnsicGFkZGluZy1yaWdodCI6IjIwcHgiLCJwYWRkaW5nLWxlZnQiOiIyMHB4In0sIm1vYmlsZSI6eyJwYWRkaW5nLXJpZ2h0IjoiMTBweCIsInBhZGRpbmctbGVmdCI6IjEwcHgifX19&#8243; mobile_bg_img_hidden=\u00bbno\u00bb tablet_bg_img_hidden=\u00bbno\u00bb woodmart_parallax=\u00bb0&#8243; woodmart_gradient_switch=\u00bbno\u00bb woodmart_box_shadow=\u00bbno\u00bb wd_z_index=\u00bbno\u00bb woodmart_disable_overflow=\u00bb0&#8243; row_reverse_mobile=\u00bb0&#8243; row_reverse_tablet=\u00bb0&#8243;][vc_column][\/vc_column][\/vc_row]<\/p>\n","protected":false},"author":1,"featured_media":0,"parent":0,"menu_order":0,"comment_status":"closed","ping_status":"closed","template":"","meta":{"_monsterinsights_skip_tracking":false,"_monsterinsights_sitenote_active":false,"_monsterinsights_sitenote_note":"","_monsterinsights_sitenote_category":0,"_joinchat":[],"footnotes":""},"class_list":["post-30340","page","type-page","status-publish","hentry"],"yoast_head":"<!-- This site is optimized with the Yoast SEO plugin v25.8 - https:\/\/yoast.com\/wordpress\/plugins\/seo\/ -->\n<title>ACTUALIDAD - Municipio del Cant\u00f3n Shushufindi<\/title>\n<meta name=\"robots\" content=\"index, follow, max-snippet:-1, max-image-preview:large, max-video-preview:-1\" \/>\n<link rel=\"canonical\" href=\"https:\/\/shushufindi.gob.ec\/sitio\/noticias\/\" \/>\n<meta property=\"og:locale\" content=\"es_ES\" \/>\n<meta property=\"og:type\" content=\"article\" \/>\n<meta property=\"og:title\" content=\"ACTUALIDAD - Municipio del Cant\u00f3n Shushufindi\" \/>\n<meta property=\"og:description\" content=\"[vc_row css=\u00bb.vc_custom_1698644998644{margin-top: 30px !important;margin-bottom: 60px !important;}\u00bb woodmart_css_id=\u00bb653f43fc63a9d\u00bb responsive_spacing=\u00bbeyJwYXJhbV90eXBlIjoid29vZG1hcnRfcmVzcG9uc2l2ZV9zcGFjaW5nIiwic2VsZWN0b3JfaWQiOiI2NTNmNDNmYzYzYTlkIiwic2hvcnRjb2RlIjoidmNfcm93IiwiZGF0YSI6eyJ0YWJsZXQiOnsicGFkZGluZy1yaWdodCI6IjIwcHgiLCJwYWRkaW5nLWxlZnQiOiIyMHB4In0sIm1vYmlsZSI6eyJwYWRkaW5nLXJpZ2h0IjoiMTBweCIsInBhZGRpbmctbGVmdCI6IjEwcHgifX19&#8243; mobile_bg_img_hidden=\u00bbno\u00bb tablet_bg_img_hidden=\u00bbno\u00bb woodmart_parallax=\u00bb0&#8243; woodmart_gradient_switch=\u00bbno\u00bb woodmart_box_shadow=\u00bbno\u00bb wd_z_index=\u00bbno\u00bb woodmart_disable_overflow=\u00bb0&#8243; row_reverse_mobile=\u00bb0&#8243; row_reverse_tablet=\u00bb0&#8243;][vc_column][\/vc_column][\/vc_row]\" \/>\n<meta property=\"og:url\" content=\"https:\/\/shushufindi.gob.ec\/sitio\/noticias\/\" \/>\n<meta property=\"og:site_name\" content=\"Municipio del Cant\u00f3n Shushufindi\" \/>\n<meta property=\"article:modified_time\" content=\"2023-11-15T14:47:28+00:00\" \/>\n<meta name=\"twitter:card\" content=\"summary_large_image\" \/>\n<meta name=\"twitter:label1\" content=\"Tiempo de lectura\" \/>\n\t<meta name=\"twitter:data1\" content=\"1 minuto\" \/>\n<script type=\"application\/ld+json\" class=\"yoast-schema-graph\">{\"@context\":\"https:\/\/schema.org\",\"@graph\":[{\"@type\":\"WebPage\",\"@id\":\"https:\/\/shushufindi.gob.ec\/sitio\/noticias\/\",\"url\":\"https:\/\/shushufindi.gob.ec\/sitio\/noticias\/\",\"name\":\"ACTUALIDAD - Municipio del Cant\u00f3n Shushufindi\",\"isPartOf\":{\"@id\":\"https:\/\/shushufindi.gob.ec\/sitio\/#website\"},\"datePublished\":\"2023-10-29T23:54:48+00:00\",\"dateModified\":\"2023-11-15T14:47:28+00:00\",\"breadcrumb\":{\"@id\":\"https:\/\/shushufindi.gob.ec\/sitio\/noticias\/#breadcrumb\"},\"inLanguage\":\"es\",\"potentialAction\":[{\"@type\":\"ReadAction\",\"target\":[\"https:\/\/shushufindi.gob.ec\/sitio\/noticias\/\"]}]},{\"@type\":\"BreadcrumbList\",\"@id\":\"https:\/\/shushufindi.gob.ec\/sitio\/noticias\/#breadcrumb\",\"itemListElement\":[{\"@type\":\"ListItem\",\"position\":1,\"name\":\"Portada\",\"item\":\"https:\/\/shushufindi.gob.ec\/sitio\/\"},{\"@type\":\"ListItem\",\"position\":2,\"name\":\"ACTUALIDAD\"}]},{\"@type\":\"WebSite\",\"@id\":\"https:\/\/shushufindi.gob.ec\/sitio\/#website\",\"url\":\"https:\/\/shushufindi.gob.ec\/sitio\/\",\"name\":\"Municipio del Cant\u00f3n Shushufindi\",\"description\":\"GAD Municipal\",\"publisher\":{\"@id\":\"https:\/\/shushufindi.gob.ec\/sitio\/#organization\"},\"potentialAction\":[{\"@type\":\"SearchAction\",\"target\":{\"@type\":\"EntryPoint\",\"urlTemplate\":\"https:\/\/shushufindi.gob.ec\/sitio\/?s={search_term_string}\"},\"query-input\":{\"@type\":\"PropertyValueSpecification\",\"valueRequired\":true,\"valueName\":\"search_term_string\"}}],\"inLanguage\":\"es\"},{\"@type\":\"Organization\",\"@id\":\"https:\/\/shushufindi.gob.ec\/sitio\/#organization\",\"name\":\"Municipio del Cant\u00f3n Shushufindi\",\"url\":\"https:\/\/shushufindi.gob.ec\/sitio\/\",\"logo\":{\"@type\":\"ImageObject\",\"inLanguage\":\"es\",\"@id\":\"https:\/\/shushufindi.gob.ec\/sitio\/#\/schema\/logo\/image\/\",\"url\":\"http:\/\/shushufindi.gob.ec\/sitio\/wp-content\/uploads\/2023\/10\/favicon.jpg\",\"contentUrl\":\"http:\/\/shushufindi.gob.ec\/sitio\/wp-content\/uploads\/2023\/10\/favicon.jpg\",\"width\":100,\"height\":97,\"caption\":\"Municipio del Cant\u00f3n Shushufindi\"},\"image\":{\"@id\":\"https:\/\/shushufindi.gob.ec\/sitio\/#\/schema\/logo\/image\/\"}}]}<\/script>\n<!-- \/ Yoast SEO plugin. -->","yoast_head_json":{"title":"ACTUALIDAD - Municipio del Cant\u00f3n Shushufindi","robots":{"index":"index","follow":"follow","max-snippet":"max-snippet:-1","max-image-preview":"max-image-preview:large","max-video-preview":"max-video-preview:-1"},"canonical":"https:\/\/shushufindi.gob.ec\/sitio\/noticias\/","og_locale":"es_ES","og_type":"article","og_title":"ACTUALIDAD - Municipio del Cant\u00f3n Shushufindi","og_description":"[vc_row css=\u00bb.vc_custom_1698644998644{margin-top: 30px !important;margin-bottom: 60px !important;}\u00bb woodmart_css_id=\u00bb653f43fc63a9d\u00bb responsive_spacing=\u00bbeyJwYXJhbV90eXBlIjoid29vZG1hcnRfcmVzcG9uc2l2ZV9zcGFjaW5nIiwic2VsZWN0b3JfaWQiOiI2NTNmNDNmYzYzYTlkIiwic2hvcnRjb2RlIjoidmNfcm93IiwiZGF0YSI6eyJ0YWJsZXQiOnsicGFkZGluZy1yaWdodCI6IjIwcHgiLCJwYWRkaW5nLWxlZnQiOiIyMHB4In0sIm1vYmlsZSI6eyJwYWRkaW5nLXJpZ2h0IjoiMTBweCIsInBhZGRpbmctbGVmdCI6IjEwcHgifX19&#8243; mobile_bg_img_hidden=\u00bbno\u00bb tablet_bg_img_hidden=\u00bbno\u00bb woodmart_parallax=\u00bb0&#8243; woodmart_gradient_switch=\u00bbno\u00bb woodmart_box_shadow=\u00bbno\u00bb wd_z_index=\u00bbno\u00bb woodmart_disable_overflow=\u00bb0&#8243; row_reverse_mobile=\u00bb0&#8243; row_reverse_tablet=\u00bb0&#8243;][vc_column][\/vc_column][\/vc_row]","og_url":"https:\/\/shushufindi.gob.ec\/sitio\/noticias\/","og_site_name":"Municipio del Cant\u00f3n Shushufindi","article_modified_time":"2023-11-15T14:47:28+00:00","twitter_card":"summary_large_image","twitter_misc":{"Tiempo de lectura":"1 minuto"},"schema":{"@context":"https:\/\/schema.org","@graph":[{"@type":"WebPage","@id":"https:\/\/shushufindi.gob.ec\/sitio\/noticias\/","url":"https:\/\/shushufindi.gob.ec\/sitio\/noticias\/","name":"ACTUALIDAD - Municipio del Cant\u00f3n Shushufindi","isPartOf":{"@id":"https:\/\/shushufindi.gob.ec\/sitio\/#website"},"datePublished":"2023-10-29T23:54:48+00:00","dateModified":"2023-11-15T14:47:28+00:00","breadcrumb":{"@id":"https:\/\/shushufindi.gob.ec\/sitio\/noticias\/#breadcrumb"},"inLanguage":"es","potentialAction":[{"@type":"ReadAction","target":["https:\/\/shushufindi.gob.ec\/sitio\/noticias\/"]}]},{"@type":"BreadcrumbList","@id":"https:\/\/shushufindi.gob.ec\/sitio\/noticias\/#breadcrumb","itemListElement":[{"@type":"ListItem","position":1,"name":"Portada","item":"https:\/\/shushufindi.gob.ec\/sitio\/"},{"@type":"ListItem","position":2,"name":"ACTUALIDAD"}]},{"@type":"WebSite","@id":"https:\/\/shushufindi.gob.ec\/sitio\/#website","url":"https:\/\/shushufindi.gob.ec\/sitio\/","name":"Municipio del Cant\u00f3n Shushufindi","description":"GAD Municipal","publisher":{"@id":"https:\/\/shushufindi.gob.ec\/sitio\/#organization"},"potentialAction":[{"@type":"SearchAction","target":{"@type":"EntryPoint","urlTemplate":"https:\/\/shushufindi.gob.ec\/sitio\/?s={search_term_string}"},"query-input":{"@type":"PropertyValueSpecification","valueRequired":true,"valueName":"search_term_string"}}],"inLanguage":"es"},{"@type":"Organization","@id":"https:\/\/shushufindi.gob.ec\/sitio\/#organization","name":"Municipio del Cant\u00f3n Shushufindi","url":"https:\/\/shushufindi.gob.ec\/sitio\/","logo":{"@type":"ImageObject","inLanguage":"es","@id":"https:\/\/shushufindi.gob.ec\/sitio\/#\/schema\/logo\/image\/","url":"http:\/\/shushufindi.gob.ec\/sitio\/wp-content\/uploads\/2023\/10\/favicon.jpg","contentUrl":"http:\/\/shushufindi.gob.ec\/sitio\/wp-content\/uploads\/2023\/10\/favicon.jpg","width":100,"height":97,"caption":"Municipio del Cant\u00f3n Shushufindi"},"image":{"@id":"https:\/\/shushufindi.gob.ec\/sitio\/#\/schema\/logo\/image\/"}}]}},"_links":{"self":[{"href":"https:\/\/shushufindi.gob.ec\/sitio\/wp-json\/wp\/v2\/pages\/30340","targetHints":{"allow":["GET"]}}],"collection":[{"href":"https:\/\/shushufindi.gob.ec\/sitio\/wp-json\/wp\/v2\/pages"}],"about":[{"href":"https:\/\/shushufindi.gob.ec\/sitio\/wp-json\/wp\/v2\/types\/page"}],"author":[{"embeddable":true,"href":"https:\/\/shushufindi.gob.ec\/sitio\/wp-json\/wp\/v2\/users\/1"}],"replies":[{"embeddable":true,"href":"https:\/\/shushufindi.gob.ec\/sitio\/wp-json\/wp\/v2\/comments?post=30340"}],"version-history":[{"count":22,"href":"https:\/\/shushufindi.gob.ec\/sitio\/wp-json\/wp\/v2\/pages\/30340\/revisions"}],"predecessor-version":[{"id":31468,"href":"https:\/\/shushufindi.gob.ec\/sitio\/wp-json\/wp\/v2\/pages\/30340\/revisions\/31468"}],"wp:attachment":[{"href":"https:\/\/shushufindi.gob.ec\/sitio\/wp-json\/wp\/v2\/media?parent=30340"}],"curies":[{"name":"wp","href":"https:\/\/api.w.org\/{rel}","templated":true}]}}