{"id":30814,"date":"2023-11-01T13:31:11","date_gmt":"2023-11-01T13:31:11","guid":{"rendered":"http:\/\/shushufindi.gob.ec\/sitio\/?page_id=30814"},"modified":"2024-08-29T14:59:44","modified_gmt":"2024-08-29T14:59:44","slug":"actas-convocatorias-y-resoluciones-de-concejo-2023","status":"publish","type":"page","link":"https:\/\/shushufindi.gob.ec\/sitio\/actas-convocatorias-y-resoluciones-de-concejo-2023\/","title":{"rendered":"ACTAS CONVOCATORIAS Y RESOLUCIONES DE CONCEJO 2023"},"content":{"rendered":"<div class=\"wpb-content-wrapper\">[vc_row css=\u00bb.vc_custom_1698843893834{margin-top: 40px !important;}\u00bb woodmart_css_id=\u00bb65424cee4bd7f\u00bb responsive_spacing=\u00bbeyJwYXJhbV90eXBlIjoid29vZG1hcnRfcmVzcG9uc2l2ZV9zcGFjaW5nIiwic2VsZWN0b3JfaWQiOiI2NTQyNGNlZTRiZDdmIiwic2hvcnRjb2RlIjoidmNfcm93IiwiZGF0YSI6eyJ0YWJsZXQiOnt9LCJtb2JpbGUiOnt9fX0=\u00bb mobile_bg_img_hidden=\u00bbno\u00bb tablet_bg_img_hidden=\u00bbno\u00bb woodmart_parallax=\u00bb0&#8243; woodmart_gradient_switch=\u00bbno\u00bb woodmart_box_shadow=\u00bbno\u00bb wd_z_index=\u00bbno\u00bb woodmart_disable_overflow=\u00bb0&#8243; row_reverse_mobile=\u00bb0&#8243; row_reverse_tablet=\u00bb0&#8243;][vc_column]\t\t\t<link rel=\"stylesheet\" id=\"wd-section-title-css\" href=\"https:\/\/shushufindi.gob.ec\/sitio\/wp-content\/themes\/woodmart\/css\/parts\/el-section-title.min.css?ver=7.3.2\" type=\"text\/css\" media=\"all\" \/> \t\t\t\t\t\t<link rel=\"stylesheet\" id=\"wd-section-title-style-simple-and-brd-css\" href=\"https:\/\/shushufindi.gob.ec\/sitio\/wp-content\/themes\/woodmart\/css\/parts\/el-section-title-style-simple-and-brd.min.css?ver=7.3.2\" type=\"text\/css\" media=\"all\" \/> \t\t\t\t\t\t<link rel=\"stylesheet\" id=\"wd-mod-highlighted-text-css\" href=\"https:\/\/shushufindi.gob.ec\/sitio\/wp-content\/themes\/woodmart\/css\/parts\/mod-highlighted-text.min.css?ver=7.3.2\" type=\"text\/css\" media=\"all\" \/> \t\t\t\n\t\t<div id=\"wd-65424cc222711\" class=\"title-wrapper wd-wpb set-mb-s reset-last-child  wd-rs-65424cc222711 wd-title-color-default wd-title-style-bordered text-left  wd-underline-colored\">\n\t\t\t\n\t\t\t<div class=\"liner-continer\">\n\t\t\t\t<h4 class=\"woodmart-title-container title  wd-font-weight- wd-fontsize-l\" >2023<\/h4>\n\t\t\t\t\t\t\t<\/div>\n\t\t\t\n\t\t\t\n\t\t\t\n\t\t<\/div>\n\t\t\n\t\t[vc_empty_space height=\u00bb20px\u00bb woodmart_hide_large=\u00bb0&#8243; woodmart_hide_medium=\u00bb0&#8243; woodmart_hide_small=\u00bb0&#8243;][vc_tta_tabs style=\u00bbmodern\u00bb active_section=\u00bb1&#8243;][vc_tta_section title=\u00bbACTAS\u00bb tab_id=\u00bb1698843755160-64fb493e-76e6&#8243;]\t\t\t<link rel=\"stylesheet\" id=\"wd-accordion-css\" href=\"https:\/\/shushufindi.gob.ec\/sitio\/wp-content\/themes\/woodmart\/css\/parts\/el-accordion.min.css?ver=7.3.2\" type=\"text\/css\" media=\"all\" \/> \t\t\t\n\t\t<div id=\"wd-6670923da5086\" class=\"wd-accordion wd-wpb wd-rs-6670923da5086  wd-style-default\" data-state=\"first\">\n\t\t\t\t\t\t\t\n\t\t\t\t\n\t\t\t\t<div class=\"wd-accordion-item\">\n\t\t\t\t\t<div class=\"wd-accordion-title wd-active font-primary wd-fontsize-s text-left wd-opener-pos-left wd-font-weight-600\" data-accordion-index=\"0\">\n\t\t\t\t\t\t<div class=\"wd-accordion-title-text\">\n\t\t\t\t\t\t\t\t\t\t\t\t\t\t<span>\n\t\t\t\t\t\t\t\tENERO\t\t\t\t\t\t\t<\/span>\n\t\t\t\t\t\t<\/div>\n\t\t\t\t\t\t<span class=\"wd-accordion-opener wd-opener-style-arrow\"><\/span>\n\t\t\t\t\t<\/div>\n\n\t\t\t\t\t<div class=\"wd-accordion-content reset-last-child wd-active\" data-accordion-index=\"0\">\n\t\t\t\t\t\t\t\t\t\t\t\t\t\n<pre><strong>   N\u00daMERO DE ACTA                         FECHA \r\n<\/strong><a href=\"https:\/\/shushufindi.gob.ec\/sitio\/wp-content\/uploads\/ACTAS%20Y%20CONVOCATORIAS\/2023\/ACTA%20N001%20SESION%2019%20ENERO%202023.pdf\" target=\"_blank\" rel=\"noopener\">N\u00ba0001-AC<\/a> SESI\u00d3N ORDINARIA DEL CONCEJO 19\/01\/2023<\/pre>\n\t\t\t\t\t\t\t\t\t\t\t<\/div>\n\t\t\t\t<\/div>\n\t\t\t\t\t\t\t\n\t\t\t\t\n\t\t\t\t<div class=\"wd-accordion-item\">\n\t\t\t\t\t<div class=\"wd-accordion-title font-primary wd-fontsize-s text-left wd-opener-pos-left wd-font-weight-600\" data-accordion-index=\"1\">\n\t\t\t\t\t\t<div class=\"wd-accordion-title-text\">\n\t\t\t\t\t\t\t\t\t\t\t\t\t\t<span>\n\t\t\t\t\t\t\t\tFEBRERO\t\t\t\t\t\t\t<\/span>\n\t\t\t\t\t\t<\/div>\n\t\t\t\t\t\t<span class=\"wd-accordion-opener wd-opener-style-arrow\"><\/span>\n\t\t\t\t\t<\/div>\n\n\t\t\t\t\t<div class=\"wd-accordion-content reset-last-child\" data-accordion-index=\"1\">\n\t\t\t\t\t\t\t\t\t\t\t\t\t\n<pre><strong>   N\u00daMERO DE ACTAS                      FECHA <\/strong>\u00a0\r\n<a href=\"https:\/\/shushufindi.gob.ec\/sitio\/wp-content\/uploads\/ACTAS%20Y%20CONVOCATORIAS\/2023\/ACTA%20N002%20SESION%20%2002%20FEBRERO%202023.pdf\" target=\"_blank\" rel=\"noopener\">N\u00ba0002-AC<\/a> SESI\u00d3N ORDINARIA DE CONCEJO 02\/02\/2023<\/pre>\n\t\t\t\t\t\t\t\t\t\t\t<\/div>\n\t\t\t\t<\/div>\n\t\t\t\t\t\t\t\n\t\t\t\t\n\t\t\t\t<div class=\"wd-accordion-item\">\n\t\t\t\t\t<div class=\"wd-accordion-title font-primary wd-fontsize-s text-left wd-opener-pos-left wd-font-weight-600\" data-accordion-index=\"2\">\n\t\t\t\t\t\t<div class=\"wd-accordion-title-text\">\n\t\t\t\t\t\t\t\t\t\t\t\t\t\t<span>\n\t\t\t\t\t\t\t\tMARZO\t\t\t\t\t\t\t<\/span>\n\t\t\t\t\t\t<\/div>\n\t\t\t\t\t\t<span class=\"wd-accordion-opener wd-opener-style-arrow\"><\/span>\n\t\t\t\t\t<\/div>\n\n\t\t\t\t\t<div class=\"wd-accordion-content reset-last-child\" data-accordion-index=\"2\">\n\t\t\t\t\t\t\t\t\t\t\t\t\t\n<pre>     <strong>N\u00daMERO DE ACTAS                       FECHA  \u00a0 \u00a0       N\u00daMERO DE ACTAS                             FECHA<\/strong>\r\n  <a href=\"https:\/\/shushufindi.gob.ec\/sitio\/wp-content\/uploads\/ACTAS%20Y%20CONVOCATORIAS\/2023\/ACTA%20N003%20SESION%2002%20MARZO%202023.pdf\" target=\"_blank\" rel=\"noopener\">N\u00ba0003-AC<\/a> SESI\u00d3N ORDINARIA DEL CONCEJO 02\/03\/2023      <a href=\"https:\/\/shushufindi.gob.ec\/sitio\/wp-content\/uploads\/ACTAS%20Y%20CONVOCATORIAS\/2023\/ACTA%20EXT%20N00001%2026%20MARZO%202023.pdf\" target=\"_blank\" rel=\"noopener\">N\u00ba0001-EXT<\/a> SESI\u00d3N EXTRAORDINARIA DEL CONCEJO 26\/03\/2023\r\n  <a href=\"https:\/\/shushufindi.gob.ec\/sitio\/wp-content\/uploads\/ACTAS%20Y%20CONVOCATORIAS\/2023\/ACTA%20N004%20SESION%2009%20MARZO%202023.pdf\" target=\"_blank\" rel=\"noopener\">N\u00ba0004-AC<\/a> SESI\u00d3N ORDINARIA DEL CONCEJO 02\/03\/2023      <a href=\"https:\/\/shushufindi.gob.ec\/sitio\/wp-content\/uploads\/ACTAS%20Y%20CONVOCATORIAS\/2023\/ACTA%20EXT%20N002%2027%20MARZO%202023.pdf\" target=\"_blank\" rel=\"noopener\">N\u00b00002-EXT<\/a> SESI\u00d3N EXTRAORDINARIA DEL CONCEJO 27\/03\/2023\r\n  <a href=\"https:\/\/shushufindi.gob.ec\/sitio\/wp-content\/uploads\/ACTAS%20Y%20CONVOCATORIAS\/2023\/ACTA%20N005%20SESION%2016%20MARZO%20%202023.pdf\" target=\"_blank\" rel=\"noopener\">N\u00ba0005-AC<\/a> SESI\u00d3N ORDINARIA DEL CONCEJO 02\/03\/2023<\/pre>\n<pre><\/pre>\n\t\t\t\t\t\t\t\t\t\t\t<\/div>\n\t\t\t\t<\/div>\n\t\t\t\t\t\t\t\n\t\t\t\t\n\t\t\t\t<div class=\"wd-accordion-item\">\n\t\t\t\t\t<div class=\"wd-accordion-title font-primary wd-fontsize-s text-left wd-opener-pos-left wd-font-weight-600\" data-accordion-index=\"3\">\n\t\t\t\t\t\t<div class=\"wd-accordion-title-text\">\n\t\t\t\t\t\t\t\t\t\t\t\t\t\t<span>\n\t\t\t\t\t\t\t\tABRIL\t\t\t\t\t\t\t<\/span>\n\t\t\t\t\t\t<\/div>\n\t\t\t\t\t\t<span class=\"wd-accordion-opener wd-opener-style-arrow\"><\/span>\n\t\t\t\t\t<\/div>\n\n\t\t\t\t\t<div class=\"wd-accordion-content reset-last-child\" data-accordion-index=\"3\">\n\t\t\t\t\t\t\t\t\t\t\t\t\t\n<pre>    <strong>N\u00daMERO DE ACTAS \u00a0 \u00a0 \u00a0                 FECHA <\/strong>\r\n <a href=\"https:\/\/shushufindi.gob.ec\/sitio\/wp-content\/uploads\/ACTAS%20Y%20CONVOCATORIAS\/2023\/ACTA%20N007%20SESION%2020%20ABRIL%202023.pdf\" target=\"_blank\" rel=\"noopener\">N\u00ba0007-AC<\/a> SESI\u00d3N ORDINARIA DEL CONCEJO 16\/03\/2023 \r\n <a href=\"https:\/\/shushufindi.gob.ec\/sitio\/wp-content\/uploads\/ACTAS%20Y%20CONVOCATORIAS\/2023\/ACTA%20N008%20SESION%2027%20ABRIL%20%202023.pdf\" target=\"_blank\" rel=\"noopener\">N\u00ba0008-AC<\/a> SESI\u00d3N ORDINARIA DEL CONCEJO 20\/03\/2023<\/pre>\n\t\t\t\t\t\t\t\t\t\t\t<\/div>\n\t\t\t\t<\/div>\n\t\t\t\t\t\t\t\n\t\t\t\t\n\t\t\t\t<div class=\"wd-accordion-item\">\n\t\t\t\t\t<div class=\"wd-accordion-title font-primary wd-fontsize-s text-left wd-opener-pos-left wd-font-weight-600\" data-accordion-index=\"4\">\n\t\t\t\t\t\t<div class=\"wd-accordion-title-text\">\n\t\t\t\t\t\t\t\t\t\t\t\t\t\t<span>\n\t\t\t\t\t\t\t\tMAYO\t\t\t\t\t\t\t<\/span>\n\t\t\t\t\t\t<\/div>\n\t\t\t\t\t\t<span class=\"wd-accordion-opener wd-opener-style-arrow\"><\/span>\n\t\t\t\t\t<\/div>\n\n\t\t\t\t\t<div class=\"wd-accordion-content reset-last-child\" data-accordion-index=\"4\">\n\t\t\t\t\t\t\t\t\t\t\t\t\t\n<pre><strong>    N\u00daMERO DE ACTAS                       FECHA  \u00a0 \u00a0       N\u00daMERO DE ACTAS                             FECHA<\/strong>\r\n <a href=\"https:\/\/shushufindi.gob.ec\/sitio\/wp-content\/uploads\/ACTAS%20Y%20CONVOCATORIAS\/2023\/ACTA%20N009%20SESION%2018%20MAYO%202023.pdf\" target=\"_blank\" rel=\"noopener\">N\u00ba0009-AC<\/a> SESI\u00d3N ORDINARIA DEL CONSEJO 18\/05\/2023      <a href=\"https:\/\/shushufindi.gob.ec\/sitio\/wp-content\/uploads\/ACTAS%20Y%20CONVOCATORIAS\/2023\/ACTA%20EXT%20N0004%2005%20MAYO%202023.pdf\" target=\"_blank\" rel=\"noopener\">N\u00ba0004-EXT<\/a> SESI\u00d3N EXTRAORDINARIA DEL CONSEJO 05\/05\/2023 \r\n <a href=\"https:\/\/shushufindi.gob.ec\/sitio\/wp-content\/uploads\/ACTAS%20Y%20CONVOCATORIAS\/2023\/ACTA%20N0010%20%20SESION%2025%20MAYO%202023.pdf\" target=\"_blank\" rel=\"noopener\">N\u00ba0010-AC<\/a> SESI\u00d3N ORDINARIA DEL CONSEJO 25\/05\/2023      <a href=\"https:\/\/shushufindi.gob.ec\/sitio\/wp-content\/uploads\/ACTAS%20Y%20CONVOCATORIAS\/2023\/ACTA%20EXT%20N0005%2010%20MAYO%202023.pdf\" target=\"_blank\" rel=\"noopener\">N\u00ba0005-EXT<\/a> SESI\u00d3N EXTRAORDINARIA DEL CONSEJO 10\/05\/2023 \r\n<\/pre>\n\t\t\t\t\t\t\t\t\t\t\t<\/div>\n\t\t\t\t<\/div>\n\t\t\t\t\t\t\t\n\t\t\t\t\n\t\t\t\t<div class=\"wd-accordion-item\">\n\t\t\t\t\t<div class=\"wd-accordion-title font-primary wd-fontsize-s text-left wd-opener-pos-left wd-font-weight-600\" data-accordion-index=\"5\">\n\t\t\t\t\t\t<div class=\"wd-accordion-title-text\">\n\t\t\t\t\t\t\t\t\t\t\t\t\t\t<span>\n\t\t\t\t\t\t\t\tJUNIO\t\t\t\t\t\t\t<\/span>\n\t\t\t\t\t\t<\/div>\n\t\t\t\t\t\t<span class=\"wd-accordion-opener wd-opener-style-arrow\"><\/span>\n\t\t\t\t\t<\/div>\n\n\t\t\t\t\t<div class=\"wd-accordion-content reset-last-child\" data-accordion-index=\"5\">\n\t\t\t\t\t\t\t\t\t\t\t\t\t\n<pre><strong>   N\u00daMERO DE ACTAS                       FECHA \u00a0 \u00a0 \u00a0      N\u00daMERO DE ACTAS                             FECHA<\/strong>\r\n<a href=\"https:\/\/shushufindi.gob.ec\/sitio\/wp-content\/uploads\/ACTAS%20Y%20CONVOCATORIAS\/2023\/ACTA%20N011%20SESION%2001%20JUNIO%202023.pdf\" target=\"_blank\" rel=\"noopener\">N\u00b00011-AC<\/a> SESI\u00d3N ORDINARIA DEL CONCEJO 01\/06\/2023      <a href=\"https:\/\/shushufindi.gob.ec\/sitio\/wp-content\/uploads\/ACTAS%20Y%20CONVOCATORIAS\/2023\/ACTA%20EXT%20N0006%20%2026%20JUNIO%202023.pdf\" target=\"_blank\" rel=\"noopener\">N\u00ba0006-EXT<\/a> SESI\u00d3N EXTRAORDINARIA DEL CONCEJO 26\/06\/2023 \r\n<a href=\"https:\/\/shushufindi.gob.ec\/sitio\/wp-content\/uploads\/ACTAS%20Y%20CONVOCATORIAS\/2023\/ACTA%20N0012%20SESION%208%20JUNIO%202023.pdf\" target=\"_blank\" rel=\"noopener\">N\u00ba0012-AC<\/a> SESI\u00d3N ORDINARIA DEL CONCEJO 08\/06\/2023      \r\n<a href=\"https:\/\/shushufindi.gob.ec\/sitio\/wp-content\/uploads\/ACTAS%20Y%20CONVOCATORIAS\/2023\/ACTA%20N0013%20%20SESION%2015%20JUNIO%202023.pdf\" target=\"_blank\" rel=\"noopener\">N\u00ba0013-AC<\/a> SESI\u00d3N ORDINARIA DEL CONCEJO 15\/06\/2023\r\n<a href=\"https:\/\/shushufindi.gob.ec\/sitio\/wp-content\/uploads\/ACTAS%20Y%20CONVOCATORIAS\/2023\/ACTA%20N0014%20%20SESION%2022%20JUNIO%202023.pdf\" target=\"_blank\" rel=\"noopener\">N\u00ba0014-AC<\/a> SESI\u00d3N ORDINARIA DEL CONCEJO 22\/06\/2023 \r\n<a href=\"https:\/\/shushufindi.gob.ec\/sitio\/wp-content\/uploads\/ACTAS%20Y%20CONVOCATORIAS\/2023\/ACTA%20N0015%20SESION%2029%20JUNIO%202023.pdf\" target=\"_blank\" rel=\"noopener\">N\u00ba0015-AC<\/a> SESI\u00d3N ORDINARIA DEL CONCEJO 29\/06\/2023<\/pre>\n\t\t\t\t\t\t\t\t\t\t\t<\/div>\n\t\t\t\t<\/div>\n\t\t\t\t\t\t\t\n\t\t\t\t\n\t\t\t\t<div class=\"wd-accordion-item\">\n\t\t\t\t\t<div class=\"wd-accordion-title font-primary wd-fontsize-s text-left wd-opener-pos-left wd-font-weight-600\" data-accordion-index=\"6\">\n\t\t\t\t\t\t<div class=\"wd-accordion-title-text\">\n\t\t\t\t\t\t\t\t\t\t\t\t\t\t<span>\n\t\t\t\t\t\t\t\tJULIO\t\t\t\t\t\t\t<\/span>\n\t\t\t\t\t\t<\/div>\n\t\t\t\t\t\t<span class=\"wd-accordion-opener wd-opener-style-arrow\"><\/span>\n\t\t\t\t\t<\/div>\n\n\t\t\t\t\t<div class=\"wd-accordion-content reset-last-child\" data-accordion-index=\"6\">\n\t\t\t\t\t\t\t\t\t\t\t\t\t\n<pre>    <strong>N\u00daMERO DE ACTAS                       FECHA \u00a0 \u00a0 \u00a0      N\u00daMERO DE ACTAS                             FECHA <\/strong>\r\n <a href=\"https:\/\/shushufindi.gob.ec\/sitio\/wp-content\/uploads\/ACTAS%20Y%20CONVOCATORIAS\/2023\/ACTA%20N0016%20%20SESION%2006%20JULIO%202023.pdf\" target=\"_blank\" rel=\"noopener\">N\u00ba0016-AC<\/a> SESI\u00d3N ORDINARIA DEL CONCEJO 06\/07\/2023      <a href=\"https:\/\/shushufindi.gob.ec\/sitio\/wp-content\/uploads\/ACTAS%20Y%20CONVOCATORIAS\/2023\/ACTA%20EXT%20N007%20%2024%20JULIO%202023.pdf\" target=\"_blank\" rel=\"noopener\">N\u00ba0007-EXT<\/a> SESI\u00d3N EXTRAORDINARIA DEL CONCEJO 24\/07\/2023\r\n <a href=\"https:\/\/shushufindi.gob.ec\/sitio\/wp-content\/uploads\/ACTAS%20Y%20CONVOCATORIAS\/2023\/ACTA%20N0017%20SESION%20%2013%20JULIO%202023.pdf\" target=\"_blank\" rel=\"noopener\">N\u00ba0017-AC<\/a> SESI\u00d3N ORDINARIA DEL CONCEJO 13\/07\/2023      <a href=\"https:\/\/shushufindi.gob.ec\/sitio\/wp-content\/uploads\/ACTAS%20Y%20CONVOCATORIAS\/2023\/ACTA%20EXT%20N008%20%2027%20JULIO%202023.pdf\" target=\"_blank\" rel=\"noopener\">N\u00ba0008-EXT<\/a> SESI\u00d3N EXTRAORDINARIA DEL CONCEJO 27\/07\/2023\r\n<\/pre>\n\t\t\t\t\t\t\t\t\t\t\t<\/div>\n\t\t\t\t<\/div>\n\t\t\t\t\t\t\t\n\t\t\t\t\n\t\t\t\t<div class=\"wd-accordion-item\">\n\t\t\t\t\t<div class=\"wd-accordion-title font-primary wd-fontsize-s text-left wd-opener-pos-left wd-font-weight-600\" data-accordion-index=\"7\">\n\t\t\t\t\t\t<div class=\"wd-accordion-title-text\">\n\t\t\t\t\t\t\t\t\t\t\t\t\t\t<span>\n\t\t\t\t\t\t\t\tAGOSTO\t\t\t\t\t\t\t<\/span>\n\t\t\t\t\t\t<\/div>\n\t\t\t\t\t\t<span class=\"wd-accordion-opener wd-opener-style-arrow\"><\/span>\n\t\t\t\t\t<\/div>\n\n\t\t\t\t\t<div class=\"wd-accordion-content reset-last-child\" data-accordion-index=\"7\">\n\t\t\t\t\t\t\t\t\t\t\t\t\t\n<pre>    <strong>N\u00daMERO DE ACTAS                        FECHA  \u00a0 \u00a0         N\u00daMERO DE ACTAS                           FECHA<\/strong>\r\n <a href=\"https:\/\/shushufindi.gob.ec\/sitio\/wp-content\/uploads\/ACTAS%20Y%20CONVOCATORIAS\/2023\/ACTA%20N0019%20SESION%2017%20AGOSTO%202023.pdf\" target=\"_blank\" rel=\"noopener\">N\u00ba0019-AC<\/a>  SESI\u00d3N ORDINARIA DEL CONCEJO 17\/08\/2023      <a href=\"https:\/\/shushufindi.gob.ec\/sitio\/wp-content\/uploads\/ACTAS%20Y%20CONVOCATORIAS\/2023\/ACTA%20EXT%20N0009%203%20AGOSTO%202023.pdf\" target=\"_blank\" rel=\"noopener\">N\u00b00009-EXT<\/a> SESI\u00d3N EXTRAORDINARIA DEL CONCEJO 03\/08\/2023\r\n <a href=\"https:\/\/shushufindi.gob.ec\/sitio\/wp-content\/uploads\/ACTAS%20Y%20CONVOCATORIAS\/2023\/ACTA%20N0020%20SESI%C3%93N%20%2024%20AGOSTO%202023.pdf\" target=\"_blank\" rel=\"noopener\">N\u00ba0020-AC<\/a>  SESI\u00d3N ORDINARIA DEL CONCEJO 24\/08\/2023      <a href=\"https:\/\/shushufindi.gob.ec\/sitio\/wp-content\/uploads\/ACTAS%20Y%20CONVOCATORIAS\/2023\/ACTA%20EXT%20N0010%2009%20AGOSTO%202023.pdf\" target=\"_blank\" rel=\"noopener\">N\u00ba0010-EXT<\/a> SESI\u00d3N EXTRAORDINARIA DEL CONCEJO 09\/08\/2023 \r\n <a href=\"https:\/\/shushufindi.gob.ec\/sitio\/wp-content\/uploads\/ACTAS%20Y%20CONVOCATORIAS\/2023\/ACTA%20N0021%20SESI%C3%93N%2031%20AGOSTO%202023.pdf\" target=\"_blank\" rel=\"noopener\">N\u00ba0021-AC<\/a>  SESI\u00d3N ORDINARIA DEL CONCEJO 31\/08\/2023      <a href=\"https:\/\/shushufindi.gob.ec\/sitio\/wp-content\/uploads\/ACTAS%20Y%20CONVOCATORIAS\/2023\/ACTA%20EXT%20N0011%2014%20AGOSTO%202023.pdf\" target=\"_blank\" rel=\"noopener\">N\u00ba0011-EXT<\/a> SESI\u00d3N EXTRAORDINARIA DEL CONCEJO 14\/08\/2023<\/pre>\n\t\t\t\t\t\t\t\t\t\t\t<\/div>\n\t\t\t\t<\/div>\n\t\t\t\t\t\t\t\n\t\t\t\t\n\t\t\t\t<div class=\"wd-accordion-item\">\n\t\t\t\t\t<div class=\"wd-accordion-title font-primary wd-fontsize-s text-left wd-opener-pos-left wd-font-weight-600\" data-accordion-index=\"8\">\n\t\t\t\t\t\t<div class=\"wd-accordion-title-text\">\n\t\t\t\t\t\t\t\t\t\t\t\t\t\t<span>\n\t\t\t\t\t\t\t\tSEPTIEMBRE\t\t\t\t\t\t\t<\/span>\n\t\t\t\t\t\t<\/div>\n\t\t\t\t\t\t<span class=\"wd-accordion-opener wd-opener-style-arrow\"><\/span>\n\t\t\t\t\t<\/div>\n\n\t\t\t\t\t<div class=\"wd-accordion-content reset-last-child\" data-accordion-index=\"8\">\n\t\t\t\t\t\t\t\t\t\t\t\t\t\n<pre><strong>   N\u00daMERO DE ACTAS ORDINARIAS            FECHA <\/strong>\r\n<a href=\"https:\/\/shushufindi.gob.ec\/sitio\/wp-content\/uploads\/ACTAS%20Y%20CONVOCATORIAS\/2023\/ACTA%20N0022%20SESI%C3%93N%207%20SEPTIEMBRE%202023.pdf\">N\u00ba0022-AC<\/a> SESI\u00d3N ORDINARIA DEL CONCEJO 07\/09\/2023\r\n<a href=\"https:\/\/shushufindi.gob.ec\/sitio\/wp-content\/uploads\/ACTAS%20Y%20CONVOCATORIAS\/2023\/ACTA%20N0023%20SESI%C3%93N%2028%20SEPTIEMBRE%202023.pdf\">N\u00ba0023-AC<\/a> SESI\u00d3N ORDINARIA DEL CONCEJO 28\/09\/2023<\/pre>\n\t\t\t\t\t\t\t\t\t\t\t<\/div>\n\t\t\t\t<\/div>\n\t\t\t\t\t\t\t\n\t\t\t\t\n\t\t\t\t<div class=\"wd-accordion-item\">\n\t\t\t\t\t<div class=\"wd-accordion-title font-primary wd-fontsize-s text-left wd-opener-pos-left wd-font-weight-600\" data-accordion-index=\"9\">\n\t\t\t\t\t\t<div class=\"wd-accordion-title-text\">\n\t\t\t\t\t\t\t\t\t\t\t\t\t\t<span>\n\t\t\t\t\t\t\t\tOCTUBRE\t\t\t\t\t\t\t<\/span>\n\t\t\t\t\t\t<\/div>\n\t\t\t\t\t\t<span class=\"wd-accordion-opener wd-opener-style-arrow\"><\/span>\n\t\t\t\t\t<\/div>\n\n\t\t\t\t\t<div class=\"wd-accordion-content reset-last-child\" data-accordion-index=\"9\">\n\t\t\t\t\t\t\t\t\t\t\t\t\t\n<pre><strong>   N\u00daMERO DE ACTAS                       FECHA \u00a0 \u00a0 \u00a0      <\/strong>\r\n<a href=\"https:\/\/shushufindi.gob.ec\/sitio\/wp-content\/uploads\/ACTAS%20Y%20CONVOCATORIAS\/2023\/ACTA%20N024%20SESI%C3%93N%2005%20OCTUBRE%202023.pdf\" target=\"_blank\" rel=\"noopener\">N\u00ba0024-AC<\/a> SESI\u00d3N ORDINARIA DEL CONCEJO 05\/10\/2023      \r\n<a href=\"https:\/\/shushufindi.gob.ec\/sitio\/wp-content\/uploads\/ACTAS%20Y%20CONVOCATORIAS\/2023\/ACTA%20N025%20SESI%C3%93N%2012%20OCTUBRE%202023.pdf\" target=\"_blank\" rel=\"noopener\">N\u00ba0025-AC<\/a> SESI\u00d3N ORDINARIA DEL CONCEJO 12\/10\/2023\r\n<a href=\"https:\/\/shushufindi.gob.ec\/sitio\/wp-content\/uploads\/ACTAS%20Y%20CONVOCATORIAS\/2023\/ACTA%20N0026%20SESI%C3%93N%2019%20OCTUBRE%202023.pdf\" target=\"_blank\" rel=\"noopener\">N\u00ba0026-AC<\/a> SESI\u00d3N ORDINARIA DEL CONCEJO 19\/10\/2023\r\n<a href=\"https:\/\/shushufindi.gob.ec\/sitio\/wp-content\/uploads\/ACTAS%20Y%20CONVOCATORIAS\/2023\/ACTA%20N0027%20SESI%C3%93N%2026%20OCTUBRE%202023.pdf\" target=\"_blank\" rel=\"noopener\">N\u00ba0027-AC<\/a> SESI\u00d3N ORDINARIA DEL CONCEJO 26\/10\/2023<\/pre>\n\t\t\t\t\t\t\t\t\t\t\t<\/div>\n\t\t\t\t<\/div>\n\t\t\t\t\t\t\t\n\t\t\t\t\n\t\t\t\t<div class=\"wd-accordion-item\">\n\t\t\t\t\t<div class=\"wd-accordion-title font-primary wd-fontsize-s text-left wd-opener-pos-left wd-font-weight-600\" data-accordion-index=\"10\">\n\t\t\t\t\t\t<div class=\"wd-accordion-title-text\">\n\t\t\t\t\t\t\t\t\t\t\t\t\t\t<span>\n\t\t\t\t\t\t\t\tNOVIEMBRE\t\t\t\t\t\t\t<\/span>\n\t\t\t\t\t\t<\/div>\n\t\t\t\t\t\t<span class=\"wd-accordion-opener wd-opener-style-arrow\"><\/span>\n\t\t\t\t\t<\/div>\n\n\t\t\t\t\t<div class=\"wd-accordion-content reset-last-child\" data-accordion-index=\"10\">\n\t\t\t\t\t\t\t\t\t\t\t\t\t\n<pre><strong>   N\u00daMERO DE ACTAS                       FECHA <\/strong>\r\n<a href=\"https:\/\/shushufindi.gob.ec\/sitio\/wp-content\/uploads\/ACTAS%20Y%20CONVOCATORIAS\/2023\/ACTA%20N0028%20SESI%C3%93N%209%20NOVIEMBRE%202023.pdf\" target=\"_blank\" rel=\"noopener\">N\u00ba0028-AC<\/a> SESI\u00d3N ORDINARIA DEL CONCEJO 09\/11\/2023\r\n<a href=\"https:\/\/shushufindi.gob.ec\/sitio\/wp-content\/uploads\/ACTAS%20Y%20CONVOCATORIAS\/2023\/ACTA%20N0029%20SESI%C3%93N%2016%20NOVIEMBRE%202023.pdf\" target=\"_blank\" rel=\"noopener\">N\u00ba0029-AC<\/a> SESI\u00d3N ORDINARIA DEL CONCEJO 16\/11\/2023\r\n<a href=\"https:\/\/shushufindi.gob.ec\/sitio\/wp-content\/uploads\/ACTAS%20Y%20CONVOCATORIAS\/2023\/ACTA%20N0030%20SESI%C3%93N%2023%20NOVIEMBRE%202023.pdf\" target=\"_blank\" rel=\"noopener\">N\u00ba0030-AC<\/a> SESI\u00d3N ORDINARIA DEL CONCEJO 23\/11\/2023\r\n<a href=\"https:\/\/shushufindi.gob.ec\/sitio\/wp-content\/uploads\/ACTAS%20Y%20CONVOCATORIAS\/2023\/ACTA%20N0031%20SESION%2030%20NOVIEMBRE%202023.pdf\" target=\"_blank\" rel=\"noopener\">N\u00ba0031-AC<\/a> SESI\u00d3N ORDINARIA DEL CONCEJO 30\/11\/2023<\/pre>\n\t\t\t\t\t\t\t\t\t\t\t<\/div>\n\t\t\t\t<\/div>\n\t\t\t\t\t\t\t\n\t\t\t\t\n\t\t\t\t<div class=\"wd-accordion-item\">\n\t\t\t\t\t<div class=\"wd-accordion-title font-primary wd-fontsize-s text-left wd-opener-pos-left wd-font-weight-600\" data-accordion-index=\"11\">\n\t\t\t\t\t\t<div class=\"wd-accordion-title-text\">\n\t\t\t\t\t\t\t\t\t\t\t\t\t\t<span>\n\t\t\t\t\t\t\t\tDICIEMBRE\t\t\t\t\t\t\t<\/span>\n\t\t\t\t\t\t<\/div>\n\t\t\t\t\t\t<span class=\"wd-accordion-opener wd-opener-style-arrow\"><\/span>\n\t\t\t\t\t<\/div>\n\n\t\t\t\t\t<div class=\"wd-accordion-content reset-last-child\" data-accordion-index=\"11\">\n\t\t\t\t\t\t\t\t\t\t\t\t\t\n<pre><strong>   N\u00daMERO DE ACTAS                       FECHA            N\u00daMERO DE ACTAS                             FECHA <\/strong>\r\n<a href=\"https:\/\/shushufindi.gob.ec\/sitio\/wp-content\/uploads\/ACTAS%20Y%20CONVOCATORIAS\/2023\/ACTA%20N0032%20SESI%C3%93N%2007%20DICIEMBRE%202023.pdf\" target=\"_blank\" rel=\"noopener\">N\u00ba0032-AC<\/a> SESI\u00d3N ORDINARIA DEL CONCEJO 07\/12\/2023      <a href=\"https:\/\/shushufindi.gob.ec\/sitio\/wp-content\/uploads\/ACTAS%20Y%20CONVOCATORIAS\/2023\/ACTA%20EXT%20N0013%2010%20DICIEMBRE%202023.pdf\" target=\"_blank\" rel=\"noopener\">N\u00ba0013-EXT<\/a> SESI\u00d3N EXTRAORDINARIA DEL CONCEJO 10\/12\/2023 \r\n<a href=\"https:\/\/shushufindi.gob.ec\/sitio\/wp-content\/uploads\/ACTAS%20Y%20CONVOCATORIAS\/2023\/ACTA%20N0033%20SESI%C3%93N%2014%20DICIEMBRE%202023.pdf\" target=\"_blank\" rel=\"noopener\">N\u00ba0033-AC<\/a> SESI\u00d3N ORDINARIA DEL CONCEJO 14\/12\/2023      <a href=\"https:\/\/shushufindi.gob.ec\/sitio\/wp-content\/uploads\/ACTAS%20Y%20CONVOCATORIAS\/2023\/ACTA%20EXT%20N0014%2016%20DICIEMBRE%202023.pdf\" target=\"_blank\" rel=\"noopener\">N\u00ba0014-EXT<\/a> SESI\u00d3N EXTRAORDINARIA DEL CONCEJO 15\/12\/2023\r\n<a href=\"https:\/\/shushufindi.gob.ec\/sitio\/wp-content\/uploads\/ACTAS%20Y%20CONVOCATORIAS\/2023\/ACTA%20N0034%20SESI%C3%93N%2021%20DICIEMBRE%202023.pdf\" target=\"_blank\" rel=\"noopener\">N\u00ba0034-AC<\/a> SESI\u00d3N ORDINARIA DEL CONCEJO 21\/12\/2023      <a href=\"https:\/\/shushufindi.gob.ec\/sitio\/wp-content\/uploads\/ACTAS%20Y%20CONVOCATORIAS\/2023\/ACTA%20EXT%20N0015%2022%20DICIEMBRE%202023.pdf\" target=\"_blank\" rel=\"noopener\">N\u00ba0015-EXT<\/a> SESI\u00d3N EXTRAORDINARIA DEL CONCEJO 22\/12\/2023 \r\n<a href=\"https:\/\/shushufindi.gob.ec\/sitio\/wp-content\/uploads\/ACTAS%20Y%20CONVOCATORIAS\/2023\/ACTA%20N0035%20SESI%C3%93N%2028%20DICIEMBRE%202023.pdf\" target=\"_blank\" rel=\"noopener\">N\u00ba0035-AC<\/a> SESI\u00d3N ORDINARIA DEL CONCEJO 28\/12\/2023<\/pre>\n\t\t\t\t\t\t\t\t\t\t\t<\/div>\n\t\t\t\t<\/div>\n\t\t\t\t\t\t\t\t\t\t\t\t\t\t<\/div>\n\n\t\t[\/vc_tta_section][vc_tta_section title=\u00bbRESOLUCIONES DE CONCEJO\u00bb tab_id=\u00bb1698843755173-cb068f1a-b708&#8243;]\n\t\t<div id=\"wd-666082db0c4c5\" class=\"wd-accordion wd-wpb wd-rs-666082db0c4c5  wd-style-default\" data-state=\"first\">\n\t\t\t\t\t\t\t\n\t\t\t\t\n\t\t\t\t<div class=\"wd-accordion-item\">\n\t\t\t\t\t<div class=\"wd-accordion-title wd-active font-primary wd-fontsize-s text-left wd-opener-pos-left wd-font-weight-600\" data-accordion-index=\"0\">\n\t\t\t\t\t\t<div class=\"wd-accordion-title-text\">\n\t\t\t\t\t\t\t\t\t\t\t\t\t\t<span>\n\t\t\t\t\t\t\t\tENERO\t\t\t\t\t\t\t<\/span>\n\t\t\t\t\t\t<\/div>\n\t\t\t\t\t\t<span class=\"wd-accordion-opener wd-opener-style-arrow\"><\/span>\n\t\t\t\t\t<\/div>\n\n\t\t\t\t\t<div class=\"wd-accordion-content reset-last-child wd-active\" data-accordion-index=\"0\">\n\t\t\t\t\t\t\t\t\t\t\t\t\t\n\t\t\t\t\t\t\t\t\t\t\t<\/div>\n\t\t\t\t<\/div>\n\t\t\t\t\t\t\t\n\t\t\t\t\n\t\t\t\t<div class=\"wd-accordion-item\">\n\t\t\t\t\t<div class=\"wd-accordion-title font-primary wd-fontsize-s text-left wd-opener-pos-left wd-font-weight-600\" data-accordion-index=\"1\">\n\t\t\t\t\t\t<div class=\"wd-accordion-title-text\">\n\t\t\t\t\t\t\t\t\t\t\t\t\t\t<span>\n\t\t\t\t\t\t\t\tFEBRERO\t\t\t\t\t\t\t<\/span>\n\t\t\t\t\t\t<\/div>\n\t\t\t\t\t\t<span class=\"wd-accordion-opener wd-opener-style-arrow\"><\/span>\n\t\t\t\t\t<\/div>\n\n\t\t\t\t\t<div class=\"wd-accordion-content reset-last-child\" data-accordion-index=\"1\">\n\t\t\t\t\t\t\t\t\t\t\t\t\t\n<pre><strong>  FECHA     N\u00daMERO DE RESOLUCI\u00d3N  \r\n02\/02\/2023 <\/strong><a href=\"https:\/\/shushufindi.gob.ec\/sitio\/wp-content\/uploads\/ACTAS%20Y%20CONVOCATORIAS\/2023\/R.%20N0001%20%20APROBAR%20ORDEN%20D%C3%8DA.pdf\" target=\"_blank\" rel=\"noopener\"><strong>N\u00b00001<\/strong><\/a> APROBAR ORDEN DEL D\u00cdA SESI\u00d3N ORDINARIA\r\n<strong>02\/02\/2023 <a href=\"https:\/\/shushufindi.gob.ec\/sitio\/wp-content\/uploads\/ACTAS%20Y%20CONVOCATORIAS\/2023\/R.%20N0003%20Oficio%20SR.%20Malla%20Leonardo.pdf\" target=\"_blank\" rel=\"noopener\">N\u00b00003<\/a><\/strong> OFICIO SR. MALLA LEONARDO\r\n<strong>02\/02\/2023 <a href=\"https:\/\/shushufindi.gob.ec\/sitio\/wp-content\/uploads\/ACTAS%20Y%20CONVOCATORIAS\/2023\/R.%20N0004%20%20VENTA%20DIRECTA%20SR.%20RIVERA%20TALITO.pdf\" target=\"_blank\" rel=\"noopener\">N\u00b00004<\/a><\/strong> AUTORIZAR VENTA DIRECTA TERRENO SR. RIVERA TALITO\r\n<strong>02\/02\/2023 <a href=\"https:\/\/shushufindi.gob.ec\/sitio\/wp-content\/uploads\/ACTAS%20Y%20CONVOCATORIAS\/2023\/R.%20N0005%20VENTA%20DIRECTA%20SRES.%20DELGADO%20W%20Y%20LARA%20N.pdf\" target=\"_blank\" rel=\"noopener\">N\u00b00005<\/a> <\/strong>VENTA DIRECTA SRES. DELGADO W Y LARA N\r\n<strong>02\/02\/2023 <a href=\"https:\/\/shushufindi.gob.ec\/sitio\/wp-content\/uploads\/ACTAS%20Y%20CONVOCATORIAS\/2023\/R.%20N0006%20VENTA%20TERRENO%20LAS%20VEGAS.pdf\" target=\"_blank\" rel=\"noopener\">N\u00b00006<\/a> <\/strong>AUTORIZAR VENTA LOTE TERRENO LAS VEGAS\r\n<strong>02\/02\/2023 <a href=\"https:\/\/shushufindi.gob.ec\/sitio\/wp-content\/uploads\/ACTAS%20Y%20CONVOCATORIAS\/2023\/R.%20N0007%20RESTRUCTURACI%C3%93N%20MERCEDES%20MOLINA.pdf\" target=\"_blank\" rel=\"noopener\">N\u00b00007<\/a> <\/strong>APROBAR REESTRUCTURACI\u00d3N DE LA MANZANA 129 MERCEDES MOLINA\r\n<strong>02\/02\/2023 <a href=\"https:\/\/shushufindi.gob.ec\/sitio\/wp-content\/uploads\/ACTAS%20Y%20CONVOCATORIAS\/2023\/R.%20N0008%20COMODATO%20REGISTRO%20CIVIL.pdf\" target=\"_blank\" rel=\"noopener\">N\u00b00008<\/a> <\/strong>COMODATO REGISTRO CIVIL\r\n<strong>02\/02\/2023 <a href=\"https:\/\/shushufindi.gob.ec\/sitio\/wp-content\/uploads\/ACTAS%20Y%20CONVOCATORIAS\/2023\/R.%20N0010%20RENOVACI%C3%93N%20V%C3%8DA%20P%C3%9ABLICA.pdf\" target=\"_blank\" rel=\"noopener\">N\u00b00010<\/a> <\/strong>AUTORIZAR RENOVACI\u00d3N PERMISO V\u00cdA P\u00daBLICA A FAVOR DEL SR. JOS\u00c9 BERMEO<\/pre>\n\t\t\t\t\t\t\t\t\t\t\t<\/div>\n\t\t\t\t<\/div>\n\t\t\t\t\t\t\t\n\t\t\t\t\n\t\t\t\t<div class=\"wd-accordion-item\">\n\t\t\t\t\t<div class=\"wd-accordion-title font-primary wd-fontsize-s text-left wd-opener-pos-left wd-font-weight-600\" data-accordion-index=\"2\">\n\t\t\t\t\t\t<div class=\"wd-accordion-title-text\">\n\t\t\t\t\t\t\t\t\t\t\t\t\t\t<span>\n\t\t\t\t\t\t\t\tMARZO\t\t\t\t\t\t\t<\/span>\n\t\t\t\t\t\t<\/div>\n\t\t\t\t\t\t<span class=\"wd-accordion-opener wd-opener-style-arrow\"><\/span>\n\t\t\t\t\t<\/div>\n\n\t\t\t\t\t<div class=\"wd-accordion-content reset-last-child\" data-accordion-index=\"2\">\n\t\t\t\t\t\t\t\t\t\t\t\t\t\n<pre style=\"text-align: left;\"><strong>  FECHA     N\u00daMERO DE RESOLUCI\u00d3N\r\n02\/03\/2023 <a href=\"https:\/\/shushufindi.gob.ec\/sitio\/wp-content\/uploads\/ACTAS%20Y%20CONVOCATORIAS\/2023\/R.%20N0011%20APROBAR%20ORDEN%20D%C3%8DA.pdf\" target=\"_blank\" rel=\"noopener\">N\u00b00011<\/a> <\/strong>APROBAR ORDEN DEL D\u00cdA PARA SESI\u00d3N ORDINARIA \r\n<strong>02\/03\/2023 <a href=\"https:\/\/shushufindi.gob.ec\/sitio\/wp-content\/uploads\/ACTAS%20Y%20CONVOCATORIAS\/2023\/R.%20N0012%20VENTA%20DIRECTA%20SR.%20CAMACHO%20ROMULO.pdf\" target=\"_blank\" rel=\"noopener\">N\u00b00012<\/a> <\/strong>AUTORIZAR VENTA DIRECTA TERRENO SR. CAMACHO ROMULO\r\n<strong>02\/03\/2023 <a href=\"https:\/\/shushufindi.gob.ec\/sitio\/wp-content\/uploads\/ACTAS%20Y%20CONVOCATORIAS\/2023\/R.%20N0013%20VENTA%20DIRECTA%20SR.%20ROJANA%20GUIDO.pdf\" target=\"_blank\" rel=\"noopener\">N\u00b00013<\/a><\/strong> AUTORIZAR VENTA DIRECTA TERRENO SR. ROJANA GUIDO\r\n<strong>02\/03\/2023 <a href=\"https:\/\/shushufindi.gob.ec\/sitio\/wp-content\/uploads\/ACTAS%20Y%20CONVOCATORIAS\/2023\/R.%20N0014%20VENTA%20DIRECTA%20SRES.%20MURILLO%20M%20Y%20GRANDA%20D.pdf\" target=\"_blank\" rel=\"noopener\">N\u00b00014<\/a><\/strong> AUTORIZAR VENTA DIRECTA TERRENO SRES. MURILLO M Y GRANDA D\r\n<strong>02\/03\/2023 <a href=\"https:\/\/shushufindi.gob.ec\/sitio\/wp-content\/uploads\/ACTAS%20Y%20CONVOCATORIAS\/2023\/R.%20N0015%20VENTA%20DIRECTA%20LOTIZACION%20LAS%20VEGAS.pdf\" target=\"_blank\" rel=\"noopener\">N\u00b00015<\/a><\/strong> AUTORIZAR VENTA DIRECTA TERRENO LOTIZACI\u00d3N MUNICIPAL LAS VEGAS\r\n<strong>02\/03\/2023 <a href=\"https:\/\/shushufindi.gob.ec\/sitio\/wp-content\/uploads\/ACTAS%20Y%20CONVOCATORIAS\/2023\/R.%20N0016%20%20AUTORIZAR%20USO%20VIA%20P%C3%9ABLICA%20SRA.%20JUANA%20CUEVA.pdf\" target=\"_blank\" rel=\"noopener\">N\u00b00016<\/a><\/strong> AUTORIZAR USO DE LA V\u00cdA PUBLICA SRA. JUANA CUEVA\r\n<strong>02\/03\/2023 <a href=\"https:\/\/shushufindi.gob.ec\/sitio\/wp-content\/uploads\/ACTAS%20Y%20CONVOCATORIAS\/2023\/R.%20N0017%20LIQUIDACION%20PRESUPUESTARIA.pdf\" target=\"_blank\" rel=\"noopener\">N\u00b00017<\/a> <\/strong>APROBAR LIQUIDACI\u00d3N PRESUPUESTARIA DEL EJERCICIO FISCAL\r\n<strong>09\/03\/2023 <a href=\"https:\/\/shushufindi.gob.ec\/sitio\/wp-content\/uploads\/ACTAS%20Y%20CONVOCATORIAS\/2023\/R.%20N0018%20APROBAR%20ORDEN%20D%C3%8DA.pdf\" target=\"_blank\" rel=\"noopener\">N\u00b00018<\/a><\/strong> APROBAR ORDEN DEL D\u00cdA PARA SESI\u00d3N ORDINARIA \r\n<strong>09\/03\/2023 <a href=\"https:\/\/shushufindi.gob.ec\/sitio\/wp-content\/uploads\/ACTAS%20Y%20CONVOCATORIAS\/2023\/R.%20N0019%20VENTA%20DIRECTA%20SRES.%20VERDUGA%20G%2C%20VILELA%20M%20Y%20ZU%C3%91IGA%20J.pdf\" target=\"_blank\" rel=\"noopener\">N\u00b00019<\/a><\/strong> AUTORIZAR VENTA DIRECTA TERRENO SRES. VERDUGA G, VILELA M Y ZU\u00d1IGA J\r\n<strong>09\/03\/2023 <a href=\"https:\/\/shushufindi.gob.ec\/sitio\/wp-content\/uploads\/ACTAS%20Y%20CONVOCATORIAS\/2023\/R.%20N0020%20VENTA%20DIRECTA%20SRA.%20GUAMAN%20DIANA.pdf\" target=\"_blank\" rel=\"noopener\">N\u00b00020<\/a><\/strong> AUTORIZAR VENTA DIRECTA TERRENO SRA. GUAMAN DIANA\r\n<strong>09\/03\/2023 <a href=\"https:\/\/shushufindi.gob.ec\/sitio\/wp-content\/uploads\/ACTAS%20Y%20CONVOCATORIAS\/2023\/R.%20N0021%20VENTA%20DIRECTA%20SRA.%20HERNANDEZ%20VICTORIA.pdf\" target=\"_blank\" rel=\"noopener\">N\u00b00021<\/a><\/strong> AUTORIZAR VENTA DIRECTA TERRENO SRA. HERNANDEZ VICTORIA\r\n<strong>09\/03\/2023 <a href=\"https:\/\/shushufindi.gob.ec\/sitio\/wp-content\/uploads\/ACTAS%20Y%20CONVOCATORIAS\/2023\/R.%20N0022%20COMISI%C3%93N%20LEGISLATIVA%20SRA.%20LILIANA%20PADILLA.pdf\" target=\"_blank\" rel=\"noopener\">N\u00b00022<\/a><\/strong> DESIGNAR CONSEJALA PADILLA L INTEGRANTE DEL AMBIENTE\r\n<strong>16\/03\/2023 <a href=\"https:\/\/shushufindi.gob.ec\/sitio\/wp-content\/uploads\/ACTAS%20Y%20CONVOCATORIAS\/2023\/R.%20N0023%20APROBAR%20ORDEN%20D%C3%8DA.pdf\" target=\"_blank\" rel=\"noopener\">N\u00b00023<\/a><\/strong> APROBAR ORDEN DEL D\u00cdA PARA SESI\u00d3N ORDINARIA \r\n<strong>16\/03\/2023 <a href=\"https:\/\/shushufindi.gob.ec\/sitio\/wp-content\/uploads\/ACTAS%20Y%20CONVOCATORIAS\/2023\/R.%20N0024%20APROBAR%20DEBATE%20LA%20PRIMAVERA.pdf\" target=\"_blank\" rel=\"noopener\">N\u00b00024<\/a><\/strong> APROBAR PRIMER DEBATE QUE CREA LA PARROQUIA \u201cLA PRIMAVERA\u201d\r\n<strong>16\/03\/2023 <a href=\"https:\/\/shushufindi.gob.ec\/sitio\/wp-content\/uploads\/ACTAS%20Y%20CONVOCATORIAS\/2023\/R.%20N0025%20APROBAR%20DEBATE%20LA%20MAGDALENA.pdf\" target=\"_blank\" rel=\"noopener\">N\u00b00025<\/a><\/strong> APROBAR PRIMER DEBATE QUE CREA LA PARROQUIA \u201cLA MAGDALENA\u201d\r\n<strong>16\/03\/2023 <a href=\"https:\/\/shushufindi.gob.ec\/sitio\/wp-content\/uploads\/ACTAS%20Y%20CONVOCATORIAS\/2023\/R.%20N0026%20VENTA%20DIRECTA%20SR.%20BARBER%C3%81N%20LORGIO.pdf\" target=\"_blank\" rel=\"noopener\">N\u00b00026<\/a><\/strong>\u00a0AUTORIZAR VENTA DIRECTA TERRENO SR. BARBER\u00c1N L\r\n<strong>16\/03\/2023 <a href=\"https:\/\/shushufindi.gob.ec\/sitio\/wp-content\/uploads\/ACTAS%20Y%20CONVOCATORIAS\/2023\/R.%20N0027%20RENOVACI%C3%93N%20PERMISO%20VIA%20PUBLICA.pdf\" target=\"_blank\" rel=\"noopener\">N\u00b00027<\/a> <\/strong>AUTORIZAR RENOVACI\u00d3N PERMISO COMPA\u00d1\u00cdA DE TRANSPORTE YASUNI EXPRES YESS\r\n<strong>16\/03\/2023 <a href=\"https:\/\/shushufindi.gob.ec\/sitio\/wp-content\/uploads\/ACTAS%20Y%20CONVOCATORIAS\/2023\/R.%20N0028%20PRIMER%20DEBATE%20BOSQUE%20LA%20PANTERA.pdf\" target=\"_blank\" rel=\"noopener\">N\u00b00028<\/a><\/strong> APROBAR PRIMER DEBATE QUE CREA EL \u00c1REA DE CONSERVACI\u00d3N\u00a0 LA PANTERA26\r\n26\/03\/2023 <a href=\"https:\/\/shushufindi.gob.ec\/sitio\/wp-content\/uploads\/ACTAS%20Y%20CONVOCATORIAS\/2023\/R.%20EXT%20N001%20APROBAR%20ORDEN%20DEL%20D%C3%8DA.pdf\" target=\"_blank\" rel=\"noopener\"><strong>N\u00b0000<\/strong>1<\/a> EXT APROBAR ORDEN DEL D\u00cdA PARA SESI\u00d3N EXTRAORDINARIA \r\n26\/03\/2023<strong> <a href=\"https:\/\/shushufindi.gob.ec\/sitio\/wp-content\/uploads\/ACTAS%20Y%20CONVOCATORIAS\/2023\/R.%20EXT%20N002%20SEGUNDO%20DEBATE%20LA%20PRIMAVERA.pdf\" target=\"_blank\" rel=\"noopener\">N\u00b00002<\/a><\/strong> EXT APROBAR SEGUNDO Y DEFINITIVO DEBATE QUE CREA LA PRIMAVERA\r\n27\/03\/2023 <strong><a href=\"https:\/\/shushufindi.gob.ec\/sitio\/wp-content\/uploads\/ACTAS%20Y%20CONVOCATORIAS\/2023\/R.%20EXT%20N003%20APROBAR%20ORDEN%20DEL%20D%C3%8DA.pdf\" target=\"_blank\" rel=\"noopener\">N\u00b00003<\/a><\/strong> EXT APROBAR ORDEN DEL D\u00cdA PARA SESI\u00d3N EXTRAORDINARIA \r\n27\/03\/2023 <strong><a href=\"https:\/\/shushufindi.gob.ec\/sitio\/wp-content\/uploads\/ACTAS%20Y%20CONVOCATORIAS\/2023\/R.%20EXT%20N004%20SEGUNDO%20DEBATE%20LA%20MAGDALENA.pdf\" target=\"_blank\" rel=\"noopener\">N\u00b00004<\/a><\/strong> EXT APROBAR SEGUNDO Y DEFINITIVO DEBATE QUE CREA LA MAGDALENA \r\n<strong>30\/03\/2023 <a href=\"https:\/\/shushufindi.gob.ec\/sitio\/wp-content\/uploads\/ACTAS%20Y%20CONVOCATORIAS\/2023\/R.%20N0029%20APROBAR%20ORDEN%20D%C3%8DA.pdf\" target=\"_blank\" rel=\"noopener\">N\u00b00029<\/a><\/strong> APROBAR ORDEN DEL D\u00cdA PARA SESI\u00d3N ORDINARIA \r\n<strong>30\/03\/2023 <a href=\"https:\/\/shushufindi.gob.ec\/sitio\/wp-content\/uploads\/ACTAS%20Y%20CONVOCATORIAS\/2023\/R.%20N0030%20APROBAR%20ACTAS.pdf\" target=\"_blank\" rel=\"noopener\">N\u00b00030<\/a><\/strong> APROBAR ACTAS DE SESI\u00d3N EXTRAORDINARIAS SIN MODIFICAR\r\n<strong>30\/03\/2023 <a href=\"https:\/\/shushufindi.gob.ec\/sitio\/wp-content\/uploads\/ACTAS%20Y%20CONVOCATORIAS\/2023\/R.%20N0032%20OFICIO%20SR.%20FALL%C3%9A%20JULIO.pdf\" target=\"_blank\" rel=\"noopener\">N\u00b00032<\/a> <\/strong>APROBAR PLANOS DEL ASENTAMIENTO MISS ECUADOR\r\n<strong>30\/03\/2023 <a href=\"https:\/\/shushufindi.gob.ec\/sitio\/wp-content\/uploads\/ACTAS%20Y%20CONVOCATORIAS\/2023\/R.%20N0033%20OFICIO%20SR.%20GREFA%20FRANCISCO.pdf\" target=\"_blank\" rel=\"noopener\">N\u00b00033<\/a> <\/strong>APROBAR LOS PLANOS DEL ASENTAMIENTO VALLE HERMOSO\r\n<strong>30\/03\/2023 <a href=\"https:\/\/shushufindi.gob.ec\/sitio\/wp-content\/uploads\/ACTAS%20Y%20CONVOCATORIAS\/2023\/R.%20N0034%20OFICIO%20SRES.%20GUZM%C3%81N%20L%2C%20GAROFALO%20R%20Y%20CLAVIJO%20V.pdf\" target=\"_blank\" rel=\"noopener\">N\u00b00034<\/a> <\/strong>APROBAR LOS PLANOS DEL ASENTAMIENTO UNI\u00d3N BOLIVARENSE\r\n<strong>30\/03\/2023 <a href=\"https:\/\/shushufindi.gob.ec\/sitio\/wp-content\/uploads\/ACTAS%20Y%20CONVOCATORIAS\/2023\/R.%20N0035%20REESTRUCTURACI%C3%93N%20B.%20ELOY%20ALFARO.pdf\" target=\"_blank\" rel=\"noopener\">N\u00b00035<\/a> <\/strong>APROBAR REESTRUCTURACI\u00d3N DE LA MANZANA 43 B. ELOY ALFARO\r\n<strong>30\/03\/2023 <a href=\"https:\/\/shushufindi.gob.ec\/sitio\/wp-content\/uploads\/ACTAS%20Y%20CONVOCATORIAS\/2023\/R.%20N0036%20OFICIO%20SR.%20CONSEJAL%20ROJAS%20WILMER.pdf\" target=\"_blank\" rel=\"noopener\">N\u00b00036<\/a> <\/strong>AUTORIZAR VACACIONES ANUALES SR. CONSEJAL ROJAS WILMER<\/pre>\n\t\t\t\t\t\t\t\t\t\t\t<\/div>\n\t\t\t\t<\/div>\n\t\t\t\t\t\t\t\n\t\t\t\t\n\t\t\t\t<div class=\"wd-accordion-item\">\n\t\t\t\t\t<div class=\"wd-accordion-title font-primary wd-fontsize-s text-left wd-opener-pos-left wd-font-weight-600\" data-accordion-index=\"3\">\n\t\t\t\t\t\t<div class=\"wd-accordion-title-text\">\n\t\t\t\t\t\t\t\t\t\t\t\t\t\t<span>\n\t\t\t\t\t\t\t\tABRIL\t\t\t\t\t\t\t<\/span>\n\t\t\t\t\t\t<\/div>\n\t\t\t\t\t\t<span class=\"wd-accordion-opener wd-opener-style-arrow\"><\/span>\n\t\t\t\t\t<\/div>\n\n\t\t\t\t\t<div class=\"wd-accordion-content reset-last-child\" data-accordion-index=\"3\">\n\t\t\t\t\t\t\t\t\t\t\t\t\t\n<pre><strong>   FECHA    N\u00daMERO DE RESOLUCI\u00d3N\r\n20\/04\/2023 <a href=\"https:\/\/shushufindi.gob.ec\/sitio\/wp-content\/uploads\/ACTAS%20Y%20CONVOCATORIAS\/2023\/R.%20N0037%20APROBAR%20ORDEN%20D%C3%8DA.pdf\" target=\"_blank\" rel=\"noopener\">N\u00b00037<\/a> <\/strong>APROBAR ORDEN DEL D\u00cdA DE LA SESI\u00d3N ORDINARIA\r\n<strong>20\/04\/2023 <a href=\"https:\/\/shushufindi.gob.ec\/sitio\/wp-content\/uploads\/ACTAS%20Y%20CONVOCATORIAS\/2023\/R.%20N0038%20APROBAR%20ACTA.pdf\" target=\"_blank\" rel=\"noopener\">N\u00b00038<\/a> <\/strong>APROBAR ACTA N\u00b0 26 DE LA SESI\u00d3N ORDINARIA\r\n<strong>20\/04\/2023 <a href=\"https:\/\/shushufindi.gob.ec\/sitio\/wp-content\/uploads\/ACTAS%20Y%20CONVOCATORIAS\/2023\/R.%20N0039%20APROBAR%20ACTAS.pdf\" target=\"_blank\" rel=\"noopener\">N\u00b00039<\/a> <\/strong>APROBAR ACTAS DE LA SESI\u00d3N ORDINARIA Y EXTRAORDINARIA\r\n<strong>20\/04\/2023 <a href=\"https:\/\/shushufindi.gob.ec\/sitio\/wp-content\/uploads\/ACTAS%20Y%20CONVOCATORIAS\/2023\/R.%20N0040%20REMITIR%20DIRECCI%C3%93N%20PLANIFICACI%C3%93N.pdf\" target=\"_blank\" rel=\"noopener\">N\u00b00040<\/a> <\/strong>REMITIR A LA DIRECCI\u00d3N EL TR\u00c1MITE CORRESPONDIENTE\r\n<strong>20\/04\/2023 <a href=\"https:\/\/shushufindi.gob.ec\/sitio\/wp-content\/uploads\/ACTAS%20Y%20CONVOCATORIAS\/2023\/R.%20N0041%20REESTRUCTURACI%C3%93N%20B.%20ZENEIDA.pdf\" target=\"_blank\" rel=\"noopener\">N\u00b00041<\/a> <\/strong>APROBAR REESTRUCTURACI\u00d3N DE LA MANZANA 12 SECTOR 8 B. ZENEIDA\r\n<strong>20\/04\/2023 <a href=\"https:\/\/shushufindi.gob.ec\/sitio\/wp-content\/uploads\/ACTAS%20Y%20CONVOCATORIAS\/2023\/R.%20N0042%20SUSCRIPCI%C3%93N%20CONVENIO.pdf\" target=\"_blank\" rel=\"noopener\">N\u00b00042<\/a> <\/strong>AUTORIZAR CONVENIO DE COOPERACI\u00d3N DOTACI\u00d3N DE 3 BOMBAS\r\n<strong>20\/04\/2023 <a href=\"https:\/\/shushufindi.gob.ec\/sitio\/wp-content\/uploads\/ACTAS%20Y%20CONVOCATORIAS\/2023\/R.%20N0043%20VENTA%20DIRECTA%20SR.%20GAROFALO%20JESUS.pdf\" target=\"_blank\" rel=\"noopener\">N\u00b00043<\/a> <\/strong>AUTORIZAR VENTA DIRECTA TERRENO SR. GAROFALO JESUS\r\n<strong>20\/04\/2023 <a href=\"https:\/\/shushufindi.gob.ec\/sitio\/wp-content\/uploads\/ACTAS%20Y%20CONVOCATORIAS\/2023\/R.%20N0044%20LOTIZACI%C3%93N%20LAS%20VEGAS.pdf\" target=\"_blank\" rel=\"noopener\">N\u00b00044<\/a> <\/strong>AUTORIZAR VENTA LOTE TERRENO DE LOTIZACI\u00d3N MUNICIPAL LAS VEGAS\r\n<strong>20\/04\/2023 <a href=\"https:\/\/shushufindi.gob.ec\/sitio\/wp-content\/uploads\/ACTAS%20Y%20CONVOCATORIAS\/2023\/R.%20N0045%20RENOVACION%20USO%20VIA%20PUBLICA.pdf\" target=\"_blank\" rel=\"noopener\">N\u00b00045<\/a> <\/strong>AUTORIZAR RENOVACI\u00d3N PERMISO V\u00cdA P\u00daBLICA A FAVOR DEL SR. ROSADO R\r\n<strong>27\/04\/2023 <a href=\"https:\/\/shushufindi.gob.ec\/sitio\/wp-content\/uploads\/ACTAS%20Y%20CONVOCATORIAS\/2023\/R.%20N0046%20APROBAR%20ORDEN%20D%C3%8DA.pdf\" target=\"_blank\" rel=\"noopener\">N\u00b00046<\/a> <\/strong>APROBAR ORDEN DEL D\u00cdA PARA SESI\u00d3N ORDINARIA\r\n<strong>27\/04\/2023 <a href=\"https:\/\/shushufindi.gob.ec\/sitio\/wp-content\/uploads\/ACTAS%20Y%20CONVOCATORIAS\/2023\/R.%20N0047%20SEGUNDO%20DEBATE%20BOSQUE%20LA%20PANTERA.pdf\" target=\"_blank\" rel=\"noopener\">N\u00b00047<\/a> <\/strong>APROBAR SEGUNDO Y DEFINITIVO DEBATE \u00c1REA DE CONSERVACI\u00d3N LA PANTERA\r\n<strong>27\/04\/2023 <a href=\"https:\/\/shushufindi.gob.ec\/sitio\/wp-content\/uploads\/ACTAS%20Y%20CONVOCATORIAS\/2023\/R.%20N0048%20VENTA%20DIRECTA%20SR.%20QUISPE%20CRISTIAN.pdf\" target=\"_blank\" rel=\"noopener\">N\u00b00048<\/a> <\/strong>AUTORIZAR VENTA DIRECTA LOTE TERRENO SR. QUISPE CRISTIAN\r\n<strong>27\/04\/2023 <a href=\"https:\/\/shushufindi.gob.ec\/sitio\/wp-content\/uploads\/ACTAS%20Y%20CONVOCATORIAS\/2023\/R.%20N0048%20VENTA%20DIRECTA%20SR.%20QUISPE%20CRISTIAN.pdf\" target=\"_blank\" rel=\"noopener\">N\u00b00049<\/a> <\/strong>AUTORIZAR VENTA DIRECTA TERRENO LOTIZACI\u00d3N MUNICIPAL LAS VEGAS\r\n<strong>27\/04\/2023 <a href=\"https:\/\/shushufindi.gob.ec\/sitio\/wp-content\/uploads\/ACTAS%20Y%20CONVOCATORIAS\/2023\/R.%20N0050%20RENOVACI%C3%93N%20PERMISO%20V%C3%8DA%20P%C3%9ABLICA.pdf\" target=\"_blank\" rel=\"noopener\">N\u00b00050<\/a> <\/strong>AUTORIZAR RENOVACI\u00d3N PERMISO V\u00cdA P\u00daBLICA DE TRICICLEROS 6 DE DICIEMBRE\r\n<strong>27\/04\/2023 <a href=\"https:\/\/shushufindi.gob.ec\/sitio\/wp-content\/uploads\/ACTAS%20Y%20CONVOCATORIAS\/2023\/R.%20N0051%20RENOVACI%C3%93N%20PERMISO%20V%C3%8DA%20P%C3%9ABLICA.pdf\" target=\"_blank\" rel=\"noopener\">N\u00b00051<\/a> <\/strong>AUTORIZAR RENOVACI\u00d3N PERMISO V\u00cdA P\u00daBLICA COOP. \u201cORIENTAL SHUSHUFINDI\u201d\r\n<strong>27\/04\/2023 <a href=\"https:\/\/shushufindi.gob.ec\/sitio\/wp-content\/uploads\/ACTAS%20Y%20CONVOCATORIAS\/2023\/R.%20N0052%20RENOVACION%20PERMISO%20V%C3%ADA%20P%C3%9ABLICA.pdf\" target=\"_blank\" rel=\"noopener\">N\u00b00052<\/a> <\/strong>AUTORIZAR RENOVACI\u00d3N PERMISO V\u00cdA P\u00daBLICA COOP. DE TAXIS \u201cSHUSHUFINDI\u201d\r\n<strong>27\/04\/2023 <a href=\"https:\/\/shushufindi.gob.ec\/sitio\/wp-content\/uploads\/ACTAS%20Y%20CONVOCATORIAS\/2023\/R.%20N0053%20RENOVACI%C3%93N%20V%C3%8DA%20P%C3%9ABLICA.pdf\" target=\"_blank\" rel=\"noopener\">N\u00b00053<\/a> <\/strong>AUTORIZAR RENOVACI\u00d3N PERMISO V\u00cdA P\u00daBLICA DE LA SRA. NANCY VALDIVIEZO\r\n<strong>27\/04\/2023 <a href=\"https:\/\/shushufindi.gob.ec\/sitio\/wp-content\/uploads\/ACTAS%20Y%20CONVOCATORIAS\/2023\/R.%20N0054%20CONVENIO%20INTERINSTITUCIONAL.pdf\" target=\"_blank\" rel=\"noopener\">N\u00b00054<\/a> <\/strong>AUTORIZAR CONVENIO INTERINSTITUCIONAL<\/pre>\n\t\t\t\t\t\t\t\t\t\t\t<\/div>\n\t\t\t\t<\/div>\n\t\t\t\t\t\t\t\n\t\t\t\t\n\t\t\t\t<div class=\"wd-accordion-item\">\n\t\t\t\t\t<div class=\"wd-accordion-title font-primary wd-fontsize-s text-left wd-opener-pos-left wd-font-weight-600\" data-accordion-index=\"4\">\n\t\t\t\t\t\t<div class=\"wd-accordion-title-text\">\n\t\t\t\t\t\t\t\t\t\t\t\t\t\t<span>\n\t\t\t\t\t\t\t\tMAYO\t\t\t\t\t\t\t<\/span>\n\t\t\t\t\t\t<\/div>\n\t\t\t\t\t\t<span class=\"wd-accordion-opener wd-opener-style-arrow\"><\/span>\n\t\t\t\t\t<\/div>\n\n\t\t\t\t\t<div class=\"wd-accordion-content reset-last-child\" data-accordion-index=\"4\">\n\t\t\t\t\t\t\t\t\t\t\t\t\t\n<pre><strong>   FECHA    N\u00daMERO DE RESOLUCI\u00d3N\r\n05\/05\/2023 <a href=\"https:\/\/shushufindi.gob.ec\/sitio\/wp-content\/uploads\/ACTAS%20Y%20CONVOCATORIAS\/2023\/R.%20EXT%20N005%20APROBAR%20ORDEN%20DEL%20D%C3%8DA.pdf\" target=\"_blank\" rel=\"noopener\">N\u00b00005<\/a><\/strong> EXT APROBAR ORDEN DEL D\u00cdA PARA SESI\u00d3N EXTRAORDINARIA\r\n<strong>05\/05\/2023 <a href=\"https:\/\/shushufindi.gob.ec\/sitio\/wp-content\/uploads\/ACTAS%20Y%20CONVOCATORIAS\/2023\/R.%20EXT%20N006%20CONVENIO%20INTERINSTITUCIONAL.pdf\">N\u00b00006<\/a> <\/strong>EXT AUTORIZAR CONVENIO INTERINSTITUCIONAL RECINTO FERIAL\r\n<strong>10\/05\/2023 <a href=\"https:\/\/shushufindi.gob.ec\/sitio\/wp-content\/uploads\/ACTAS%20Y%20CONVOCATORIAS\/2023\/R.%20EXT%20N007%20APROBAR%20ORDEN%20DEL%20D%C3%8DA.pdf\" target=\"_blank\" rel=\"noopener\">N\u00b00007<\/a><\/strong> EXT APROBAR ORDEN DEL D\u00cdA PARA SESI\u00d3N EXTRAORDINARIA\r\n<strong>05\/05\/2023 <a href=\"https:\/\/shushufindi.gob.ec\/sitio\/wp-content\/uploads\/ACTAS%20Y%20CONVOCATORIAS\/2023\/R.%20EXT%20N009%20PRIMER%20DEBATE%20AGROPECUARIA%20SOSTENIBLE.pdf\" target=\"_blank\" rel=\"noopener\">N\u00b00009<\/a> <\/strong>APROBAR PRIMER DEBATE PRODUCCI\u00d3N AGROPECUARIA SOSTENIBLE\r\n<strong>18\/05\/2023 <a href=\"https:\/\/shushufindi.gob.ec\/sitio\/wp-content\/uploads\/ACTAS%20Y%20CONVOCATORIAS\/2023\/R.%20N0055%20APROBAR%20ORDEN%20D%C3%8DA.pdf\" target=\"_blank\" rel=\"noopener\">N\u00b00055<\/a> <\/strong>APROBAR ORDEN DEL D\u00cdA PARA SESI\u00d3N ORDINARIA \r\n<strong>18\/05\/2023 <a href=\"https:\/\/shushufindi.gob.ec\/sitio\/wp-content\/uploads\/ACTAS%20Y%20CONVOCATORIAS\/2023\/R.%20N0056%20%20DESIGNACI%C3%93N%20COMISIONES.pdf\" target=\"_blank\" rel=\"noopener\">N\u00b00056<\/a> <\/strong>DESIGNAR COMISIONES\r\n<strong>18\/05\/2023 <a href=\"https:\/\/shushufindi.gob.ec\/sitio\/wp-content\/uploads\/ACTAS%20Y%20CONVOCATORIAS\/2023\/R.%20N0057%20CONVENIO%20AGRO-PRODUCTIVO.pdf\" target=\"_blank\" rel=\"noopener\">N\u00b00057<\/a> <\/strong>CONVENIO AGRO-PRODUCTIVAS GADP DE SHUSHUFINDI Y GAD MUNICIPAL\r\n<strong>18\/05\/2023 <a href=\"https:\/\/shushufindi.gob.ec\/sitio\/wp-content\/uploads\/ACTAS%20Y%20CONVOCATORIAS\/2023\/R.%20N0058%20VENTA%20DIRECTA%20SR.%20VASQUEZ%20LUIS.pdf\" target=\"_blank\" rel=\"noopener\">N\u00b00058<\/a> <\/strong>AUTORIZAR VENTA DIRECTA TERRENO SR. VASQUEZ LUIS\r\n<strong>18\/05\/2023 <a href=\"https:\/\/shushufindi.gob.ec\/sitio\/wp-content\/uploads\/ACTAS%20Y%20CONVOCATORIAS\/2023\/R.%20N0059%20VENTA%20DIRECTA%20SR.%20M%C3%81RQUEZ%20CARLOS.pdf\" target=\"_blank\" rel=\"noopener\">N\u00b00059<\/a> <\/strong>AUTORIZAR VENTA DIRECTA TERRENO SR. MARQUEZ CARLOS\r\n<strong>18\/05\/2023 <a href=\"https:\/\/shushufindi.gob.ec\/sitio\/wp-content\/uploads\/ACTAS%20Y%20CONVOCATORIAS\/2023\/R.%20N0060%20RENOVACI%C3%93N%20PERMISO%20V%C3%8DA%20PUBLICA.pdf\" target=\"_blank\" rel=\"noopener\">N\u00b00060<\/a> <\/strong>AUTORIZAR RENOVACI\u00d3N DE PERMISO P\u00daBLICA COMPA\u00d1\u00cdA NORTE TRANSLAN S.A\r\n<strong>18\/05\/2023 <a href=\"https:\/\/shushufindi.gob.ec\/sitio\/wp-content\/uploads\/ACTAS%20Y%20CONVOCATORIAS\/2023\/R.%20N0061%20D%C3%8DA%20Y%20HORA%20SESIONES%20CONCEJO.pdf\" target=\"_blank\" rel=\"noopener\">N\u00b00061<\/a> <\/strong>FIJAR D\u00cdA Y HORA PARA LAS SESIONES ORDINARIAS\r\n<strong>25\/05\/2023 <a href=\"https:\/\/shushufindi.gob.ec\/sitio\/wp-content\/uploads\/ACTAS%20Y%20CONVOCATORIAS\/2023\/R.%20N0063%20CONVENIO%20DELEGACI%C3%93N.pdf\" target=\"_blank\" rel=\"noopener\">N\u00b00063<\/a> <\/strong>AUTORIZAR CONVENIO DELEGACI\u00d3N GADP SUCUMB\u00cdOS Y GADM DE SHUSHUFINDI\r\n<strong>25\/05\/2023 <a href=\"https:\/\/shushufindi.gob.ec\/sitio\/wp-content\/uploads\/ACTAS%20Y%20CONVOCATORIAS\/2023\/R.%20N0064%20ADJUDICAR%20TERRENO%20SRA.%20LUCAS%20GLORIA.pdf\" target=\"_blank\" rel=\"noopener\">N\u00b00064<\/a> <\/strong>ADJUDICAR LOTE TERRENO SRA. LUCAS GLORIA\r\n<strong>25\/05\/2023 <a href=\"https:\/\/shushufindi.gob.ec\/sitio\/wp-content\/uploads\/ACTAS%20Y%20CONVOCATORIAS\/2023\/R.%20N0065%20ADJUDICAR%20TERRENO%20SR.%20VELASCO%20CARLOS.pdf\" target=\"_blank\" rel=\"noopener\">N\u00b00065<\/a> <\/strong>ADJUDICAR LOTE TERRENO SR. VELASCO CARLOS\r\n<strong>25\/05\/2023 <a href=\"https:\/\/shushufindi.gob.ec\/sitio\/wp-content\/uploads\/ACTAS%20Y%20CONVOCATORIAS\/2023\/R.%20N0066%20ADJUDICAR%20TERRENO%20SRA.%20CEDE%C3%91O%20MARIANA.pdf\" target=\"_blank\" rel=\"noopener\">N\u00b00066<\/a> <\/strong>ADJUDICAR LOTE TERRENO SR. CEDE\u00d1O MARIANA\r\n<strong>25\/05\/2023 <a href=\"https:\/\/shushufindi.gob.ec\/sitio\/wp-content\/uploads\/ACTAS%20Y%20CONVOCATORIAS\/2023\/R.%20N0067%20ADJUDICAR%20TERRENO%20SRA.%20LUZON%20JULIA.pdf\" target=\"_blank\" rel=\"noopener\">N\u00b00067<\/a> <\/strong>ADJUDICAR LOTE TERRENO SR. LUZON JULIA\r\n<strong>25\/05\/2023 <a href=\"https:\/\/shushufindi.gob.ec\/sitio\/wp-content\/uploads\/ACTAS%20Y%20CONVOCATORIAS\/2023\/R.%20N0068%20PARTICI%C3%93N%20EXTRAJUDICIAL%20SRA.%20GONZAGA%20G.pdf\" target=\"_blank\" rel=\"noopener\">N\u00b00068<\/a> <\/strong>AUTORIZAR PARTICI\u00d3N EXTRA JUDICIAL DE BIENES SRA. GONZAGA GLADYS\r\n<strong>25\/05\/2023 <a href=\"https:\/\/shushufindi.gob.ec\/sitio\/wp-content\/uploads\/ACTAS%20Y%20CONVOCATORIAS\/2023\/R.%20N0069%20ADJUDICAR%20TERRENO%20SR.%20CASTRO%20WILMER.pdf\" target=\"_blank\" rel=\"noopener\">N\u00b00069<\/a> <\/strong>ADJUDICAR LOTE TERRENO SR. CASTRO WILMER\r\n<strong>25\/05\/2023 <a href=\"https:\/\/shushufindi.gob.ec\/sitio\/wp-content\/uploads\/ACTAS%20Y%20CONVOCATORIAS\/2023\/R.%20N0070%20ADJUDICAR%20TERRENO%20SR.%20CORREA%20CARLOS.pdf\" target=\"_blank\" rel=\"noopener\">N\u00b00070<\/a> <\/strong>ADJUDICAR LOTE TERRENO SR. CORREA CARLOS\r\n<strong>25\/05\/2023 <a href=\"https:\/\/shushufindi.gob.ec\/sitio\/wp-content\/uploads\/ACTAS%20Y%20CONVOCATORIAS\/2023\/R.%20N0071%20UNIFICACI%C3%93N%20SRES.%20SIGCHO%20A%20Y%20VERDEZOTO%20J.pdf\" target=\"_blank\" rel=\"noopener\">N\u00b00071<\/a> <\/strong>AUTORIZAR UNIFICACI\u00d3N Y CONSOLIDACI\u00d3N SRES. SIGCHO A Y VERDEZOTO J\r\n<strong>25\/05\/2023 <a href=\"https:\/\/shushufindi.gob.ec\/sitio\/wp-content\/uploads\/ACTAS%20Y%20CONVOCATORIAS\/2023\/R.%20N0072%20EXPEDIENTE%20COMISI%C3%93N%20SUELO.pdf\" target=\"_blank\" rel=\"noopener\">N\u00b00072<\/a> <\/strong>REMITIR EL EXPEDIENTE A LA COMISI\u00d3N DE SUELO 25 MAYO 2023<\/pre>\n\t\t\t\t\t\t\t\t\t\t\t<\/div>\n\t\t\t\t<\/div>\n\t\t\t\t\t\t\t\n\t\t\t\t\n\t\t\t\t<div class=\"wd-accordion-item\">\n\t\t\t\t\t<div class=\"wd-accordion-title font-primary wd-fontsize-s text-left wd-opener-pos-left wd-font-weight-600\" data-accordion-index=\"5\">\n\t\t\t\t\t\t<div class=\"wd-accordion-title-text\">\n\t\t\t\t\t\t\t\t\t\t\t\t\t\t<span>\n\t\t\t\t\t\t\t\tJUNIO\t\t\t\t\t\t\t<\/span>\n\t\t\t\t\t\t<\/div>\n\t\t\t\t\t\t<span class=\"wd-accordion-opener wd-opener-style-arrow\"><\/span>\n\t\t\t\t\t<\/div>\n\n\t\t\t\t\t<div class=\"wd-accordion-content reset-last-child\" data-accordion-index=\"5\">\n\t\t\t\t\t\t\t\t\t\t\t\t\t\n<pre><strong>   FECHA        N\u00daMERO DE RESOLUCI\u00d3N\r\n01\/06\/2023 <a href=\"https:\/\/shushufindi.gob.ec\/sitio\/wp-content\/uploads\/ACTAS%20Y%20CONVOCATORIAS\/2023\/R.%20N0073%20APROBAR%20ORDEN%20D%C3%8DA.pdf\" target=\"_blank\" rel=\"noopener\">N\u00b00073<\/a> <\/strong>APROBAR ORDEN DEL D\u00cdA PARA SESI\u00d3N ORDINARIA\r\n<strong>01\/06\/2023 <a href=\"https:\/\/shushufindi.gob.ec\/sitio\/wp-content\/uploads\/ACTAS%20Y%20CONVOCATORIAS\/2023\/R.%20N0074%20APROBAR%20ACTA.pdf\" target=\"_blank\" rel=\"noopener\">N\u00b00074<\/a> <\/strong>APROBAR ACTA N\u00b0 9 DE LA SESI\u00d3N ORDINARIA\r\n<strong>01\/06\/2023 <a href=\"https:\/\/shushufindi.gob.ec\/sitio\/wp-content\/uploads\/ACTAS%20Y%20CONVOCATORIAS\/2023\/R.%20N0075%20ADJUDICAR%20TERRENO%20SRES.%20BONILLA%20B%2C%20BONILLA%20A%20Y%20BONILLA%20R.pdf\" target=\"_blank\" rel=\"noopener\">N\u00b00075<\/a> <\/strong>ADJUDICAR LOTE TERRENO SRES. BONILLA B, BONILLA A Y BONILLA R\r\n<strong>01\/06\/2023 <a href=\"https:\/\/shushufindi.gob.ec\/sitio\/wp-content\/uploads\/ACTAS%20Y%20CONVOCATORIAS\/2023\/R.%20N0076%20ADJUDICAR%20TERRENO%20SR.%20GUAMINGO%20SEGUNDO.pdf\" target=\"_blank\" rel=\"noopener\">N\u00b00076<\/a> <\/strong>ADJUDICAR LOTE TERRENO SR. GUAMINGO SEGUNDO\r\n<strong>01\/06\/2023 <a href=\"https:\/\/shushufindi.gob.ec\/sitio\/wp-content\/uploads\/ACTAS%20Y%20CONVOCATORIAS\/2023\/R.%20N0077%20VENTA%20DIRECTA%20SR.%20CARGUA%20GARC%C3%8DA.pdf\" target=\"_blank\" rel=\"noopener\">N\u00b00077<\/a> <\/strong>AUTORIZAR VENTA DIRECTA LOTE TERRENO SR. CARGUA GARC\u00cdA\r\n<strong>01\/06\/2023 <a href=\"https:\/\/shushufindi.gob.ec\/sitio\/wp-content\/uploads\/ACTAS%20Y%20CONVOCATORIAS\/2023\/R.%20N0078%20APROBAR%20ORDEN%20D%C3%8DA.pdf\" target=\"_blank\" rel=\"noopener\">N\u00b00078<\/a> <\/strong>APROBAR ORDEN DEL D\u00cdA PARA SESI\u00d3N ORDINARIA\r\n<strong>08\/06\/2023 <a href=\"https:\/\/shushufindi.gob.ec\/sitio\/wp-content\/uploads\/ACTAS%20Y%20CONVOCATORIAS\/2023\/R.%20N0079%20ADJUDICAR%20TERRENO%20SR.%20GAIBOR%20ALISON.pdf\" target=\"_blank\" rel=\"noopener\">N\u00b00079<\/a> <\/strong>ADJUDICAR LOTE TERRENO SR. GAIBOR ALISON\r\n<strong>08\/06\/2023 <a href=\"https:\/\/shushufindi.gob.ec\/sitio\/wp-content\/uploads\/ACTAS%20Y%20CONVOCATORIAS\/2023\/R.%20N0080%20ADJUDICAR%20TERRENO%20SRES.%20MENA%20D%20Y%20BENJUMEA%20H.pdf\" target=\"_blank\" rel=\"noopener\">N\u00b00080<\/a> <\/strong>ADJUDICAR LOTE TERRENO SRES. MENA D Y BENJUMEA H\r\n<strong>08\/06\/2023 <a href=\"https:\/\/shushufindi.gob.ec\/sitio\/wp-content\/uploads\/ACTAS%20Y%20CONVOCATORIAS\/2023\/R.%20N0081%20ADJUDICAR%20TERRENO%20SR.%20CHAVEZ%20ROMEL.pdf\" target=\"_blank\" rel=\"noopener\">N\u00b00081<\/a> <\/strong>ADJUDICAR LOTE TERRENO SR. CHAVEZ ROMEL\r\n<strong>08\/06\/2023 <a href=\"https:\/\/shushufindi.gob.ec\/sitio\/wp-content\/uploads\/ACTAS%20Y%20CONVOCATORIAS\/2023\/R.%20N0082%20ADJUDICAR%20TERRENO%20SRA.%20IMBAQUINGO%20BLANCA.pdf\" target=\"_blank\" rel=\"noopener\">N\u00b00082<\/a> <\/strong>ADJUDICAR LOTE TERRENO SRA. IMBAQUINGO BLANCA\r\n<strong>08\/06\/2023 <a href=\"https:\/\/shushufindi.gob.ec\/sitio\/wp-content\/uploads\/ACTAS%20Y%20CONVOCATORIAS\/2023\/R.%20N0083%20ADJUDICAR%20TERRENO%20SR.%20ZAMBRANO%20FREMIS.pdf\" target=\"_blank\" rel=\"noopener\">N\u00b00083<\/a> <\/strong>ADJUDICAR LOTE TERRENO SR. ZAMBRANO FREMIS\r\n<strong>08\/06\/2023 <a href=\"https:\/\/shushufindi.gob.ec\/sitio\/wp-content\/uploads\/ACTAS%20Y%20CONVOCATORIAS\/2023\/R.%20N0084%20ADJUDICAR%20TERRENO%20SR.%20ANGULO%20ISRAEL.pdf\" target=\"_blank\" rel=\"noopener\">N\u00b00084<\/a> <\/strong>ADJUDICAR LOTE TERRENO SR. ANGULO ISRAEL\r\n<strong>08\/06\/2023 <a href=\"https:\/\/shushufindi.gob.ec\/sitio\/wp-content\/uploads\/ACTAS%20Y%20CONVOCATORIAS\/2023\/R.%20N0085%20PARTICION%20EXTRAJUDICIAL%20SRES.%20MORALES%20S%20Y%20MORALES%20S.pdf\" target=\"_blank\" rel=\"noopener\">N\u00b00085<\/a> <\/strong>AUTORIZAR PARTICI\u00d3N SRES. MORALES S Y MORALES S\r\n<strong>08\/06\/2023 <a href=\"https:\/\/shushufindi.gob.ec\/sitio\/wp-content\/uploads\/ACTAS%20Y%20CONVOCATORIAS\/2023\/R.%20N0086%20ADJUDICAR%20TERRENO%20SR.%20ROGEL%20GEORGE.pdf\" target=\"_blank\" rel=\"noopener\">N\u00b00086<\/a> <\/strong>ADJUDICAR LOTE TERRENO SR. ROGEL GEORGE\r\n<strong>08\/06\/2023 <a href=\"https:\/\/shushufindi.gob.ec\/sitio\/wp-content\/uploads\/ACTAS%20Y%20CONVOCATORIAS\/2023\/R.%20N0087%20ADJUDICAR%20TERRENO%20SRA.%20CALVOPI%C3%91A%20LUVIA.pdf\" target=\"_blank\" rel=\"noopener\">N\u00b00087<\/a> <\/strong>ADJUDICAR LOTE TERRENO SRA. CALVOPI\u00d1A LUVIA\r\n<strong>08\/06\/2023 <a href=\"https:\/\/shushufindi.gob.ec\/sitio\/wp-content\/uploads\/ACTAS%20Y%20CONVOCATORIAS\/2023\/R.%20N0088%20ADJUDICAR%20TERRENO%20SRA.%20SANCHEZ%20ROSA.pdf\" target=\"_blank\" rel=\"noopener\">N\u00b00088<\/a> <\/strong>ADJUDICAR LOTE TERRENO SRA. SANCHEZ ROSA\r\n<strong>08\/06\/2023 <a href=\"https:\/\/shushufindi.gob.ec\/sitio\/wp-content\/uploads\/ACTAS%20Y%20CONVOCATORIAS\/2023\/R.%20N0089%20PARTICION%20EXTRAJUDICIAL%20HEREDITARIO.pdf\" target=\"_blank\" rel=\"noopener\">N\u00b00089<\/a> <\/strong>AUTORIZAR PARTICI\u00d3N SRES. MOROCHO B, MOROCHO A, MENDEZ S Y MENDEZ R\r\n<strong>08\/06\/2023 <a href=\"https:\/\/shushufindi.gob.ec\/sitio\/wp-content\/uploads\/ACTAS%20Y%20CONVOCATORIAS\/2023\/R.%20N0090%20ADJUDICAR%20TERRENO%20SR.%20CASTILLO%20DARWIN.pdf\" target=\"_blank\" rel=\"noopener\">N\u00b00090<\/a> <\/strong>ADJUDICAR LOTE TERRENO SR. CASTILLO DARWIN\r\n<strong>15\/06\/2023 <a href=\"https:\/\/shushufindi.gob.ec\/sitio\/wp-content\/uploads\/ACTAS%20Y%20CONVOCATORIAS\/2023\/R.%20N0091%20APROBAR%20ORDEN%20D%C3%8DA.pdf\" target=\"_blank\" rel=\"noopener\">N\u00b00091<\/a> <\/strong>APROBAR ORDEN DEL D\u00cdA PARA SESI\u00d3N ORDINARIA \r\n<strong>15\/06\/2023 <a href=\"https:\/\/shushufindi.gob.ec\/sitio\/wp-content\/uploads\/ACTAS%20Y%20CONVOCATORIAS\/2023\/R.%20N0092%20APROBAR%20ACTA.pdf\" target=\"_blank\" rel=\"noopener\">N\u00b00092<\/a> <\/strong>APROBAR ACTA N\u00b0 0010 DE LA SESI\u00d3N ORDINARIA\r\n<strong>15\/06\/2023 <a href=\"https:\/\/shushufindi.gob.ec\/sitio\/wp-content\/uploads\/ACTAS%20Y%20CONVOCATORIAS\/2023\/R.%20N0093%20ADQUISICION%20VOLQUETES.pdf\" target=\"_blank\" rel=\"noopener\">N\u00b00093<\/a> <\/strong>ADQUISICI\u00d3N DE 15 VOLQUETAS\r\n<strong>15\/06\/2023 <a href=\"https:\/\/shushufindi.gob.ec\/sitio\/wp-content\/uploads\/ACTAS%20Y%20CONVOCATORIAS\/2023\/R.%20N0094%20PARTICION%20EXTRAJUDICIAL%20HEREDITARIO.pdf\" target=\"_blank\" rel=\"noopener\">N\u00b00094<\/a> <\/strong>PARTICI\u00d3N SRES. VELOZ, FLOR, MARIA, CARMEN, CECILIA, VICENTE Y MAYRA\r\n<strong>17\/06\/2023 <a href=\"https:\/\/shushufindi.gob.ec\/sitio\/wp-content\/uploads\/ACTAS%20Y%20CONVOCATORIAS\/2023\/R.%20N0095%20ADJUDICAR%20TERRENO%20SRA.%20SALTOS%20TANIA.pdf\" target=\"_blank\" rel=\"noopener\">N\u00b00095<\/a> <\/strong>ADJUDICAR LOTE TERRENO SRA. SALTOS TANIA\r\n<strong>17\/06\/2023 <a href=\"https:\/\/shushufindi.gob.ec\/sitio\/wp-content\/uploads\/ACTAS%20Y%20CONVOCATORIAS\/2023\/R.%20N0096%20ADJUDICAR%20TERRENO%20SR.%20ALVARADO%20KLEBER.pdf\" target=\"_blank\" rel=\"noopener\">N\u00b00096<\/a> <\/strong>ADJUDICAR LOTE TERRENO SR. ALVARADO KLEBER\r\n<strong>22\/06\/2023 <a href=\"https:\/\/shushufindi.gob.ec\/sitio\/wp-content\/uploads\/ACTAS%20Y%20CONVOCATORIAS\/2023\/R.%20N0097%20APROBAR%20ORDEN%20D%C3%8DA.pdf\" target=\"_blank\" rel=\"noopener\">N\u00b00097<\/a> <\/strong>APROBAR ORDEN DEL D\u00cdA PARA SESI\u00d3N ORDINARIA DE CONCEJO\r\n<strong>22\/06\/2023 <a href=\"https:\/\/shushufindi.gob.ec\/sitio\/wp-content\/uploads\/ACTAS%20Y%20CONVOCATORIAS\/2023\/R.%20N0098%20APROBAR%20ACTA.pdf\" target=\"_blank\" rel=\"noopener\">N\u00b00098<\/a> <\/strong>APROBAR ACTA N\u00b0 0011 DE LA SESI\u00d3N ORDINARIA DE CONCEJO\r\n<strong>22\/06\/2023 <a href=\"https:\/\/shushufindi.gob.ec\/sitio\/wp-content\/uploads\/ACTAS%20Y%20CONVOCATORIAS\/2023\/R.%20N0099%20ADJUDICAR%20TERRENO%20SRA.%20BUSTAMANTE%20MARIBEL.pdf\" target=\"_blank\" rel=\"noopener\">N\u00b00099<\/a> <\/strong>ADJUDICAR LOTE TERRENO SRA. BUSTAMANTE MARIBEL\r\n<strong>22\/06\/2023 <a href=\"https:\/\/shushufindi.gob.ec\/sitio\/wp-content\/uploads\/ACTAS%20Y%20CONVOCATORIAS\/2023\/R.%20N00100%20CONVENIO%20INSTITUCIONAL.pdf\" target=\"_blank\" rel=\"noopener\">N\u00b00100<\/a> <\/strong>AUTORIZAR CONVENIO DE COOPERACI\u00d3N INSTITUCIONAL\r\n<strong>26\/06\/2023 <a href=\"https:\/\/shushufindi.gob.ec\/sitio\/wp-content\/uploads\/ACTAS%20Y%20CONVOCATORIAS\/2023\/R.%20EXT%20N0012%20APROBAR%20ORDEN%20DEL%20D%C3%8DA.pdf\" target=\"_blank\" rel=\"noopener\">N\u00b00012<\/a><\/strong> EXT APROBAR ORDEN DEL D\u00cdA PARA SESI\u00d3N EXTRAORDINARIA\r\n<strong>26\/06\/2023 <a href=\"https:\/\/shushufindi.gob.ec\/sitio\/wp-content\/uploads\/ACTAS%20Y%20CONVOCATORIAS\/2023\/R.%20EXT%20N0013%20PROYECTO%20INVERSI%C3%93N.pdf\" target=\"_blank\" rel=\"noopener\">N\u00b00013<\/a><\/strong> EXT AUTORIZAR PROYECTO DE INVERSI\u00d3N SISTEMA DE SANEAMIENTO\r\n<strong>29\/06\/2023 <a href=\"https:\/\/shushufindi.gob.ec\/sitio\/wp-content\/uploads\/ACTAS%20Y%20CONVOCATORIAS\/2023\/R.%20N0101%20APROBAR%20ORDEN%20D%C3%8DA.pdf\" target=\"_blank\" rel=\"noopener\">N\u00b00101<\/a> <\/strong>APROBAR ORDEN DEL D\u00cdA PARA LA SESI\u00d3N ORDINARIA DE CONCEJO\r\n<strong>29\/06\/2023 <a href=\"https:\/\/shushufindi.gob.ec\/sitio\/wp-content\/uploads\/ACTAS%20Y%20CONVOCATORIAS\/2023\/R.%20N00102%20APROBAR%20ACTA.pdf\" target=\"_blank\" rel=\"noopener\">N\u00b00102<\/a> <\/strong>APROBAR ACTA N\u00b0 0012 DE LA SESI\u00d3N ORDINARIA DE CONCEJ\r\n<strong>29\/06\/2023 <a href=\"https:\/\/shushufindi.gob.ec\/sitio\/wp-content\/uploads\/ACTAS%20Y%20CONVOCATORIAS\/2023\/R.%20N00103%20APROBAR%20ACTA.pdf\" target=\"_blank\" rel=\"noopener\">N\u00b00103<\/a> <\/strong>APROBAR ACTA N\u00b0 0013 DE LA SESI\u00d3N ORDINARIA DE CONCEJO\r\n<strong>29\/06\/2023 <a href=\"https:\/\/shushufindi.gob.ec\/sitio\/wp-content\/uploads\/ACTAS%20Y%20CONVOCATORIAS\/2023\/R.%20N0104%20PARTICION%20EXTRAJUDICIAL%20SRA.%20DIAZ%20ELSIE.pdf\" target=\"_blank\" rel=\"noopener\">N\u00b00104<\/a> <\/strong>AUTORIZAR PARTICI\u00d3N SRA. DIAZ ELSIE Y HERMANOS<\/pre>\n\t\t\t\t\t\t\t\t\t\t\t<\/div>\n\t\t\t\t<\/div>\n\t\t\t\t\t\t\t\n\t\t\t\t\n\t\t\t\t<div class=\"wd-accordion-item\">\n\t\t\t\t\t<div class=\"wd-accordion-title font-primary wd-fontsize-s text-left wd-opener-pos-left wd-font-weight-600\" data-accordion-index=\"6\">\n\t\t\t\t\t\t<div class=\"wd-accordion-title-text\">\n\t\t\t\t\t\t\t\t\t\t\t\t\t\t<span>\n\t\t\t\t\t\t\t\tJULIO\t\t\t\t\t\t\t<\/span>\n\t\t\t\t\t\t<\/div>\n\t\t\t\t\t\t<span class=\"wd-accordion-opener wd-opener-style-arrow\"><\/span>\n\t\t\t\t\t<\/div>\n\n\t\t\t\t\t<div class=\"wd-accordion-content reset-last-child\" data-accordion-index=\"6\">\n\t\t\t\t\t\t\t\t\t\t\t\t\t\n<pre><strong>   FECHA    N\u00daMERO DE RESOLUCI\u00d3N\r\n06\/07\/2023 <a href=\"https:\/\/shushufindi.gob.ec\/sitio\/wp-content\/uploads\/ACTAS%20Y%20CONVOCATORIAS\/2023\/R.%20N0105%20APROBAR%20ORDEN%20D%C3%8DA.pdf\" target=\"_blank\" rel=\"noopener\">N\u00b00105<\/a> <\/strong>APROBAR ORDEN DEL D\u00cdA PARA LA SESI\u00d3N ORDINARIA\r\n<strong>06\/07\/2023 <a href=\"https:\/\/shushufindi.gob.ec\/sitio\/wp-content\/uploads\/ACTAS%20Y%20CONVOCATORIAS\/2023\/R.%20N0106%20APROBAR%20ACTA.pdf\" target=\"_blank\" rel=\"noopener\">N\u00b00106<\/a> <\/strong>APROBAR ACTA N\u00b0 0001 DE LA SESI\u00d3N INAUGURAL\r\n<strong>06\/07\/2023 <a href=\"https:\/\/shushufindi.gob.ec\/sitio\/wp-content\/uploads\/ACTAS%20Y%20CONVOCATORIAS\/2023\/R.%20N0107%20APROBAR%20ACTA.pdf\" target=\"_blank\" rel=\"noopener\">N\u00b00107<\/a> <\/strong>APROBAR ACTA N\u00b0 0014 DE LA SESI\u00d3N ORDINARIA\r\n<strong>06\/07\/2023 <a href=\"https:\/\/shushufindi.gob.ec\/sitio\/wp-content\/uploads\/ACTAS%20Y%20CONVOCATORIAS\/2023\/R.%20N0108%20APROBAR%20ACTA.pdf\" target=\"_blank\" rel=\"noopener\">N\u00b00108<\/a> <\/strong>APROBAR ACTA N\u00b0 0006 DE LA SESI\u00d3N EXTRAORDINARIA \r\n<strong>06\/07\/2023 <a href=\"https:\/\/shushufindi.gob.ec\/sitio\/wp-content\/uploads\/ACTAS%20Y%20CONVOCATORIAS\/2023\/R.%20N0109%20CONVENIO%20INTERINSTITUCIONAL.pdf\" target=\"_blank\" rel=\"noopener\">N\u00b00109<\/a> <\/strong>AUTORIZAR CONVENIO INTERINSTITUCIONAL GADMS Y SALUD TIPO1\r\n<strong>06\/07\/2023 <a href=\"https:\/\/shushufindi.gob.ec\/sitio\/wp-content\/uploads\/ACTAS%20Y%20CONVOCATORIAS\/2023\/R.%20N0110%20UNIFICACI%C3%93N%20SRA.%20CABEZA%20GYOMAYRA.pdf\" target=\"_blank\" rel=\"noopener\">N\u00b00110<\/a> <\/strong>AUTORIZAR UNIFICACI\u00d3N DE TERRENO SRA. CABEZA GYOMAYRA\r\n<strong>06\/07\/2023 <a href=\"https:\/\/shushufindi.gob.ec\/sitio\/wp-content\/uploads\/ACTAS%20Y%20CONVOCATORIAS\/2023\/R.%20N0111%20ADJUDICAR%20TERRENO%20SRA.%20FALCONES%20LORENA.pdf\" target=\"_blank\" rel=\"noopener\">N\u00b00111<\/a> <\/strong>ADJUDICAR LOTE TERRENO SRA. FALCONES LORENA\r\n<strong>06\/07\/2023 <a href=\"https:\/\/shushufindi.gob.ec\/sitio\/wp-content\/uploads\/ACTAS%20Y%20CONVOCATORIAS\/2023\/R.%20N0112%20RENOVACI%C3%93N%20PERMISO.pdf\" target=\"_blank\" rel=\"noopener\">N\u00b00112<\/a> <\/strong>AUTORIZAR RENOVACI\u00d3N PERMISO V\u00cdA P\u00daBLICA COMPA\u00d1\u00cdA \u00c1GUILAS DEL ORIENTE S.A\r\n<strong>13\/07\/2023 <a href=\"https:\/\/shushufindi.gob.ec\/sitio\/wp-content\/uploads\/ACTAS%20Y%20CONVOCATORIAS\/2023\/R.%20N0113%20APROBAR%20ORDEN%20D%C3%8DA.pdf\" target=\"_blank\" rel=\"noopener\">N\u00b00113<\/a> <\/strong>APROBAR ORDEN DEL D\u00cdA PARA LA SESI\u00d3N ORDINARIA\r\n<strong>13\/07\/2023 <a href=\"https:\/\/shushufindi.gob.ec\/sitio\/wp-content\/uploads\/ACTAS%20Y%20CONVOCATORIAS\/2023\/R.%20N0114%20APROBAR%20ACTA.pdf\" target=\"_blank\" rel=\"noopener\">N\u00b00114<\/a> <\/strong>APROBAR ACTA N\u00b0 0015 DE LA SESI\u00d3N ORDINARIA DE CONCEJO\r\n<strong>13\/07\/2023 <a href=\"https:\/\/shushufindi.gob.ec\/sitio\/wp-content\/uploads\/ACTAS%20Y%20CONVOCATORIAS\/2023\/R.%20N0115%20PRIMER%20DEBATE%20ORDENANZA.pdf\" target=\"_blank\" rel=\"noopener\">N\u00b00115<\/a> <\/strong>APROBAR PRIMER DEBATE FUNCIONAMIENTO DE LAS COMISIONES DE CONSEJO\r\n<strong>13\/07\/2023 <a href=\"https:\/\/shushufindi.gob.ec\/sitio\/wp-content\/uploads\/ACTAS%20Y%20CONVOCATORIAS\/2023\/R.%20N0116%20CONVENIO%20GADMS%20Y%20JUNTA%20ADMINISTRADORA.pdf\" target=\"_blank\" rel=\"noopener\">N\u00b00116<\/a> <\/strong>AUTORIZAR CONVENIO GADM SHUSHUFINDI Y JUNTA AGUA POTABLE\r\n<strong>13\/07\/2023 <a href=\"https:\/\/shushufindi.gob.ec\/sitio\/wp-content\/uploads\/ACTAS%20Y%20CONVOCATORIAS\/2023\/R.%20N0117%20CONVENIO%20INTERINSTITUCIONAL.pdf\" target=\"_blank\" rel=\"noopener\">N\u00b00117<\/a> <\/strong>AUTORIZAR CONVENIO INTERINSTITUCIONAL GAD MUNICIPAL Y DELEGACI\u00d3N SUCUMB\u00cdOS\r\n<strong>13\/07\/2023 <a href=\"https:\/\/shushufindi.gob.ec\/sitio\/wp-content\/uploads\/ACTAS%20Y%20CONVOCATORIAS\/2023\/R.%20N0118%20REESTRUCTURACI%C3%93N%20B.%20LOS%20TORITOS.pdf\" target=\"_blank\" rel=\"noopener\">N\u00b00118<\/a><\/strong> APROBAR REESTRUCTURACI\u00d3N DE LA MANZANA 24 SECTOR 7 B. LOS TORITOS\r\n<strong>13\/07\/2023 <a href=\"https:\/\/shushufindi.gob.ec\/sitio\/wp-content\/uploads\/ACTAS%20Y%20CONVOCATORIAS\/2023\/R.%20N0119%20VENTA%20DIRECTA%20SR.%20CALLE%20GERONIMO.pdf\" target=\"_blank\" rel=\"noopener\">N\u00b00119<\/a> <\/strong>AUTORIZAR VENTA DIRECTA LOTE TERRENO SR. CALLE GERONIMO\r\n<strong>13\/07\/2023 <a href=\"https:\/\/shushufindi.gob.ec\/sitio\/wp-content\/uploads\/ACTAS%20Y%20CONVOCATORIAS\/2023\/R.%20N0120%20REFORMAS.pdf\" target=\"_blank\" rel=\"noopener\">N\u00b00120<\/a> <\/strong>DAR POR CONOCIDA REFORMAS N\u00b0 4,5,6,7 Y 8 RELACIONADAS TRASPASO DEL CR\u00c9DITO\r\n<strong>20\/07\/2023 <a href=\"https:\/\/shushufindi.gob.ec\/sitio\/wp-content\/uploads\/ACTAS%20Y%20CONVOCATORIAS\/2023\/R.%20N0121%20APROBAR%20ORDEN%20D%C3%8DA.pdf\" target=\"_blank\" rel=\"noopener\">N<\/a><a href=\"https:\/\/shushufindi.gob.ec\/sitio\/wp-content\/uploads\/ACTAS%20Y%20CONVOCATORIAS\/2023\/R.%20N0121%20APROBAR%20ORDEN%20D%C3%8DA.pdf\" target=\"_blank\" rel=\"noopener\">\u00b00121<\/a> <\/strong>APROBAR ORDEN DEL D\u00cdA PARA LA SESI\u00d3N ORDINARIA DE CONCEJO\r\n<strong>20\/07\/2023 <a href=\"https:\/\/shushufindi.gob.ec\/sitio\/wp-content\/uploads\/ACTAS%20Y%20CONVOCATORIAS\/2023\/R.%20N0122%20APROBAR%20ACTA.pdf\" target=\"_blank\" rel=\"noopener\">N\u00b00122<\/a> <\/strong>APROBAR ACTA N\u00b0 0016 DE LA SESI\u00d3N ORDINARIA DE CONCEJO\r\n<strong>20\/07\/2023 <a href=\"https:\/\/shushufindi.gob.ec\/sitio\/wp-content\/uploads\/ACTAS%20Y%20CONVOCATORIAS\/2023\/R.%20N0123%20SEGUNDO%20DEBATE%20ORDENANZA.pdf\" target=\"_blank\" rel=\"noopener\">N\u00b00123<\/a> <\/strong>APROBAR SEGUNDO Y DEFINITIVO DE LAS COMISIONES DE CONSEJO\r\n<strong>20\/07\/2023 <a href=\"https:\/\/shushufindi.gob.ec\/sitio\/wp-content\/uploads\/ACTAS%20Y%20CONVOCATORIAS\/2023\/R.%20N0124%20RENOVACION%20DE%20USO%20%20VIA%20PUBLICA.pdf\" target=\"_blank\" rel=\"noopener\">N\u00b00124<\/a> <\/strong>AUTORIZAR RENOVACI\u00d3N PERMISO V\u00cdA P\u00daBLICA COMPA\u00d1\u00cdA TRANSPORTE DE TAXIS S.A\r\n<strong>20\/07\/2023 <a href=\"https:\/\/shushufindi.gob.ec\/sitio\/wp-content\/uploads\/ACTAS%20Y%20CONVOCATORIAS\/2023\/R.%20N0125%20PERMISO%20VIA%20P%C3%9ABLICA.pdf\" target=\"_blank\" rel=\"noopener\">N\u00b00125<\/a> <\/strong>AUTORIZAR PERMISO V\u00cdA P\u00daBLICA COMPA\u00d1\u00cdA MIXTO TRANS CARMELITA S.A\r\n<strong>20\/07\/2023 <a href=\"https:\/\/shushufindi.gob.ec\/sitio\/wp-content\/uploads\/ACTAS%20Y%20CONVOCATORIAS\/2023\/R.%20N0126%20REFORMA.pdf\" target=\"_blank\" rel=\"noopener\">N\u00b00126<\/a> <\/strong>DAR POR CONOCIDAS LAS REFORMAS N\u00b0 10 RELACIONADAS TRASPASO DEL CR\u00c9DITO\r\n<strong>24\/07\/2023 <a href=\"https:\/\/shushufindi.gob.ec\/sitio\/wp-content\/uploads\/ACTAS%20Y%20CONVOCATORIAS\/2023\/R.%20EXT%20N0014%20APROBAR%20ORDEN%20DEL%20D%C3%8DA.pdf\" target=\"_blank\" rel=\"noopener\">N\u00b00014<\/a><\/strong> EXT APROBAR ORDEN DEL D\u00cdA PARA SESI\u00d3N EXTRAORDINARIA\r\n<strong>24\/07\/2023 <a href=\"https:\/\/shushufindi.gob.ec\/sitio\/wp-content\/uploads\/ACTAS%20Y%20CONVOCATORIAS\/2023\/R.%20EXT%20N0015%20CONVENIO%20BACHEO%20ASFALTO.pdf\" target=\"_blank\" rel=\"noopener\">N\u00b00015<\/a><\/strong> EXT AUTORIZAR CONVENIO GADM SHUSHUFINDI Y ASOCIACI\u00d3N DE GANADEROS \r\n<strong>24\/07\/2023 <a href=\"https:\/\/shushufindi.gob.ec\/sitio\/wp-content\/uploads\/ACTAS%20Y%20CONVOCATORIAS\/2023\/R.%20EXT%20N0016%20CONSEJO%20PLANIFICACI%C3%93N.pdf\" target=\"_blank\" rel=\"noopener\">N\u00b00016<\/a><\/strong> EXT DESIGNACI\u00d3N CONCEJALES CONSEJO PLANIFICACI\u00d3N \r\n<strong>27\/07\/2023 <a href=\"https:\/\/shushufindi.gob.ec\/sitio\/wp-content\/uploads\/ACTAS%20Y%20CONVOCATORIAS\/2023\/R.%20EXT%20N0017%20APROBAR%20ORDEN%20DEL%20D%C3%8DA.pdf\" target=\"_blank\" rel=\"noopener\">N\u00b00017<\/a><\/strong> EXT APROBAR ORDEN DEL D\u00cdA PARA SESI\u00d3N EXTRAORDINARIA\r\n<strong>27\/07\/2023 <a href=\"https:\/\/shushufindi.gob.ec\/sitio\/wp-content\/uploads\/ACTAS%20Y%20CONVOCATORIAS\/2023\/R.%20EXT%20N0018%20FORTALECIMIENTO%20RIESGOS%20Y%20DESASTRES.pdf\" target=\"_blank\" rel=\"noopener\">N\u00b00018<\/a><\/strong> EXT DELEGACI\u00d3N FORTALECIMIENTO RIEGOS Y DESASTRES \r\n<strong>27\/07\/2023 <a href=\"https:\/\/shushufindi.gob.ec\/sitio\/wp-content\/uploads\/ACTAS%20Y%20CONVOCATORIAS\/2023\/R.%20EXT%20N0019%20DONACI%C3%93N%20ECU%20911.pdf\" target=\"_blank\" rel=\"noopener\">N\u00b00019<\/a><\/strong> EXT DONACI\u00d3N SISTEMA ALMACENAMIENTO VIDEO VIGILANCIA ECU 911 \r\n<strong>27\/07\/2023 <a href=\"https:\/\/shushufindi.gob.ec\/sitio\/wp-content\/uploads\/ACTAS%20Y%20CONVOCATORIAS\/2023\/R.%20EXT%20N0020%20EXPEDIENTE%20COMISI%C3%93N.pdf\" target=\"_blank\" rel=\"noopener\">N\u00b00020<\/a><\/strong> EXT REMITIR EXPEDIENTE COMISI\u00d3N DE CULTURA, DEPORTE Y RECREACI\u00d3N<\/pre>\n\t\t\t\t\t\t\t\t\t\t\t<\/div>\n\t\t\t\t<\/div>\n\t\t\t\t\t\t\t\n\t\t\t\t\n\t\t\t\t<div class=\"wd-accordion-item\">\n\t\t\t\t\t<div class=\"wd-accordion-title font-primary wd-fontsize-s text-left wd-opener-pos-left wd-font-weight-600\" data-accordion-index=\"7\">\n\t\t\t\t\t\t<div class=\"wd-accordion-title-text\">\n\t\t\t\t\t\t\t\t\t\t\t\t\t\t<span>\n\t\t\t\t\t\t\t\tAGOSTO\t\t\t\t\t\t\t<\/span>\n\t\t\t\t\t\t<\/div>\n\t\t\t\t\t\t<span class=\"wd-accordion-opener wd-opener-style-arrow\"><\/span>\n\t\t\t\t\t<\/div>\n\n\t\t\t\t\t<div class=\"wd-accordion-content reset-last-child\" data-accordion-index=\"7\">\n\t\t\t\t\t\t\t\t\t\t\t\t\t\n<pre><strong>   FECHA    N\u00daMERO DE RESOLUCI\u00d3N\r\n03\/08\/2023 <a href=\"https:\/\/shushufindi.gob.ec\/sitio\/wp-content\/uploads\/ACTAS%20Y%20CONVOCATORIAS\/2023\/R.%20EXT%20N0021%20PROBAR%20ORDEN%20DEL%20D%C3%8DA.pdf\" target=\"_blank\" rel=\"noopener\">N\u00b00021<\/a><\/strong> EXT APROBAR ORDEN DEL D\u00cdA PARA SESI\u00d3N EXTRAORDINARIA\r\n<strong>03\/08\/2023 <a href=\"https:\/\/shushufindi.gob.ec\/sitio\/wp-content\/uploads\/ACTAS%20Y%20CONVOCATORIAS\/2023\/R.%20EXT%20N0022%20CONVENIO%20INTERINSTITUCIONAL.pdf\" target=\"_blank\" rel=\"noopener\">N\u00b00022<\/a><\/strong> EXT AUTORIZAR CONVENIO GADM SHUSHUFINDI Y MINISTERIO DE TRABAJO \r\n<strong>09\/08\/2023 <a href=\"https:\/\/shushufindi.gob.ec\/sitio\/wp-content\/uploads\/ACTAS%20Y%20CONVOCATORIAS\/2023\/R.%20EXT%20N0024%20%20APROBAR%20ORDEN%20DEL%20D%C3%8DA.pdf\" target=\"_blank\" rel=\"noopener\">N\u00b00024<\/a><\/strong> EXT APROBAR ORDEN DEL D\u00cdA PARA SESI\u00d3N EXTRAORDINARIA\r\n<strong>14\/08\/2023 <a href=\"https:\/\/shushufindi.gob.ec\/sitio\/wp-content\/uploads\/ACTAS%20Y%20CONVOCATORIAS\/2023\/R.%20EXT%20N0025%20PRIMER%20DEBATE%20PRESUPUESTO.pdf\" target=\"_blank\" rel=\"noopener\">N\u00b00025<\/a><\/strong> EXT APROBAR PRIMER DEBATE DE PRESUPUESTO FISCAL 2023 \r\n<strong>14\/08\/2023 <a href=\"https:\/\/shushufindi.gob.ec\/sitio\/wp-content\/uploads\/ACTAS%20Y%20CONVOCATORIAS\/2023\/R.%20EXT%20N0026%20APROBAR%20ORDEN%20DEL%20D%C3%8DA.pdf\" target=\"_blank\" rel=\"noopener\">N\u00b00026<\/a><\/strong> EXT APROBAR ORDEN DEL D\u00cdA PARA SESI\u00d3N EXTRAORDINARIA\r\n<strong>14\/08\/2023 <a href=\"https:\/\/shushufindi.gob.ec\/sitio\/wp-content\/uploads\/ACTAS%20Y%20CONVOCATORIAS\/2023\/R.%20EXT%20N0027%20SSEGUNDO%20DEBATE%20PRESUPUESTO.pdf\" target=\"_blank\" rel=\"noopener\">N\u00b00027<\/a><\/strong> EXT APROBAR SEGUNDO Y DEFINITIVO DEBATE DE PRESUPUESTO FISCAL 2023 \r\n<strong>14\/08\/2023 <a href=\"https:\/\/shushufindi.gob.ec\/sitio\/wp-content\/uploads\/ACTAS%20Y%20CONVOCATORIAS\/2023\/R.%20EXT%20N0029%20PRIMER%20DEBATE%20PRESUPUESTO.pdf\" target=\"_blank\" rel=\"noopener\">N\u00b00029<\/a><\/strong> EXT APROBAR PRIMER DEBATE DE PRESUPUESTO EJERCICIO FISCAL 2024 \r\n<strong>17\/08\/2023 <a href=\"https:\/\/shushufindi.gob.ec\/sitio\/wp-content\/uploads\/ACTAS%20Y%20CONVOCATORIAS\/2023\/R.%20N0127%20APROBAR%20ORDEN%20D%C3%8DA.pdf\" target=\"_blank\" rel=\"noopener\">N\u00b00127<\/a> <\/strong>APROBAR ORDEN DEL D\u00cdA PARA LA SESI\u00d3N ORDINARIA\r\n<strong>17\/08\/2023 <a href=\"https:\/\/shushufindi.gob.ec\/sitio\/wp-content\/uploads\/ACTAS%20Y%20CONVOCATORIAS\/2023\/R.%20N0128%20APROBAR%20ACTA.pdf\" target=\"_blank\" rel=\"noopener\">N\u00b00128<\/a> <\/strong>APROBAR ACTA N\u00b0 0017 DE LA SESI\u00d3N ORDINARIA\r\n<strong>17\/08\/2023 <a href=\"https:\/\/shushufindi.gob.ec\/sitio\/wp-content\/uploads\/ACTAS%20Y%20CONVOCATORIAS\/2023\/R.%20N0129%20ADJUDICAR%20TERRENO%20SR.%20TINOCO%20SEVILIO.pdf\" target=\"_blank\" rel=\"noopener\">N\u00b00129<\/a> <\/strong>ADJUDICAR TERRENO SR. TINOCO SEVILIO\r\n<strong>17\/08\/2023 <a href=\"https:\/\/shushufindi.gob.ec\/sitio\/wp-content\/uploads\/ACTAS%20Y%20CONVOCATORIAS\/2023\/R.%20N0130%20ADJUDICAR%20TERRENO%20SRA.%20VELASCO%20MARTIZA.pdf\" target=\"_blank\" rel=\"noopener\">N\u00b00130<\/a> <\/strong>ADJUDICAR TERRENO SRA. VELASCO MARTIZA\r\n<strong>17\/08\/2023 <a href=\"https:\/\/shushufindi.gob.ec\/sitio\/wp-content\/uploads\/ACTAS%20Y%20CONVOCATORIAS\/2023\/R.%20N0131%20ADJUDICAR%20TERRENO%20SR.%20POTOSI%20DAVID.pdf\" target=\"_blank\" rel=\"noopener\">N\u00b00131<\/a> <\/strong>ADJUDICAR TERRENO SR. POTOSI DAVID\r\n<strong>17\/08\/2023 <a href=\"https:\/\/shushufindi.gob.ec\/sitio\/wp-content\/uploads\/ACTAS%20Y%20CONVOCATORIAS\/2023\/R.%20N0132%20ADJUDICAR%20TERRENO%20SR.%20VERGARA%20OMAR.pdf\" target=\"_blank\" rel=\"noopener\">N\u00b00132<\/a> <\/strong>ADJUDICAR LOTE TERRENO SR. VERGARA OMAR\r\n<strong>17\/08\/2023 <a href=\"https:\/\/shushufindi.gob.ec\/sitio\/wp-content\/uploads\/ACTAS%20Y%20CONVOCATORIAS\/2023\/R.%20N0133%20ADJUDICAR%20TERRENO%20SRA.%20FLORES%20CARMEN.pdf\" target=\"_blank\" rel=\"noopener\">N\u00b00133<\/a> <\/strong>ADJUDICAR LOTE TERRENO SRA. FLORES CARMEN\r\n<strong>18\/08\/2023 <a href=\"https:\/\/shushufindi.gob.ec\/sitio\/wp-content\/uploads\/ACTAS%20Y%20CONVOCATORIAS\/2023\/R.%20N0134%20ADJUDICAR%20TERRENO%20SR.%20REQUELME%20C%C3%89SAR.pdf\" target=\"_blank\" rel=\"noopener\">N\u00b00134<\/a> <\/strong>ADJUDICAR LOTE TERRENO SR. REQUELME C\u00c9SAR\r\n<strong>24\/08\/2023 <a href=\"https:\/\/shushufindi.gob.ec\/sitio\/wp-content\/uploads\/ACTAS%20Y%20CONVOCATORIAS\/2023\/R.%20N0135%20APROBAR%20ORDEN%20D%C3%8DA.pdf\" target=\"_blank\" rel=\"noopener\">N\u00b00135<\/a> <\/strong>APROBAR ORDEN DEL D\u00cdA PARA SESI\u00d3N ORDINARIA\r\n<strong>24\/08\/2023 <a href=\"https:\/\/shushufindi.gob.ec\/sitio\/wp-content\/uploads\/ACTAS%20Y%20CONVOCATORIAS\/2023\/R.%20N0136%20APROBAR%20ACTA.pdf\" target=\"_blank\" rel=\"noopener\">N\u00b00136<\/a> <\/strong>APROBAR ACTA N\u00b0 0018 DE LA SESI\u00d3N ORDINARIA\r\n<strong>24\/08\/2023 <a href=\"https:\/\/shushufindi.gob.ec\/sitio\/wp-content\/uploads\/ACTAS%20Y%20CONVOCATORIAS\/2023\/R.%20N0137%20CONVENIO%20COOPERACI%C3%93N%20INSTITUCIONAL.pdf\" target=\"_blank\" rel=\"noopener\">N\u00b00137<\/a> <\/strong>CONVENIO COOPERACI\u00d3N INSTITUCIONAL GADM SHUSHUFINDI, GAD PARROQUIALES\r\n<strong>24\/08\/2023 <a href=\"https:\/\/shushufindi.gob.ec\/sitio\/wp-content\/uploads\/ACTAS%20Y%20CONVOCATORIAS\/2023\/R.%20N0138%20ASENTAMIENTO%20LA%20MAGDALENA.pdf\" target=\"_blank\" rel=\"noopener\">N\u00b00138<\/a><\/strong> APROBAR REESTRUCTURACI\u00d3N DEL ASENTAMIENTO LA MAGDALENA\r\n<strong>24\/08\/2023 <a href=\"https:\/\/shushufindi.gob.ec\/sitio\/wp-content\/uploads\/ACTAS%20Y%20CONVOCATORIAS\/2023\/R.%20N0139%20ADJUDICAR%20TERRENO%20SR.%20ACOSTA%20ROLALD.pdf\" target=\"_blank\" rel=\"noopener\">N\u00b00139<\/a> <\/strong>ADJUDICAR LOTE TERRENO SR. ACOSTA ROLALD\r\n<strong>24\/08\/2023 <a href=\"https:\/\/shushufindi.gob.ec\/sitio\/wp-content\/uploads\/ACTAS%20Y%20CONVOCATORIAS\/2023\/R.%20N0140%20ADJUDICAR%20TERRENO%20SRA.%20CARVAJAL%20VICTORIA.pdf\" target=\"_blank\" rel=\"noopener\">N\u00b00140<\/a> <\/strong>ADJUDICAR LOTE TERRENO SRA. CARVAJAL VICTORIA\r\n<strong>24\/08\/2023 <a href=\"https:\/\/shushufindi.gob.ec\/sitio\/wp-content\/uploads\/ACTAS%20Y%20CONVOCATORIAS\/2023\/R.%20N0141%20ADJUDICAR%20TERRENO%20SRA.%20ARMIJOS%20CLARA.pdf\" target=\"_blank\" rel=\"noopener\">N\u00b00141<\/a> <\/strong>ADJUDICAR TERRENO SRA. ARMIJOS CLARA\r\n<strong>24\/08\/2023 <a href=\"https:\/\/shushufindi.gob.ec\/sitio\/wp-content\/uploads\/ACTAS%20Y%20CONVOCATORIAS\/2023\/R.%20N0142%20ADJUDICAR%20TERRENO%20SRA.%20ZAPATA%20SUSANA.pdf\" target=\"_blank\" rel=\"noopener\">N\u00b00142<\/a> <\/strong>ADJUDICAR LOTE TERRENO SRA. ZAPATA SUSANA\r\n<strong>31\/08\/2023 <a href=\"https:\/\/shushufindi.gob.ec\/sitio\/wp-content\/uploads\/ACTAS%20Y%20CONVOCATORIAS\/2023\/R.%20N0143%20APROBAR%20ORDEN%20D%C3%8DA.pdf\" target=\"_blank\" rel=\"noopener\">N\u00b00143<\/a> <\/strong>APROBAR ORDEN DEL D\u00cdA PARA SESI\u00d3N ORDINARIA \r\n<strong>31\/08\/2023 <a href=\"https:\/\/shushufindi.gob.ec\/sitio\/wp-content\/uploads\/ACTAS%20Y%20CONVOCATORIAS\/2023\/R.%20N0144%20APROBAR%20ACTA.pdf\" target=\"_blank\" rel=\"noopener\">N\u00b00144<\/a> <\/strong>APROBAR ACTA N\u00b0 0007 DE LA SESI\u00d3N EXTRAORDINARIA \r\n<strong>31\/08\/2023 <a href=\"https:\/\/shushufindi.gob.ec\/sitio\/wp-content\/uploads\/ACTAS%20Y%20CONVOCATORIAS\/2023\/R.%20N0145%20APROBAR%20ACTA.pdf\" target=\"_blank\" rel=\"noopener\">N\u00b00145<\/a> <\/strong>APROBAR ACTA N\u00b0 0008 DE LA SESI\u00d3N EXTRAORDINARIA \r\n<strong>31\/08\/2023 <a href=\"https:\/\/shushufindi.gob.ec\/sitio\/wp-content\/uploads\/ACTAS%20Y%20CONVOCATORIAS\/2023\/R.%20N0146%20CONVENIO%20INTERINSTITUCIONAL.pdf\" target=\"_blank\" rel=\"noopener\">N\u00b00146<\/a> <\/strong>AUTORIZAR CONVENIO GADM SHUSHUFINDI Y MINISTERIO DESARROLLO URBANO\r\n<strong>31\/08\/2023 <a href=\"https:\/\/shushufindi.gob.ec\/sitio\/wp-content\/uploads\/ACTAS%20Y%20CONVOCATORIAS\/2023\/R.%20N0147%20CONVENIO%20COOPERACI%C3%93N.pdf\" target=\"_blank\" rel=\"noopener\">N\u00b00147<\/a> <\/strong>AUTORIZAR CONVENIO GADM SHUSHUFINDI Y JUNTA DE AGUA POTABLE Y SANEAMIENTO\r\n<strong>31\/08\/2023 <a href=\"https:\/\/shushufindi.gob.ec\/sitio\/wp-content\/uploads\/ACTAS%20Y%20CONVOCATORIAS\/2023\/R.%20N0148%20PARTICIPACION%20EXTRAJUDICIAL%20SR.%20DIAZ%20LUIS.pdf\" target=\"_blank\" rel=\"noopener\">N\u00b00148<\/a> <\/strong>AUTORIZAR PARTICI\u00d3N EXTRAJUDICIAL SR. DIAZ LUIS Y HEREDEROS\r\n<strong>31\/08\/2023 <a href=\"https:\/\/shushufindi.gob.ec\/sitio\/wp-content\/uploads\/ACTAS%20Y%20CONVOCATORIAS\/2023\/R.%20N0149%20ADJUDICAR%20TERRENO%20SRA.%20DELGADO%20GABRIELA.pdf\" target=\"_blank\" rel=\"noopener\">N\u00b00149<\/a> <\/strong>ADJUDICAR LOTE TERRENO SRA. DELGADO GABRIELA<\/pre>\n\t\t\t\t\t\t\t\t\t\t\t<\/div>\n\t\t\t\t<\/div>\n\t\t\t\t\t\t\t\n\t\t\t\t\n\t\t\t\t<div class=\"wd-accordion-item\">\n\t\t\t\t\t<div class=\"wd-accordion-title font-primary wd-fontsize-s text-left wd-opener-pos-left wd-font-weight-600\" data-accordion-index=\"8\">\n\t\t\t\t\t\t<div class=\"wd-accordion-title-text\">\n\t\t\t\t\t\t\t\t\t\t\t\t\t\t<span>\n\t\t\t\t\t\t\t\tSEPTIEMBRE\t\t\t\t\t\t\t<\/span>\n\t\t\t\t\t\t<\/div>\n\t\t\t\t\t\t<span class=\"wd-accordion-opener wd-opener-style-arrow\"><\/span>\n\t\t\t\t\t<\/div>\n\n\t\t\t\t\t<div class=\"wd-accordion-content reset-last-child\" data-accordion-index=\"8\">\n\t\t\t\t\t\t\t\t\t\t\t\t\t\n<pre><strong>   FECHA    N\u00daMERO DE RESOLUCI\u00d3N\r\n07\/09\/2023 <a href=\"https:\/\/shushufindi.gob.ec\/sitio\/wp-content\/uploads\/ACTAS%20Y%20CONVOCATORIAS\/2023\/R.%20N0150%20APROBAR%20ORDEN%20D%C3%8DA.pdf\" target=\"_blank\" rel=\"noopener\">N\u00b00150<\/a> <\/strong>APROBAR ORDEN DEL D\u00cdA PARA SESI\u00d3N ORDINARIA \r\n<strong>07\/09\/2023 <a href=\"https:\/\/shushufindi.gob.ec\/sitio\/wp-content\/uploads\/ACTAS%20Y%20CONVOCATORIAS\/2023\/R.%20N0151%20APROBAR%20ACTA.pdf\" target=\"_blank\" rel=\"noopener\">N\u00b00151<\/a> <\/strong>APROBAR ACTA N\u00b0 0009 DE LA SESI\u00d3N EXTRAORDINARIA \r\n<strong>07\/09\/2023 <a href=\"https:\/\/shushufindi.gob.ec\/sitio\/wp-content\/uploads\/ACTAS%20Y%20CONVOCATORIAS\/2023\/R.%20N0152%20ADJUDICAR%20TERRENO%20SRA.%20BRAVO%20BARBARA.pdf\" target=\"_blank\" rel=\"noopener\">N\u00b00152<\/a> <\/strong>ADJUDICAR TERRENO SRA. BRAVO BARBARA\r\n<strong>07\/09\/2023 <a href=\"https:\/\/shushufindi.gob.ec\/sitio\/wp-content\/uploads\/ACTAS%20Y%20CONVOCATORIAS\/2023\/R.%20N0153%20ADJUDICAR%20TERRENO%20SRA.%20BAIDAL%20NARCIZA.pdf\" target=\"_blank\" rel=\"noopener\">N\u00b00153<\/a> <\/strong>ADJUDICAR TERRENO SRA. BAIDAL NARCIZA\r\n<strong>28\/09\/2023 <a href=\"https:\/\/shushufindi.gob.ec\/sitio\/wp-content\/uploads\/ACTAS%20Y%20CONVOCATORIAS\/2023\/R.%20N0154%20APROBAR%20ORDEN%20D%C3%8DA.pdf\" target=\"_blank\" rel=\"noopener\">N\u00b00154<\/a> <\/strong>APROBAR ORDEN DEL D\u00cdA PARA SESI\u00d3N ORDINARIA\r\n<strong>28\/09\/2023 <a href=\"https:\/\/shushufindi.gob.ec\/sitio\/wp-content\/uploads\/ACTAS%20Y%20CONVOCATORIAS\/2023\/R.%20N0155%20APROBAR%20ACTA.pdf\" target=\"_blank\" rel=\"noopener\">N\u00b00155<\/a> <\/strong>APROBAR ACTA N\u00b0 0010 DE LA SESI\u00d3N EXTRAORDINARIA\r\n<strong>28\/09\/2023 <a href=\"https:\/\/shushufindi.gob.ec\/sitio\/wp-content\/uploads\/ACTAS%20Y%20CONVOCATORIAS\/2023\/R.%20N0156%20OFICIO%20SR.%20CH%C3%81VEZ%20SANTIAGO.pdf\" target=\"_blank\" rel=\"noopener\">N\u00b00156<\/a> <\/strong>OFICIO SR. CH\u00c1VEZ SANTIAGO\r\n<strong>28\/09\/2023 <a href=\"https:\/\/shushufindi.gob.ec\/sitio\/wp-content\/uploads\/ACTAS%20Y%20CONVOCATORIAS\/2023\/R.%20N0157%20ADJUDICAR%20TERRENO%20SRA.%20FIGUEROA%20MERLY.pdf\" target=\"_blank\" rel=\"noopener\">N\u00b00157<\/a> <\/strong>ADJUDICAR LOTE TERRENO SRA. FIGUEROA MERLY\r\n<strong>28\/09\/2023 <a href=\"https:\/\/shushufindi.gob.ec\/sitio\/wp-content\/uploads\/ACTAS%20Y%20CONVOCATORIAS\/2023\/R.%20N0158%20REFORMA%20TRASPASO%20CR%C3%89DITO.pdf\" target=\"_blank\" rel=\"noopener\">N\u00b00158<\/a> <\/strong>AUTORIZAR REFORMA MEDIANTE TRASPASO DE CR\u00c9DITO DE UN \u00c1REA A OTRA\r\n<strong>28\/09\/2023 <a href=\"https:\/\/shushufindi.gob.ec\/sitio\/wp-content\/uploads\/ACTAS%20Y%20CONVOCATORIAS\/2023\/R.%20N0159%20%20REFORMA%20MISMO%20PROGRAMA.pdf\" target=\"_blank\" rel=\"noopener\">N\u00b00159<\/a> <\/strong>DAR POR CONOCIDAS LAS REFORMAS N\u00b0 20 TRASPASO DEL CR\u00c9DITO<\/pre>\n\t\t\t\t\t\t\t\t\t\t\t<\/div>\n\t\t\t\t<\/div>\n\t\t\t\t\t\t\t\n\t\t\t\t\n\t\t\t\t<div class=\"wd-accordion-item\">\n\t\t\t\t\t<div class=\"wd-accordion-title font-primary wd-fontsize-s text-left wd-opener-pos-left wd-font-weight-600\" data-accordion-index=\"9\">\n\t\t\t\t\t\t<div class=\"wd-accordion-title-text\">\n\t\t\t\t\t\t\t\t\t\t\t\t\t\t<span>\n\t\t\t\t\t\t\t\tOCTUBRE\t\t\t\t\t\t\t<\/span>\n\t\t\t\t\t\t<\/div>\n\t\t\t\t\t\t<span class=\"wd-accordion-opener wd-opener-style-arrow\"><\/span>\n\t\t\t\t\t<\/div>\n\n\t\t\t\t\t<div class=\"wd-accordion-content reset-last-child\" data-accordion-index=\"9\">\n\t\t\t\t\t\t\t\t\t\t\t\t\t\n<pre><strong>   FECHA    N\u00daMERO DE RESOLUCI\u00d3N\r\n05\/10\/2023 <a href=\"https:\/\/shushufindi.gob.ec\/sitio\/wp-content\/uploads\/ACTAS%20Y%20CONVOCATORIAS\/2023\/R.%20N0160%20APROBAR%20ORDEN%20D%C3%8DA.pdf\" target=\"_blank\" rel=\"noopener\">N\u00b00160<\/a> <\/strong>APROBAR ORDEN DEL D\u00cdA PARA LA SESI\u00d3N ORDINARIA DE CONSEJO\r\n<strong>05\/10\/2023 <a href=\"https:\/\/shushufindi.gob.ec\/sitio\/wp-content\/uploads\/ACTAS%20Y%20CONVOCATORIAS\/2023\/R.%20N0161%20%20APROBAR%20ACTA.pdf\" target=\"_blank\" rel=\"noopener\">N\u00b00161<\/a><\/strong> APROBAR ACTA N\u00b0 19 DE LA SESI\u00d3N ORDINARIA\r\n<strong>05\/10\/2023 <a href=\"https:\/\/shushufindi.gob.ec\/sitio\/wp-content\/uploads\/ACTAS%20Y%20CONVOCATORIAS\/2023\/R.%20N0162%20PARTICI%C3%93N%20EXTRAJUDICIAL.pdf\" target=\"_blank\" rel=\"noopener\">N\u00b00162<\/a> <\/strong>AUTORIZAR PARTICI\u00d3N EXTRAJUDICIAL DEL SR. VELASCO LUIS Y HEREDEROS\r\n<strong>12\/10\/2023 <a href=\"https:\/\/shushufindi.gob.ec\/sitio\/wp-content\/uploads\/ACTAS%20Y%20CONVOCATORIAS\/2023\/R.%20N0163%20APROBAR%20ORDEN%20D%C3%8DA.pdf\" target=\"_blank\" rel=\"noopener\">N\u00b00163<\/a> <\/strong>APROBAR ORDEN DEL D\u00cdA PARA LA SESI\u00d3N ORDINARIA DE CONSEJO\r\n<strong>12\/10\/2023 <a href=\"https:\/\/shushufindi.gob.ec\/sitio\/wp-content\/uploads\/ACTAS%20Y%20CONVOCATORIAS\/2023\/R.%20N0164%20APROBAR%20PLANOS.pdf\" target=\"_blank\" rel=\"noopener\">N\u00b00164<\/a> <\/strong>APROBAR PLANOS DE FRACCIONAMIENTO URBANO DEL SR. VILLALBA DANNY\r\n<strong>12\/10\/2023 <a href=\"https:\/\/shushufindi.gob.ec\/sitio\/wp-content\/uploads\/ACTAS%20Y%20CONVOCATORIAS\/2023\/R.%20N0165%20ADJUDICAR%20TERRENO.pdf\" target=\"_blank\" rel=\"noopener\">N\u00b00165<\/a> <\/strong>ADJUDICAR TERRENO DEL SR. ESPINOZA KLEVER\r\n<strong>19\/10\/2023 <a href=\"https:\/\/shushufindi.gob.ec\/sitio\/wp-content\/uploads\/ACTAS%20Y%20CONVOCATORIAS\/2023\/R.%20N0166%20APROBAR%20ORDEN%20D%C3%8DA.pdf\" target=\"_blank\" rel=\"noopener\">N\u00b00166<\/a> <\/strong>APROBAR ORDEN DEL D\u00cdA PARA LA SESI\u00d3N ORDINARIA DE CONSEJO\r\n<strong>19\/10\/2023 <a href=\"https:\/\/shushufindi.gob.ec\/sitio\/wp-content\/uploads\/ACTAS%20Y%20CONVOCATORIAS\/2023\/R.%20N0167%20APROBAR%20%20ACTA.pdf\" target=\"_blank\" rel=\"noopener\">N\u00b00167<\/a><\/strong> APROBAR ACTA N\u00b0 11 DE LAS SESI\u00d3N EXTRAORDINARIA DE CONSEJO\r\n<strong>19\/10\/2023 <a href=\"https:\/\/shushufindi.gob.ec\/sitio\/wp-content\/uploads\/ACTAS%20Y%20CONVOCATORIAS\/2023\/R.%20N0168%20ADQ.%20EQUIPO%20CAMINERO.pdf\" target=\"_blank\" rel=\"noopener\">N\u00b00168<\/a> <\/strong>ADQUISICI\u00d3N DE EQUIPO CAMINERO DEL GAD MUNICIPAL DE SHUSHUFINDI\r\n<strong>19\/10\/2023 <a href=\"https:\/\/shushufindi.gob.ec\/sitio\/wp-content\/uploads\/ACTAS%20Y%20CONVOCATORIAS\/2023\/R.%20N0169%20REFORMA%20SUPLEMENTO%20CR%C3%89DITO.pdf\" target=\"_blank\" rel=\"noopener\">N\u00b00169<\/a> <\/strong>AUTORIZAR SUPLEMENTO CR\u00c9DITO PARA FINANCIAR CENTRO DE SALUD TIPO A\r\n<strong>19\/10\/2023 <a href=\"https:\/\/shushufindi.gob.ec\/sitio\/wp-content\/uploads\/ACTAS%20Y%20CONVOCATORIAS\/2023\/R.%20N0171%20REFORMA%20TRASPASO%20CR%C3%89DITO.pdf\" target=\"_blank\" rel=\"noopener\">N\u00b00171<\/a> <\/strong>DAR POR CONOCIDA LAS REFORMAS N\u00b0 22 Y 23 TRASPADO CR\u00c9DITO\r\n<strong>26\/10\/2023 <a href=\"https:\/\/shushufindi.gob.ec\/sitio\/wp-content\/uploads\/ACTAS%20Y%20CONVOCATORIAS\/2023\/R.%20N0172%20APROBAR%20ORDEN%20D%C3%8DA.pdf\" target=\"_blank\" rel=\"noopener\">N\u00b00172<\/a> <\/strong>APROBAR ORDEN DEL D\u00cdA PARA LA SESI\u00d3N ORDINARIA DE CONSEJO\r\n<strong>26\/10\/2023 <a href=\"https:\/\/shushufindi.gob.ec\/sitio\/wp-content\/uploads\/ACTAS%20Y%20CONVOCATORIAS\/2023\/R.%20N0173%20APROBAR%20ACTA.pdf\" target=\"_blank\" rel=\"noopener\">N\u00b00173<\/a><\/strong> APROBAR ACTA N\u00b0 20 DE LA SESI\u00d3N ORDINARIA\r\n<strong>26\/10\/2023 <a href=\"https:\/\/shushufindi.gob.ec\/sitio\/wp-content\/uploads\/ACTAS%20Y%20CONVOCATORIAS\/2023\/R.%20N0174%20APROBAR%20ACTA.pdf\" target=\"_blank\" rel=\"noopener\">N\u00b00174<\/a> <\/strong>APROBAR ACTA N\u00b0 21 DE LA SESI\u00d3N ORDINARIA\r\n<strong>26\/10\/2023 <a href=\"https:\/\/shushufindi.gob.ec\/sitio\/wp-content\/uploads\/ACTAS%20Y%20CONVOCATORIAS\/2023\/R.%20N0175%20PARTICIPACION%20EXTRAJUDICIAL.pdf\" target=\"_blank\" rel=\"noopener\">N\u00b00175<\/a> <\/strong>AUTORIZAR PARTICI\u00d3N EXTRAJUDICIAL HEREDEROS\r\n<strong>26\/10\/2023 <a href=\"https:\/\/shushufindi.gob.ec\/sitio\/wp-content\/uploads\/ACTAS%20Y%20CONVOCATORIAS\/2023\/R.%20N0176%20REFORMA%20TRASPASO%20CREDITO.pdf\" target=\"_blank\" rel=\"noopener\">N\u00b00176<\/a> <\/strong>DAR POR CONOCIDA LA REFORMA N\u00b0 24 RELACIONADA CON TRASPADO CR\u00c9DITO<\/pre>\n\t\t\t\t\t\t\t\t\t\t\t<\/div>\n\t\t\t\t<\/div>\n\t\t\t\t\t\t\t\n\t\t\t\t\n\t\t\t\t<div class=\"wd-accordion-item\">\n\t\t\t\t\t<div class=\"wd-accordion-title font-primary wd-fontsize-s text-left wd-opener-pos-left wd-font-weight-600\" data-accordion-index=\"10\">\n\t\t\t\t\t\t<div class=\"wd-accordion-title-text\">\n\t\t\t\t\t\t\t\t\t\t\t\t\t\t<span>\n\t\t\t\t\t\t\t\tNOVIEMBRE\t\t\t\t\t\t\t<\/span>\n\t\t\t\t\t\t<\/div>\n\t\t\t\t\t\t<span class=\"wd-accordion-opener wd-opener-style-arrow\"><\/span>\n\t\t\t\t\t<\/div>\n\n\t\t\t\t\t<div class=\"wd-accordion-content reset-last-child\" data-accordion-index=\"10\">\n\t\t\t\t\t\t\t\t\t\t\t\t\t\n<pre><strong>   FECHA    N\u00daMERO DE RESOLUCI\u00d3N\r\n09\/11\/2023 <a href=\"https:\/\/shushufindi.gob.ec\/sitio\/wp-content\/uploads\/ACTAS%20Y%20CONVOCATORIAS\/2023\/R.%20N0177%20APROBAR%20ORDEN%20D%C3%8DA.pdf\" target=\"_blank\" rel=\"noopener\">N\u00b00177<\/a> <\/strong>APROBAR ORDEN DEL D\u00cdA PARA LA SESI\u00d3N ORDINARIA\r\n<strong>09\/11\/2023 <a href=\"https:\/\/shushufindi.gob.ec\/sitio\/wp-content\/uploads\/ACTAS%20Y%20CONVOCATORIAS\/2023\/R.%20N0178%20APROBAR%20ACTA.pdf\" target=\"_blank\" rel=\"noopener\">N\u00b00178<\/a> <\/strong>APROBAR ACTA N\u00b0 22 DE LA SESI\u00d3N ORDINARIA\r\n<strong>09\/11\/2023 <a href=\"https:\/\/shushufindi.gob.ec\/sitio\/wp-content\/uploads\/ACTAS%20Y%20CONVOCATORIAS\/2023\/R.%20N0180%20APROBAR%20ACTA.pdf\" target=\"_blank\" rel=\"noopener\">N\u00b00180<\/a><\/strong> APROBAR ACTA N\u00b0 23 DE LA SESI\u00d3N ORDINARIA \r\n<strong>09\/11\/2023 <a href=\"https:\/\/shushufindi.gob.ec\/sitio\/wp-content\/uploads\/ACTAS%20Y%20CONVOCATORIAS\/2023\/R.%20N0179%20APROBAR%20ACTA.pdf\" target=\"_blank\" rel=\"noopener\">N\u00b00179<\/a> <\/strong>APROBAR ACTA N\u00b0 23 DE LA SESI\u00d3N ORDINARIA\r\n<strong>09\/11\/2023 <a href=\"https:\/\/shushufindi.gob.ec\/sitio\/wp-content\/uploads\/ACTAS%20Y%20CONVOCATORIAS\/2023\/R.%20N0181%20CONVENIO%20INTERINSTITUCIONAL.pdf\" target=\"_blank\" rel=\"noopener\">N\u00b00181<\/a> <\/strong>AUTORIZAR CONVENIO EDUCACI\u00d3N ZONA1 Y GAD MUNICIPAL SHUSHUFINDI\r\n<strong>09\/11\/2023 <a href=\"https:\/\/shushufindi.gob.ec\/sitio\/wp-content\/uploads\/ACTAS%20Y%20CONVOCATORIAS\/2023\/R.%20N0182%20CONVENIO%20COOPERACI%C3%93N.pdf\" target=\"_blank\" rel=\"noopener\">N\u00b00182<\/a> <\/strong>AUTORIZAR CONVENIO GADM SHUSHUFINDI Y JUNTA AGUA POTABLE Y ALCANTARILLADO\r\n<strong>09\/11\/2023 <a href=\"https:\/\/shushufindi.gob.ec\/sitio\/wp-content\/uploads\/ACTAS%20Y%20CONVOCATORIAS\/2023\/R.%20N0183%20PROYECTO%20ASFALTO.pdf\" target=\"_blank\" rel=\"noopener\">N\u00b00183<\/a> <\/strong>AUTORIZAR CONVENIO DELEGACI\u00d3N DE COMPETENCIA CONCURRENTE Y COMPARTIDA\r\n<strong>09\/11\/2023 <a href=\"https:\/\/shushufindi.gob.ec\/sitio\/wp-content\/uploads\/ACTAS%20Y%20CONVOCATORIAS\/2023\/R.%20N0184%20OFICIO%20AB.%20PRONCEL%20EDISON.pdf\" target=\"_blank\" rel=\"noopener\">N\u00b00184<\/a> <\/strong>OFICIO AB. PRONCEL EDISON\r\n<strong>09\/11\/2023 <a href=\"https:\/\/shushufindi.gob.ec\/sitio\/wp-content\/uploads\/ACTAS%20Y%20CONVOCATORIAS\/2023\/R.%20N0185%20RENOVACI%C3%93N%20V%C3%8DA%20P%C3%9ABLICA.pdf\" target=\"_blank\" rel=\"noopener\">N\u00b00185<\/a> <\/strong>AUTORIZAR RENOVACI\u00d3N V\u00cdA P\u00daBLICA \u201cORIENTAL SHUSHUFINDI\u201d Y \u201cSHUSHUFINDI\u201d\r\n<strong>09\/11\/2023 <a href=\"https:\/\/shushufindi.gob.ec\/sitio\/wp-content\/uploads\/ACTAS%20Y%20CONVOCATORIAS\/2023\/R.%20N0186%20REFORMA%20N%C2%B024.pdf\" target=\"_blank\" rel=\"noopener\">N\u00b00186<\/a> <\/strong>DAR POR CONOCIDAS LAS REFORMAS N\u00b0 24 TRASPASO DEL CR\u00c9DITO\r\n<strong>16\/11\/2023 <a href=\"https:\/\/shushufindi.gob.ec\/sitio\/wp-content\/uploads\/ACTAS%20Y%20CONVOCATORIAS\/2023\/R.%20N0187%20APROBAR%20ORDEN%20D%C3%8DA.pdf\" target=\"_blank\" rel=\"noopener\">N\u00b00187<\/a> <\/strong>APROBAR ORDEN DEL D\u00cdA PARA LA SESI\u00d3N ORDINARIA\r\n<strong>16\/11\/2023 <a href=\"https:\/\/shushufindi.gob.ec\/sitio\/wp-content\/uploads\/ACTAS%20Y%20CONVOCATORIAS\/2023\/R.%20N0188%20APROBAR%20ACTA.pdf\" target=\"_blank\" rel=\"noopener\">N\u00b00188<\/a> <\/strong>APROBAR ACTA N\u00b0 0025 DE LA SESI\u00d3N ORDINARIA \r\n<strong>16\/11\/2023 <a href=\"https:\/\/shushufindi.gob.ec\/sitio\/wp-content\/uploads\/ACTAS%20Y%20CONVOCATORIAS\/2023\/R.%20N0189%20ADJUDICAR%20TERRENO%20SR.%20MOROCHO%20DARWIN.pdf\" target=\"_blank\" rel=\"noopener\">N\u00b00189<\/a> <\/strong>ADJUDICAR LOTE TERRENO SR. MOROCHO DARWIN\r\n<strong>16\/11\/2023 <a href=\"https:\/\/shushufindi.gob.ec\/sitio\/wp-content\/uploads\/ACTAS%20Y%20CONVOCATORIAS\/2023\/R.%20N0190%20PARTICION%20SRES.%20HEREDEROS%20ALBUJA%20GUAPI.pdf\" target=\"_blank\" rel=\"noopener\">N\u00b00190<\/a> <\/strong>AUTORIZAR PARTICI\u00d3N SRES. HEREDEROS ALBUJA GUAPI\r\n<strong>16\/11\/2023 <a href=\"https:\/\/shushufindi.gob.ec\/sitio\/wp-content\/uploads\/ACTAS%20Y%20CONVOCATORIAS\/2023\/R.%20N0191%20CONVENIO%20COOPERACI%C3%93N.pdf\" target=\"_blank\" rel=\"noopener\">N\u00b00191<\/a> <\/strong>CONVENIO GAD MUNICIPAL SHUSHUFINDI Y JUNTA\u00a0 AGUA POTABLE Y SANEAMIENTO\r\n<strong>16\/11\/2023 <a href=\"https:\/\/shushufindi.gob.ec\/sitio\/wp-content\/uploads\/ACTAS%20Y%20CONVOCATORIAS\/2023\/R.%20N0192%20REFORMA%20N%C2%B0%2026.pdf\" target=\"_blank\" rel=\"noopener\">N\u00b00192<\/a> <\/strong>DAR POR CONOCIDAS LAS REFORMAS N\u00b0 26 TRASPASO DEL CR\u00c9DITO\r\n<strong>23\/11\/2023 <a href=\"https:\/\/shushufindi.gob.ec\/sitio\/wp-content\/uploads\/ACTAS%20Y%20CONVOCATORIAS\/2023\/R.%20N0193%20APROBAR%20ORDEN%20D%C3%8DA.pdf\" target=\"_blank\" rel=\"noopener\">N\u00b00193<\/a> <\/strong>APROBAR ORDEN DEL D\u00cdA PARA LA SESI\u00d3N ORDINARIA DEL CONCEJO\r\n<strong>23\/11\/2023 <a href=\"https:\/\/shushufindi.gob.ec\/sitio\/wp-content\/uploads\/ACTAS%20Y%20CONVOCATORIAS\/2023\/R.%20N0194%20APROBAR%20ACTA.pdf\" target=\"_blank\" rel=\"noopener\">N\u00b00194<\/a> <\/strong>APROBAR ACTA N\u00b0 0026 DE LA SESI\u00d3N ORDINARIA \r\n<strong>23\/11\/2023 <a href=\"https:\/\/shushufindi.gob.ec\/sitio\/wp-content\/uploads\/ACTAS%20Y%20CONVOCATORIAS\/2023\/R.%20N0195%20APROBAR%20ACTA.pdf\" target=\"_blank\" rel=\"noopener\">N\u00b00195<\/a> <\/strong>APROBAR ACTA N\u00b0 0026 DE LA SESI\u00d3N ORDINARIA\r\n<strong>23\/11\/2023 <a href=\"https:\/\/shushufindi.gob.ec\/sitio\/wp-content\/uploads\/ACTAS%20Y%20CONVOCATORIAS\/2023\/R.%20N0196%20ADJUDICAR%20TERRENO%20SR.%20VASQUEZ%20RODRIGO.pdf\" target=\"_blank\" rel=\"noopener\">N\u00b00196<\/a> <\/strong>ADJUDICAR LOTE TERRENO SR. VASQUEZ RODRIGO\r\n<strong>23\/11\/2023 <a href=\"https:\/\/shushufindi.gob.ec\/sitio\/wp-content\/uploads\/ACTAS%20Y%20CONVOCATORIAS\/2023\/R.%20N0197%20ADJUDICAR%20TERRENO%20SR.%20R%C3%8DOS%20F%C3%89LIX.pdf\" target=\"_blank\" rel=\"noopener\">N\u00b00197<\/a> <\/strong>ADJUDICAR FAJA TERRENO SR. R\u00cdOS F\u00c9LIX\r\n<strong>30\/11\/2023 <a href=\"https:\/\/shushufindi.gob.ec\/sitio\/wp-content\/uploads\/ACTAS%20Y%20CONVOCATORIAS\/2023\/R.%20N0198%20APROBAR%20ORDEN%20D%C3%8DA.pdf\" target=\"_blank\" rel=\"noopener\">N\u00b00198<\/a> <\/strong>APROBAR ORDEN DEL D\u00cdA PARA LA SESI\u00d3N ORDINARIA\r\n<strong>30\/11\/2023 <a href=\"https:\/\/shushufindi.gob.ec\/sitio\/wp-content\/uploads\/ACTAS%20Y%20CONVOCATORIAS\/2023\/R.%20N0199%20AUTORIZAR%20CONCILIACI%C3%93N.pdf\" target=\"_blank\" rel=\"noopener\">N\u00b00199<\/a> <\/strong>AUTORIZAR CONCILIACI\u00d3N CON EL ING. ORTEGA MIGUEL\r\n<strong>30\/11\/2023 <a href=\"https:\/\/shushufindi.gob.ec\/sitio\/wp-content\/uploads\/ACTAS%20Y%20CONVOCATORIAS\/2023\/R.%20N0200%20CONTINUIDAD%20MANCOMUNIDAD.pdf\" target=\"_blank\" rel=\"noopener\">N\u00b00200<\/a> <\/strong>CONTINUIDAD GADM SHUSHUFINDI SEGUIR FORMANDO PARTE DE MANCOMUNIDAD\r\n<strong>20\/11\/2023 <a href=\"https:\/\/shushufindi.gob.ec\/sitio\/wp-content\/uploads\/ACTAS%20Y%20CONVOCATORIAS\/2023\/R.%20N0201%20REFORMA%20N%C2%B0%2028.pdf\" target=\"_blank\" rel=\"noopener\">N\u00b00201<\/a> <\/strong>DAR POR CONOCIDAS LAS REFORMAS N\u00b0 28 TRASPASO DEL CR\u00c9DITO<\/pre>\n\t\t\t\t\t\t\t\t\t\t\t<\/div>\n\t\t\t\t<\/div>\n\t\t\t\t\t\t\t\n\t\t\t\t\n\t\t\t\t<div class=\"wd-accordion-item\">\n\t\t\t\t\t<div class=\"wd-accordion-title font-primary wd-fontsize-s text-left wd-opener-pos-left wd-font-weight-600\" data-accordion-index=\"11\">\n\t\t\t\t\t\t<div class=\"wd-accordion-title-text\">\n\t\t\t\t\t\t\t\t\t\t\t\t\t\t<span>\n\t\t\t\t\t\t\t\tDICIEMBRE\t\t\t\t\t\t\t<\/span>\n\t\t\t\t\t\t<\/div>\n\t\t\t\t\t\t<span class=\"wd-accordion-opener wd-opener-style-arrow\"><\/span>\n\t\t\t\t\t<\/div>\n\n\t\t\t\t\t<div class=\"wd-accordion-content reset-last-child\" data-accordion-index=\"11\">\n\t\t\t\t\t\t\t\t\t\t\t\t\t\n<pre><strong>   FECHA        N\u00daMERO DE RESOLUCI\u00d3N\r\n07\/12\/2023 <a href=\"https:\/\/shushufindi.gob.ec\/sitio\/wp-content\/uploads\/ACTAS%20Y%20CONVOCATORIAS\/2023\/R.%20N0202%20APROBAR%20ORDEN%20D%C3%8DA.pdf\">N\u00b00202<\/a> <\/strong>APROBAR ORDEN DEL D\u00cdA PARA LA SESI\u00d3N ORDINARIA DEL CONCEJO\r\n<strong>07\/12\/2023 <a href=\"https:\/\/shushufindi.gob.ec\/sitio\/wp-content\/uploads\/ACTAS%20Y%20CONVOCATORIAS\/2023\/R.%20N0203%20PARTICION%20SRES.%20HEREDEROS%20LOOR%20VERA.pdf\">N\u00b00203<\/a> <\/strong>AUTORIZAR PARTICI\u00d3N SRES. HEREDEROS LOOR VERA\r\n<strong>07\/12\/2023 <a href=\"https:\/\/shushufindi.gob.ec\/sitio\/wp-content\/uploads\/ACTAS%20Y%20CONVOCATORIAS\/2023\/R.%20N0204%20REFORMA%20TRASPASO%20CR%C3%89DITO.pdf\">N\u00b00204<\/a> <\/strong>DAR POR CONOCIDAS LAS REFORMAS N\u00b0 29 TRASPASO DEL CR\u00c9DITO\r\n<strong>08\/12\/2023 <a href=\"https:\/\/shushufindi.gob.ec\/sitio\/wp-content\/uploads\/ACTAS%20Y%20CONVOCATORIAS\/2023\/R.%20EXT%20N0028%20APROBACION%20ORDEN%20D%C3%8DA.pdf\" target=\"_blank\" rel=\"noopener\">N\u00b00028<\/a> <\/strong>EXT APROBAR ORDEN DEL D\u00cdA PARA LA SESI\u00d3N EXTRAORDINARIA\r\n<strong>10\/12\/2023 <a href=\"https:\/\/shushufindi.gob.ec\/sitio\/wp-content\/uploads\/ACTAS%20Y%20CONVOCATORIAS\/2023\/R.%20EXT%20N0030%20APROBAR%20ORDEN%20DEL%20D%C3%8DA.pdf\">N\u00b00030<\/a><\/strong> EXT APROBAR ORDEN DEL D\u00cdA PARA SESI\u00d3N EXTRAORDINARIA\r\n<strong>10\/12\/2023 <a href=\"https:\/\/shushufindi.gob.ec\/sitio\/wp-content\/uploads\/ACTAS%20Y%20CONVOCATORIAS\/2023\/R.%20EXT%20N0031%20SEGUNDO%20DEBATE%20PRESUPUESTO.pdf\">N\u00b00031<\/a><\/strong> EXT APROBAR SEGUNDO Y DEFINITIVO DEBATE DE PRESUPUESTO FISCAL 2024\r\n<strong>16\/12\/2023 <a href=\"https:\/\/shushufindi.gob.ec\/sitio\/wp-content\/uploads\/ACTAS%20Y%20CONVOCATORIAS\/2023\/R.%20EXT%20N0032%20APROBAR%20ORDEN%20DEL%20D%C3%8DA.pdf\">N\u00b00032<\/a><\/strong> EXT APROBAR ORDEN DEL D\u00cdA PARA SESI\u00d3N EXTRAORDINARIA \r\n<strong>14\/12\/2023 <a href=\"https:\/\/shushufindi.gob.ec\/sitio\/wp-content\/uploads\/ACTAS%20Y%20CONVOCATORIAS\/2023\/R.%20N0205%20APROBAR%20ORDEN%20D%C3%8DA.pdf\">N\u00b00205<\/a> <\/strong>APROBAR ORDEN DEL D\u00cdA PARA LA SESI\u00d3N ORDINARIA DEL CONCEJO\r\n<strong>14\/12\/2023 <a href=\"https:\/\/shushufindi.gob.ec\/sitio\/wp-content\/uploads\/ACTAS%20Y%20CONVOCATORIAS\/2023\/R.%20N0206%20APROBAR%20ACTA.pdf\">N\u00b00206<\/a> <\/strong>APROBAR ACTA N\u00b0 0028 DE LA SESI\u00d3N ORDINARIA\r\n<strong>14\/12\/2023 <a href=\"https:\/\/shushufindi.gob.ec\/sitio\/wp-content\/uploads\/ACTAS%20Y%20CONVOCATORIAS\/2023\/R.%20N0207%20ADJUDICAR%20TERRENO%20SRA.%20HARO%20FANNY.pdf\">N\u00b00207<\/a> <\/strong>ADJUDICAR LOTE TERRENO SRA. HARO FANNY\r\n<strong>16\/12\/2023 <a href=\"https:\/\/shushufindi.gob.ec\/sitio\/wp-content\/uploads\/ACTAS%20Y%20CONVOCATORIAS\/2023\/R.%20EXT%20N0033%20APROBAR%20SUPLEMENTO%20CR%C3%89DITO.pdf\">N\u00b00033<\/a><\/strong> EXT APROBAR CONSTRUCCI\u00d3N UNIDADES B\u00c1SICAS DE SANEAMIENTO INDIVIDUAL\r\n<strong>21\/12\/2023 <a href=\"https:\/\/shushufindi.gob.ec\/sitio\/wp-content\/uploads\/ACTAS%20Y%20CONVOCATORIAS\/2023\/R.%20N0208%20APROBAR%20ORDEN%20D%C3%8DA.pdf\">N\u00b00208<\/a> <\/strong>APROBAR ORDEN DEL D\u00cdA PARA LA SESI\u00d3N ORDINARIA DEL CONCEJO\r\n<strong>21\/12\/2023 <a href=\"https:\/\/shushufindi.gob.ec\/sitio\/wp-content\/uploads\/ACTAS%20Y%20CONVOCATORIAS\/2023\/R.%20N0209%20CONTRATO%20COMODATO.pdf\">N\u00b00209<\/a> <\/strong>OFICIO COMODATO GADM SHUSHUFINDI Y REGISTRO CIVIL\r\n<strong>21\/12\/2023 <a href=\"https:\/\/shushufindi.gob.ec\/sitio\/wp-content\/uploads\/ACTAS%20Y%20CONVOCATORIAS\/2023\/R.%20N0210%20PLATAFORMA%20VIDEO%20VIGILANCIA%20ECU%20911.pdf\">N\u00b00210<\/a> <\/strong>PLATAFORMA INTELIGENTE DE VIDEO VIGILANCIA A FAVOR DEL ECU 911\r\n<strong>21\/12\/2023 <a href=\"https:\/\/shushufindi.gob.ec\/sitio\/wp-content\/uploads\/ACTAS%20Y%20CONVOCATORIAS\/2023\/R.%20N0211%20PARTICION%20SRES.%20GOMEZ%20J%20Y%20LOOR%20M.pdf\">N\u00b00211<\/a> <\/strong>AUTORIZAR PARTICI\u00d3N SRES. GOMEZ JAIME Y LOOR MAR\u00cdA\r\n<strong>21\/12\/2023 <a href=\"https:\/\/shushufindi.gob.ec\/sitio\/wp-content\/uploads\/ACTAS%20Y%20CONVOCATORIAS\/2023\/R.%20N0212%20PARTICION%20SRES.%20ANGAMARCA%20BALSECA.pdf\">N\u00b00212<\/a> <\/strong>AUTORIZAR PARTICI\u00d3N HEREDITARIO SRES. ANGAMARCA BALSECA\r\n<strong>21\/12\/2023 <a href=\"https:\/\/shushufindi.gob.ec\/sitio\/wp-content\/uploads\/ACTAS%20Y%20CONVOCATORIAS\/2023\/R.%20N0213%20TRASPASO%20CR%C3%89DITO.pdf\">N\u00b00213<\/a> <\/strong>AUTORIZAR DIRECTOR REALICE LA REFORMA MEDIANTE TRASPASO DE CR\u00c9DITO\r\n<strong>21\/12\/2023 <a href=\"https:\/\/shushufindi.gob.ec\/sitio\/wp-content\/uploads\/ACTAS%20Y%20CONVOCATORIAS\/2023\/R.%20N0214%20ADJUDICAR%20TERRENO%20SRA.%20CORTEZ%20FABIOLA.pdf\">N\u00b00214<\/a> <\/strong>ADJUDICAR LOTE TERRENO SRA. CORTEZ FABIOLA\r\n<strong>21\/12\/2023 <a href=\"https:\/\/shushufindi.gob.ec\/sitio\/wp-content\/uploads\/ACTAS%20Y%20CONVOCATORIAS\/2023\/R.%20N0215%20PLANIFICACION%20TALENTO%20HUMANO.pdf\">N\u00b00215<\/a> <\/strong>APROBAR LA PLANIFICACI\u00d3N DE TALENTO HUMANO PARA EL EJERCICIO FISCAL\r\n<strong>21\/12\/2023 <a href=\"https:\/\/shushufindi.gob.ec\/sitio\/wp-content\/uploads\/ACTAS%20Y%20CONVOCATORIAS\/2023\/R.%20N0216%20CONVENIO%20SERVICIO%20RECAUDACI%C3%93N.pdf\">N\u00b00216<\/a> <\/strong>DAR POR CONOCIDO EL CONVENIO DE SERVICIOS DE RECAUDACI\u00d3N\r\n<strong>22\/12\/2023 <a href=\"https:\/\/shushufindi.gob.ec\/sitio\/wp-content\/uploads\/ACTAS%20Y%20CONVOCATORIAS\/2023\/R.%20EXT%20N0034%20APROBAR%20ORDEN%20DEL%20D%C3%8DA.pdf\">N\u00b00034<\/a><\/strong> EXT APROBAR ORDEN DEL D\u00cdA PARA SESI\u00d3N EXTRAORDINARIA \r\n<strong>22\/12\/2023 <a href=\"https:\/\/shushufindi.gob.ec\/sitio\/wp-content\/uploads\/ACTAS%20Y%20CONVOCATORIAS\/2023\/R.%20EXT%20N0035%20PRIMER%20DEBATE%20CATASTROS%20PREDIALES.pdf\">N\u00b00035<\/a><\/strong> EXT APROBAR PRIMER DEBATE CATASTROS PREDIALES URBANOS \r\n<strong>28\/12\/2023 <a href=\"https:\/\/shushufindi.gob.ec\/sitio\/wp-content\/uploads\/ACTAS%20Y%20CONVOCATORIAS\/2023\/R.%20N0217%20APROBAR%20ORDEN%20D%C3%8DA.pdf\">N\u00b00217<\/a> <\/strong>APROBAR ORDEN DEL D\u00cdA PARA SESI\u00d3N ORDINARIA \r\n<strong>26\/12\/2023 <a href=\"https:\/\/shushufindi.gob.ec\/sitio\/wp-content\/uploads\/ACTAS%20Y%20CONVOCATORIAS\/2023\/R.%20EXT%20N0036%20APROBAR%20ORDEN%20DEL%20D%C3%8DA.pdf\">N\u00b00036<\/a><\/strong> EXT APROBAR ORDEN DEL D\u00cdA PARA SESI\u00d3N EXTRAORDINARIA\r\n<strong>26\/12\/2023 <a href=\"https:\/\/shushufindi.gob.ec\/sitio\/wp-content\/uploads\/ACTAS%20Y%20CONVOCATORIAS\/2023\/R.%20EXT%20N0037%20SEGUNDO%20DEBATE%20CATASTROS%20PREDIALES.pdf\">N\u00b00037<\/a><\/strong> EXT APROBAR SEGUNDO Y DEFINITIVO DEBATE CATASTROS PREDIALES URBANOS \r\n<strong>28\/12\/2023 <a href=\"https:\/\/shushufindi.gob.ec\/sitio\/wp-content\/uploads\/ACTAS%20Y%20CONVOCATORIAS\/2023\/R.%20N0218%20PRIMER%20DEBATE%20ORDENANZA.pdf\">N\u00b00218<\/a> <\/strong>APROBAR PRIMER DEBATE DE PROYECTO DE ORDENANZA SUSTITUIVA\r\n<strong>28\/12\/2023 <a href=\"https:\/\/shushufindi.gob.ec\/sitio\/wp-content\/uploads\/ACTAS%20Y%20CONVOCATORIAS\/2023\/R.%20N0219%20PRIMER%20DEBATE%20PAGO%20IMPUESTOS.pdf\">N\u00b00219<\/a> <\/strong>APROBAR PRIMER DEBATE QUE REGULA LA EXNONERACI\u00d3N EL PAGO DE IMPUESTO\r\n<strong>28\/12\/2023 <a href=\"https:\/\/shushufindi.gob.ec\/sitio\/wp-content\/uploads\/ACTAS%20Y%20CONVOCATORIAS\/2023\/R.%20N0220%20CONVENIO%20COOPERACI%C3%93N.pdf\">N\u00b00220<\/a> <\/strong>CONVENIO EDUCACION ZONA 1 Y GAD MUNICIPAL DE SHUSHUFINDI\r\n<strong>28\/12\/2023 <a href=\"https:\/\/shushufindi.gob.ec\/sitio\/wp-content\/uploads\/ACTAS%20Y%20CONVOCATORIAS\/2023\/R.%20N0221%20ADJUDICAR%20TERRENO%20SRA.%20GARC%C3%8DA%20NANCY.pdf\">N\u00b00221<\/a> <\/strong>ADJUDICAR LOTE TERRENO SRA. GARC\u00cdA NANCY<\/pre>\n\t\t\t\t\t\t\t\t\t\t\t<\/div>\n\t\t\t\t<\/div>\n\t\t\t\t\t\t\t\t\t\t\t\t\t\t<\/div>\n\n\t\t[vc_column_text woodmart_inline=\u00bbno\u00bb text_larger=\u00bbno\u00bb][\/vc_column_text][\/vc_tta_section][vc_tta_section title=\u00bbRESOLUCIONES ADMINISTRATIVAS\u00bb tab_id=\u00bb1698844002660-3208103e-1a09&#8243;]\n\t\t<div id=\"wd-66735438bd027\" class=\"wd-accordion wd-wpb wd-rs-66735438bd027  wd-style-default\" data-state=\"first\">\n\t\t\t\t\t\t\t\n\t\t\t\t\n\t\t\t\t<div class=\"wd-accordion-item\">\n\t\t\t\t\t<div class=\"wd-accordion-title wd-active font-primary wd-fontsize-s text-left wd-opener-pos-left wd-font-weight-600\" data-accordion-index=\"0\">\n\t\t\t\t\t\t<div class=\"wd-accordion-title-text\">\n\t\t\t\t\t\t\t\t\t\t\t\t\t\t<span>\n\t\t\t\t\t\t\t\tENERO\t\t\t\t\t\t\t<\/span>\n\t\t\t\t\t\t<\/div>\n\t\t\t\t\t\t<span class=\"wd-accordion-opener wd-opener-style-arrow\"><\/span>\n\t\t\t\t\t<\/div>\n\n\t\t\t\t\t<div class=\"wd-accordion-content reset-last-child wd-active\" data-accordion-index=\"0\">\n\t\t\t\t\t\t\t\t\t\t\t\t\t<p>Ac non ac hac ullamcorper rhoncus velit maecenas convallis torquent elit accumsan eu est pulvinar pretium congue a vestibulum suspendisse scelerisque condimentum parturient quam.Aliquet faucibus condimentum amet nam a nascetur suspendisse habitant a mollis senectus suscipit a vestibulum primis molestie parturient aptent nisi aenean.A scelerisque quam consectetur condimentum risus lobortis cum dignissim mi fusce primis rhoncus a rhoncus bibendum parturient condimentum odio a justo a et mollis pulvinar venenatis metus sodales elementum.Parturient ullamcorper natoque mi sagittis a nibh nisi a suspendisse a.<\/p>\n\t\t\t\t\t\t\t\t\t\t\t<\/div>\n\t\t\t\t<\/div>\n\t\t\t\t\t\t\t\n\t\t\t\t\n\t\t\t\t<div class=\"wd-accordion-item\">\n\t\t\t\t\t<div class=\"wd-accordion-title font-primary wd-fontsize-s text-left wd-opener-pos-left wd-font-weight-600\" data-accordion-index=\"1\">\n\t\t\t\t\t\t<div class=\"wd-accordion-title-text\">\n\t\t\t\t\t\t\t\t\t\t\t\t\t\t<span>\n\t\t\t\t\t\t\t\tFEBRERO\t\t\t\t\t\t\t<\/span>\n\t\t\t\t\t\t<\/div>\n\t\t\t\t\t\t<span class=\"wd-accordion-opener wd-opener-style-arrow\"><\/span>\n\t\t\t\t\t<\/div>\n\n\t\t\t\t\t<div class=\"wd-accordion-content reset-last-child\" data-accordion-index=\"1\">\n\t\t\t\t\t\t\t\t\t\t\t\t\t\n<pre><strong>   FECHA    N\u00daMERO RESOLUCI\u00d3N ADMINISTRATIVA\r\n07\/02\/2023 <a href=\"https:\/\/shushufindi.gob.ec\/sitio\/wp-content\/uploads\/ACTAS%20Y%20CONVOCATORIAS\/2023\/R%20ADM%20N0001%20NOMBRAMIENTO%20LILIANA%20MINA.pdf\" target=\"_blank\" rel=\"noopener\">N\u00b00001<\/a> <\/strong>OTORGAR NOMBRAMIENTO TLGA. LILIANA MINA\r\n<strong>10\/02\/2023 <a href=\"https:\/\/shushufindi.gob.ec\/sitio\/wp-content\/uploads\/ACTAS%20Y%20CONVOCATORIAS\/2023\/R%20ADM%20N0002%20NOMBRAMIENTO%20ING.%20BRUNO%20ILLESCAS.pdf\" target=\"_blank\" rel=\"noopener\">N\u00b00002<\/a><\/strong> OTORGAR NOMBRAMIENTO ING. BRUNO ILLESCAS\r\n<strong>10\/02\/2023 <a href=\"https:\/\/shushufindi.gob.ec\/sitio\/wp-content\/uploads\/ACTAS%20Y%20CONVOCATORIAS\/2023\/R%20ADM%20N0003%20NOMBRAMIENTO%20YADIRA%20RIOS.pdf\" target=\"_blank\" rel=\"noopener\">N\u00b00003<\/a> <\/strong>OTORGAR NOMBRAMIENTO ING. YADIRA RIOS\r\n<strong>09\/02\/2023 <a href=\"https:\/\/shushufindi.gob.ec\/sitio\/wp-content\/uploads\/ACTAS%20Y%20CONVOCATORIAS\/2023\/R%20ADM%20N0004%20NOMBRAMIENTO%20TLGA.%20JOSSELYN%20VERDEZOTO.pdf\" target=\"_blank\" rel=\"noopener\">N\u00b00004<\/a> <\/strong>OTORGAR NOMBRAMIENTO TLGA. JOSSELYN VERDEZOTO\r\n<strong>23\/02\/2023 <a href=\"https:\/\/shushufindi.gob.ec\/sitio\/wp-content\/uploads\/ACTAS%20Y%20CONVOCATORIAS\/2023\/R%20ADM%20N0007%20SUBROGACI%C3%93N%20TLGA.%20MARYURI%20LOOR.pdf\" target=\"_blank\" rel=\"noopener\">N\u00b00007<\/a> <\/strong>SUBROGACI\u00d3N TLGA. MARYURI LOOR\r\n<strong>27\/02\/2023 <a href=\"https:\/\/shushufindi.gob.ec\/sitio\/wp-content\/uploads\/ACTAS%20Y%20CONVOCATORIAS\/2023\/R%20ADM%20N0008%20ADMINISTRADOR%20FRANKNER%20ANZULES.pdf\" target=\"_blank\" rel=\"noopener\">N\u00b00008<\/a> <\/strong>DESIGNACI\u00d3N ADMINISTRADOR ING FRANKNER ANZULES CONTRATO N\u00b00175 DEL 2022\r\n<strong>27\/02\/2023 <a href=\"https:\/\/shushufindi.gob.ec\/sitio\/wp-content\/uploads\/ACTAS%20Y%20CONVOCATORIAS\/2023\/R%20ADM%20N0009%20%20ADMINISTRADOR%20FRANCISCO%20GUERRERO.pdf\" target=\"_blank\" rel=\"noopener\">N\u00b00009<\/a> <\/strong>DESIGNACI\u00d3N ADMINISTRADOR FRANCISCO GUERRERO\r\n<strong>27\/02\/2023 <a href=\"https:\/\/shushufindi.gob.ec\/sitio\/wp-content\/uploads\/ACTAS%20Y%20CONVOCATORIAS\/2023\/R%20ADM%20N0010%20ADMINISTRADOR%20FRANKNER%20ANZULEZ.pdf\" target=\"_blank\" rel=\"noopener\">N\u00b00010<\/a> <\/strong>DESIGNACI\u00d3N ADMINISTRADOR FRANKNER ANZULEZ ANALISTA AGUA POTABLE Y ALCANTARILLADO\r\n<strong>28\/02\/2023 <a href=\"https:\/\/shushufindi.gob.ec\/sitio\/wp-content\/uploads\/ACTAS%20Y%20CONVOCATORIAS\/2023\/R%20ADM%20N0011%20REFORMA%20PAC.pdf\" target=\"_blank\" rel=\"noopener\">N\u00b00011<\/a> <\/strong>REFORMA PLAN ANUAL DE CONTRATACI\u00d3N 2023<\/pre>\n\t\t\t\t\t\t\t\t\t\t\t<\/div>\n\t\t\t\t<\/div>\n\t\t\t\t\t\t\t\n\t\t\t\t\n\t\t\t\t<div class=\"wd-accordion-item\">\n\t\t\t\t\t<div class=\"wd-accordion-title font-primary wd-fontsize-s text-left wd-opener-pos-left wd-font-weight-600\" data-accordion-index=\"2\">\n\t\t\t\t\t\t<div class=\"wd-accordion-title-text\">\n\t\t\t\t\t\t\t\t\t\t\t\t\t\t<span>\n\t\t\t\t\t\t\t\tMARZO\t\t\t\t\t\t\t<\/span>\n\t\t\t\t\t\t<\/div>\n\t\t\t\t\t\t<span class=\"wd-accordion-opener wd-opener-style-arrow\"><\/span>\n\t\t\t\t\t<\/div>\n\n\t\t\t\t\t<div class=\"wd-accordion-content reset-last-child\" data-accordion-index=\"2\">\n\t\t\t\t\t\t\t\t\t\t\t\t\t\n<pre><strong>   FECHA    N\u00daMERO RESOLUCI\u00d3N ADMINISTRATIVA\r\n02\/03\/2023 <a href=\"https:\/\/shushufindi.gob.ec\/sitio\/wp-content\/uploads\/ACTAS%20Y%20CONVOCATORIAS\/2023\/R%20ADM%20N0012%20SUBCENTRO%20DE%20SALUD%20TIPO%20B.pdf\" target=\"_blank\" rel=\"noopener\">N\u00b00012<\/a> <\/strong>INICIAR COMISI\u00d3N T\u00c9CNICA SUBCENTRO DE SALUD TIPO B\r\n<strong>03\/03\/2023 <a href=\"https:\/\/shushufindi.gob.ec\/sitio\/wp-content\/uploads\/ACTAS%20Y%20CONVOCATORIAS\/2023\/R%20ADM%20N0013%20CONVENIO%20MIESS%20NO.19805.pdf\" target=\"_blank\" rel=\"noopener\">N\u00b00013<\/a> <\/strong>DESIGNACI\u00d3N ADMINISTRADOR CONVENIO MIESS NO.19805\r\n<strong>10\/03\/2023 <a href=\"https:\/\/shushufindi.gob.ec\/sitio\/wp-content\/uploads\/ACTAS%20Y%20CONVOCATORIAS\/2023\/R%20ADM%20N0014%20REINTEGRO%20TLGO.%20MARCELO%20RIOS.pdf\" target=\"_blank\" rel=\"noopener\">N\u00b00014<\/a> <\/strong>EXTINGO ENCARGO TLGO. MARCELO RIOS\r\n<strong>13\/03\/2023 <a href=\"https:\/\/shushufindi.gob.ec\/sitio\/wp-content\/uploads\/ACTAS%20Y%20CONVOCATORIAS\/2023\/R%20ADM%20N0015%20CONVENIO%20MIESS%20NO.19777.pdf\" target=\"_blank\" rel=\"noopener\">N\u00b00015<\/a> <\/strong>DESIGNACI\u00d3N ADMINISTRADOR CONVENIO MIESS NO.19777 ADULTOS MAYORES\r\n<strong>16\/03\/2023 <a href=\"https:\/\/shushufindi.gob.ec\/sitio\/wp-content\/uploads\/ACTAS%20Y%20CONVOCATORIAS\/2023\/R%20ADM%20N0016%20COMISI%C3%93N%20T%C3%89CNICA%20PARQUE%20ACU%C3%81TICO.pdf\" target=\"_blank\" rel=\"noopener\">N\u00b00016<\/a> <\/strong>COMISI\u00d3N T\u00c9CNICA PARA CONSTRUCCI\u00d3N PARQUE ACU\u00c1TICO\r\n<strong>16\/03\/2023 <a href=\"https:\/\/shushufindi.gob.ec\/sitio\/wp-content\/uploads\/ACTAS%20Y%20CONVOCATORIAS\/2023\/R%20ADM%20N0017%20COMISI%C3%93N%20T%C3%89CNICA%20U%2CE%2C%20SAN%20FRANCISCO.pdf\" target=\"_blank\" rel=\"noopener\">N\u00b00017<\/a> <\/strong>COMISI\u00d3N T\u00c9CNICA PARA CONSTRUCCI\u00d3N BLOQUE DE AULAS U, E, SAN FRANCISCO\r\n<strong>17\/03\/2023 <a href=\"https:\/\/shushufindi.gob.ec\/sitio\/wp-content\/uploads\/ACTAS%20Y%20CONVOCATORIAS\/2023\/R%20ADM%20N0018%20ACTUALIZACI%C3%93N%20COMITE%20DE%20TRANSPARENCIA%20LOTAIP.pdf\" target=\"_blank\" rel=\"noopener\">N\u00b00018<\/a> <\/strong>ACTUALIZACI\u00d3N COMITE DE TRANSPARENCIA LOTAIP\r\n<strong>17\/03\/2023 <a href=\"https:\/\/shushufindi.gob.ec\/sitio\/wp-content\/uploads\/ACTAS%20Y%20CONVOCATORIAS\/2023\/R%20ADM%20N0019%20RENDICI%C3%93N%20CUENTA%202022.pdf\" target=\"_blank\" rel=\"noopener\">N\u00b00019<\/a> <\/strong>EQUIPO MULTIDISCIPLNARIO DE RENDICI\u00d3N DE CUENTA 2022\r\n<strong>17\/03\/2023 <a href=\"https:\/\/shushufindi.gob.ec\/sitio\/wp-content\/uploads\/ACTAS%20Y%20CONVOCATORIAS\/2023\/R%20ADM%20N0020%20ALCANTARILLADO%20PLUVIAL%20CALLE%20COLOMBIA.pdf\" target=\"_blank\" rel=\"noopener\">N\u00b00020<\/a> <\/strong>MEJORAMIENTO ALCANTARILLADO PLUVIAL CALLE COLOMBIA\r\n<strong>20\/03\/2023 <a href=\"https:\/\/shushufindi.gob.ec\/sitio\/wp-content\/uploads\/ACTAS%20Y%20CONVOCATORIAS\/2023\/R%20ADM%20N0021%20ENCARGO%20JEFE%20ARCHIVO%20TLGA.%20MARYIRI%20LOOR.pdf\" target=\"_blank\" rel=\"noopener\">N\u00b00021<\/a> <\/strong>ENCARGO PUESTO JEFE ARCHIVO A TLGA. MARYIRI LOOR\r\n<strong>30\/03\/2023 <a href=\"https:\/\/shushufindi.gob.ec\/sitio\/wp-content\/uploads\/ACTAS%20Y%20CONVOCATORIAS\/2023\/R%20ADM%20N0022%20ADMINISTRADOR%20CONVENIO%20MIESS%20NO.19843.pdf\" target=\"_blank\" rel=\"noopener\">N\u00b00022<\/a> <\/strong>ADMINISTRADOR CONVENIO MIESS PERSONAS CON DISCAPACIDAD ATENCION EN EL HOGAR Y LA COMUNIDAD<\/pre>\n\t\t\t\t\t\t\t\t\t\t\t<\/div>\n\t\t\t\t<\/div>\n\t\t\t\t\t\t\t\n\t\t\t\t\n\t\t\t\t<div class=\"wd-accordion-item\">\n\t\t\t\t\t<div class=\"wd-accordion-title font-primary wd-fontsize-s text-left wd-opener-pos-left wd-font-weight-600\" data-accordion-index=\"3\">\n\t\t\t\t\t\t<div class=\"wd-accordion-title-text\">\n\t\t\t\t\t\t\t\t\t\t\t\t\t\t<span>\n\t\t\t\t\t\t\t\tABRIL\t\t\t\t\t\t\t<\/span>\n\t\t\t\t\t\t<\/div>\n\t\t\t\t\t\t<span class=\"wd-accordion-opener wd-opener-style-arrow\"><\/span>\n\t\t\t\t\t<\/div>\n\n\t\t\t\t\t<div class=\"wd-accordion-content reset-last-child\" data-accordion-index=\"3\">\n\t\t\t\t\t\t\t\t\t\t\t\t\t\n<pre><strong>   FECHA    N\u00daMERO RESOLICI\u00d3N ADMINISTRATIVA\r\n06\/04\/2023 <a href=\"https:\/\/shushufindi.gob.ec\/sitio\/wp-content\/uploads\/ACTAS%20Y%20CONVOCATORIAS\/2023\/R%20ADM%20N0023%20COMISI%C3%93N%20T%C3%89CNICA%20CANCHA%20VALLE%20HERMOSO.pdf\" target=\"_blank\" rel=\"noopener\">N\u00b00023<\/a> <\/strong>COMISI\u00d3N T\u00c9CNICA PARA CONSTRUCCI\u00d3N CANCHA VALLE HERMOSO\r\n<strong>12\/04\/2023 <a href=\"https:\/\/shushufindi.gob.ec\/sitio\/wp-content\/uploads\/ACTAS%20Y%20CONVOCATORIAS\/2023\/R%20ADM%20N0024%20SUBROGACION%20TLGA.%20MARYURI%20LOOR.pdf\" target=\"_blank\" rel=\"noopener\">N\u00b00024<\/a> <\/strong>SUBROGACI\u00d3N PUESTO DE PARTICIPACI\u00d3N CIUDADANA Y CONTROL SOCIAL A TLGA. MARYURI LOOR\r\n<strong>12\/04\/2023 <a href=\"https:\/\/shushufindi.gob.ec\/sitio\/wp-content\/uploads\/ACTAS%20Y%20CONVOCATORIAS\/2023\/R%20ADM%20N0025%20ENCARGO%20JEFE%20ARCHIVO%20LIC.%20ZOILA%20SANTILLAN.pdf\" target=\"_blank\" rel=\"noopener\">N\u00b00025<\/a> <\/strong>ENCARGO PUESTO JEFE ARCHIVO A LIC. ZOILA SANTILLAN\r\n<strong>19\/04\/2023 <a href=\"https:\/\/shushufindi.gob.ec\/sitio\/wp-content\/uploads\/ACTAS%20Y%20CONVOCATORIAS\/2023\/R%20ADM%20N0026%20COMISION%20TECNICA%20SUBASTA.pdf\" target=\"_blank\" rel=\"noopener\">N\u00b00026<\/a> <\/strong>COMISI\u00d3N T\u00c9CNICA PARA CONTRATACI\u00d3N PROCESO DE SUBASTA INVERSA ELECTR\u00d3NICA\r\n<strong>21\/04\/2023 <a href=\"https:\/\/shushufindi.gob.ec\/sitio\/wp-content\/uploads\/ACTAS%20Y%20CONVOCATORIAS\/2023\/R%20ADM%20N0028%20ADMINISTRADOR%20CONVENIO%20MIESS.pdf\" target=\"_blank\" rel=\"noopener\">N\u00b00028<\/a> <\/strong>CONVENIO MIES PARA IMPLEMENTAR SERVICIO DE DESARROLLO INFANTIL\r\n<strong>26\/04\/2023 <a href=\"https:\/\/shushufindi.gob.ec\/sitio\/wp-content\/uploads\/ACTAS%20Y%20CONVOCATORIAS\/2023\/R%20ADM%20N0029%20RENDICI%C3%93N%20DE%20CUENTAS%202022.pdf\" target=\"_blank\" rel=\"noopener\">N\u00b00029<\/a><\/strong> APROBACI\u00d3N DEL FORMULARIO RENDICI\u00d3N DE CUENTAS 2022<\/pre>\n\t\t\t\t\t\t\t\t\t\t\t<\/div>\n\t\t\t\t<\/div>\n\t\t\t\t\t\t\t\n\t\t\t\t\n\t\t\t\t<div class=\"wd-accordion-item\">\n\t\t\t\t\t<div class=\"wd-accordion-title font-primary wd-fontsize-s text-left wd-opener-pos-left wd-font-weight-600\" data-accordion-index=\"4\">\n\t\t\t\t\t\t<div class=\"wd-accordion-title-text\">\n\t\t\t\t\t\t\t\t\t\t\t\t\t\t<span>\n\t\t\t\t\t\t\t\tMAYO\t\t\t\t\t\t\t<\/span>\n\t\t\t\t\t\t<\/div>\n\t\t\t\t\t\t<span class=\"wd-accordion-opener wd-opener-style-arrow\"><\/span>\n\t\t\t\t\t<\/div>\n\n\t\t\t\t\t<div class=\"wd-accordion-content reset-last-child\" data-accordion-index=\"4\">\n\t\t\t\t\t\t\t\t\t\t\t\t\t\n<pre><strong>   FECHA    N\u00daMERO RESOLUCI\u00d3N ADMINISTRATIVA\r\n15\/05\/2023 <a href=\"https:\/\/shushufindi.gob.ec\/sitio\/wp-content\/uploads\/ACTAS%20Y%20CONVOCATORIAS\/2023\/R%20ADM%20N033.1%20%20ING%20ROBALINO%20JESSICA.pdf\" target=\"_blank\" rel=\"noopener\">N\u00b0033.1 <\/a><\/strong>ENCARGO DEL PUESTO DIRECTORA TALENTO HUMANO ING. ROBALINO JESSICA\r\n<strong>15\/05\/2023 <a href=\"https:\/\/shushufindi.gob.ec\/sitio\/wp-content\/uploads\/ACTAS%20Y%20CONVOCATORIAS\/2023\/R%20ADM%20N033.2%20ING%20VASQUEZ%20VICTOR.pdf\" target=\"_blank\" rel=\"noopener\">N\u00b0033.2 <\/a><\/strong>ENCARGO DEL PUESTO DIRECTOR SEGURIDAD CIUDADANA ING. VASQUEZ VICTOR\r\n<strong>15\/05\/2023 <a href=\"https:\/\/shushufindi.gob.ec\/sitio\/wp-content\/uploads\/ACTAS%20Y%20CONVOCATORIAS\/2023\/R%20ADM%20N033.3%20LIC%20CASTILLO%20MERCEDES.pdf\" target=\"_blank\" rel=\"noopener\">N\u00b0033.3 <\/a><\/strong>ENCARGO DEL PUESTO SECRETAR\u00cdA GENERAL LIC. CASTILLO MERCEDES\r\n<strong>15\/05\/2023 <a href=\"https:\/\/shushufindi.gob.ec\/sitio\/wp-content\/uploads\/ACTAS%20Y%20CONVOCATORIAS\/2023\/R%20ADM%20N033.4%20ABG.%20PROCEL%20EDISON.pdf\" target=\"_blank\" rel=\"noopener\">N\u00b0033.4 <\/a><\/strong>ENCARGO DEL PUESTO PROCURADOR SINDICO ABG. PROCEL EDISON\r\n<strong>15\/05\/2023 <a href=\"https:\/\/shushufindi.gob.ec\/sitio\/wp-content\/uploads\/ACTAS%20Y%20CONVOCATORIAS\/2023\/R%20ADM%20N0034%20ING.%20MARCO%20NU%C3%91EZ.pdf\" target=\"_blank\" rel=\"noopener\">N\u00b0 0034 <\/a><\/strong>ENCARGO DEL PUESTO DIRECTOR GENERAL DEL CENTRO DE RESPONSABILIDAD SOCIAL ING. MARCO NU\u00d1EZ\r\n<strong>15\/05\/2023 <a href=\"https:\/\/shushufindi.gob.ec\/sitio\/wp-content\/uploads\/ACTAS%20Y%20CONVOCATORIAS\/2023\/R%20ADM%20N034.1%20ING.%20GARC%C3%8DA%20MARLON.pdf\" target=\"_blank\" rel=\"noopener\">N\u00b0034.1 <\/a><\/strong>ENCARGO DEL PUESTO DIRECTOR ADMINISTRATIVO ING. GARC\u00cdA MARLON\r\n<strong>15\/05\/2023 <a href=\"https:\/\/shushufindi.gob.ec\/sitio\/wp-content\/uploads\/ACTAS%20Y%20CONVOCATORIAS\/2023\/R%20ADM%20%20N034.2%20ING.%20AYOV%C3%8D%20MARIO.pdf\" target=\"_blank\" rel=\"noopener\">N\u00b0034.2 <\/a><\/strong>ENCARGO DEL PUESTO DIRECTOR DE AMBIENTE, HIGIENE Y SALUBRIDAD ING. AYOVI MARIO\r\n<strong>15\/05\/2023 <a href=\"https:\/\/shushufindi.gob.ec\/sitio\/wp-content\/uploads\/ACTAS%20Y%20CONVOCATORIAS\/2023\/R%20ADM%20%20N034.3%20LIC.%20PACHECO%20LUIS.pdf\" target=\"_blank\" rel=\"noopener\">N\u00b0034.3 <\/a><\/strong>ENCARGO DEL PUESTO DIRECTOR SERVICIOS P\u00daBLICOS LIC. PACHECO LUIS\r\n<strong>15\/05\/2023 <a href=\"https:\/\/shushufindi.gob.ec\/sitio\/wp-content\/uploads\/ACTAS%20Y%20CONVOCATORIAS\/2023\/R%20ADM%20N034.4%20ING.%20GUERRERO%20FRANCISCO.pdf\" target=\"_blank\" rel=\"noopener\">N\u00b0034.4 <\/a><\/strong>ENCARGO DEL PUESTO DIRECTOR FOMENTO PRODUCTIVO ING. GUERRERO FRANCISCO\r\n<strong>17\/05\/2023 <a href=\"https:\/\/shushufindi.gob.ec\/sitio\/wp-content\/uploads\/ACTAS%20Y%20CONVOCATORIAS\/2023\/R%20ADM%20N0035%20ABG.%20GALEAS%20NORMA.pdf\" target=\"_blank\" rel=\"noopener\">N\u00b0 0035 <\/a><\/strong>ENCARGO DEL PUESTO REGISTRADORA DE LA PROPIEDAD ABG. GALEAS NORMA\r\n<strong>22\/05\/2023 <a href=\"https:\/\/shushufindi.gob.ec\/sitio\/wp-content\/uploads\/ACTAS%20Y%20CONVOCATORIAS\/2023\/R%20ADM%20N0036%20SRA.%20TRUJILLO%20TAMARA.pdf\" target=\"_blank\" rel=\"noopener\">N\u00b0 0036 <\/a><\/strong>ENCARGO DEL PUESTO ASISTENTE ADMINISTRATIVO DE DIRECCI\u00d3N SRA. TRUJILLO TAMARA\r\n<strong>22\/05\/2023 <a href=\"https:\/\/shushufindi.gob.ec\/sitio\/wp-content\/uploads\/ACTAS%20Y%20CONVOCATORIAS\/2023\/R%20ADM%20N0037%20ING.%20D%C3%8DAZ%20GLADYS.pdf\" target=\"_blank\" rel=\"noopener\">N\u00b0 0037 <\/a><\/strong>ENCARGO DEL PUESTO ANALISTA DE RENTAS INTERNAS ING. D\u00cdAZ GLADYS\r\n<strong>23\/05\/2023 <a href=\"https:\/\/shushufindi.gob.ec\/sitio\/wp-content\/uploads\/ACTAS%20Y%20CONVOCATORIAS\/2023\/R%20ADM%20N037.1%20TNLGA.%20GUAM%C3%81N%20VER%C3%93NICA.pdf\" target=\"_blank\" rel=\"noopener\">N\u00b0037.1 <\/a><\/strong>ENCARGO DEL PUESTO ANALISTA DE N\u00d3MINA TNLGA. GUAM\u00c1N VER\u00d3NICA\r\n<strong>24\/05\/2023 <a href=\"https:\/\/shushufindi.gob.ec\/sitio\/wp-content\/uploads\/ACTAS%20Y%20CONVOCATORIAS\/2023\/R%20ADM%20N037.2%20LIC.%20BERMEO%20MIRIAM.pdf\" target=\"_blank\" rel=\"noopener\">N\u00b0037.2 <\/a><\/strong>DISPONER TRASLADO ADMINISTRATIVO LIC. BERMEO MIRIAM\r\n<strong>24\/05\/2023 <a href=\"https:\/\/shushufindi.gob.ec\/sitio\/wp-content\/uploads\/ACTAS%20Y%20CONVOCATORIAS\/2023\/R%20ADM%20N037.3%20LIC.%20ALBI%C3%91O%20SILVIA.pdf\" target=\"_blank\" rel=\"noopener\">N\u00b0037.3 <\/a><\/strong>ENCARGO DEL PUESTO ANALISTA DE COMPARAS P\u00daBLICAS LIC. ALBI\u00d1O SILVIA\r\n<strong>24\/04\/2023 <a href=\"https:\/\/shushufindi.gob.ec\/sitio\/wp-content\/uploads\/ACTAS%20Y%20CONVOCATORIAS\/2023\/R%20ADM%20N037.4%20TNLGO.%20CEDE%C3%91O%20WALTER.pdf\" target=\"_blank\" rel=\"noopener\">N\u00b0037.4 <\/a><\/strong>ENCARGO DEL PUESTO ANALISTA DE SERVICIOS GENERALES TNLGO CEDE\u00d1O WALTER<\/pre>\n\t\t\t\t\t\t\t\t\t\t\t<\/div>\n\t\t\t\t<\/div>\n\t\t\t\t\t\t\t\n\t\t\t\t\n\t\t\t\t<div class=\"wd-accordion-item\">\n\t\t\t\t\t<div class=\"wd-accordion-title font-primary wd-fontsize-s text-left wd-opener-pos-left wd-font-weight-600\" data-accordion-index=\"5\">\n\t\t\t\t\t\t<div class=\"wd-accordion-title-text\">\n\t\t\t\t\t\t\t\t\t\t\t\t\t\t<span>\n\t\t\t\t\t\t\t\tJUNIO\t\t\t\t\t\t\t<\/span>\n\t\t\t\t\t\t<\/div>\n\t\t\t\t\t\t<span class=\"wd-accordion-opener wd-opener-style-arrow\"><\/span>\n\t\t\t\t\t<\/div>\n\n\t\t\t\t\t<div class=\"wd-accordion-content reset-last-child\" data-accordion-index=\"5\">\n\t\t\t\t\t\t\t\t\t\t\t\t\t\n<pre><strong>   FECHA    N\u00daMERO RESOLUCI\u00d3N ADMINISTRATIVA\r\n01\/06\/2023 <a href=\"https:\/\/shushufindi.gob.ec\/sitio\/wp-content\/uploads\/ACTAS%20Y%20CONVOCATORIAS\/2023\/R%20ADM%20N038.1%20TLGA.%20ALDAZ%20NELLY.pdf\" target=\"_blank\" rel=\"noopener\">N\u00b0038.1 <\/a><\/strong>ENCARGO DEL PUESTO ANALISTA ADMINISTRATIVA TLGA. ALDAZ NELLY\r\n<strong>05\/06\/2023 <a href=\"https:\/\/shushufindi.gob.ec\/sitio\/wp-content\/uploads\/ACTAS%20Y%20CONVOCATORIAS\/2023\/R%20ADM%20N039%20ING.%20MACIAS%20JOS%C3%89.pdf\" target=\"_blank\" rel=\"noopener\">N\u00b0 0039 <\/a><\/strong>DESIGNAR CONTRATO CENTRO DE SALUD TIPO B ING. MACIAS JOS\u00c9\r\n<strong>05\/06\/2023 <a href=\"https:\/\/shushufindi.gob.ec\/sitio\/wp-content\/uploads\/ACTAS%20Y%20CONVOCATORIAS\/2023\/R%20ADM%20N0040%20ING.%20WILSON%20BRAVO.pdf\" target=\"_blank\" rel=\"noopener\">N\u00b0 0040 <\/a><\/strong>DESIGNAR CONTRATO SEGUNDA ETAPA ALCANTARILLADO SANITARIO Y PLUVIAL ING. WILSON BRAVO\r\n<strong>05\/06\/2023 <a href=\"https:\/\/shushufindi.gob.ec\/sitio\/wp-content\/uploads\/ACTAS%20Y%20CONVOCATORIAS\/2023\/R%20ADM%20N0041%20REESTRURACION%20AULAS%20SAN%20FRANCISCO.pdf\" target=\"_blank\" rel=\"noopener\">N\u00b0 0041 <\/a><\/strong>REESTRURACI\u00d3N COMISI\u00d3N T\u00c9CNICA AULAS SAN FRANCISCO\r\n<strong>02\/06\/2023 <a href=\"https:\/\/shushufindi.gob.ec\/sitio\/wp-content\/uploads\/ACTAS%20Y%20CONVOCATORIAS\/2023\/R%20ADM%20N0044%20DELEGAR%20DIRECTOR%20ADMINISTRATIVO.pdf\" target=\"_blank\" rel=\"noopener\">N\u00b0 0044 <\/a><\/strong>DELEGAR DIRECTOR ADMINISTRATIVO EL USO, AUTORIZACI\u00d3N Y CONTROL CGE\r\n<strong>07\/06\/2023 <a href=\"https:\/\/shushufindi.gob.ec\/sitio\/wp-content\/uploads\/ACTAS%20Y%20CONVOCATORIAS\/2023\/R%20ADM%20N0045%20COMIT%C3%89%20CUERPO%20DE%20BOMBEROS.pdf\" target=\"_blank\" rel=\"noopener\">N\u00b0 0045 <\/a><\/strong>DELEGAR COMIT\u00c9 CUERPO DE BOMBEROS SHUSHUFINDI\r\n<strong>07\/06\/2023 <a href=\"https:\/\/shushufindi.gob.ec\/sitio\/wp-content\/uploads\/ACTAS%20Y%20CONVOCATORIAS\/2023\/R%20ADM%20N046%20CUANT%C3%8DAS%20Y%20CAT%C3%81LOGO%20ELECTR%C3%93NICO.pdf\" target=\"_blank\" rel=\"noopener\">N\u00b0 0046 <\/a><\/strong>DELEGAR AL DIRECTOR ADMNISTRATIVO \u00cdNFIMAS CUANT\u00cdAS Y CAT\u00c1LOGO ELECTR\u00d3NICO\r\n<strong>01\/06\/2023 <a href=\"https:\/\/shushufindi.gob.ec\/sitio\/wp-content\/uploads\/ACTAS%20Y%20CONVOCATORIAS\/2023\/R%20ADM%20N0047%20%20ACTAS%20DE%20ARRENDATARIOS.pdf\" target=\"_blank\" rel=\"noopener\">N\u00b0 0047 <\/a><\/strong>ACOGER EL COMPROMISO DE LAS ACTAS DE LOS ARRENDATARIOS\r\n<strong>13\/06\/2023 <a href=\"https:\/\/shushufindi.gob.ec\/sitio\/wp-content\/uploads\/ACTAS%20Y%20CONVOCATORIAS\/2023\/R%20ADM%20N050%20DELEGAR%20COMISI%C3%93N%20CUERPO%20DE%20BOMBEROS.pdf\" target=\"_blank\" rel=\"noopener\">N\u00b0 0050 <\/a><\/strong>DELEGAR COMISI\u00d3N ADMINISTRACI\u00d3N DISCIPLINARIA CUERPO DE BOMBEROS\r\n<strong>14\/06\/2023 <a href=\"https:\/\/shushufindi.gob.ec\/sitio\/wp-content\/uploads\/ACTAS%20Y%20CONVOCATORIAS\/2023\/R%20ADM%20N051%20COMIT%C3%89%20DE%20TRANSPARENCIA.pdf\" target=\"_blank\" rel=\"noopener\">N\u00b0 0051 <\/a><\/strong>ACTUALIZACI\u00d3N COMIT\u00c9 DE TRANSPARENCIA\r\n<strong>14\/06\/2023 <a href=\"https:\/\/shushufindi.gob.ec\/sitio\/wp-content\/uploads\/ACTAS%20Y%20CONVOCATORIAS\/2023\/R%20ADM%20N0052%20CONTRATO%20ING.%20FERNANDO%20PIZARRO.pdf\" target=\"_blank\" rel=\"noopener\">N\u00b0 0052 <\/a><\/strong>DESIGNAR ING. FERNANDO PIZARRO DIRECTOR DE OBRAS P\u00daBLICAS\r\n<strong>16\/06\/2023 <a href=\"https:\/\/shushufindi.gob.ec\/sitio\/wp-content\/uploads\/ACTAS%20Y%20CONVOCATORIAS\/2023\/R%20ADM%20N0053%20CONTRATO%20ING.%20MARLON%20GARC%C3%8DA.pdf\" target=\"_blank\" rel=\"noopener\">N\u00b0 0053 <\/a><\/strong>DESIGNAR ING. MARLON GARC\u00cdA DIRECTOR ADMINISTRATIVO\r\n<strong>16\/06\/2023 <a href=\"https:\/\/shushufindi.gob.ec\/sitio\/wp-content\/uploads\/ACTAS%20Y%20CONVOCATORIAS\/2023\/R%20ADM%20N054%20ING.%20WILSON%20J%C3%81COME.pdf\" target=\"_blank\" rel=\"noopener\">N\u00b0 0054 <\/a><\/strong>DESIGNAR ING. WILSON J\u00c1COME DIRECTOR DE AGUA POTABLE Y ALCANTARILLADO\r\n<strong>19\/06\/2023 <a href=\"https:\/\/shushufindi.gob.ec\/sitio\/wp-content\/uploads\/ACTAS%20Y%20CONVOCATORIAS\/2023\/R%20ADM%20N055%20CAMBIO%20ADMINISTRADOR.pdf\" target=\"_blank\" rel=\"noopener\">N\u00b0 0055 <\/a><\/strong>RATIFICAR AL ING. JOS\u00c9 MACIAS DIRECTOR DE PLANIFICACION COMO ADMINISTRADOR\r\n<strong>23\/06\/2023 <a href=\"https:\/\/shushufindi.gob.ec\/sitio\/wp-content\/uploads\/ACTAS%20Y%20CONVOCATORIAS\/2023\/R%20ADM%20N056%20POTESTAD%20FINANCIERO.pdf\" target=\"_blank\" rel=\"noopener\">N\u00b0 0056 <\/a><\/strong>POTESTAD RESOLUTIVA FINANCIERO AL DIRECTOR FINANCIERO\r\n<strong>28\/06\/2023 <a href=\"https:\/\/shushufindi.gob.ec\/sitio\/wp-content\/uploads\/ACTAS%20Y%20CONVOCATORIAS\/2023\/R%20ADM%20N0057%20POTESTA%20SERVICIOS%20PUBLICOS.pdf\" target=\"_blank\" rel=\"noopener\">N\u00b0 0057 <\/a><\/strong>POTESTAD RESOLUTIVA FINANCIERO AL DIRECTOR SERVICIOS P\u00daBLICOS<\/pre>\n\t\t\t\t\t\t\t\t\t\t\t<\/div>\n\t\t\t\t<\/div>\n\t\t\t\t\t\t\t\n\t\t\t\t\n\t\t\t\t<div class=\"wd-accordion-item\">\n\t\t\t\t\t<div class=\"wd-accordion-title font-primary wd-fontsize-s text-left wd-opener-pos-left wd-font-weight-600\" data-accordion-index=\"6\">\n\t\t\t\t\t\t<div class=\"wd-accordion-title-text\">\n\t\t\t\t\t\t\t\t\t\t\t\t\t\t<span>\n\t\t\t\t\t\t\t\tJULIO\t\t\t\t\t\t\t<\/span>\n\t\t\t\t\t\t<\/div>\n\t\t\t\t\t\t<span class=\"wd-accordion-opener wd-opener-style-arrow\"><\/span>\n\t\t\t\t\t<\/div>\n\n\t\t\t\t\t<div class=\"wd-accordion-content reset-last-child\" data-accordion-index=\"6\">\n\t\t\t\t\t\t\t\t\t\t\t\t\t\n<pre>  \u00a0<strong>FECHA\u00a0 \u00a0 N\u00daMERO RESOLUCI\u00d3N ADMINISTRATIVO<\/strong>\r\n<strong>07\/07\/2023 <a href=\"https:\/\/shushufindi.gob.ec\/sitio\/wp-content\/uploads\/ACTAS%20Y%20CONVOCATORIAS\/2023\/R%20ADM%20N0063%20EGRESO%20Y%20BAJA%20DE%20BIENES.pdf\" target=\"_blank\" rel=\"noopener\">N\u00b00063<\/a> <\/strong>CONFORMAR COMISI\u00d3N PARA EGRESO Y BAJA DE BIENES\r\n<strong>13\/07\/2023 <a href=\"https:\/\/shushufindi.gob.ec\/sitio\/wp-content\/uploads\/ACTAS%20Y%20CONVOCATORIAS\/2023\/R%20ADM%20N0065%20ING.%20WILSON%20J%C3%81COME.pdf\" target=\"_blank\" rel=\"noopener\">N\u00b00065<\/a> <\/strong>DESIGNAR ING. WILSON J\u00c1COME DIRECTOR DE AGUA POTABLE Y ALCANTARILLADO\r\n<strong>20\/07\/2023 <a href=\"https:\/\/shushufindi.gob.ec\/sitio\/wp-content\/uploads\/ACTAS%20Y%20CONVOCATORIAS\/2023\/R%20ADM%20N0066%20ADQUISICI%C3%93N%20VOLQUETAS.pdf\" target=\"_blank\" rel=\"noopener\">N\u00b00066<\/a> <\/strong>DELEGAR ING. YOTHAR JARAMILLO SUPERVISI\u00d3N ADQUISICI\u00d3N VOLQUETAS\r\n<strong>24\/07\/2023 <a href=\"https:\/\/shushufindi.gob.ec\/sitio\/wp-content\/uploads\/ACTAS%20Y%20CONVOCATORIAS\/2023\/R%20ADM%20N067%20ING.%20FRANKNER%20ANZULES.pdf\" target=\"_blank\" rel=\"noopener\">N\u00b00067 <\/a><\/strong>RATIFICAR AL ING. ING. FRANKNER ANZULES ANALISTA AGUA POTABLE COMO ADMINISTRADOR\r\n<strong>27\/07\/2023 <a href=\"https:\/\/shushufindi.gob.ec\/sitio\/wp-content\/uploads\/ACTAS%20Y%20CONVOCATORIAS\/2023\/R%20ADM%20N0068%20CONSEJO%20DE%20PLANIFICACI%C3%93N.pdf\" target=\"_blank\" rel=\"noopener\">N\u00b00068 <\/a><\/strong>INTEGRANTES DEL CONSEJO DE PLANIFICACI\u00d3N<\/pre>\n\t\t\t\t\t\t\t\t\t\t\t<\/div>\n\t\t\t\t<\/div>\n\t\t\t\t\t\t\t\n\t\t\t\t\n\t\t\t\t<div class=\"wd-accordion-item\">\n\t\t\t\t\t<div class=\"wd-accordion-title font-primary wd-fontsize-s text-left wd-opener-pos-left wd-font-weight-600\" data-accordion-index=\"7\">\n\t\t\t\t\t\t<div class=\"wd-accordion-title-text\">\n\t\t\t\t\t\t\t\t\t\t\t\t\t\t<span>\n\t\t\t\t\t\t\t\tAGOSTO\t\t\t\t\t\t\t<\/span>\n\t\t\t\t\t\t<\/div>\n\t\t\t\t\t\t<span class=\"wd-accordion-opener wd-opener-style-arrow\"><\/span>\n\t\t\t\t\t<\/div>\n\n\t\t\t\t\t<div class=\"wd-accordion-content reset-last-child\" data-accordion-index=\"7\">\n\t\t\t\t\t\t\t\t\t\t\t\t\t\n<pre><strong>   FECHA    N\u00daMERO RESOLUCI\u00d3N ADMINISTRATIVA<\/strong>\r\n<strong>17\/08\/2023 <a href=\"https:\/\/shushufindi.gob.ec\/sitio\/wp-content\/uploads\/ACTAS%20Y%20CONVOCATORIAS\/2023\/R%20ADM%20N069%20CONVENIO%20ERRADICACI%C3%93N%20TRABAJO%20INFANTIL.pdf\" target=\"_blank\" rel=\"noopener\">N\u00b00069<\/a> <\/strong>CONVENIO PARA IMPLEMENTAR ERRADICACI\u00d3N DE TRABAJO INFANTIL<\/pre>\n\t\t\t\t\t\t\t\t\t\t\t<\/div>\n\t\t\t\t<\/div>\n\t\t\t\t\t\t\t\n\t\t\t\t\n\t\t\t\t<div class=\"wd-accordion-item\">\n\t\t\t\t\t<div class=\"wd-accordion-title font-primary wd-fontsize-s text-left wd-opener-pos-left wd-font-weight-600\" data-accordion-index=\"8\">\n\t\t\t\t\t\t<div class=\"wd-accordion-title-text\">\n\t\t\t\t\t\t\t\t\t\t\t\t\t\t<span>\n\t\t\t\t\t\t\t\tSEPTIEMBRE\t\t\t\t\t\t\t<\/span>\n\t\t\t\t\t\t<\/div>\n\t\t\t\t\t\t<span class=\"wd-accordion-opener wd-opener-style-arrow\"><\/span>\n\t\t\t\t\t<\/div>\n\n\t\t\t\t\t<div class=\"wd-accordion-content reset-last-child\" data-accordion-index=\"8\">\n\t\t\t\t\t\t\t\t\t\t\t\t\t\n\t\t\t\t\t\t\t\t\t\t\t<\/div>\n\t\t\t\t<\/div>\n\t\t\t\t\t\t\t\n\t\t\t\t\n\t\t\t\t<div class=\"wd-accordion-item\">\n\t\t\t\t\t<div class=\"wd-accordion-title font-primary wd-fontsize-s text-left wd-opener-pos-left wd-font-weight-600\" data-accordion-index=\"9\">\n\t\t\t\t\t\t<div class=\"wd-accordion-title-text\">\n\t\t\t\t\t\t\t\t\t\t\t\t\t\t<span>\n\t\t\t\t\t\t\t\tOCTUBRE\t\t\t\t\t\t\t<\/span>\n\t\t\t\t\t\t<\/div>\n\t\t\t\t\t\t<span class=\"wd-accordion-opener wd-opener-style-arrow\"><\/span>\n\t\t\t\t\t<\/div>\n\n\t\t\t\t\t<div class=\"wd-accordion-content reset-last-child\" data-accordion-index=\"9\">\n\t\t\t\t\t\t\t\t\t\t\t\t\t\n<pre><strong>   FECHA    N\u00daMERO RESOLUCI\u00d3N ADMINISTRATIVA<\/strong>\r\n<strong>05\/10\/2023 <a href=\"https:\/\/shushufindi.gob.ec\/sitio\/wp-content\/uploads\/ACTAS%20Y%20CONVOCATORIAS\/2023\/R%20ADM%20N0077%20OPERADOR%20Y%20COORDINADOR%20SIGAD.pdf\" target=\"_blank\" rel=\"noopener\">N\u00b00077<\/a> <\/strong>DESIGNACI\u00d3N OPERADOR Y COORDINADOR SIGAD\r\n<strong>11\/10\/2023 <a href=\"https:\/\/shushufindi.gob.ec\/sitio\/wp-content\/uploads\/ACTAS%20Y%20CONVOCATORIAS\/2023\/R%20ADM%20N0078%20ING.%20FERNANDO%20PIZARRO.pdf\" target=\"_blank\" rel=\"noopener\">N\u00b00078<\/a> <\/strong>DESIGNAR ING. FERNANDO PIZARRO DIRECTOR DE OBRAS P\u00daBLICAS COMO NUEVO ADMINISTRADOR\r\n<strong>11\/10\/2023 <a href=\"https:\/\/shushufindi.gob.ec\/sitio\/wp-content\/uploads\/ACTAS%20Y%20CONVOCATORIAS\/2023\/R%20ADM%20N0079%20ING.%20MARCO%20NU%C3%91EZ.pdf\" target=\"_blank\" rel=\"noopener\">N\u00b00079<\/a> <\/strong>DESIGNAR ING. MARCO NU\u00d1EZ DIRECTOR CENTRO RESPONSABILIDAD\r\n<strong>13\/10\/2023 <a href=\"https:\/\/shushufindi.gob.ec\/sitio\/wp-content\/uploads\/ACTAS%20Y%20CONVOCATORIAS\/2023\/R%20ADM%20N0080%20CONCURSO%20CHOFERES.pdf\" target=\"_blank\" rel=\"noopener\">N\u00b00080<\/a> <\/strong>ACOGER DECLARATORIA DE GANADORES DE CONCURSO CHOFERES<\/pre>\n\t\t\t\t\t\t\t\t\t\t\t<\/div>\n\t\t\t\t<\/div>\n\t\t\t\t\t\t\t\n\t\t\t\t\n\t\t\t\t<div class=\"wd-accordion-item\">\n\t\t\t\t\t<div class=\"wd-accordion-title font-primary wd-fontsize-s text-left wd-opener-pos-left wd-font-weight-600\" data-accordion-index=\"10\">\n\t\t\t\t\t\t<div class=\"wd-accordion-title-text\">\n\t\t\t\t\t\t\t\t\t\t\t\t\t\t<span>\n\t\t\t\t\t\t\t\tNOVIEMBRE\t\t\t\t\t\t\t<\/span>\n\t\t\t\t\t\t<\/div>\n\t\t\t\t\t\t<span class=\"wd-accordion-opener wd-opener-style-arrow\"><\/span>\n\t\t\t\t\t<\/div>\n\n\t\t\t\t\t<div class=\"wd-accordion-content reset-last-child\" data-accordion-index=\"10\">\n\t\t\t\t\t\t\t\t\t\t\t\t\t\n<pre>  \u00a0<strong>FECHA\u00a0 \u00a0 N\u00daMERO RESULUCI\u00d3N ADMINISTRATIVA<\/strong>\r\n<strong>06\/11\/2023 <a href=\"https:\/\/shushufindi.gob.ec\/sitio\/wp-content\/uploads\/ACTAS%20Y%20CONVOCATORIAS\/2023\/R%20ADM%20N0082%20CONSTATACI%C3%93N%20FISICA%20DE%20BIENES.pdf\" target=\"_blank\" rel=\"noopener\">N\u00b00082<\/a> <\/strong>CONFORMAR COMISI\u00d3N DE CONSTATACI\u00d3N FISICA DE BIENES E INVENTARIOS\r\n<strong>13\/11\/2023 <a href=\"https:\/\/shushufindi.gob.ec\/sitio\/wp-content\/uploads\/ACTAS%20Y%20CONVOCATORIAS\/2023\/R%20ADM%20N0083%20GANADORES%20CHOFERES%20VOLQUETES.pdf\" target=\"_blank\" rel=\"noopener\">N\u00b00083<\/a> <\/strong>DECLARAR GANADORES CONCURSO ABIERTO CHOFERES DE VOLQUETES<\/pre>\n\t\t\t\t\t\t\t\t\t\t\t<\/div>\n\t\t\t\t<\/div>\n\t\t\t\t\t\t\t\n\t\t\t\t\n\t\t\t\t<div class=\"wd-accordion-item\">\n\t\t\t\t\t<div class=\"wd-accordion-title font-primary wd-fontsize-s text-left wd-opener-pos-left wd-font-weight-600\" data-accordion-index=\"11\">\n\t\t\t\t\t\t<div class=\"wd-accordion-title-text\">\n\t\t\t\t\t\t\t\t\t\t\t\t\t\t<span>\n\t\t\t\t\t\t\t\tDICIEMBRE\t\t\t\t\t\t\t<\/span>\n\t\t\t\t\t\t<\/div>\n\t\t\t\t\t\t<span class=\"wd-accordion-opener wd-opener-style-arrow\"><\/span>\n\t\t\t\t\t<\/div>\n\n\t\t\t\t\t<div class=\"wd-accordion-content reset-last-child\" data-accordion-index=\"11\">\n\t\t\t\t\t\t\t\t\t\t\t\t\t\n<pre><strong>  \u00a0FECHA\u00a0 \u00a0 N\u00daMERO RESOLUCI\u00d3N ADMINISTRATIVO<\/strong>\r\n<strong>20\/12\/2023 <a href=\"https:\/\/shushufindi.gob.ec\/sitio\/wp-content\/uploads\/ACTAS%20Y%20CONVOCATORIAS\/2023\/R%20ADM%20N0086%20SUSCRIPCI%C3%93N%20PARCIAL%20CENTRO%20SALUD%20TIPO%20B.pdf\" target=\"_blank\" rel=\"noopener\">N\u00b00086<\/a> <\/strong>SUSCRIPCI\u00d3N PARCIAL CENTRO DE SALUD TIPO B ING. JOS\u00c9 MAC\u00cdAS\r\n<strong>29\/12\/2023 <a href=\"https:\/\/shushufindi.gob.ec\/sitio\/wp-content\/uploads\/ACTAS%20Y%20CONVOCATORIAS\/2023\/R%20ADM%20N0088%20NOMBRAMIENTO%20PROVICIONAL%20GESTION-LACTANCIA.pdf\" target=\"_blank\" rel=\"noopener\">N\u00b00088<\/a> <\/strong>CONCEDER EXTENSI\u00d3N DE NOMBRAMIENTO PROVICIONAL DE GESTION Y LACTANCIA<\/pre>\n\t\t\t\t\t\t\t\t\t\t\t<\/div>\n\t\t\t\t<\/div>\n\t\t\t\t\t\t\t\t\t\t\t\t\t\t<\/div>\n\n\t\t[\/vc_tta_section][vc_tta_section title=\u00bbRESOLUCIONES DESMEMBRACIONES\u00bb tab_id=\u00bb1723731102441-87d20dd0-c2d1&#8243;]\n\t\t<div id=\"wd-66be0d87319e2\" class=\"wd-accordion wd-wpb wd-rs-66be0d87319e2  wd-style-default\" data-state=\"first\">\n\t\t\t\t\t\t\t\n\t\t\t\t\n\t\t\t\t<div class=\"wd-accordion-item\">\n\t\t\t\t\t<div class=\"wd-accordion-title wd-active font-primary wd-fontsize-s text-left wd-opener-pos-left wd-font-weight-600\" data-accordion-index=\"0\">\n\t\t\t\t\t\t<div class=\"wd-accordion-title-text\">\n\t\t\t\t\t\t\t\t\t\t\t\t\t\t<span>\n\t\t\t\t\t\t\t\tENERO\t\t\t\t\t\t\t<\/span>\n\t\t\t\t\t\t<\/div>\n\t\t\t\t\t\t<span class=\"wd-accordion-opener wd-opener-style-arrow\"><\/span>\n\t\t\t\t\t<\/div>\n\n\t\t\t\t\t<div class=\"wd-accordion-content reset-last-child wd-active\" data-accordion-index=\"0\">\n\t\t\t\t\t\t\t\t\t\t\t\t\t\n<pre><strong>   FECHA    N\u00daMERO DE RESOLUCI\u00d3N DE DESMEMBRACI\u00d3N<\/strong>\r\n<strong>03\/01\/2023 <a href=\"https:\/\/shushufindi.gob.ec\/sitio\/wp-content\/uploads\/ACTAS%20Y%20CONVOCATORIAS\/2023\/R%20DESM%20N0001%20SRES.%20ROSADO%20J%20Y%20VERA%20B.pdf\" target=\"_blank\" rel=\"noopener\">N\u00b00001-R<\/a> <\/strong>SRES. ROSADO JOSE Y VERA BETHY\r\n<strong>11\/01\/2023 <a href=\"https:\/\/shushufindi.gob.ec\/sitio\/wp-content\/uploads\/ACTAS%20Y%20CONVOCATORIAS\/2023\/R%20DESM%20N0002%20SRA.%20VELASQUEZ%20M.pdf\" target=\"_blank\" rel=\"noopener\">N\u00b00002-R<\/a> <\/strong>SRA. VELASQUEZ PAREDES MAR\u00cdA\r\n<strong>12\/01\/2023 <a href=\"https:\/\/shushufindi.gob.ec\/sitio\/wp-content\/uploads\/ACTAS%20Y%20CONVOCATORIAS\/2023\/R%20DESM%20N0003%20SRES.%20ORTEGA%20V%20Y%20VARELA%20M.pdf\" target=\"_blank\" rel=\"noopener\">N\u00b00003-R<\/a> <\/strong>SRES. ORTEGA VICTOR Y VARELA MAR\u00cdA\r\n<strong>12\/01\/2023 <a href=\"https:\/\/shushufindi.gob.ec\/sitio\/wp-content\/uploads\/ACTAS%20Y%20CONVOCATORIAS\/2023\/R%20DESM%20N0004%20SR.%20VARGAS%20V.pdf\" target=\"_blank\" rel=\"noopener\">N\u00b00004-R<\/a> <\/strong>SR. VARGAS AILLA VICTOR\r\n<strong>12\/01\/2023 <a href=\"https:\/\/shushufindi.gob.ec\/sitio\/wp-content\/uploads\/ACTAS%20Y%20CONVOCATORIAS\/2023\/R%20DESM%20N0005%20SR.%20CANDO%20J.pdf\" target=\"_blank\" rel=\"noopener\">N\u00b00005-R<\/a> <\/strong>SR. CANDO ECHEVERRIA JOS\u00c9\r\n<strong>12\/01\/2023 <a href=\"https:\/\/shushufindi.gob.ec\/sitio\/wp-content\/uploads\/ACTAS%20Y%20CONVOCATORIAS\/2023\/R%20DESM%20N0006%20SRA.%20ANGULO%20S%20Y%20HEREDEROS.pdf\" target=\"_blank\" rel=\"noopener\">N\u00b00006-R<\/a> <\/strong>SRA. ANGULO SARA Y HEREDEROS\r\n<strong>12\/01\/2023 <a href=\"https:\/\/shushufindi.gob.ec\/sitio\/wp-content\/uploads\/ACTAS%20Y%20CONVOCATORIAS\/2023\/R%20DESM%20N0007%20SRA.%20JARAMILLO%20R%20Y%20HEREDEROS.pdf\" target=\"_blank\" rel=\"noopener\">N\u00b00007-R<\/a> <\/strong>SRA. JARAMILLO ROSA Y HEREDEROS\r\n<strong>12\/01\/2023 <a href=\"https:\/\/shushufindi.gob.ec\/sitio\/wp-content\/uploads\/ACTAS%20Y%20CONVOCATORIAS\/2023\/R%20DESM%20N0008%20SR.%20GAVILANEZ%20%C3%81.pdf\" target=\"_blank\" rel=\"noopener\">N\u00b00008-R<\/a> <\/strong>SR. GAVILANEZ MIRANDA \u00c1NGEL\r\n<strong>12\/01\/2023 <a href=\"https:\/\/shushufindi.gob.ec\/sitio\/wp-content\/uploads\/ACTAS%20Y%20CONVOCATORIAS\/2023\/R%20DESM%20N0009%20SRA.%20JARAMILLO%20R%20Y%20HEREDEROS.pdf\" target=\"_blank\" rel=\"noopener\">N\u00b00009-R<\/a> <\/strong>SRA. JARAMILLO ROSA Y HEREDEROS\r\n<strong>12\/01\/2023 <a href=\"https:\/\/shushufindi.gob.ec\/sitio\/wp-content\/uploads\/ACTAS%20Y%20CONVOCATORIAS\/2023\/R%20DESM%20N0010%20SR.%20VERDEZOTO%20L.pdf\" target=\"_blank\" rel=\"noopener\">N\u00b00010-R<\/a> <\/strong>SR. VERDEZOTO CHUCUYAN LUIS\r\n<strong>12\/01\/2023 <a href=\"https:\/\/shushufindi.gob.ec\/sitio\/wp-content\/uploads\/ACTAS%20Y%20CONVOCATORIAS\/2023\/R%20DESM%20N0011%20SRES.%20GUAMAN%20W%20Y%20CHAMBA%20G.pdf\" target=\"_blank\" rel=\"noopener\">N\u00b00011-R<\/a> <\/strong>SRES. GUAMAN WILMAN Y CHAMBA GLORIA\r\n<strong>23\/01\/2023 <a href=\"https:\/\/shushufindi.gob.ec\/sitio\/wp-content\/uploads\/ACTAS%20Y%20CONVOCATORIAS\/2023\/R%20DESM%20N0012%20%20SR.%20CHICAIZA%20S.pdf\" target=\"_blank\" rel=\"noopener\">N\u00b00012-R<\/a> <\/strong>SR. CHICAIZA TIPANLUISA SEGUNDO\r\n<strong>23\/01\/2023 <a href=\"https:\/\/shushufindi.gob.ec\/sitio\/wp-content\/uploads\/ACTAS%20Y%20CONVOCATORIAS\/2023\/R%20DESM%20N0013%20SR.%20QUINTANA%20%20J.pdf\" target=\"_blank\" rel=\"noopener\">N\u00b00013-R<\/a> <\/strong>SR. QUINTANA JOSE Y HEREDEROS\r\n<strong>23\/01\/2023 <a href=\"https:\/\/shushufindi.gob.ec\/sitio\/wp-content\/uploads\/ACTAS%20Y%20CONVOCATORIAS\/2023\/R%20DESM%20N0014%20SR.%20AREVALO%20C.pdf\" target=\"_blank\" rel=\"noopener\">N\u00b00014-R<\/a> <\/strong>SR. AREVALO SALAN CRISTIAN\r\n<strong>23\/01\/2023 <a href=\"https:\/\/shushufindi.gob.ec\/sitio\/wp-content\/uploads\/ACTAS%20Y%20CONVOCATORIAS\/2023\/R%20DESM%20N0015%20SR.%20ALONSO%20S%20Y%20CUARAN%20E.pdf\" target=\"_blank\" rel=\"noopener\">N\u00b00015-R<\/a> <\/strong>SR. ALONSO SILVIA Y CUARAN ERMENCIA\r\n<strong>30\/01\/2023 <a href=\"https:\/\/shushufindi.gob.ec\/sitio\/wp-content\/uploads\/ACTAS%20Y%20CONVOCATORIAS\/2023\/R%20DESM%20N0016%20SR.%20GUAMAN%20M.pdf\" target=\"_blank\" rel=\"noopener\">N\u00b00016-R<\/a> <\/strong>SR. GUAMAN RUMIGUANO MILTON<\/pre>\n\t\t\t\t\t\t\t\t\t\t\t<\/div>\n\t\t\t\t<\/div>\n\t\t\t\t\t\t\t\n\t\t\t\t\n\t\t\t\t<div class=\"wd-accordion-item\">\n\t\t\t\t\t<div class=\"wd-accordion-title font-primary wd-fontsize-s text-left wd-opener-pos-left wd-font-weight-600\" data-accordion-index=\"1\">\n\t\t\t\t\t\t<div class=\"wd-accordion-title-text\">\n\t\t\t\t\t\t\t\t\t\t\t\t\t\t<span>\n\t\t\t\t\t\t\t\tFEBRERO\t\t\t\t\t\t\t<\/span>\n\t\t\t\t\t\t<\/div>\n\t\t\t\t\t\t<span class=\"wd-accordion-opener wd-opener-style-arrow\"><\/span>\n\t\t\t\t\t<\/div>\n\n\t\t\t\t\t<div class=\"wd-accordion-content reset-last-child\" data-accordion-index=\"1\">\n\t\t\t\t\t\t\t\t\t\t\t\t\t\n<pre><strong>   FECHA    N\u00daMERO DE RESOLUCI\u00d3N DE DESMEMBRACI\u00d3N<\/strong>\r\n<strong>01\/02\/2023 <a href=\"https:\/\/shushufindi.gob.ec\/sitio\/wp-content\/uploads\/ACTAS%20Y%20CONVOCATORIAS\/2023\/R%20DESM%20N0017%20SR.%20RUIZ%20%20M.pdf\" target=\"_blank\" rel=\"noopener\">N\u00b00017-R<\/a> <\/strong>SR. RUIZ CHAVEZ MANUEL\r\n<strong>07\/02\/2023 <a href=\"https:\/\/shushufindi.gob.ec\/sitio\/wp-content\/uploads\/ACTAS%20Y%20CONVOCATORIAS\/2023\/R%20DESM%20N0018%20SR.%20VERDEZOTO%20F.pdf\" target=\"_blank\" rel=\"noopener\">N\u00b00018-R<\/a> <\/strong>SR. VERDEZOTO AGUIAR FLAVIO\r\n<strong>08\/02\/2023 <a href=\"https:\/\/shushufindi.gob.ec\/sitio\/wp-content\/uploads\/ACTAS%20Y%20CONVOCATORIAS\/2023\/R%20DESM%20N0019%20SRA.%20OLGA%20TURA.pdf\" target=\"_blank\" rel=\"noopener\">N\u00b00019-R<\/a> <\/strong>SRA. OLGA BOLIVIA TURA\r\n<strong>08\/02\/2023 <a href=\"https:\/\/shushufindi.gob.ec\/sitio\/wp-content\/uploads\/ACTAS%20Y%20CONVOCATORIAS\/2023\/R%20DESM%20N0020%20SRES.%20JIMENEZ%20C%20Y%20NAJERA%20A.pdf\" target=\"_blank\" rel=\"noopener\">N\u00b00020-R<\/a> <\/strong>SRES. JIMENEZ CARLOS Y NAJERA AIDA\r\n<strong>15\/02\/2023 <a href=\"https:\/\/shushufindi.gob.ec\/sitio\/wp-content\/uploads\/ACTAS%20Y%20CONVOCATORIAS\/2023\/R%20DESM%20N0021%20SR.%20BALAREZO%20H.pdf\" target=\"_blank\" rel=\"noopener\">N\u00b00021-R<\/a> <\/strong>SR. BALAREZO ZAMBRANO HUGO\r\n<strong>15\/02\/2023 <a href=\"https:\/\/shushufindi.gob.ec\/sitio\/wp-content\/uploads\/ACTAS%20Y%20CONVOCATORIAS\/2023\/R%20DESM%20N0022%20SR.%20AJILA%20D.pdf\" target=\"_blank\" rel=\"noopener\">N\u00b00022-R<\/a> <\/strong>SR. AJILA CHINCHAY DARWIN<\/pre>\n\t\t\t\t\t\t\t\t\t\t\t<\/div>\n\t\t\t\t<\/div>\n\t\t\t\t\t\t\t\n\t\t\t\t\n\t\t\t\t<div class=\"wd-accordion-item\">\n\t\t\t\t\t<div class=\"wd-accordion-title font-primary wd-fontsize-s text-left wd-opener-pos-left wd-font-weight-600\" data-accordion-index=\"2\">\n\t\t\t\t\t\t<div class=\"wd-accordion-title-text\">\n\t\t\t\t\t\t\t\t\t\t\t\t\t\t<span>\n\t\t\t\t\t\t\t\tMARZO\t\t\t\t\t\t\t<\/span>\n\t\t\t\t\t\t<\/div>\n\t\t\t\t\t\t<span class=\"wd-accordion-opener wd-opener-style-arrow\"><\/span>\n\t\t\t\t\t<\/div>\n\n\t\t\t\t\t<div class=\"wd-accordion-content reset-last-child\" data-accordion-index=\"2\">\n\t\t\t\t\t\t\t\t\t\t\t\t\t\n<pre><strong>   FECHA    N\u00daMERO DE RESOLUCI\u00d3N DE DESMEMBRACI\u00d3N<\/strong>\r\n<strong>01\/03\/2023 <a href=\"https:\/\/shushufindi.gob.ec\/sitio\/wp-content\/uploads\/ACTAS%20Y%20CONVOCATORIAS\/2023\/R%20DESM%20N0023%20SRA.%20ARIAS%20M.pdf\" target=\"_blank\" rel=\"noopener\">N\u00b00023-R<\/a> <\/strong>SRA. ARIAS VALLEJO MAYRA\r\n<strong>01\/03\/2023 <a href=\"https:\/\/shushufindi.gob.ec\/sitio\/wp-content\/uploads\/ACTAS%20Y%20CONVOCATORIAS\/2023\/R%20DESM%20N0024%20SR.%20LOOR%20J.pdf\" target=\"_blank\" rel=\"noopener\">N\u00b00024-R<\/a> <\/strong>SR. LOOR ZAMBRANO JOSE\r\n<strong>02\/03\/2023 <a href=\"https:\/\/shushufindi.gob.ec\/sitio\/wp-content\/uploads\/ACTAS%20Y%20CONVOCATORIAS\/2023\/R%20DESM%20N0025%20SRA.%20GUAMAN%20G.pdf\" target=\"_blank\" rel=\"noopener\">N\u00b00025-R<\/a> <\/strong>SRA. GUAMAN TUMAILLA GRETI\r\n<strong>01\/03\/2023 <a href=\"https:\/\/shushufindi.gob.ec\/sitio\/wp-content\/uploads\/ACTAS%20Y%20CONVOCATORIAS\/2023\/R%20DESM%20N0026%20SR.%20NARANJO%20L.pdf\" target=\"_blank\" rel=\"noopener\">N\u00b00026<\/a><\/strong><a href=\"https:\/\/shushufindi.gob.ec\/sitio\/wp-content\/uploads\/ACTAS%20Y%20CONVOCATORIAS\/2023\/R%20DESM%20N0026%20SR.%20NARANJO%20L.pdf\" target=\"_blank\" rel=\"noopener\"><strong>-R<\/strong><\/a> SR. NARANJO VARGAS LEOVIGILDO\r\n<strong>02\/03\/2023 <a href=\"https:\/\/shushufindi.gob.ec\/sitio\/wp-content\/uploads\/ACTAS%20Y%20CONVOCATORIAS\/2023\/R%20DESM%20N0027%20SRA.%20ROMERO%20N.pdf\" target=\"_blank\" rel=\"noopener\">N\u00b00027-R<\/a> <\/strong>SRA. BEATRIZ ROMERO NARCIZA\r\n<strong>02\/03\/2023 <a href=\"https:\/\/shushufindi.gob.ec\/sitio\/wp-content\/uploads\/ACTAS%20Y%20CONVOCATORIAS\/2023\/R%20DESM%20N0028%20SR.%20LUCIO%20O.pdf\" target=\"_blank\" rel=\"noopener\">N\u00b00028-R<\/a> <\/strong>SR. LUCIO VICTOR OLEGARIO\r\n<strong>08\/03\/2023 <a href=\"https:\/\/shushufindi.gob.ec\/sitio\/wp-content\/uploads\/ACTAS%20Y%20CONVOCATORIAS\/2023\/R%20DESM%20N0029%20SR.%20CAMACHO%20D.pdf\" target=\"_blank\" rel=\"noopener\">N\u00b00029-R<\/a> <\/strong>SR. CAMACHO DANIEL ROMERO\r\n<strong>10\/03\/2023 <a href=\"https:\/\/shushufindi.gob.ec\/sitio\/wp-content\/uploads\/ACTAS%20Y%20CONVOCATORIAS\/2023\/R%20DESM%20N0030%20SR.%20RUEDA%20A.pdf\" target=\"_blank\" rel=\"noopener\">N\u00b00030-R<\/a> <\/strong>SR. RUEDA ESPINOZA ANGEL\r\n<strong>08\/03\/2023 <a href=\"https:\/\/shushufindi.gob.ec\/sitio\/wp-content\/uploads\/ACTAS%20Y%20CONVOCATORIAS\/2023\/R%20DESM%20N0031%20SR.%20ENRIQUE%20D.pdf\" target=\"_blank\" rel=\"noopener\">N\u00b00031-R<\/a> <\/strong>SR. ENRIQUE ENCARNACI\u00d3N DIGNA\r\n<strong>10\/03\/2023 <a href=\"https:\/\/shushufindi.gob.ec\/sitio\/wp-content\/uploads\/ACTAS%20Y%20CONVOCATORIAS\/2023\/R%20DESM%20N0032%20SR.%20LOOR%20M.pdf\" target=\"_blank\" rel=\"noopener\">N\u00b00032-R<\/a> <\/strong>SR. LOOR ROSADO MIRIAM\r\n<strong>15\/03\/2023 <a href=\"https:\/\/shushufindi.gob.ec\/sitio\/wp-content\/uploads\/ACTAS%20Y%20CONVOCATORIAS\/2023\/R%20DESM%20N0033%20SR.%20GUAMAN%20E.pdf\" target=\"_blank\" rel=\"noopener\">N\u00b00033-R<\/a> <\/strong>SR. GUAMAN GUAMAN EFRAIN\r\n<strong>16\/03\/2023 <a href=\"https:\/\/shushufindi.gob.ec\/sitio\/wp-content\/uploads\/ACTAS%20Y%20CONVOCATORIAS\/2023\/R%20DESM%20N0034%20SR.%20CANDO%20C.pdf\" target=\"_blank\" rel=\"noopener\">N\u00b00034-R<\/a> <\/strong>SR. CANDO MALLA CECILIO\r\n<strong>20\/03\/2023 <a href=\"https:\/\/shushufindi.gob.ec\/sitio\/wp-content\/uploads\/ACTAS%20Y%20CONVOCATORIAS\/2023\/R%20DESM%20N0035%20SRA.%20GREFA%20M.pdf\" target=\"_blank\" rel=\"noopener\">N\u00b00035-R<\/a> <\/strong>SRA. GREFA TANGUILA MARCIA\r\n<strong>28\/03\/2023 <a href=\"https:\/\/shushufindi.gob.ec\/sitio\/wp-content\/uploads\/ACTAS%20Y%20CONVOCATORIAS\/2023\/R%20DESM%20N0036%20SR.%20PAGALO%20M.pdf\" target=\"_blank\" rel=\"noopener\">N\u00b00036-R<\/a> <\/strong>SR. PAGALO CORONADO MIGUEL\r\n<strong>28\/03\/2023 <a href=\"https:\/\/shushufindi.gob.ec\/sitio\/wp-content\/uploads\/ACTAS%20Y%20CONVOCATORIAS\/2023\/R%20DESM%20N0037%20SR.%20ACIPUELA%20M.pdf\" target=\"_blank\" rel=\"noopener\">N\u00b00037-R<\/a> <\/strong>SR. ACIPUELA HARO MARIA<\/pre>\n\t\t\t\t\t\t\t\t\t\t\t<\/div>\n\t\t\t\t<\/div>\n\t\t\t\t\t\t\t\n\t\t\t\t\n\t\t\t\t<div class=\"wd-accordion-item\">\n\t\t\t\t\t<div class=\"wd-accordion-title font-primary wd-fontsize-s text-left wd-opener-pos-left wd-font-weight-600\" data-accordion-index=\"3\">\n\t\t\t\t\t\t<div class=\"wd-accordion-title-text\">\n\t\t\t\t\t\t\t\t\t\t\t\t\t\t<span>\n\t\t\t\t\t\t\t\tABRIL\t\t\t\t\t\t\t<\/span>\n\t\t\t\t\t\t<\/div>\n\t\t\t\t\t\t<span class=\"wd-accordion-opener wd-opener-style-arrow\"><\/span>\n\t\t\t\t\t<\/div>\n\n\t\t\t\t\t<div class=\"wd-accordion-content reset-last-child\" data-accordion-index=\"3\">\n\t\t\t\t\t\t\t\t\t\t\t\t\t\n<pre><strong>   FECHA    N\u00daMERO DE RESOLUCI\u00d3N DE DESMEMBRACI\u00d3N<\/strong>\r\n<strong>03\/04\/2023 <a href=\"https:\/\/shushufindi.gob.ec\/sitio\/wp-content\/uploads\/ACTAS%20Y%20CONVOCATORIAS\/2023\/R%20DESM%20N0038%20SR.%20CASTILLO%20J.pdf\" target=\"_blank\" rel=\"noopener\">N\u00b00038-R<\/a> <\/strong>SR. CASTILLO VEGA JOSE\r\n<strong>03\/04\/2023 <a href=\"https:\/\/shushufindi.gob.ec\/sitio\/wp-content\/uploads\/ACTAS%20Y%20CONVOCATORIAS\/2023\/R%20DESM%20N0039%20SR.%20SIGUENCIA%20K.pdf\" target=\"_blank\" rel=\"noopener\">N\u00b00039-R<\/a> <\/strong>SR. SIGUENCIA MOROCHO KLEBER\r\n<strong>03\/04\/2023 <a href=\"https:\/\/shushufindi.gob.ec\/sitio\/wp-content\/uploads\/ACTAS%20Y%20CONVOCATORIAS\/2023\/R%20DESM%20N0040%20SR.%20MATUTE%20J.pdf\" target=\"_blank\" rel=\"noopener\">N\u00b00040-R<\/a> <\/strong>SR. MATUTE CASTRO JOSE\r\n<strong>12\/04\/2023 <a href=\"https:\/\/shushufindi.gob.ec\/sitio\/wp-content\/uploads\/ACTAS%20Y%20CONVOCATORIAS\/2023\/R%20DESM%20N0041%20SR.%20ALEJANDRO%20A.pdf\" target=\"_blank\" rel=\"noopener\">N\u00b00041-R<\/a> <\/strong>SR. ALEJANDRO CEVALLOS ANIBAL\r\n<strong>11\/04\/2023 <a href=\"https:\/\/shushufindi.gob.ec\/sitio\/wp-content\/uploads\/ACTAS%20Y%20CONVOCATORIAS\/2023\/R%20DESM%20N0042%20SR.VERDEZOTO%20J.pdf\" target=\"_blank\" rel=\"noopener\">N\u00b00042-R<\/a> <\/strong>SR. VERDEZOTO VARGAS JAIME\r\n<strong>17\/04\/2023 <a href=\"https:\/\/shushufindi.gob.ec\/sitio\/wp-content\/uploads\/ACTAS%20Y%20CONVOCATORIAS\/2023\/R%20DESM%20N0043%20SR.%20MAYORGA%20A.pdf\" target=\"_blank\" rel=\"noopener\">N\u00b00043-R<\/a> <\/strong>SR. MAYORGA GUERRA ABD\u00d3N\r\n<strong>28\/04\/2023 <a href=\"https:\/\/shushufindi.gob.ec\/sitio\/wp-content\/uploads\/ACTAS%20Y%20CONVOCATORIAS\/2023\/R%20DESM%20N0044%20SR.%20LEDESMA%20L.pdf\" target=\"_blank\" rel=\"noopener\">N\u00b00044-R<\/a> <\/strong>SR. LEDESMA GAIBOR LUIS\r\n<strong>28\/04\/2023 <a href=\"https:\/\/shushufindi.gob.ec\/sitio\/wp-content\/uploads\/ACTAS%20Y%20CONVOCATORIAS\/2023\/R%20DESM%20N0045%20SRA.%20ALVAREZ%20%20E.pdf\" target=\"_blank\" rel=\"noopener\">N\u00b00045-R<\/a> <\/strong>SRA. ALVAREZ PE\u00d1AFIEL EVELYN\r\n<strong>28\/04\/2023 <a href=\"https:\/\/shushufindi.gob.ec\/sitio\/wp-content\/uploads\/ACTAS%20Y%20CONVOCATORIAS\/2023\/R%20DESM%20N0046%20SR.%20GAMEZ%20D.pdf\" target=\"_blank\" rel=\"noopener\">N\u00b00046-R<\/a> <\/strong>SR. GAMEZ CHARCOPA DIOGENE\r\n<strong>28\/04\/2023 <a href=\"https:\/\/shushufindi.gob.ec\/sitio\/wp-content\/uploads\/ACTAS%20Y%20CONVOCATORIAS\/2023\/R%20DESM%20N0047%20SR.%20NARANJO%20H.pdf\" target=\"_blank\" rel=\"noopener\">N\u00b00047-R<\/a> <\/strong>SR. NARANJO SIZA HOLGER<\/pre>\n\t\t\t\t\t\t\t\t\t\t\t<\/div>\n\t\t\t\t<\/div>\n\t\t\t\t\t\t\t\n\t\t\t\t\n\t\t\t\t<div class=\"wd-accordion-item\">\n\t\t\t\t\t<div class=\"wd-accordion-title font-primary wd-fontsize-s text-left wd-opener-pos-left wd-font-weight-600\" data-accordion-index=\"4\">\n\t\t\t\t\t\t<div class=\"wd-accordion-title-text\">\n\t\t\t\t\t\t\t\t\t\t\t\t\t\t<span>\n\t\t\t\t\t\t\t\tMAYO\t\t\t\t\t\t\t<\/span>\n\t\t\t\t\t\t<\/div>\n\t\t\t\t\t\t<span class=\"wd-accordion-opener wd-opener-style-arrow\"><\/span>\n\t\t\t\t\t<\/div>\n\n\t\t\t\t\t<div class=\"wd-accordion-content reset-last-child\" data-accordion-index=\"4\">\n\t\t\t\t\t\t\t\t\t\t\t\t\t\n<pre><strong>   FECHA    N\u00daMERO DE RESOLUCI\u00d3N DE DESMEMBRACI\u00d3N<\/strong>\r\n<strong>16\/05\/2023 <a href=\"https:\/\/shushufindi.gob.ec\/sitio\/wp-content\/uploads\/ACTAS%20Y%20CONVOCATORIAS\/2023\/R%20DESM%20N0048%20SR.%20VERDEZOTO%20L.pdf\" target=\"_blank\" rel=\"noopener\">N\u00b00048-RD<\/a> <\/strong>SR. VERDEZOTO CHUCUYAN LUIS\r\n<strong>16\/05\/2023 <a href=\"https:\/\/shushufindi.gob.ec\/sitio\/wp-content\/uploads\/ACTAS%20Y%20CONVOCATORIAS\/2023\/R%20DESM%20N0049%20SR.%20PINTA%20J.pdf\" target=\"_blank\" rel=\"noopener\">N\u00b00049-RD<\/a> <\/strong>SR. PINTA AGUIRRE JOSELITO\r\n<strong>18\/05\/2023 <a href=\"https:\/\/shushufindi.gob.ec\/sitio\/wp-content\/uploads\/ACTAS%20Y%20CONVOCATORIAS\/2023\/R%20DESM%20N0050%20SR.%20CAMPOVERDE%20M.pdf\" target=\"_blank\" rel=\"noopener\">N\u00b00050-RD<\/a> <\/strong>SR. CAMPOVERDE GARCIA MIGUEL\r\n<strong>19\/05\/2023 <a href=\"https:\/\/shushufindi.gob.ec\/sitio\/wp-content\/uploads\/ACTAS%20Y%20CONVOCATORIAS\/2023\/R%20DESM%20N0051%20SR.%20DOMINGUEZ%20L.pdf\" target=\"_blank\" rel=\"noopener\">N\u00b00051-RD<\/a> <\/strong>SR. DOMINGUEZ JARA LUIS\r\n<strong>25\/05\/2023 <a href=\"https:\/\/shushufindi.gob.ec\/sitio\/wp-content\/uploads\/ACTAS%20Y%20CONVOCATORIAS\/2023\/R%20DESM%20N0052%20SR.%20SOTO%20C%20Y%20QUIZHPE%20S.pdf\" target=\"_blank\" rel=\"noopener\">N\u00b00052-RD<\/a> <\/strong>SR. SOTO CLOTARIO Y QUIZHPE SONNIA\r\n<strong>05\/05\/2023 <a href=\"https:\/\/shushufindi.gob.ec\/sitio\/wp-content\/uploads\/ACTAS%20Y%20CONVOCATORIAS\/2023\/R%20DESM%20N0053%20SRES.%20ZAPATA%20C%20Y%20RUIZ%20D.pdf\" target=\"_blank\" rel=\"noopener\">N\u00b00053-RD<\/a> <\/strong>SRES. ZAPATA COLON Y RUIZ DIGNA\r\n<strong>05\/05\/2023 <a href=\"https:\/\/shushufindi.gob.ec\/sitio\/wp-content\/uploads\/ACTAS%20Y%20CONVOCATORIAS\/2023\/R%20DESM%20N0054%20SRES.%20QUIZHPE%20C%20Y%20%20CHILLOGALLO%20Z.pdf\" target=\"_blank\" rel=\"noopener\">N\u00b00054-RD<\/a> <\/strong>SRES. QUIZHPE CARLOS Y CHILLOGALLO ZOILA\r\n<strong>05\/05\/2023 <a href=\"https:\/\/shushufindi.gob.ec\/sitio\/wp-content\/uploads\/ACTAS%20Y%20CONVOCATORIAS\/2023\/R%20DESM%20N0055%20SRA.%20TANGILA%20E.pdf\" target=\"_blank\" rel=\"noopener\">N\u00b00055-RD<\/a> <\/strong>SRA. TANGILA NOTENO ELISA\r\n<strong>05\/05\/2023 <a href=\"https:\/\/shushufindi.gob.ec\/sitio\/wp-content\/uploads\/ACTAS%20Y%20CONVOCATORIAS\/2023\/R%20DESM%20N0056%20SRA.%20ARMIJO%20M.pdf\" target=\"_blank\" rel=\"noopener\">N\u00b00056-RD<\/a> <\/strong>SRA. ARMIJO CUZCO MARIA\r\n<strong>05\/05\/2023 <a href=\"https:\/\/shushufindi.gob.ec\/sitio\/wp-content\/uploads\/ACTAS%20Y%20CONVOCATORIAS\/2023\/R%20DESM%20N0057%20SR.%20VEGA%20J.pdf\" target=\"_blank\" rel=\"noopener\">N\u00b00057-RD<\/a> <\/strong>SR. VEGA CAICEDO JULIO\r\n<strong>05\/05\/2023 <a href=\"https:\/\/shushufindi.gob.ec\/sitio\/wp-content\/uploads\/ACTAS%20Y%20CONVOCATORIAS\/2023\/R%20DESM%20N0058%20SRA.%20COBE%C3%91A%20C.pdf\" target=\"_blank\" rel=\"noopener\">N\u00b00058-RD<\/a> <\/strong>SRA. COBE\u00d1A VERA CRUZ\r\n<strong>25\/05\/2023 <a href=\"https:\/\/shushufindi.gob.ec\/sitio\/wp-content\/uploads\/ACTAS%20Y%20CONVOCATORIAS\/2023\/R%20DESM%20N0059%20SR.%20VARGAS%20S.pdf\" target=\"_blank\" rel=\"noopener\">N\u00b00059-RD<\/a> <\/strong>SR. VARGAS BARBA SANTOS<\/pre>\n\t\t\t\t\t\t\t\t\t\t\t<\/div>\n\t\t\t\t<\/div>\n\t\t\t\t\t\t\t\n\t\t\t\t\n\t\t\t\t<div class=\"wd-accordion-item\">\n\t\t\t\t\t<div class=\"wd-accordion-title font-primary wd-fontsize-s text-left wd-opener-pos-left wd-font-weight-600\" data-accordion-index=\"5\">\n\t\t\t\t\t\t<div class=\"wd-accordion-title-text\">\n\t\t\t\t\t\t\t\t\t\t\t\t\t\t<span>\n\t\t\t\t\t\t\t\tJUNIO\t\t\t\t\t\t\t<\/span>\n\t\t\t\t\t\t<\/div>\n\t\t\t\t\t\t<span class=\"wd-accordion-opener wd-opener-style-arrow\"><\/span>\n\t\t\t\t\t<\/div>\n\n\t\t\t\t\t<div class=\"wd-accordion-content reset-last-child\" data-accordion-index=\"5\">\n\t\t\t\t\t\t\t\t\t\t\t\t\t\n<pre><strong>   FECHA    N\u00daMERO DE RESOLUCI\u00d3N DE DESMEMBRACI\u00d3N<\/strong>\r\n<strong>08\/06\/2023 <a href=\"https:\/\/shushufindi.gob.ec\/sitio\/wp-content\/uploads\/ACTAS%20Y%20CONVOCATORIAS\/2023\/R%20DESM%20N0060%20SRA.%20JUMBO%20R.pdf\" target=\"_blank\" rel=\"noopener\">N\u00b00060-RD<\/a> <\/strong>SRA. JUMBO RODRIGUEZ ROSA\r\n<strong>08\/06\/2023 <a href=\"https:\/\/shushufindi.gob.ec\/sitio\/wp-content\/uploads\/ACTAS%20Y%20CONVOCATORIAS\/2023\/R%20DESM%20N0061%20SR.%20LEMA%20G.pdf\" target=\"_blank\" rel=\"noopener\">N\u00b00061-RD<\/a> <\/strong>SR. LEMA GUINGLA GUALBERTO\r\n<strong>08\/06\/2023 <a href=\"https:\/\/shushufindi.gob.ec\/sitio\/wp-content\/uploads\/ACTAS%20Y%20CONVOCATORIAS\/2023\/R%20DESM%20N0062%20SR.%20SOLARTE%20J.pdf\" target=\"_blank\" rel=\"noopener\">N\u00b00062-RD<\/a> <\/strong>SR. SOLARTE MITES JOSE\r\n<strong>08\/05\/2023 <a href=\"https:\/\/shushufindi.gob.ec\/sitio\/wp-content\/uploads\/ACTAS%20Y%20CONVOCATORIAS\/2023\/R%20DESM%20N0063%20SRA.%20CHUCUYAN%20M.pdf\" target=\"_blank\" rel=\"noopener\">N\u00b00063-RD<\/a> <\/strong>SRA. CHUCUYAN SANCHEZ MELIDA\r\n<strong>13\/06\/2023 <a href=\"https:\/\/shushufindi.gob.ec\/sitio\/wp-content\/uploads\/ACTAS%20Y%20CONVOCATORIAS\/2023\/R%20DESM%20N0064%20SR.%20LEMA%20J.pdf\" target=\"_blank\" rel=\"noopener\">N\u00b00064-RD<\/a> <\/strong>SR. LEMA PANTI JOSE\r\n<strong>26\/06\/2023 <a href=\"https:\/\/shushufindi.gob.ec\/sitio\/wp-content\/uploads\/ACTAS%20Y%20CONVOCATORIAS\/2023\/R%20DESM%20N0065%20SRES.%20RODRIGUEZ%20F%20Y%20LITARDO%20C.pdf\" target=\"_blank\" rel=\"noopener\">N\u00b00065-RD<\/a> <\/strong>SRES. RODRIGUEZ FLAVIO Y LITARDO CRISTINA\r\n<strong>26\/06\/2023 <a href=\"https:\/\/shushufindi.gob.ec\/sitio\/wp-content\/uploads\/ACTAS%20Y%20CONVOCATORIAS\/2023\/R%20DESM%20N0066%20SR.%20GARCIA%20M.pdf\" target=\"_blank\" rel=\"noopener\">N\u00b00066-RD<\/a> <\/strong>SR. GARCIA RUIZ MARIO\r\n<strong>26\/06\/2023 <a href=\"https:\/\/shushufindi.gob.ec\/sitio\/wp-content\/uploads\/ACTAS%20Y%20CONVOCATORIAS\/2023\/R%20DESM%20N0067%20SRES.%20VILLACIS%20Y%20Y%20CALERO%20J.pdf\" target=\"_blank\" rel=\"noopener\">N\u00b00067-RD<\/a> <\/strong>SRES. VILLACIS YESSICA Y CALERO JAIME<\/pre>\n\t\t\t\t\t\t\t\t\t\t\t<\/div>\n\t\t\t\t<\/div>\n\t\t\t\t\t\t\t\n\t\t\t\t\n\t\t\t\t<div class=\"wd-accordion-item\">\n\t\t\t\t\t<div class=\"wd-accordion-title font-primary wd-fontsize-s text-left wd-opener-pos-left wd-font-weight-600\" data-accordion-index=\"6\">\n\t\t\t\t\t\t<div class=\"wd-accordion-title-text\">\n\t\t\t\t\t\t\t\t\t\t\t\t\t\t<span>\n\t\t\t\t\t\t\t\tJULIO\t\t\t\t\t\t\t<\/span>\n\t\t\t\t\t\t<\/div>\n\t\t\t\t\t\t<span class=\"wd-accordion-opener wd-opener-style-arrow\"><\/span>\n\t\t\t\t\t<\/div>\n\n\t\t\t\t\t<div class=\"wd-accordion-content reset-last-child\" data-accordion-index=\"6\">\n\t\t\t\t\t\t\t\t\t\t\t\t\t\n<pre><strong>FECHA N\u00daMERO DE RESOLUCI\u00d3N DE DESMEMBRACI\u00d3N<\/strong>\r\n<strong>03\/07\/2023 <a href=\"https:\/\/shushufindi.gob.ec\/sitio\/wp-content\/uploads\/ACTAS%20Y%20CONVOCATORIAS\/2023\/R%20DESM%20N0068%20SRA.%20DIAZ%20L.pdf\" target=\"_blank\" rel=\"noopener\">N\u00b00068-RD<\/a> <\/strong>SRA. DIAZ ROMAN LORGIA\r\n<strong>17\/07\/2023 <a href=\"https:\/\/shushufindi.gob.ec\/sitio\/wp-content\/uploads\/ACTAS%20Y%20CONVOCATORIAS\/2023\/R%20DESM%20N0069%20SRES.%20CHAMBA%20L%20Y%20ROMERO%20G.pdf\" target=\"_blank\" rel=\"noopener\">N\u00b00069-RD<\/a> <\/strong>SRES. CHAMBA LILIA Y ROMERO GALO\r\n<strong>17\/07\/2023 <a href=\"https:\/\/shushufindi.gob.ec\/sitio\/wp-content\/uploads\/ACTAS%20Y%20CONVOCATORIAS\/2023\/R%20DESM%20N0070%20SRES.%20LALANGUI%20L%20Y%20ASIPUELA%20M.pdf\" target=\"_blank\" rel=\"noopener\">N\u00b00070-RD<\/a> <\/strong>SRES. LALANGUI LORENZO Y ASIPUELA MAR\u00cdA<\/pre>\n\t\t\t\t\t\t\t\t\t\t\t<\/div>\n\t\t\t\t<\/div>\n\t\t\t\t\t\t\t\n\t\t\t\t\n\t\t\t\t<div class=\"wd-accordion-item\">\n\t\t\t\t\t<div class=\"wd-accordion-title font-primary wd-fontsize-s text-left wd-opener-pos-left wd-font-weight-600\" data-accordion-index=\"7\">\n\t\t\t\t\t\t<div class=\"wd-accordion-title-text\">\n\t\t\t\t\t\t\t\t\t\t\t\t\t\t<span>\n\t\t\t\t\t\t\t\tAGOSTO\t\t\t\t\t\t\t<\/span>\n\t\t\t\t\t\t<\/div>\n\t\t\t\t\t\t<span class=\"wd-accordion-opener wd-opener-style-arrow\"><\/span>\n\t\t\t\t\t<\/div>\n\n\t\t\t\t\t<div class=\"wd-accordion-content reset-last-child\" data-accordion-index=\"7\">\n\t\t\t\t\t\t\t\t\t\t\t\t\t\n<pre><strong>   FECHA    N\u00daMERO DE RESOLUCI\u00d3N DE DESMEMBRACI\u00d3N<\/strong>\r\n<strong>01\/08\/2023 <a href=\"https:\/\/shushufindi.gob.ec\/sitio\/wp-content\/uploads\/ACTAS%20Y%20CONVOCATORIAS\/2023\/R%20DESM%20N0071%20SRES.%20GUALPA%20A%20Y%20PE%C3%91A%20M.pdf\" target=\"_blank\" rel=\"noopener\">N\u00b00071-RD<\/a> <\/strong>SRES. GUALPA ROCHINA ANGEL Y PE\u00d1A CHIMBORAZO MARIA\r\n<strong>01\/08\/2023 <a href=\"https:\/\/shushufindi.gob.ec\/sitio\/wp-content\/uploads\/ACTAS%20Y%20CONVOCATORIAS\/2023\/R%20DESM%20N0072%20SRES.%20TANGUILA%20D%20Y%20PONCE%20N.pdf\" target=\"_blank\" rel=\"noopener\">N\u00b00072-RD<\/a> <\/strong>SRES. TANGUILA DOMINGO Y PONCE NARCISA\r\n<strong>01\/08\/2023 <a href=\"https:\/\/shushufindi.gob.ec\/sitio\/wp-content\/uploads\/ACTAS%20Y%20CONVOCATORIAS\/2023\/R%20DESM%20N0073%20SRES.%20MONTERO%20A%20Y%20VARGAS%20E.pdf\" target=\"_blank\" rel=\"noopener\">N\u00b00073-RD<\/a> <\/strong>SRES. MONTERO ANGEL Y VARGAS EMMA\r\n<strong>14\/08\/2023 <a href=\"https:\/\/shushufindi.gob.ec\/sitio\/wp-content\/uploads\/ACTAS%20Y%20CONVOCATORIAS\/2023\/R%20DESM%20N0074%20SRES.%20LUCERO%20D%20Y%20ESTRADA%20H.pdf\" target=\"_blank\" rel=\"noopener\">N\u00b00074-RD<\/a> <\/strong>SRES. LUCERO DAVID Y ESTRADA HILARIA\r\n<strong>22\/08\/2023 <a href=\"https:\/\/shushufindi.gob.ec\/sitio\/wp-content\/uploads\/ACTAS%20Y%20CONVOCATORIAS\/2023\/R%20DESM%20N0075%20SR.%20RODRIGUEZ%20J.pdf\" target=\"_blank\" rel=\"noopener\">N\u00b00075-RD<\/a> <\/strong>SR. RODRIGUEZ FAJARDO JOS\u00c9\r\n<strong>22\/08\/2023 <a href=\"https:\/\/shushufindi.gob.ec\/sitio\/wp-content\/uploads\/ACTAS%20Y%20CONVOCATORIAS\/2023\/R%20DESM%20N0076%20SRES.%20J%C3%81COME%20F%20%20Y%20MARCIA%20F.pdf\" target=\"_blank\" rel=\"noopener\">N\u00b00076-RD<\/a> <\/strong>SRES. J\u00c1COME FLAVIO Y MARCIA FRANCO\r\n<strong>25\/08\/2023 <a href=\"https:\/\/shushufindi.gob.ec\/sitio\/wp-content\/uploads\/ACTAS%20Y%20CONVOCATORIAS\/2023\/R%20DESM%20N0077%20SRES.%20TALAGA%20F%20Y%20PE%C3%91A%20R.pdf\" target=\"_blank\" rel=\"noopener\">N\u00b00077-RD<\/a> <\/strong>SRES. TALAGA FERMIN Y PE\u00d1A ROSARIO\r\n<strong>31\/08\/2023 <a href=\"https:\/\/shushufindi.gob.ec\/sitio\/wp-content\/uploads\/ACTAS%20Y%20CONVOCATORIAS\/2023\/R%20DESM%20N0078%20SRES.%20MORA%20J%20Y%20TORRES%20S.pdf\" target=\"_blank\" rel=\"noopener\">N\u00b00078-RD<\/a> <\/strong>SRES. MORA JORGE Y TORRES SONIA\r\n<strong>31\/08\/2023 <a href=\"https:\/\/shushufindi.gob.ec\/sitio\/wp-content\/uploads\/ACTAS%20Y%20CONVOCATORIAS\/2023\/R%20DESM%20N0079%20SR.%20GOMEZ%20L.pdf\" target=\"_blank\" rel=\"noopener\">N\u00b00079-RD<\/a> <\/strong>SR. GOMEZ LUIS RUBEN<\/pre>\n\t\t\t\t\t\t\t\t\t\t\t<\/div>\n\t\t\t\t<\/div>\n\t\t\t\t\t\t\t\n\t\t\t\t\n\t\t\t\t<div class=\"wd-accordion-item\">\n\t\t\t\t\t<div class=\"wd-accordion-title font-primary wd-fontsize-s text-left wd-opener-pos-left wd-font-weight-600\" data-accordion-index=\"8\">\n\t\t\t\t\t\t<div class=\"wd-accordion-title-text\">\n\t\t\t\t\t\t\t\t\t\t\t\t\t\t<span>\n\t\t\t\t\t\t\t\tSEPTIEMBRE\t\t\t\t\t\t\t<\/span>\n\t\t\t\t\t\t<\/div>\n\t\t\t\t\t\t<span class=\"wd-accordion-opener wd-opener-style-arrow\"><\/span>\n\t\t\t\t\t<\/div>\n\n\t\t\t\t\t<div class=\"wd-accordion-content reset-last-child\" data-accordion-index=\"8\">\n\t\t\t\t\t\t\t\t\t\t\t\t\t\n<pre><strong>   FECHA    N\u00daMERO DE RESOLUCI\u00d3N DE DESMEMBRACI\u00d3N<\/strong>\r\n<strong>06\/09\/2023 <a href=\"https:\/\/shushufindi.gob.ec\/sitio\/wp-content\/uploads\/ACTAS%20Y%20CONVOCATORIAS\/2023\/R%20DESM%20N0080%20SRES.%20BUSTAMANTE%20E%20Y%20ROBLES%20M.pdf\" target=\"_blank\" rel=\"noopener\">N\u00b00080-RD<\/a> <\/strong>SRES. BUSTAMANTE ESTEBAN Y ROBLES MARIA\r\n<strong>06\/09\/2023 <a href=\"https:\/\/shushufindi.gob.ec\/sitio\/wp-content\/uploads\/ACTAS%20Y%20CONVOCATORIAS\/2023\/R%20DESM%20N0081%20SRES.%20GAROFALO%20%C3%81%20Y%20ALARC%C3%93N%20C.pdf\" target=\"_blank\" rel=\"noopener\">N\u00b00081-RD<\/a> <\/strong>SRES. GAROFALO \u00c1NGEL Y ALARC\u00d3N C\u00c9LIDA\r\n<strong>06\/09\/2023 <a href=\"https:\/\/shushufindi.gob.ec\/sitio\/wp-content\/uploads\/ACTAS%20Y%20CONVOCATORIAS\/2023\/R%20DESM%20N0082%20SR.%20CARTUCHE%20N.pdf\" target=\"_blank\" rel=\"noopener\">N\u00b00082-RD<\/a> <\/strong>SR. CARTUCHE GOMEZ NARCISO\r\n<strong>06\/09\/2023 <a href=\"https:\/\/shushufindi.gob.ec\/sitio\/wp-content\/uploads\/ACTAS%20Y%20CONVOCATORIAS\/2023\/R%20DESM%20N0083%20SR.%20CAMBO%20D.pdf\" target=\"_blank\" rel=\"noopener\">N\u00b00083-RD<\/a> <\/strong>SR. CAMBO VIVAS DARWIN\r\n<strong>06\/09\/2023 <a href=\"https:\/\/shushufindi.gob.ec\/sitio\/wp-content\/uploads\/ACTAS%20Y%20CONVOCATORIAS\/2023\/R%20DESM%20N0084%20SRES.%20ORTEGA%20A%20Y%20S%C3%81NCHEZ%20T.pdf\" target=\"_blank\" rel=\"noopener\">N\u00b00084-RD<\/a> <\/strong>SRES. ORTEGA ARGENJO Y S\u00c1NCHEZ TOMASA\r\n<strong>08\/09\/2023 <a href=\"https:\/\/shushufindi.gob.ec\/sitio\/wp-content\/uploads\/ACTAS%20Y%20CONVOCATORIAS\/2023\/R%20DESM%20N0085%20SR.%20PULLA%20F.pdf\" target=\"_blank\" rel=\"noopener\">N\u00b00085-RD<\/a> <\/strong>SR. PULLA CORONEL FELIX\r\n<strong>08\/09\/2023 <a href=\"https:\/\/shushufindi.gob.ec\/sitio\/wp-content\/uploads\/ACTAS%20Y%20CONVOCATORIAS\/2023\/R%20DESM%20N0086%20SR.%20BOADA%20H.pdf\" target=\"_blank\" rel=\"noopener\">N\u00b00086-RD<\/a> <\/strong>SR. BOADA GAIBOR HOLGER\r\n<strong>08\/09\/2023 <a href=\"https:\/\/shushufindi.gob.ec\/sitio\/wp-content\/uploads\/ACTAS%20Y%20CONVOCATORIAS\/2023\/R%20DESM%20N0087%20SRES.%20MALLA%20F%20Y%20ZAMBRANO%20J.pdf\" target=\"_blank\" rel=\"noopener\">N\u00b00087-RD<\/a> <\/strong>SRES. MALLA FRANCISA Y ZAMBRANO JOSE\r\n<strong>11\/09\/2023 <a href=\"https:\/\/shushufindi.gob.ec\/sitio\/wp-content\/uploads\/ACTAS%20Y%20CONVOCATORIAS\/2023\/R%20DESM%20N0088%20SRES.%20CABRERA%20N%20Y%20SARANGO%20R.pdf\" target=\"_blank\" rel=\"noopener\">N\u00b00088-RD<\/a> <\/strong>SRES. CABRERA NELSON Y SARANGO ROSA\r\n<strong>11\/09\/2023 <a href=\"https:\/\/shushufindi.gob.ec\/sitio\/wp-content\/uploads\/ACTAS%20Y%20CONVOCATORIAS\/2023\/R%20DESM%20N0089%20SR.%20MACIAS%20J.pdf\" target=\"_blank\" rel=\"noopener\">N\u00b00089-RD<\/a> <\/strong>SR. MACIAS COELLO JOS\u00c9\r\n<strong>11\/09\/2023 <a href=\"https:\/\/shushufindi.gob.ec\/sitio\/wp-content\/uploads\/ACTAS%20Y%20CONVOCATORIAS\/2023\/R%20DESM%20N0090%20SRES.%20PEREZ%20G%20Y%20FRANCO%20E.pdf\" target=\"_blank\" rel=\"noopener\">N\u00b00090-RD<\/a> <\/strong>SRES. PEREZ GRECIA Y FRANCO ELMO\r\n<strong>13\/09\/2023 <a href=\"https:\/\/shushufindi.gob.ec\/sitio\/wp-content\/uploads\/ACTAS%20Y%20CONVOCATORIAS\/2023\/R%20DESM%20N0091%20SRES.%20GUEVARA%20S%20%20Y%20CARRERA%20K.pdf\" target=\"_blank\" rel=\"noopener\">N\u00b00091-RD<\/a> <\/strong>SRES. GUEVARA SEGUNDO Y CARRERA KERLY\r\n<strong>15\/09\/2023 <a href=\"https:\/\/shushufindi.gob.ec\/sitio\/wp-content\/uploads\/ACTAS%20Y%20CONVOCATORIAS\/2023\/R%20DESM%20N0092%20SR.%20RODRIGUEZ%20GUAMBO%20MANUEL.pdf\" target=\"_blank\" rel=\"noopener\">N\u00b00092-RD<\/a> <\/strong>SR. RODRIGUEZ GUAMBO MANUEL\r\n<strong>15\/09\/2023 <a href=\"https:\/\/shushufindi.gob.ec\/sitio\/wp-content\/uploads\/ACTAS%20Y%20CONVOCATORIAS\/2023\/R%20DESM%20N0093%20SR.%20DELGADO%20AIDE.pdf\" target=\"_blank\" rel=\"noopener\">N\u00b00093-RD<\/a> <\/strong>SR. DELGADO MORALES AIDE\r\n<strong>15\/09\/2023 <a href=\"https:\/\/shushufindi.gob.ec\/sitio\/wp-content\/uploads\/ACTAS%20Y%20CONVOCATORIAS\/2023\/R%20DESM%20N0094%20SRES.%20GOMEZ%20C%20Y%20VALDIVIESO%20B.pdf\" target=\"_blank\" rel=\"noopener\">N\u00b00094-RD<\/a> <\/strong>SRES. GOMEZ CARLOS Y VALDIVIESO BEATRIZ\r\n<strong>19\/09\/2023 <a href=\"https:\/\/shushufindi.gob.ec\/sitio\/wp-content\/uploads\/ACTAS%20Y%20CONVOCATORIAS\/2023\/R%20DESM%20N0095%20SRES.%20CALVACHE%20N%20Y%20SALTOS%20M.pdf\" target=\"_blank\" rel=\"noopener\">N\u00b00095-RD<\/a> <\/strong>SRES. CALVACHE NAULA Y SALTOS MARIANA\r\n<strong>19\/09\/2023 <a href=\"https:\/\/shushufindi.gob.ec\/sitio\/wp-content\/uploads\/ACTAS%20Y%20CONVOCATORIAS\/2023\/R%20DESM%20N0096%20SR.%20AR%C3%89VALO%20CRISTIAN.pdf\" target=\"_blank\" rel=\"noopener\">N\u00b00096-RD<\/a> <\/strong>SR. AR\u00c9VALO SALEN CRISTIAN\r\n<strong>20\/09\/2023 <a href=\"https:\/\/shushufindi.gob.ec\/sitio\/wp-content\/uploads\/ACTAS%20Y%20CONVOCATORIAS\/2023\/R%20DESM%20N0097%20SRES.%20SARANGO%20W%20Y%20GAR%C3%93FALO%20M.pdf\" target=\"_blank\" rel=\"noopener\">N\u00b00097-RD<\/a> <\/strong>SRES. SARANGO WILSON Y GAR\u00d3FALO MAR\u00cdA\r\n<strong>20\/09\/2023 <a href=\"https:\/\/shushufindi.gob.ec\/sitio\/wp-content\/uploads\/ACTAS%20Y%20CONVOCATORIAS\/2023\/R%20DESM%20N0098%20SRA.%20VERA%20MARINA.pdf\" target=\"_blank\" rel=\"noopener\">N\u00b00098-RD<\/a> <\/strong>SRA. VERA SANTOS MARINA\r\n<strong>22\/09\/2023 <a href=\"https:\/\/shushufindi.gob.ec\/sitio\/wp-content\/uploads\/ACTAS%20Y%20CONVOCATORIAS\/2023\/R%20DESM%20N0099%20SR.%20LOOR%20NEPTALI.pdf\" target=\"_blank\" rel=\"noopener\">N\u00b00099-RD<\/a> <\/strong>SR. LOOR VERA NEPTALI\r\n<strong>28\/09\/2023 <a href=\"https:\/\/shushufindi.gob.ec\/sitio\/wp-content\/uploads\/ACTAS%20Y%20CONVOCATORIAS\/2023\/R%20DESM%20N0100%20SRES.%20BUENA%C3%91O%20M%20Y%20VELOZ%20G.pdf\" target=\"_blank\" rel=\"noopener\">N\u00b00100-RD<\/a> <\/strong>SRES. BUENA\u00d1O MILTON Y VELOZ GLADYS<\/pre>\n\t\t\t\t\t\t\t\t\t\t\t<\/div>\n\t\t\t\t<\/div>\n\t\t\t\t\t\t\t\n\t\t\t\t\n\t\t\t\t<div class=\"wd-accordion-item\">\n\t\t\t\t\t<div class=\"wd-accordion-title font-primary wd-fontsize-s text-left wd-opener-pos-left wd-font-weight-600\" data-accordion-index=\"9\">\n\t\t\t\t\t\t<div class=\"wd-accordion-title-text\">\n\t\t\t\t\t\t\t\t\t\t\t\t\t\t<span>\n\t\t\t\t\t\t\t\tOCTUBRE\t\t\t\t\t\t\t<\/span>\n\t\t\t\t\t\t<\/div>\n\t\t\t\t\t\t<span class=\"wd-accordion-opener wd-opener-style-arrow\"><\/span>\n\t\t\t\t\t<\/div>\n\n\t\t\t\t\t<div class=\"wd-accordion-content reset-last-child\" data-accordion-index=\"9\">\n\t\t\t\t\t\t\t\t\t\t\t\t\t\n<pre><strong>FECHA N\u00daMERO DE RESOLUCI\u00d3N DE DESMEMBRACI\u00d3N<\/strong>\r\n<strong>02\/10\/2023 <a href=\"https:\/\/shushufindi.gob.ec\/sitio\/wp-content\/uploads\/ACTAS%20Y%20CONVOCATORIAS\/2023\/R%20DESM%20N0101%20SR.%20BUSTAMANTE%20ESTEBAN.pdf\" target=\"_blank\" rel=\"noopener\">N\u00b00101-RD<\/a> <\/strong>SR. BUSTAMANTE ELIZALDE ESTEBAN\r\n<strong>02\/10\/2023 <a href=\"https:\/\/shushufindi.gob.ec\/sitio\/wp-content\/uploads\/ACTAS%20Y%20CONVOCATORIAS\/2023\/R%20DESM%20N0102%20SR.%20REA%20MONAR%20JUAN.pdf\" target=\"_blank\" rel=\"noopener\">N\u00b00102-RD<\/a><\/strong> SR. REA MONAR JUAN\r\n<strong>06\/10\/2023 <a href=\"https:\/\/shushufindi.gob.ec\/sitio\/wp-content\/uploads\/ACTAS%20Y%20CONVOCATORIAS\/2023\/R%20DESM%20N0103%20SRES.%20VARGAS%20H%20Y%20MART%C3%8DNEZ%20M.pdf\" target=\"_blank\" rel=\"noopener\">N\u00b00103-RD<\/a> <\/strong>SRES. VARGAS HOLGER Y MART\u00cdNEZ MAR\u00cdA\r\n<strong>11\/10\/2023 <a href=\"https:\/\/shushufindi.gob.ec\/sitio\/wp-content\/uploads\/ACTAS%20Y%20CONVOCATORIAS\/2023\/R%20DESM%20N0104%20SR.%20CARRERA%20VICTOR.pdf\" target=\"_blank\" rel=\"noopener\">N\u00b00104-RD<\/a> <\/strong>SR. CARRERA SOLANO VICTOR\r\n<strong>16\/10\/2023 <a href=\"https:\/\/shushufindi.gob.ec\/sitio\/wp-content\/uploads\/ACTAS%20Y%20CONVOCATORIAS\/2023\/R%20DESM%20N0105%20SR.%20PAZMI%C3%91O%20DAVID.pdf\" target=\"_blank\" rel=\"noopener\">N\u00b00105-RD<\/a> <\/strong>SR. PAZMI\u00d1O ALCIVAR DAVID\r\n<strong>16\/10\/2023 <a href=\"https:\/\/shushufindi.gob.ec\/sitio\/wp-content\/uploads\/ACTAS%20Y%20CONVOCATORIAS\/2023\/R%20DESM%20N0106%20SR.%20CARRERA%20ENRIQUE.pdf\" target=\"_blank\" rel=\"noopener\">N\u00b00106-RD<\/a> <\/strong>SR. CARRERA CUESTAS ENRIQUE\r\n<strong>16\/10\/2023 <a href=\"https:\/\/shushufindi.gob.ec\/sitio\/wp-content\/uploads\/ACTAS%20Y%20CONVOCATORIAS\/2023\/R%20DESM%20N0107%20SRES.%20FAR%C3%8DAS%20Y%20MARIANITA%20DE%20J.pdf\" target=\"_blank\" rel=\"noopener\">N\u00b00107-RD<\/a> <\/strong>SRES. FAR\u00cdAS SIM\u00d3N Y MARIANITA DE JESUS\r\n<strong>17\/10\/2023 <a href=\"https:\/\/shushufindi.gob.ec\/sitio\/wp-content\/uploads\/ACTAS%20Y%20CONVOCATORIAS\/2023\/R%20DESM%20N0108%20SRA.%20ARMIJOS%20GLADIS.pdf\" target=\"_blank\" rel=\"noopener\">N\u00b00108-RD<\/a> <\/strong>SRA. ARMIJOS NARVAEZ GLADIS\r\n<strong>18\/10\/2023 <a href=\"https:\/\/shushufindi.gob.ec\/sitio\/wp-content\/uploads\/ACTAS%20Y%20CONVOCATORIAS\/2023\/R%20DESM%20N0109%20SR.%20HERRERA%20JOSE.pdf\" target=\"_blank\" rel=\"noopener\">N\u00b00109-RD<\/a> <\/strong>SR. HERRERA ACARO JOSE\r\n<strong>18\/10\/2023 <a href=\"https:\/\/shushufindi.gob.ec\/sitio\/wp-content\/uploads\/ACTAS%20Y%20CONVOCATORIAS\/2023\/R%20DESM%20N0110%20SR.%20BUSTAMANTE%20JAIME.pdf\" target=\"_blank\" rel=\"noopener\">N\u00b00110-RD<\/a> <\/strong>SR. BUSTAMANTE ELIZALDE JAIME\r\n<strong>19\/10\/2023 <a href=\"https:\/\/shushufindi.gob.ec\/sitio\/wp-content\/uploads\/ACTAS%20Y%20CONVOCATORIAS\/2023\/R%20DESM%20N0111%20SR.%20SARANGO%20E.pdf\" target=\"_blank\" rel=\"noopener\">N\u00b00111-RD<\/a> <\/strong>SR. SARANGO VACA EDILBERTO\r\n<strong>19\/10\/2023 <a href=\"https:\/\/shushufindi.gob.ec\/sitio\/wp-content\/uploads\/ACTAS%20Y%20CONVOCATORIAS\/2023\/R%20DESM%20N0112%20SRA.%20ORTIZ%20D.pdf\" target=\"_blank\" rel=\"noopener\">N\u00b00112-RD<\/a> <\/strong>SRA. ORTIZ ROSERO DOLLI\r\n<strong>24\/10\/2023 <a href=\"https:\/\/shushufindi.gob.ec\/sitio\/wp-content\/uploads\/ACTAS%20Y%20CONVOCATORIAS\/2023\/R%20DESM%20N0113%20SRES.%20GAR%C3%93FALO%20P%20Y%20BORJA%20L.pdf\" target=\"_blank\" rel=\"noopener\">N\u00b00113-RD<\/a> <\/strong>SRES. GAR\u00d3FALO PEDRO Y BORJA LIGIA\r\n<strong>24\/10\/2023 <a href=\"https:\/\/shushufindi.gob.ec\/sitio\/wp-content\/uploads\/ACTAS%20Y%20CONVOCATORIAS\/2023\/R%20DESM%20N0114%20SR.%20DIAZ%20G.pdf\" target=\"_blank\" rel=\"noopener\">N\u00b00114-RD<\/a> <\/strong>SR. DIAZ CANDO GABRIEL\r\n<strong>24\/10\/2023 <a href=\"https:\/\/shushufindi.gob.ec\/sitio\/wp-content\/uploads\/ACTAS%20Y%20CONVOCATORIAS\/2023\/R%20DESM%20N0115%20SR.%20VERDEZOTO%20L.pdf\" target=\"_blank\" rel=\"noopener\">N\u00b00115-RD<\/a> <\/strong>SR. VERDEZOTO CHUCHUYAN LUIS\r\n<strong>27\/10\/2023 <a href=\"https:\/\/shushufindi.gob.ec\/sitio\/wp-content\/uploads\/ACTAS%20Y%20CONVOCATORIAS\/2023\/R%20DESM%20N0116%20SRES.%20TENELEMA%20E%20%20Y%20ORDO%C3%91EZ%20N.pdf\" target=\"_blank\" rel=\"noopener\">N\u00b00116-RD<\/a> <\/strong>SRES. TENELEMA EDWIN Y ORDO\u00d1EZ NERI\r\n<strong>27\/10\/2023 <a href=\"https:\/\/shushufindi.gob.ec\/sitio\/wp-content\/uploads\/ACTAS%20Y%20CONVOCATORIAS\/2023\/R%20DESM%20N0117%20SRES.%20QUIROZ%20%C3%81%20Y%20VELASCO%20R.pdf\" target=\"_blank\" rel=\"noopener\">N\u00b00117-RD<\/a> <\/strong>SRES. QUIROZ \u00c1NGEL Y VELASCO ROMELIA\r\n<strong>31\/10\/2023 <a href=\"https:\/\/shushufindi.gob.ec\/sitio\/wp-content\/uploads\/ACTAS%20Y%20CONVOCATORIAS\/2023\/R%20DESM%20N0118%20SRES.%20MIRANDA%20%C3%81%20Y%20MIRANDA%20A.pdf\" target=\"_blank\" rel=\"noopener\">N\u00b00118-RD<\/a> <\/strong>SRES. MIRANDA \u00c1NGEL Y MIRANDA ANA<\/pre>\n\t\t\t\t\t\t\t\t\t\t\t<\/div>\n\t\t\t\t<\/div>\n\t\t\t\t\t\t\t\n\t\t\t\t\n\t\t\t\t<div class=\"wd-accordion-item\">\n\t\t\t\t\t<div class=\"wd-accordion-title font-primary wd-fontsize-s text-left wd-opener-pos-left wd-font-weight-600\" data-accordion-index=\"10\">\n\t\t\t\t\t\t<div class=\"wd-accordion-title-text\">\n\t\t\t\t\t\t\t\t\t\t\t\t\t\t<span>\n\t\t\t\t\t\t\t\tNOVIEMBRE\t\t\t\t\t\t\t<\/span>\n\t\t\t\t\t\t<\/div>\n\t\t\t\t\t\t<span class=\"wd-accordion-opener wd-opener-style-arrow\"><\/span>\n\t\t\t\t\t<\/div>\n\n\t\t\t\t\t<div class=\"wd-accordion-content reset-last-child\" data-accordion-index=\"10\">\n\t\t\t\t\t\t\t\t\t\t\t\t\t\n<pre><strong>   FECHA    N\u00daMERO DE RESOLUCI\u00d3N DE DESMEMBRACI\u00d3N<\/strong>\r\n<strong>08\/11\/2023 <a href=\"https:\/\/shushufindi.gob.ec\/sitio\/wp-content\/uploads\/ACTAS%20Y%20CONVOCATORIAS\/2023\/R%20DESM%20N0119%20SRES.%20MASACHE%20F%20Y%20GUAMINGO%20K.pdf\" target=\"_blank\" rel=\"noopener\">N\u00b00119-RD<\/a> <\/strong>SRES. MASACHE FRANCLIN Y GUAMINGO KARLA\r\n<strong>10\/11\/2023 <a href=\"https:\/\/shushufindi.gob.ec\/sitio\/wp-content\/uploads\/ACTAS%20Y%20CONVOCATORIAS\/2023\/R%20DESM%20N0120%20SRES.%20MU%C3%91OZ%20V%20Y%20MOREIRA%20A.pdf\" target=\"_blank\" rel=\"noopener\">N\u00b00120-RD<\/a> <\/strong>SRES. MU\u00d1OZ VIRGILIO Y MOREIRA ANTONIA\r\n<strong>10\/11\/2023 <a href=\"https:\/\/shushufindi.gob.ec\/sitio\/wp-content\/uploads\/ACTAS%20Y%20CONVOCATORIAS\/2023\/R%20DESM%20N0121%20SRA.%20ROSADO%20G.pdf\" target=\"_blank\" rel=\"noopener\">N\u00b00121-RD<\/a> <\/strong>SRA. ROSADO VERA GLADYS\r\n<strong>10\/11\/2023 <a href=\"https:\/\/shushufindi.gob.ec\/sitio\/wp-content\/uploads\/ACTAS%20Y%20CONVOCATORIAS\/2023\/R%20DESM%20N0122%20SRES.%20TANGUILA%20N%20Y%20PONCE%20N.pdf\" target=\"_blank\" rel=\"noopener\">N\u00b00122-RD<\/a> <\/strong>SRES. TANGUILA NELSON Y PONCE NARCISA\r\n<strong>14\/11\/2023 <a href=\"https:\/\/shushufindi.gob.ec\/sitio\/wp-content\/uploads\/ACTAS%20Y%20CONVOCATORIAS\/2023\/R%20DESM%20N0123%20SR.%20MU%C3%91OZ%20M.pdf\" target=\"_blank\" rel=\"noopener\">N\u00b00123-RD<\/a> <\/strong>SR. MU\u00d1OZ RENDON MARCOS\r\n<strong>14\/11\/2023 <a href=\"https:\/\/shushufindi.gob.ec\/sitio\/wp-content\/uploads\/ACTAS%20Y%20CONVOCATORIAS\/2023\/R%20DESM%20N0124%20SRA.%20L%C3%93PEZ%20E.pdf\" target=\"_blank\" rel=\"noopener\">N\u00b00124-RD<\/a> <\/strong>SRA. L\u00d3PEZ PONCE ELICENIA\r\n<strong>27\/11\/2023 <a href=\"https:\/\/shushufindi.gob.ec\/sitio\/wp-content\/uploads\/ACTAS%20Y%20CONVOCATORIAS\/2023\/R%20DESM%20N0125%20SRES.%20ROCHA%20G%20Y%20ZAMBRANO%20T.pdf\" target=\"_blank\" rel=\"noopener\">N\u00b00125-RD<\/a> <\/strong>SRES. ROCHA GERMAN Y ZAMBRANO TANIA\r\n<strong>29\/11\/2023 <a href=\"https:\/\/shushufindi.gob.ec\/sitio\/wp-content\/uploads\/ACTAS%20Y%20CONVOCATORIAS\/2023\/R%20DESM%20N0126%20SR.%20REMACHE%20H.pdf\" target=\"_blank\" rel=\"noopener\">N\u00b00126-RD<\/a> <\/strong>SR. REMACHE TIXI HORTENSIA\r\n<strong>29\/11\/2023 <a href=\"https:\/\/shushufindi.gob.ec\/sitio\/wp-content\/uploads\/ACTAS%20Y%20CONVOCATORIAS\/2023\/R%20DESM%20N0127%20SR.%20VARGAS%20M.pdf\" target=\"_blank\" rel=\"noopener\">N\u00b00127-RD<\/a> <\/strong>SR. VARGAS MORALES MAYCON\r\n<strong>29\/11\/2023 <a href=\"https:\/\/shushufindi.gob.ec\/sitio\/wp-content\/uploads\/ACTAS%20Y%20CONVOCATORIAS\/2023\/R%20DESM%20N0128%20SR.%20ANGULO%20L.pdf\" target=\"_blank\" rel=\"noopener\">N\u00b00128-RD<\/a> <\/strong>SR. ANGULO ARGUELLO LUIS<\/pre>\n\t\t\t\t\t\t\t\t\t\t\t<\/div>\n\t\t\t\t<\/div>\n\t\t\t\t\t\t\t\n\t\t\t\t\n\t\t\t\t<div class=\"wd-accordion-item\">\n\t\t\t\t\t<div class=\"wd-accordion-title font-primary wd-fontsize-s text-left wd-opener-pos-left wd-font-weight-600\" data-accordion-index=\"11\">\n\t\t\t\t\t\t<div class=\"wd-accordion-title-text\">\n\t\t\t\t\t\t\t\t\t\t\t\t\t\t<span>\n\t\t\t\t\t\t\t\tDICIEMBRE\t\t\t\t\t\t\t<\/span>\n\t\t\t\t\t\t<\/div>\n\t\t\t\t\t\t<span class=\"wd-accordion-opener wd-opener-style-arrow\"><\/span>\n\t\t\t\t\t<\/div>\n\n\t\t\t\t\t<div class=\"wd-accordion-content reset-last-child\" data-accordion-index=\"11\">\n\t\t\t\t\t\t\t\t\t\t\t\t\t\n<pre><strong>   FECHA    N\u00daMERO DE RESOLUCI\u00d3N DE DESMEMBRACI\u00d3N<\/strong>\r\n<strong>06\/12\/2023 <a href=\"https:\/\/shushufindi.gob.ec\/sitio\/wp-content\/uploads\/ACTAS%20Y%20CONVOCATORIAS\/2023\/R%20DESM%20N0129%20SR.%20MIRANDA%20%C3%81.pdf\" target=\"_blank\" rel=\"noopener\">N\u00b00129-RD<\/a> <\/strong>SR. MIRANDA SEGURA \u00c1NGEL\r\n<strong>06\/12\/2023 <a href=\"https:\/\/shushufindi.gob.ec\/sitio\/wp-content\/uploads\/ACTAS%20Y%20CONVOCATORIAS\/2023\/R%20DESM%20N0130%20SR.%20REMACHE%20H.pdf\" target=\"_blank\" rel=\"noopener\">N\u00b00130-RD<\/a> <\/strong>SR. REMACHE TIXI HORTENSIA\r\n<strong>06\/12\/2023 <a href=\"https:\/\/shushufindi.gob.ec\/sitio\/wp-content\/uploads\/ACTAS%20Y%20CONVOCATORIAS\/2023\/R%20DESM%20N0131%20SR.%20BOSQUEZ%20F.pdf\" target=\"_blank\" rel=\"noopener\">N\u00b00131-RD<\/a> <\/strong>SR. BOSQUEZ ESTRADA FREDDY\r\n<strong>18\/12\/2023 <a href=\"https:\/\/shushufindi.gob.ec\/sitio\/wp-content\/uploads\/ACTAS%20Y%20CONVOCATORIAS\/2023\/R%20DESM%20N0132%20SRES.%20VALDIVIESO.pdf\" target=\"_blank\" rel=\"noopener\">N\u00b00132-RD<\/a> <\/strong>SRES VALDIVIESO GERARDO, RODOLFO, ERNESTO Y RICHAR\r\n<strong>18\/12\/2023 <a href=\"https:\/\/shushufindi.gob.ec\/sitio\/wp-content\/uploads\/ACTAS%20Y%20CONVOCATORIAS\/2023\/R%20DESM%20N0133%20SRA.%20GUARAMAG%20T.pdf\" target=\"_blank\" rel=\"noopener\">N\u00b00133-RD<\/a> <\/strong>SRA. GUARAMAG ARGOTTI TERESA\r\n<strong>18\/11\/2023 <a href=\"https:\/\/shushufindi.gob.ec\/sitio\/wp-content\/uploads\/ACTAS%20Y%20CONVOCATORIAS\/2023\/R%20DESM%20N0134%20SRES.%20MORETA%20P.pdf\" target=\"_blank\" rel=\"noopener\">N\u00b00134-RD<\/a> <\/strong>SRES. MORETA MARIA, MIGUEL Y PE\u00d1AFIEL EDUARDO\r\n<strong>21\/12\/2023 <a href=\"https:\/\/shushufindi.gob.ec\/sitio\/wp-content\/uploads\/ACTAS%20Y%20CONVOCATORIAS\/2023\/R%20DESM%20N0135%20SR.%20SOLANO%20S.pdf\" target=\"_blank\" rel=\"noopener\">N\u00b00135-RD<\/a> <\/strong>SR. SOLANO LLOCLLA SANTOS\r\n<strong>21\/12\/2023 <a href=\"https:\/\/shushufindi.gob.ec\/sitio\/wp-content\/uploads\/ACTAS%20Y%20CONVOCATORIAS\/2023\/R%20DESM%20N0136%20SRA.%20CALERO%20M.pdf\" target=\"_blank\" rel=\"noopener\">N\u00b00136-RD<\/a> <\/strong>SRA. CALERO FLORES MAYRA<\/pre>\n\t\t\t\t\t\t\t\t\t\t\t<\/div>\n\t\t\t\t<\/div>\n\t\t\t\t\t\t\t\t\t\t\t\t\t\t<\/div>\n\n\t\t[\/vc_tta_section][\/vc_tta_tabs][\/vc_column][\/vc_row]\n<\/div>","protected":false},"excerpt":{"rendered":"<p>[vc_row css=\u00bb.vc_custom_1698843893834{margin-top: 40px !important;}\u00bb woodmart_css_id=\u00bb65424cee4bd7f\u00bb responsive_spacing=\u00bbeyJwYXJhbV90eXBlIjoid29vZG1hcnRfcmVzcG9uc2l2ZV9zcGFjaW5nIiwic2VsZWN0b3JfaWQiOiI2NTQyNGNlZTRiZDdmIiwic2hvcnRjb2RlIjoidmNfcm93IiwiZGF0YSI6eyJ0YWJsZXQiOnt9LCJtb2JpbGUiOnt9fX0=\u00bb mobile_bg_img_hidden=\u00bbno\u00bb tablet_bg_img_hidden=\u00bbno\u00bb woodmart_parallax=\u00bb0&#8243; woodmart_gradient_switch=\u00bbno\u00bb woodmart_box_shadow=\u00bbno\u00bb wd_z_index=\u00bbno\u00bb woodmart_disable_overflow=\u00bb0&#8243; row_reverse_mobile=\u00bb0&#8243; row_reverse_tablet=\u00bb0&#8243;][vc_column][vc_empty_space height=\u00bb20px\u00bb woodmart_hide_large=\u00bb0&#8243; woodmart_hide_medium=\u00bb0&#8243; woodmart_hide_small=\u00bb0&#8243;][vc_tta_tabs style=\u00bbmodern\u00bb<\/p>\n","protected":false},"author":1,"featured_media":0,"parent":0,"menu_order":0,"comment_status":"closed","ping_status":"closed","template":"","meta":{"_monsterinsights_skip_tracking":false,"_monsterinsights_sitenote_active":false,"_monsterinsights_sitenote_note":"","_monsterinsights_sitenote_category":0,"_joinchat":[],"footnotes":""},"class_list":["post-30814","page","type-page","status-publish","hentry"],"yoast_head":"<!-- This site is optimized with the Yoast SEO plugin v25.8 - https:\/\/yoast.com\/wordpress\/plugins\/seo\/ -->\n<title>ACTAS CONVOCATORIAS Y RESOLUCIONES DE CONCEJO 2023 - Municipio del Cant\u00f3n Shushufindi<\/title>\n<meta name=\"robots\" content=\"index, follow, max-snippet:-1, max-image-preview:large, max-video-preview:-1\" \/>\n<link rel=\"canonical\" href=\"https:\/\/shushufindi.gob.ec\/sitio\/actas-convocatorias-y-resoluciones-de-concejo-2023\/\" \/>\n<meta property=\"og:locale\" content=\"es_ES\" \/>\n<meta property=\"og:type\" content=\"article\" \/>\n<meta property=\"og:title\" content=\"ACTAS CONVOCATORIAS Y RESOLUCIONES DE CONCEJO 2023 - Municipio del Cant\u00f3n Shushufindi\" \/>\n<meta property=\"og:description\" content=\"[vc_row css=\u00bb.vc_custom_1698843893834{margin-top: 40px !important;}\u00bb woodmart_css_id=\u00bb65424cee4bd7f\u00bb responsive_spacing=\u00bbeyJwYXJhbV90eXBlIjoid29vZG1hcnRfcmVzcG9uc2l2ZV9zcGFjaW5nIiwic2VsZWN0b3JfaWQiOiI2NTQyNGNlZTRiZDdmIiwic2hvcnRjb2RlIjoidmNfcm93IiwiZGF0YSI6eyJ0YWJsZXQiOnt9LCJtb2JpbGUiOnt9fX0=\u00bb mobile_bg_img_hidden=\u00bbno\u00bb tablet_bg_img_hidden=\u00bbno\u00bb woodmart_parallax=\u00bb0&#8243; woodmart_gradient_switch=\u00bbno\u00bb woodmart_box_shadow=\u00bbno\u00bb wd_z_index=\u00bbno\u00bb woodmart_disable_overflow=\u00bb0&#8243; row_reverse_mobile=\u00bb0&#8243; row_reverse_tablet=\u00bb0&#8243;][vc_column][vc_empty_space height=\u00bb20px\u00bb woodmart_hide_large=\u00bb0&#8243; woodmart_hide_medium=\u00bb0&#8243; woodmart_hide_small=\u00bb0&#8243;][vc_tta_tabs style=\u00bbmodern\u00bb\" \/>\n<meta property=\"og:url\" content=\"https:\/\/shushufindi.gob.ec\/sitio\/actas-convocatorias-y-resoluciones-de-concejo-2023\/\" \/>\n<meta property=\"og:site_name\" content=\"Municipio del Cant\u00f3n Shushufindi\" \/>\n<meta property=\"article:modified_time\" content=\"2024-08-29T14:59:44+00:00\" \/>\n<meta name=\"twitter:card\" content=\"summary_large_image\" \/>\n<meta name=\"twitter:label1\" content=\"Tiempo de lectura\" \/>\n\t<meta name=\"twitter:data1\" content=\"2 minutos\" \/>\n<script type=\"application\/ld+json\" class=\"yoast-schema-graph\">{\"@context\":\"https:\/\/schema.org\",\"@graph\":[{\"@type\":\"WebPage\",\"@id\":\"https:\/\/shushufindi.gob.ec\/sitio\/actas-convocatorias-y-resoluciones-de-concejo-2023\/\",\"url\":\"https:\/\/shushufindi.gob.ec\/sitio\/actas-convocatorias-y-resoluciones-de-concejo-2023\/\",\"name\":\"ACTAS CONVOCATORIAS Y RESOLUCIONES DE CONCEJO 2023 - Municipio del Cant\u00f3n Shushufindi\",\"isPartOf\":{\"@id\":\"https:\/\/shushufindi.gob.ec\/sitio\/#website\"},\"datePublished\":\"2023-11-01T13:31:11+00:00\",\"dateModified\":\"2024-08-29T14:59:44+00:00\",\"breadcrumb\":{\"@id\":\"https:\/\/shushufindi.gob.ec\/sitio\/actas-convocatorias-y-resoluciones-de-concejo-2023\/#breadcrumb\"},\"inLanguage\":\"es\",\"potentialAction\":[{\"@type\":\"ReadAction\",\"target\":[\"https:\/\/shushufindi.gob.ec\/sitio\/actas-convocatorias-y-resoluciones-de-concejo-2023\/\"]}]},{\"@type\":\"BreadcrumbList\",\"@id\":\"https:\/\/shushufindi.gob.ec\/sitio\/actas-convocatorias-y-resoluciones-de-concejo-2023\/#breadcrumb\",\"itemListElement\":[{\"@type\":\"ListItem\",\"position\":1,\"name\":\"Portada\",\"item\":\"https:\/\/shushufindi.gob.ec\/sitio\/\"},{\"@type\":\"ListItem\",\"position\":2,\"name\":\"ACTAS CONVOCATORIAS Y RESOLUCIONES DE CONCEJO 2023\"}]},{\"@type\":\"WebSite\",\"@id\":\"https:\/\/shushufindi.gob.ec\/sitio\/#website\",\"url\":\"https:\/\/shushufindi.gob.ec\/sitio\/\",\"name\":\"Municipio del Cant\u00f3n Shushufindi\",\"description\":\"GAD Municipal\",\"publisher\":{\"@id\":\"https:\/\/shushufindi.gob.ec\/sitio\/#organization\"},\"potentialAction\":[{\"@type\":\"SearchAction\",\"target\":{\"@type\":\"EntryPoint\",\"urlTemplate\":\"https:\/\/shushufindi.gob.ec\/sitio\/?s={search_term_string}\"},\"query-input\":{\"@type\":\"PropertyValueSpecification\",\"valueRequired\":true,\"valueName\":\"search_term_string\"}}],\"inLanguage\":\"es\"},{\"@type\":\"Organization\",\"@id\":\"https:\/\/shushufindi.gob.ec\/sitio\/#organization\",\"name\":\"Municipio del Cant\u00f3n Shushufindi\",\"url\":\"https:\/\/shushufindi.gob.ec\/sitio\/\",\"logo\":{\"@type\":\"ImageObject\",\"inLanguage\":\"es\",\"@id\":\"https:\/\/shushufindi.gob.ec\/sitio\/#\/schema\/logo\/image\/\",\"url\":\"http:\/\/shushufindi.gob.ec\/sitio\/wp-content\/uploads\/2023\/10\/favicon.jpg\",\"contentUrl\":\"http:\/\/shushufindi.gob.ec\/sitio\/wp-content\/uploads\/2023\/10\/favicon.jpg\",\"width\":100,\"height\":97,\"caption\":\"Municipio del Cant\u00f3n Shushufindi\"},\"image\":{\"@id\":\"https:\/\/shushufindi.gob.ec\/sitio\/#\/schema\/logo\/image\/\"}}]}<\/script>\n<!-- \/ Yoast SEO plugin. -->","yoast_head_json":{"title":"ACTAS CONVOCATORIAS Y RESOLUCIONES DE CONCEJO 2023 - Municipio del Cant\u00f3n Shushufindi","robots":{"index":"index","follow":"follow","max-snippet":"max-snippet:-1","max-image-preview":"max-image-preview:large","max-video-preview":"max-video-preview:-1"},"canonical":"https:\/\/shushufindi.gob.ec\/sitio\/actas-convocatorias-y-resoluciones-de-concejo-2023\/","og_locale":"es_ES","og_type":"article","og_title":"ACTAS CONVOCATORIAS Y RESOLUCIONES DE CONCEJO 2023 - Municipio del Cant\u00f3n Shushufindi","og_description":"[vc_row css=\u00bb.vc_custom_1698843893834{margin-top: 40px !important;}\u00bb woodmart_css_id=\u00bb65424cee4bd7f\u00bb responsive_spacing=\u00bbeyJwYXJhbV90eXBlIjoid29vZG1hcnRfcmVzcG9uc2l2ZV9zcGFjaW5nIiwic2VsZWN0b3JfaWQiOiI2NTQyNGNlZTRiZDdmIiwic2hvcnRjb2RlIjoidmNfcm93IiwiZGF0YSI6eyJ0YWJsZXQiOnt9LCJtb2JpbGUiOnt9fX0=\u00bb mobile_bg_img_hidden=\u00bbno\u00bb tablet_bg_img_hidden=\u00bbno\u00bb woodmart_parallax=\u00bb0&#8243; woodmart_gradient_switch=\u00bbno\u00bb woodmart_box_shadow=\u00bbno\u00bb wd_z_index=\u00bbno\u00bb woodmart_disable_overflow=\u00bb0&#8243; row_reverse_mobile=\u00bb0&#8243; row_reverse_tablet=\u00bb0&#8243;][vc_column][vc_empty_space height=\u00bb20px\u00bb woodmart_hide_large=\u00bb0&#8243; woodmart_hide_medium=\u00bb0&#8243; woodmart_hide_small=\u00bb0&#8243;][vc_tta_tabs style=\u00bbmodern\u00bb","og_url":"https:\/\/shushufindi.gob.ec\/sitio\/actas-convocatorias-y-resoluciones-de-concejo-2023\/","og_site_name":"Municipio del Cant\u00f3n Shushufindi","article_modified_time":"2024-08-29T14:59:44+00:00","twitter_card":"summary_large_image","twitter_misc":{"Tiempo de lectura":"2 minutos"},"schema":{"@context":"https:\/\/schema.org","@graph":[{"@type":"WebPage","@id":"https:\/\/shushufindi.gob.ec\/sitio\/actas-convocatorias-y-resoluciones-de-concejo-2023\/","url":"https:\/\/shushufindi.gob.ec\/sitio\/actas-convocatorias-y-resoluciones-de-concejo-2023\/","name":"ACTAS CONVOCATORIAS Y RESOLUCIONES DE CONCEJO 2023 - Municipio del Cant\u00f3n Shushufindi","isPartOf":{"@id":"https:\/\/shushufindi.gob.ec\/sitio\/#website"},"datePublished":"2023-11-01T13:31:11+00:00","dateModified":"2024-08-29T14:59:44+00:00","breadcrumb":{"@id":"https:\/\/shushufindi.gob.ec\/sitio\/actas-convocatorias-y-resoluciones-de-concejo-2023\/#breadcrumb"},"inLanguage":"es","potentialAction":[{"@type":"ReadAction","target":["https:\/\/shushufindi.gob.ec\/sitio\/actas-convocatorias-y-resoluciones-de-concejo-2023\/"]}]},{"@type":"BreadcrumbList","@id":"https:\/\/shushufindi.gob.ec\/sitio\/actas-convocatorias-y-resoluciones-de-concejo-2023\/#breadcrumb","itemListElement":[{"@type":"ListItem","position":1,"name":"Portada","item":"https:\/\/shushufindi.gob.ec\/sitio\/"},{"@type":"ListItem","position":2,"name":"ACTAS CONVOCATORIAS Y RESOLUCIONES DE CONCEJO 2023"}]},{"@type":"WebSite","@id":"https:\/\/shushufindi.gob.ec\/sitio\/#website","url":"https:\/\/shushufindi.gob.ec\/sitio\/","name":"Municipio del Cant\u00f3n Shushufindi","description":"GAD Municipal","publisher":{"@id":"https:\/\/shushufindi.gob.ec\/sitio\/#organization"},"potentialAction":[{"@type":"SearchAction","target":{"@type":"EntryPoint","urlTemplate":"https:\/\/shushufindi.gob.ec\/sitio\/?s={search_term_string}"},"query-input":{"@type":"PropertyValueSpecification","valueRequired":true,"valueName":"search_term_string"}}],"inLanguage":"es"},{"@type":"Organization","@id":"https:\/\/shushufindi.gob.ec\/sitio\/#organization","name":"Municipio del Cant\u00f3n Shushufindi","url":"https:\/\/shushufindi.gob.ec\/sitio\/","logo":{"@type":"ImageObject","inLanguage":"es","@id":"https:\/\/shushufindi.gob.ec\/sitio\/#\/schema\/logo\/image\/","url":"http:\/\/shushufindi.gob.ec\/sitio\/wp-content\/uploads\/2023\/10\/favicon.jpg","contentUrl":"http:\/\/shushufindi.gob.ec\/sitio\/wp-content\/uploads\/2023\/10\/favicon.jpg","width":100,"height":97,"caption":"Municipio del Cant\u00f3n Shushufindi"},"image":{"@id":"https:\/\/shushufindi.gob.ec\/sitio\/#\/schema\/logo\/image\/"}}]}},"_links":{"self":[{"href":"https:\/\/shushufindi.gob.ec\/sitio\/wp-json\/wp\/v2\/pages\/30814","targetHints":{"allow":["GET"]}}],"collection":[{"href":"https:\/\/shushufindi.gob.ec\/sitio\/wp-json\/wp\/v2\/pages"}],"about":[{"href":"https:\/\/shushufindi.gob.ec\/sitio\/wp-json\/wp\/v2\/types\/page"}],"author":[{"embeddable":true,"href":"https:\/\/shushufindi.gob.ec\/sitio\/wp-json\/wp\/v2\/users\/1"}],"replies":[{"embeddable":true,"href":"https:\/\/shushufindi.gob.ec\/sitio\/wp-json\/wp\/v2\/comments?post=30814"}],"version-history":[{"count":149,"href":"https:\/\/shushufindi.gob.ec\/sitio\/wp-json\/wp\/v2\/pages\/30814\/revisions"}],"predecessor-version":[{"id":31951,"href":"https:\/\/shushufindi.gob.ec\/sitio\/wp-json\/wp\/v2\/pages\/30814\/revisions\/31951"}],"wp:attachment":[{"href":"https:\/\/shushufindi.gob.ec\/sitio\/wp-json\/wp\/v2\/media?parent=30814"}],"curies":[{"name":"wp","href":"https:\/\/api.w.org\/{rel}","templated":true}]}}